{"id":23378,"date":"2020-04-16T10:46:37","date_gmt":"2020-04-16T08:46:37","guid":{"rendered":"https:\/\/www.ilcf.net\/ilcf%e3%83%aa%e3%83%a8%e3%83%b3%e6%a0%a1%e3%83%95%e3%83%a9%e3%83%b3%e3%82%b9%e8%aa%9e%e3%82%b3%e3%83%bc%e3%82%b9\/brochure-de-lilcf\/"},"modified":"2025-09-22T14:24:20","modified_gmt":"2025-09-22T12:24:20","slug":"brochure-de-lilcf","status":"publish","type":"page","link":"https:\/\/www.ilcf.net\/ja\/ilcf%e3%83%aa%e3%83%a8%e3%83%b3%e6%a0%a1%e3%83%95%e3%83%a9%e3%83%b3%e3%82%b9%e8%aa%9e%e3%82%b3%e3%83%bc%e3%82%b9\/brochure-de-lilcf\/","title":{"rendered":"ILCF\u30d1\u30f3\u30d5\u30ec\u30c3\u30c8"},"content":{"rendered":"<p>ILCF\u306e\u30d1\u30f3\u30d5\u30ec\u30c3\u30c8\u306b\u306f\u3001\u30d5\u30e9\u30f3\u30b9\u8a9e\u30b3\u30fc\u30b9\u3068\u516c\u5f0f\u8a66\u9a13\u306b\u3064\u3044\u3066\u306e\u60c5\u5831\u304c\u63b2\u8f09\u3055\u308c\u3066\u3044\u307e\u3059\uff01<\/p><div class=\"wp-block-document js-fade-scroll\">\n  <div class=\"row align-middle collapse\">\n    <div class=\"column small-12 medium-expand\">\n      <p class=\"wp-block-document-title\">ILCF 2025 - 2026 \u30d1\u30f3\u30d5\u30ec\u30c3\u30c8<\/p>\n      <div class=\"wp-block-document-intro\"><p>\u30d1\u30f3\u30d5\u30ec\u30c3\u30c8\u3092\u30c0\u30a6\u30f3\u30ed\u30fc\u30c9\u3059\u308b\u306b\u306f\u3001\u300c\u30c0\u30a6\u30f3\u30ed\u30fc\u30c9\u300d\u3092\u30af\u30ea\u30c3\u30af\u3057\u3066\u304f\u3060\u3055\u3044\u3002<\/p>\n<p><img loading=\"lazy\" decoding=\"async\" class=\"alignnone\" src=\"https:\/\/www.ilcf.net\/wp-content\/uploads\/sites\/20\/2025\/03\/fr-plaquette-25-26-ilcf-v2_page-0001.jpg\" alt=\"Couverture brochure ILCF 2023 2024\" width=\"600\" height=\"849\" \/><\/p>\n<\/div>\n      <a href=\"\" target=\"_blank\" class=\"button primary button-icon\" title=\"Download ILCF 2025 - 2026 \u30d1\u30f3\u30d5\u30ec\u30c3\u30c8\"><span class=\"icon-download\"><\/span>Download<\/a>\n    <\/div>\n\n    <div class=\"column small-12 medium-shrink wp-block-document-right\">\n      <img loading=\"lazy\" decoding=\"async\" width=\"150\" height=\"150\" src=\"https:\/\/www.ilcf.net\/wp-content\/uploads\/sites\/20\/2019\/11\/telecharger-le-pdf-1-150x150-150x150.png\" class=\"attachment-thumbnail size-thumbnail\" alt=\"\" srcset=\"https:\/\/www.ilcf.net\/wp-content\/uploads\/sites\/20\/2019\/11\/telecharger-le-pdf-1-150x150.png 150w, https:\/\/www.ilcf.net\/wp-content\/uploads\/sites\/20\/2019\/11\/telecharger-le-pdf-1-150x150-65x65.png 65w\" sizes=\"auto, (max-width: 150px) 100vw, 150px\" \/>    <\/div>\n  <\/div>\n<\/div>","protected":false},"excerpt":{"rendered":"<p>ILCF\u306e\u30d1\u30f3\u30d5\u30ec\u30c3\u30c8\u306b\u306f\u3001\u30d5\u30e9\u30f3\u30b9\u8a9e\u30b3\u30fc\u30b9\u3068\u516c\u5f0f\u8a66\u9a13\u306b\u3064\u3044\u3066\u306e\u60c5\u5831\u304c\u63b2\u8f09\u3055\u308c\u3066\u3044\u307e\u3059\uff01<\/p>\n","protected":false},"author":33,"featured_media":17547,"parent":20015,"menu_order":5,"comment_status":"closed","ping_status":"closed","template":"","meta":{"_acf_changed":false,"footnotes":""},"class_list":["post-23378","page","type-page","status-publish","has-post-thumbnail","hentry"],"acf":[],"yoast_head":"<!-- This site is optimized with the Yoast SEO plugin v24.1 - https:\/\/yoast.com\/wordpress\/plugins\/seo\/ -->\n<title>ILCF\u30d1\u30f3\u30d5\u30ec\u30c3\u30c8 - ILCF - Institut de Langue et de Culture Fran\u00e7aises<\/title>\n<meta name=\"description\" content=\"Envie d&#039;en savoir plus sur les programmes de l&#039;ILCF ? D\u00e9couvrez nos cours de fran\u00e7ais et nos examens en t\u00e9l\u00e9chargant la brochure de l&#039;ILCF !\" \/>\n<meta name=\"robots\" content=\"index, follow, max-snippet:-1, max-image-preview:large, max-video-preview:-1\" \/>\n<link rel=\"canonical\" href=\"https:\/\/www.ilcf.net\/ja\/ilcf%e3%83%aa%e3%83%a8%e3%83%b3%e6%a0%a1%e3%83%95%e3%83%a9%e3%83%b3%e3%82%b9%e8%aa%9e%e3%82%b3%e3%83%bc%e3%82%b9\/brochure-de-lilcf\/\" \/>\n<meta property=\"og:locale\" content=\"ja_JP\" \/>\n<meta property=\"og:type\" content=\"article\" \/>\n<meta property=\"og:title\" content=\"ILCF\u30d1\u30f3\u30d5\u30ec\u30c3\u30c8 - ILCF - Institut de Langue et de Culture Fran\u00e7aises\" \/>\n<meta property=\"og:description\" content=\"Envie d&#039;en savoir plus sur les programmes de l&#039;ILCF ? D\u00e9couvrez nos cours de fran\u00e7ais et nos examens en t\u00e9l\u00e9chargant la brochure de l&#039;ILCF !\" \/>\n<meta property=\"og:url\" content=\"https:\/\/www.ilcf.net\/ja\/ilcf%e3%83%aa%e3%83%a8%e3%83%b3%e6%a0%a1%e3%83%95%e3%83%a9%e3%83%b3%e3%82%b9%e8%aa%9e%e3%82%b3%e3%83%bc%e3%82%b9\/brochure-de-lilcf\/\" \/>\n<meta property=\"og:site_name\" content=\"ILCF - Institut de Langue et de Culture Fran\u00e7aises\" \/>\n<meta property=\"article:modified_time\" content=\"2025-09-22T12:24:20+00:00\" \/>\n<meta property=\"og:image\" content=\"https:\/\/www.ilcf.net\/wp-content\/uploads\/sites\/20\/2020\/02\/header-plaquette-ilcf.jpg\" \/>\n\t<meta property=\"og:image:width\" content=\"1920\" \/>\n\t<meta property=\"og:image:height\" content=\"575\" \/>\n\t<meta property=\"og:image:type\" content=\"image\/jpeg\" \/>\n<meta name=\"twitter:card\" content=\"summary_large_image\" \/>\n<meta name=\"twitter:label1\" content=\"\u63a8\u5b9a\u8aad\u307f\u53d6\u308a\u6642\u9593\" \/>\n\t<meta name=\"twitter:data1\" content=\"1\u5206\" \/>\n<script type=\"application\/ld+json\" class=\"yoast-schema-graph\">{\"@context\":\"https:\/\/schema.org\",\"@graph\":[{\"@type\":\"WebPage\",\"@id\":\"https:\/\/www.ilcf.net\/ja\/ilcf%e3%83%aa%e3%83%a8%e3%83%b3%e6%a0%a1%e3%83%95%e3%83%a9%e3%83%b3%e3%82%b9%e8%aa%9e%e3%82%b3%e3%83%bc%e3%82%b9\/brochure-de-lilcf\/\",\"url\":\"https:\/\/www.ilcf.net\/ja\/ilcf%e3%83%aa%e3%83%a8%e3%83%b3%e6%a0%a1%e3%83%95%e3%83%a9%e3%83%b3%e3%82%b9%e8%aa%9e%e3%82%b3%e3%83%bc%e3%82%b9\/brochure-de-lilcf\/\",\"name\":\"ILCF\u30d1\u30f3\u30d5\u30ec\u30c3\u30c8 - ILCF - Institut de Langue et de Culture Fran\u00e7aises\",\"isPartOf\":{\"@id\":\"https:\/\/www.ilcf.net\/ja\/#website\"},\"primaryImageOfPage\":{\"@id\":\"https:\/\/www.ilcf.net\/ja\/ilcf%e3%83%aa%e3%83%a8%e3%83%b3%e6%a0%a1%e3%83%95%e3%83%a9%e3%83%b3%e3%82%b9%e8%aa%9e%e3%82%b3%e3%83%bc%e3%82%b9\/brochure-de-lilcf\/#primaryimage\"},\"image\":{\"@id\":\"https:\/\/www.ilcf.net\/ja\/ilcf%e3%83%aa%e3%83%a8%e3%83%b3%e6%a0%a1%e3%83%95%e3%83%a9%e3%83%b3%e3%82%b9%e8%aa%9e%e3%82%b3%e3%83%bc%e3%82%b9\/brochure-de-lilcf\/#primaryimage\"},\"thumbnailUrl\":\"https:\/\/www.ilcf.net\/wp-content\/uploads\/sites\/20\/2020\/02\/header-plaquette-ilcf.jpg\",\"datePublished\":\"2020-04-16T08:46:37+00:00\",\"dateModified\":\"2025-09-22T12:24:20+00:00\",\"description\":\"Envie d'en savoir plus sur les programmes de l'ILCF ? D\u00e9couvrez nos cours de fran\u00e7ais et nos examens en t\u00e9l\u00e9chargant la brochure de l'ILCF !\",\"breadcrumb\":{\"@id\":\"https:\/\/www.ilcf.net\/ja\/ilcf%e3%83%aa%e3%83%a8%e3%83%b3%e6%a0%a1%e3%83%95%e3%83%a9%e3%83%b3%e3%82%b9%e8%aa%9e%e3%82%b3%e3%83%bc%e3%82%b9\/brochure-de-lilcf\/#breadcrumb\"},\"inLanguage\":\"ja\",\"potentialAction\":[{\"@type\":\"ReadAction\",\"target\":[\"https:\/\/www.ilcf.net\/ja\/ilcf%e3%83%aa%e3%83%a8%e3%83%b3%e6%a0%a1%e3%83%95%e3%83%a9%e3%83%b3%e3%82%b9%e8%aa%9e%e3%82%b3%e3%83%bc%e3%82%b9\/brochure-de-lilcf\/\"]}]},{\"@type\":\"ImageObject\",\"inLanguage\":\"ja\",\"@id\":\"https:\/\/www.ilcf.net\/ja\/ilcf%e3%83%aa%e3%83%a8%e3%83%b3%e6%a0%a1%e3%83%95%e3%83%a9%e3%83%b3%e3%82%b9%e8%aa%9e%e3%82%b3%e3%83%bc%e3%82%b9\/brochure-de-lilcf\/#primaryimage\",\"url\":\"https:\/\/www.ilcf.net\/wp-content\/uploads\/sites\/20\/2020\/02\/header-plaquette-ilcf.jpg\",\"contentUrl\":\"https:\/\/www.ilcf.net\/wp-content\/uploads\/sites\/20\/2020\/02\/header-plaquette-ilcf.jpg\",\"width\":1920,\"height\":575,\"caption\":\"plaquette de l'ILCF\"},{\"@type\":\"BreadcrumbList\",\"@id\":\"https:\/\/www.ilcf.net\/ja\/ilcf%e3%83%aa%e3%83%a8%e3%83%b3%e6%a0%a1%e3%83%95%e3%83%a9%e3%83%b3%e3%82%b9%e8%aa%9e%e3%82%b3%e3%83%bc%e3%82%b9\/brochure-de-lilcf\/#breadcrumb\",\"itemListElement\":[{\"@type\":\"ListItem\",\"position\":1,\"name\":\"Accueil\",\"item\":\"https:\/\/www.ilcf.net\/ja\/\"},{\"@type\":\"ListItem\",\"position\":2,\"name\":\"ILCF\u30ea\u30e8\u30f3\u6821\u30d5\u30e9\u30f3\u30b9\u8a9e\u30b3\u30fc\u30b9 NOS PROGRAMMES\",\"item\":\"https:\/\/www.ilcf.net\/ja\/ilcf%e3%83%aa%e3%83%a8%e3%83%b3%e6%a0%a1%e3%83%95%e3%83%a9%e3%83%b3%e3%82%b9%e8%aa%9e%e3%82%b3%e3%83%bc%e3%82%b9\/\"},{\"@type\":\"ListItem\",\"position\":3,\"name\":\"ILCF\u30d1\u30f3\u30d5\u30ec\u30c3\u30c8\"}]},{\"@type\":\"WebSite\",\"@id\":\"https:\/\/www.ilcf.net\/ja\/#website\",\"url\":\"https:\/\/www.ilcf.net\/ja\/\",\"name\":\"ILCF - Institut de Langue et de Culture Fran\u00e7aises\",\"description\":\"ILCF - Institut de Langue et de Culture Fran\u00e7aises\",\"publisher\":{\"@id\":\"https:\/\/www.ilcf.net\/ja\/#organization\"},\"potentialAction\":[{\"@type\":\"SearchAction\",\"target\":{\"@type\":\"EntryPoint\",\"urlTemplate\":\"https:\/\/www.ilcf.net\/ja\/?s={search_term_string}\"},\"query-input\":{\"@type\":\"PropertyValueSpecification\",\"valueRequired\":true,\"valueName\":\"search_term_string\"}}],\"inLanguage\":\"ja\"},{\"@type\":\"Organization\",\"@id\":\"https:\/\/www.ilcf.net\/ja\/#organization\",\"name\":\"ILCF - Institut de Langue et de Culture Fran\u00e7aises\",\"url\":\"https:\/\/www.ilcf.net\/ja\/\",\"logo\":{\"@type\":\"ImageObject\",\"inLanguage\":\"ja\",\"@id\":\"https:\/\/www.ilcf.net\/ja\/#\/schema\/logo\/image\/\",\"url\":\"https:\/\/www.ilcf.net\/wp-content\/uploads\/sites\/20\/2019\/11\/ilcf_logo.svg\",\"contentUrl\":\"https:\/\/www.ilcf.net\/wp-content\/uploads\/sites\/20\/2019\/11\/ilcf_logo.svg\",\"caption\":\"ILCF - Institut de Langue et de Culture Fran\u00e7aises\"},\"image\":{\"@id\":\"https:\/\/www.ilcf.net\/ja\/#\/schema\/logo\/image\/\"}}]}<\/script>\n<!-- \/ Yoast SEO plugin. -->","yoast_head_json":{"title":"ILCF\u30d1\u30f3\u30d5\u30ec\u30c3\u30c8 - ILCF - Institut de Langue et de Culture Fran\u00e7aises","description":"Envie d'en savoir plus sur les programmes de l'ILCF ? D\u00e9couvrez nos cours de fran\u00e7ais et nos examens en t\u00e9l\u00e9chargant la brochure de l'ILCF !","robots":{"index":"index","follow":"follow","max-snippet":"max-snippet:-1","max-image-preview":"max-image-preview:large","max-video-preview":"max-video-preview:-1"},"canonical":"https:\/\/www.ilcf.net\/ja\/ilcf%e3%83%aa%e3%83%a8%e3%83%b3%e6%a0%a1%e3%83%95%e3%83%a9%e3%83%b3%e3%82%b9%e8%aa%9e%e3%82%b3%e3%83%bc%e3%82%b9\/brochure-de-lilcf\/","og_locale":"ja_JP","og_type":"article","og_title":"ILCF\u30d1\u30f3\u30d5\u30ec\u30c3\u30c8 - ILCF - Institut de Langue et de Culture Fran\u00e7aises","og_description":"Envie d'en savoir plus sur les programmes de l'ILCF ? D\u00e9couvrez nos cours de fran\u00e7ais et nos examens en t\u00e9l\u00e9chargant la brochure de l'ILCF !","og_url":"https:\/\/www.ilcf.net\/ja\/ilcf%e3%83%aa%e3%83%a8%e3%83%b3%e6%a0%a1%e3%83%95%e3%83%a9%e3%83%b3%e3%82%b9%e8%aa%9e%e3%82%b3%e3%83%bc%e3%82%b9\/brochure-de-lilcf\/","og_site_name":"ILCF - Institut de Langue et de Culture Fran\u00e7aises","article_modified_time":"2025-09-22T12:24:20+00:00","og_image":[{"width":1920,"height":575,"url":"https:\/\/www.ilcf.net\/wp-content\/uploads\/sites\/20\/2020\/02\/header-plaquette-ilcf.jpg","type":"image\/jpeg"}],"twitter_card":"summary_large_image","twitter_misc":{"\u63a8\u5b9a\u8aad\u307f\u53d6\u308a\u6642\u9593":"1\u5206"},"schema":{"@context":"https:\/\/schema.org","@graph":[{"@type":"WebPage","@id":"https:\/\/www.ilcf.net\/ja\/ilcf%e3%83%aa%e3%83%a8%e3%83%b3%e6%a0%a1%e3%83%95%e3%83%a9%e3%83%b3%e3%82%b9%e8%aa%9e%e3%82%b3%e3%83%bc%e3%82%b9\/brochure-de-lilcf\/","url":"https:\/\/www.ilcf.net\/ja\/ilcf%e3%83%aa%e3%83%a8%e3%83%b3%e6%a0%a1%e3%83%95%e3%83%a9%e3%83%b3%e3%82%b9%e8%aa%9e%e3%82%b3%e3%83%bc%e3%82%b9\/brochure-de-lilcf\/","name":"ILCF\u30d1\u30f3\u30d5\u30ec\u30c3\u30c8 - ILCF - Institut de Langue et de Culture Fran\u00e7aises","isPartOf":{"@id":"https:\/\/www.ilcf.net\/ja\/#website"},"primaryImageOfPage":{"@id":"https:\/\/www.ilcf.net\/ja\/ilcf%e3%83%aa%e3%83%a8%e3%83%b3%e6%a0%a1%e3%83%95%e3%83%a9%e3%83%b3%e3%82%b9%e8%aa%9e%e3%82%b3%e3%83%bc%e3%82%b9\/brochure-de-lilcf\/#primaryimage"},"image":{"@id":"https:\/\/www.ilcf.net\/ja\/ilcf%e3%83%aa%e3%83%a8%e3%83%b3%e6%a0%a1%e3%83%95%e3%83%a9%e3%83%b3%e3%82%b9%e8%aa%9e%e3%82%b3%e3%83%bc%e3%82%b9\/brochure-de-lilcf\/#primaryimage"},"thumbnailUrl":"https:\/\/www.ilcf.net\/wp-content\/uploads\/sites\/20\/2020\/02\/header-plaquette-ilcf.jpg","datePublished":"2020-04-16T08:46:37+00:00","dateModified":"2025-09-22T12:24:20+00:00","description":"Envie d'en savoir plus sur les programmes de l'ILCF ? D\u00e9couvrez nos cours de fran\u00e7ais et nos examens en t\u00e9l\u00e9chargant la brochure de l'ILCF !","breadcrumb":{"@id":"https:\/\/www.ilcf.net\/ja\/ilcf%e3%83%aa%e3%83%a8%e3%83%b3%e6%a0%a1%e3%83%95%e3%83%a9%e3%83%b3%e3%82%b9%e8%aa%9e%e3%82%b3%e3%83%bc%e3%82%b9\/brochure-de-lilcf\/#breadcrumb"},"inLanguage":"ja","potentialAction":[{"@type":"ReadAction","target":["https:\/\/www.ilcf.net\/ja\/ilcf%e3%83%aa%e3%83%a8%e3%83%b3%e6%a0%a1%e3%83%95%e3%83%a9%e3%83%b3%e3%82%b9%e8%aa%9e%e3%82%b3%e3%83%bc%e3%82%b9\/brochure-de-lilcf\/"]}]},{"@type":"ImageObject","inLanguage":"ja","@id":"https:\/\/www.ilcf.net\/ja\/ilcf%e3%83%aa%e3%83%a8%e3%83%b3%e6%a0%a1%e3%83%95%e3%83%a9%e3%83%b3%e3%82%b9%e8%aa%9e%e3%82%b3%e3%83%bc%e3%82%b9\/brochure-de-lilcf\/#primaryimage","url":"https:\/\/www.ilcf.net\/wp-content\/uploads\/sites\/20\/2020\/02\/header-plaquette-ilcf.jpg","contentUrl":"https:\/\/www.ilcf.net\/wp-content\/uploads\/sites\/20\/2020\/02\/header-plaquette-ilcf.jpg","width":1920,"height":575,"caption":"plaquette de l'ILCF"},{"@type":"BreadcrumbList","@id":"https:\/\/www.ilcf.net\/ja\/ilcf%e3%83%aa%e3%83%a8%e3%83%b3%e6%a0%a1%e3%83%95%e3%83%a9%e3%83%b3%e3%82%b9%e8%aa%9e%e3%82%b3%e3%83%bc%e3%82%b9\/brochure-de-lilcf\/#breadcrumb","itemListElement":[{"@type":"ListItem","position":1,"name":"Accueil","item":"https:\/\/www.ilcf.net\/ja\/"},{"@type":"ListItem","position":2,"name":"ILCF\u30ea\u30e8\u30f3\u6821\u30d5\u30e9\u30f3\u30b9\u8a9e\u30b3\u30fc\u30b9 NOS PROGRAMMES","item":"https:\/\/www.ilcf.net\/ja\/ilcf%e3%83%aa%e3%83%a8%e3%83%b3%e6%a0%a1%e3%83%95%e3%83%a9%e3%83%b3%e3%82%b9%e8%aa%9e%e3%82%b3%e3%83%bc%e3%82%b9\/"},{"@type":"ListItem","position":3,"name":"ILCF\u30d1\u30f3\u30d5\u30ec\u30c3\u30c8"}]},{"@type":"WebSite","@id":"https:\/\/www.ilcf.net\/ja\/#website","url":"https:\/\/www.ilcf.net\/ja\/","name":"ILCF - Institut de Langue et de Culture Fran\u00e7aises","description":"ILCF - Institut de Langue et de Culture Fran\u00e7aises","publisher":{"@id":"https:\/\/www.ilcf.net\/ja\/#organization"},"potentialAction":[{"@type":"SearchAction","target":{"@type":"EntryPoint","urlTemplate":"https:\/\/www.ilcf.net\/ja\/?s={search_term_string}"},"query-input":{"@type":"PropertyValueSpecification","valueRequired":true,"valueName":"search_term_string"}}],"inLanguage":"ja"},{"@type":"Organization","@id":"https:\/\/www.ilcf.net\/ja\/#organization","name":"ILCF - Institut de Langue et de Culture Fran\u00e7aises","url":"https:\/\/www.ilcf.net\/ja\/","logo":{"@type":"ImageObject","inLanguage":"ja","@id":"https:\/\/www.ilcf.net\/ja\/#\/schema\/logo\/image\/","url":"https:\/\/www.ilcf.net\/wp-content\/uploads\/sites\/20\/2019\/11\/ilcf_logo.svg","contentUrl":"https:\/\/www.ilcf.net\/wp-content\/uploads\/sites\/20\/2019\/11\/ilcf_logo.svg","caption":"ILCF - Institut de Langue et de Culture Fran\u00e7aises"},"image":{"@id":"https:\/\/www.ilcf.net\/ja\/#\/schema\/logo\/image\/"}}]}},"_links":{"self":[{"href":"https:\/\/www.ilcf.net\/ja\/wp-json\/wp\/v2\/pages\/23378","targetHints":{"allow":["GET"]}}],"collection":[{"href":"https:\/\/www.ilcf.net\/ja\/wp-json\/wp\/v2\/pages"}],"about":[{"href":"https:\/\/www.ilcf.net\/ja\/wp-json\/wp\/v2\/types\/page"}],"author":[{"embeddable":true,"href":"https:\/\/www.ilcf.net\/ja\/wp-json\/wp\/v2\/users\/33"}],"replies":[{"embeddable":true,"href":"https:\/\/www.ilcf.net\/ja\/wp-json\/wp\/v2\/comments?post=23378"}],"version-history":[{"count":2,"href":"https:\/\/www.ilcf.net\/ja\/wp-json\/wp\/v2\/pages\/23378\/revisions"}],"predecessor-version":[{"id":26137,"href":"https:\/\/www.ilcf.net\/ja\/wp-json\/wp\/v2\/pages\/23378\/revisions\/26137"}],"up":[{"embeddable":true,"href":"https:\/\/www.ilcf.net\/ja\/wp-json\/wp\/v2\/pages\/20015"}],"wp:featuredmedia":[{"embeddable":true,"href":"https:\/\/www.ilcf.net\/ja\/wp-json\/wp\/v2\/media\/17547"}],"wp:attachment":[{"href":"https:\/\/www.ilcf.net\/ja\/wp-json\/wp\/v2\/media?parent=23378"}],"curies":[{"name":"wp","href":"https:\/\/api.w.org\/{rel}","templated":true}]}}