{"id":20249,"date":"2019-11-27T11:41:47","date_gmt":"2019-11-27T10:41:47","guid":{"rendered":"https:\/\/www.ilcf.net\/%e3%83%95%e3%83%a9%e3%83%b3%e3%82%b9%e8%aa%9e%e3%82%b3%e3%83%bc%e3%82%b9\/les-activites-culturelles\/"},"modified":"2025-08-04T17:00:21","modified_gmt":"2025-08-04T15:00:21","slug":"ilcf%e3%83%aa%e3%83%a8%e3%83%b3%e6%a0%a1%e3%81%ae%e6%96%87%e5%8c%96%e3%82%a2%e3%82%af%e3%83%86%e3%82%a3%e3%83%93%e3%83%86%e3%82%a3","status":"publish","type":"page","link":"https:\/\/www.ilcf.net\/ja\/ilcf%e3%83%aa%e3%83%a8%e3%83%b3%e6%a0%a1%e3%83%95%e3%83%a9%e3%83%b3%e3%82%b9%e8%aa%9e%e3%82%b3%e3%83%bc%e3%82%b9\/ilcf%e3%83%aa%e3%83%a8%e3%83%b3%e6%a0%a1%e3%81%ae%e6%96%87%e5%8c%96%e3%82%a2%e3%82%af%e3%83%86%e3%82%a3%e3%83%93%e3%83%86%e3%82%a3\/","title":{"rendered":"ILCF\u30ea\u30e8\u30f3\u6821\u306e\u30a2\u30af\u30c6\u30a3\u30d3\u30c6\u30a3 Activit\u00e9s culturelles de l'ILCF"},"content":{"rendered":"<h2 class=\"wp-block-heading\">ILCF\u30ea\u30e8\u30f3\u6821\u306e\u30a2\u30af\u30c6\u30a3\u30d3\u30c6\u30a3<\/h2><p>\u30a2\u30af\u30c6\u30a3\u30d3\u30c6\u30a3\u306f\u6559\u80b2\u30ab\u30ea\u30ad\u30e5\u30e9\u30e0\u306b\u542b\u307e\u308c\u3066\u3044\u307e\u3059\u3002\u6559\u80b2\u3084\u6587\u5316\u3001\u7570\u6587\u5316\u9593\u306e\u4ea4\u6d41\u3092\u4fc3\u3057\u3001\u76f8\u4e92\u7406\u89e3\u3092\u6df1\u3081\u308b\u3053\u3068\u304c\u3067\u304d\u307e\u3059\u3002<\/p><h2 class=\"wp-block-heading\">\u81ea\u7531\u306b\u9078\u3079\u308b\u30d7\u30ed\u30b0\u30e9\u30e0<\/h2><p>\u7d4c\u9a13\u8c4a\u5bcc\u306a\u5c02\u9580\u306e\u5f15\u7387\u8005\u304c\u540c\u884c\u3057\u3001\u5b89\u5fc3\u306e\u74b0\u5883\u3068\u9b45\u529b\u7684\u306a\u6599\u91d1\u3067\u30d5\u30e9\u30f3\u30b9\u3084\u30d5\u30e9\u30f3\u30b9\u8a9e\u570f\u306e\u56fd\u3005\u306e\u6587\u5316\u306b\u89aa\u3057\u3080\u3053\u3068\u304c\u3067\u304d\u307e\u3059\u3002<\/p><div class=\"wp-block-gallery-ucly js-fade-scroll\"><div class=\"owl-carousel owl-theme owl-gallery\"><div class=\"item\"><img loading=\"lazy\" decoding=\"async\" width=\"600\" height=\"446\" src=\"https:\/\/www.ilcf.net\/wp-content\/uploads\/sites\/20\/2022\/03\/visite-des-celestins-ilcf.jpg\" class=\"\" alt=\"\" srcset=\"https:\/\/www.ilcf.net\/wp-content\/uploads\/sites\/20\/2022\/03\/visite-des-celestins-ilcf.jpg 600w, https:\/\/www.ilcf.net\/wp-content\/uploads\/sites\/20\/2022\/03\/visite-des-celestins-ilcf-188x140.jpg 188w, https:\/\/www.ilcf.net\/wp-content\/uploads\/sites\/20\/2022\/03\/visite-des-celestins-ilcf-520x387.jpg 520w\" sizes=\"auto, (max-width: 600px) 100vw, 600px\" \/><div class=\"wp-block-gallery-ucly-caption\">\u30bb\u30ec\u30b9\u30bf\u30f3\u5287\u5834\u898b\u5b66<\/div><\/div><div class=\"item\"><img loading=\"lazy\" decoding=\"async\" width=\"577\" height=\"385\" src=\"https:\/\/www.ilcf.net\/wp-content\/uploads\/sites\/20\/2019\/12\/activites-culturelles-ilcf.jpg\" class=\"\" alt=\"\" srcset=\"https:\/\/www.ilcf.net\/wp-content\/uploads\/sites\/20\/2019\/12\/activites-culturelles-ilcf.jpg 577w, https:\/\/www.ilcf.net\/wp-content\/uploads\/sites\/20\/2019\/12\/activites-culturelles-ilcf-210x140.jpg 210w, https:\/\/www.ilcf.net\/wp-content\/uploads\/sites\/20\/2019\/12\/activites-culturelles-ilcf-550x366.jpg 550w\" sizes=\"auto, (max-width: 577px) 100vw, 577px\" \/><div class=\"wp-block-gallery-ucly-caption\">\u65e7\u5e02\u8857\u5730\uff08\u30f4\u30e5\u30fc \u30ea\u30e8\u30f3\uff09\u30ac\u30a4\u30c9\u4ed8\u304d\u89b3\u5149<\/div><\/div><div class=\"item\"><img loading=\"lazy\" decoding=\"async\" width=\"900\" height=\"520\" src=\"https:\/\/www.ilcf.net\/wp-content\/uploads\/sites\/20\/2019\/12\/beaujolais-activites-ilcf-900x520.jpg\" class=\"\" alt=\"\" \/><div class=\"wp-block-gallery-ucly-caption\">\u30dc\u30b8\u30e7\u30ec\u30fc\u306e\u3076\u3069\u3046\u7551\u6563\u7b56\u3068\u30ef\u30a4\u30f3\u30c6\u30a4\u30b9\u30c6\u30a3\u30f3\u30b0<\/div><\/div><div class=\"item\"><img loading=\"lazy\" decoding=\"async\" width=\"577\" height=\"385\" src=\"https:\/\/www.ilcf.net\/wp-content\/uploads\/sites\/20\/2019\/12\/grande-roue-bellecour.jpg\" class=\"\" alt=\"\" srcset=\"https:\/\/www.ilcf.net\/wp-content\/uploads\/sites\/20\/2019\/12\/grande-roue-bellecour.jpg 577w, https:\/\/www.ilcf.net\/wp-content\/uploads\/sites\/20\/2019\/12\/grande-roue-bellecour-210x140.jpg 210w, https:\/\/www.ilcf.net\/wp-content\/uploads\/sites\/20\/2019\/12\/grande-roue-bellecour-550x366.jpg 550w\" sizes=\"auto, (max-width: 577px) 100vw, 577px\" \/><div class=\"wp-block-gallery-ucly-caption\">\u30d9\u30eb\u30af\u30fc\u30eb\u5e83\u5834\u306e\u89b3\u89a7\u8eca<\/div><\/div><div class=\"item\"><img loading=\"lazy\" decoding=\"async\" width=\"577\" height=\"385\" src=\"https:\/\/www.ilcf.net\/wp-content\/uploads\/sites\/20\/2019\/12\/sortie-plage.jpg\" class=\"\" alt=\"\" srcset=\"https:\/\/www.ilcf.net\/wp-content\/uploads\/sites\/20\/2019\/12\/sortie-plage.jpg 577w, https:\/\/www.ilcf.net\/wp-content\/uploads\/sites\/20\/2019\/12\/sortie-plage-210x140.jpg 210w, https:\/\/www.ilcf.net\/wp-content\/uploads\/sites\/20\/2019\/12\/sortie-plage-550x366.jpg 550w\" sizes=\"auto, (max-width: 577px) 100vw, 577px\" \/><div class=\"wp-block-gallery-ucly-caption\">\u5730\u4e2d\u6d77\u30af\u30eb\u30fc\u30ba<\/div><\/div><div class=\"item\"><img loading=\"lazy\" decoding=\"async\" width=\"577\" height=\"385\" src=\"https:\/\/www.ilcf.net\/wp-content\/uploads\/sites\/20\/2019\/12\/chamonix-ilcf.jpg\" class=\"\" alt=\"\" srcset=\"https:\/\/www.ilcf.net\/wp-content\/uploads\/sites\/20\/2019\/12\/chamonix-ilcf.jpg 577w, https:\/\/www.ilcf.net\/wp-content\/uploads\/sites\/20\/2019\/12\/chamonix-ilcf-210x140.jpg 210w, https:\/\/www.ilcf.net\/wp-content\/uploads\/sites\/20\/2019\/12\/chamonix-ilcf-550x366.jpg 550w\" sizes=\"auto, (max-width: 577px) 100vw, 577px\" \/><div class=\"wp-block-gallery-ucly-caption\">\u30b7\u30e3\u30e2\u30cb\u30fc\u3068\u30a8\u30ae\u30fc\u30e6 \u30c7\u30e6 \u30df\u30c7\u30a3\u5c55\u671b\u53f0\uff08\u30e2\u30f3\u30d6\u30e9\u30f3\u773a\u671b\uff09<\/div><\/div><div class=\"item\"><img loading=\"lazy\" decoding=\"async\" width=\"577\" height=\"385\" src=\"https:\/\/www.ilcf.net\/wp-content\/uploads\/sites\/20\/2019\/12\/institut-lumiere.jpg\" class=\"\" alt=\"\" srcset=\"https:\/\/www.ilcf.net\/wp-content\/uploads\/sites\/20\/2019\/12\/institut-lumiere.jpg 577w, https:\/\/www.ilcf.net\/wp-content\/uploads\/sites\/20\/2019\/12\/institut-lumiere-210x140.jpg 210w, https:\/\/www.ilcf.net\/wp-content\/uploads\/sites\/20\/2019\/12\/institut-lumiere-550x366.jpg 550w\" sizes=\"auto, (max-width: 577px) 100vw, 577px\" \/><div class=\"wp-block-gallery-ucly-caption\">\u30ea\u30e5\u30df\u30a8\u30fc\u30eb\u7814\u7a76\u6240<\/div><\/div><\/div><div class=\"owl-numbers\"><span class=\"owl-number-current\"><\/span><span class=\"owl-number-sep\"><\/span><span class=\"owl-number-total\"><\/span><\/div><\/div><h2 class=\"wp-block-heading\">\u30ea\u30e8\u30f3\u304a\u3088\u3073\u8fd1\u90ca\u306e\u30a8\u30af\u30b9\u30ab\u30fc\u30b7\u30e7\u30f3\u3068\u30a2\u30af\u30c6\u30a3\u30d3\u30c6\u30a3<\/h2><p>\u6587\u5316\u30fb\u82b8\u8853\u65bd\u8a2d\u306e\u5354\u529b\u3092\u5f97\u3066\u3001\u4f8b\u3048\u3070\u3001\u30e6\u30cd\u30b9\u30b3\u4e16\u754c\u907a\u7523\u767b\u9332\u306e\u8857\u300c\u30ea\u30e8\u30f3\u300d\u89b3\u5149\u3001\u30dc\u30b8\u30e7\u30ec\u30fc\u6563\u7b56\u3001\u30bd\u30fc\u30cc\u5ddd\u3068\u30ed\u30fc\u30cc\u5ddd\u306e\u30af\u30eb\u30fc\u30ba\u3001\u30e1\u30be\u30f3\u30fb\u30c9\u30fb\u30e9\u30fb\u30c0\u30f3\u30b9 (Maison de la danse)\u3001\u30bb\u30ec\u30b9\u30bf\u30f3\u5287\u5834\u3001\u30ea\u30e5\u30df\u30a8\u30fc\u30eb\u6620\u753b\u796d\u300112\u67088\u65e5\u5149\u306e\u796d\u5178\u3001\u30c0\u30f3\u30b9\u30fb\u30d3\u30a8\u30f3\u30ca\u30fc\u30ec\u3001\u73fe\u4ee3\u7f8e\u8853\u30d3\u30a8\u30f3\u30ca\u30fc\u30ec\u3001\u5373\u8208\u5287\u30ea\u30fc\u30b0\u6226\uff08Ligue d\u2019improvisation\uff09\u3001\u63a8\u7406\u5c0f\u8aac\u30a4\u30d9\u30f3\u30c8\u300c\u30b1\u30fb\u30c7\u30e5\u30fb\u30dd\u30e9\u30fc\u30eb (Quai du Polar)\u300d\u3001\u30dd\u30fc\u30eb\u30fb\u30dc\u30ad\u30e5\u30fc\u30ba\u5e02\u5834 (les Halles)\u3001\u30b0\u30e9\u30f3\u30fb\u30aa\u30c6\u30eb\u30fb\u30c7\u30e5\u30fc (Grand H\u00f4tel-Dieu) \u306a\u3069\u3001\u30ea\u30e8\u30f3\u3067\u958b\u50ac\u3055\u308c\u308b\u30d3\u30c3\u30b0\u30a4\u30d9\u30f3\u30c8\u3084\u898b\u5b66\u30c4\u30a2\u30fc\u306a\u3069\u306e\u30a2\u30af\u30c6\u30a3\u30d3\u30c6\u30a3\u306b\u53c2\u52a0\u3057\u307e\u3059\u3002\u53d7\u8b1b\u8005\u306f\u3001\u30ea\u30e8\u30f3\u3084\u30ed\u30fc\u30cc\u30fb\u30a2\u30eb\u30d7\u5730\u65b9\u3001\u3055\u3089\u306b\u306f\u30d5\u30e9\u30f3\u30b9\u793e\u4f1a\u3092\u767a\u898b\u3057\u3001\u793e\u4f1a\u306b\u89aa\u3057\u307f\u3001\u30d5\u30e9\u30f3\u30b9\u8a9e\u306e\u7fd2\u5f97\u3068\u4e0a\u9054\u306b\u5411\u3051\u3066\u306e\u5b66\u7fd2\u610f\u6b32\u3092\u9ad8\u3081\u308b\u3053\u3068\u304c\u3067\u304d\u307e\u3059\u3002<\/p><p>ILCF\u30ea\u30e8\u30f3\u6821\u4e3b\u50ac\u306e\u30a2\u30af\u30c6\u30a3\u30d3\u30c6\u30a3\u306e\u307b\u304b\u306b\u3001ILCF\u30ea\u30e8\u30f3\u6821\u306e\u5b66\u751f\u4f1a\u3084UCLy\u306e\u5b66\u751f\u4f1a\u306e\u96c6\u307e\u308a\u3067\u3042\u308bF\u00e9d\u00e9 KTO\u3001\u56fd\u969b\u4ea4\u6d41\u6a5f\u95a2\u3001\u5f53\u6821\u304c\u63d0\u643a\u3057\u3066\u3044\u308b\u30a2\u30bd\u30b7\u30a8\u30fc\u30b7\u30e7\u30f3\u300c\u30ea\u30e8\u30f3\u30fb\u30a4\u30f3\u30bf\u30fc\u30ca\u30b7\u30e7\u30ca\u30eb\u300d\u304c\u4e3b\u50ac\u3059\u308b\u30a2\u30af\u30c6\u30a3\u30d3\u30c6\u30a3\u306b\u3082\u3054\u53c2\u52a0\u3067\u304d\u307e\u3059\u3002<\/p><div class=\"wp-block-video js-fade-scroll\">\n  <div class=\"plyr__video-embed js-player\">\n    <iframe src=\"https:\/\/www.youtube.com\/embed\/BPGLiL_O7Iw?origin=https:\/\/plyr.io&amp;iv_load_policy=3&amp;modestbranding=1&amp;playsinline=1&amp;showinfo=0&amp;rel=0&amp;enablejsapi=1\" allowfullscreen allowtransparency allow=\"autoplay\" poster=\"\" ratio=\"4:3\"><\/iframe>\n  <\/div>\n<\/div><p>\u30ea\u30e8\u30f3\u306f\u7d4c\u6e08\u3001\u6587\u5316\u3001\u7f8e\u98df\u306e\u4e3b\u8981\u90fd\u5e02\u3067\u3059\u3002\u30d1\u30ea\u304b\u3089TGV\uff08\u9ad8\u901f\u5217\u8eca\uff09\u30672\u6642\u9593\u3001\u98db\u884c\u6a5f\u30671\u6642\u9593\u3001\u30a2\u30eb\u30d7\u30b9\u5c71\u8108\u304b\u30891\u6642\u9593\u3001\u30b9\u30a4\u30b9\u304b\u30891\u6642\u9593\u3001\u6d77\u307e\u30672\u6642\u9593\u3001\u30a4\u30bf\u30ea\u30a2\u304b\u30892\u6642\u9593\u3001\u30ed\u30f3\u30c9\u30f3\u3001\u30d6\u30ea\u30e5\u30c3\u30bb\u30eb\u3001\u30d0\u30eb\u30bb\u30ed\u30ca\u304b\u3089TGV\u30674\u6642\u9593\u3001\u98db\u884c\u6a5f\u30671\u6642\u959330\u5206\u3068\u3044\u3046\u7acb\u5730\u6761\u4ef6\u306b\u6075\u307e\u308c\u3066\u3044\u307e\u3059\u3002<\/p><div class=\"wp-block-contact js-fade-scroll\">\n  <p class=\"wp-block-contact-title\">\u304a\u554f\u3044\u5408\u308f\u305b<\/p>\n\n        <div class=\"contact-info\">\n        <p class=\"contact-item\">\n          <span class=\"contact-strong\">ILCF\u30ea\u30e8\u30f3\u6821\u30a4\u30d9\u30f3\u30c8\u62c5\u5f53<\/span><br>\n          <span class=\"contact-light\"><\/span>\n        <\/p>\n        <span class=\"contact-separate\"><\/span>\n        <p class=\"contact-item\">\n          <a class=\"icon-phone contact-button show-for-small-only\" href=\"tel:04 72 32 45 53\"><\/a>\n          <span class=\"contact-strong hide-for-small-only\">04 72 32 45 53<\/span><br>\n          <a class=\"icon-mail contact-button show-for-small-only\" href=\"mailto:animationilcf@univ-catholyon.fr\"><\/a>\n          <span class=\"contact-light hide-for-small-only\">animationilcf@univ-catholyon.fr<\/span>\n        <\/p>\n      <\/div>\n    <\/div><div class=\"wp-block-cross-content js-fade-scroll\">\n    <p class=\"wp-block-cross-content-title\"><\/p>\n            <div class=\"row wp-block-cross-content-row\">\n                                <div class=\"column small-12 medium-6 large-4 wp-block-cross-content-col\">\n                        <a class=\"wp-block-cross-content-top\" href=\"https:\/\/www.ilcf.net\/ja\/ilcf%e3%83%aa%e3%83%a8%e3%83%b3%e6%a0%a1%e3%83%95%e3%83%a9%e3%83%b3%e3%82%b9%e8%aa%9e%e3%82%b3%e3%83%bc%e3%82%b9\/%e5%a4%96%e5%9b%bd%e8%aa%9e%e3%81%a8%e3%81%97%e3%81%a6%e3%81%ae%e3%83%95%e3%83%a9%e3%83%b3%e3%82%b9%e8%aa%9e%e3%82%b3%e3%83%bc%e3%82%b9-programmes-francais-langue-etrangere\/\" title=\"\u5916\u56fd\u8a9e\u3068\u3057\u3066\u306e\u30d5\u30e9\u30f3\u30b9\u8a9e\u30b3\u30fc\u30b9 Tous nos cours\">\n                            <span class=\"wp-block-cross-content-name\">\u5916\u56fd\u8a9e\u3068\u3057\u3066\u306e\u30d5\u30e9\u30f3\u30b9\u8a9e\u30b3\u30fc\u30b9 Tous nos cours<\/span>\n                            <span class=\"wp-block-cross-content-image\"><img loading=\"lazy\" decoding=\"async\" width=\"630\" height=\"570\" src=\"https:\/\/www.ilcf.net\/wp-content\/uploads\/sites\/20\/2019\/12\/header-ilcf-630x570.jpg\" class=\" wp-post-image\" alt=\"\" \/><\/span>\n                            <span class=\"wp-block-cross-content-more\">\n                                <span class=\"icon-more\"><\/span>\n                            <\/span>\n                        <\/a>\n                        <div class=\"wp-block-cross-content-excerpt\"><p>\u591a\u5f69\u306a\u30ab\u30ea\u30ad\u30e5\u30e9\u30e0\u306b\u3088\u308b\u30b3\u30fc\u30b9\u8a2d\u5b9a\u3067\u3001\u53d7\u8b1b\u751f\u306e\u7fd2\u5f97\u76ee\u6a19\u3084\u8981\u671b\u306b\u6700\u5927\u9650\u306b\u5bfe\u5fdc\u3057\u307e\u3059\u3002<\/p>\n<\/div>\n                    <\/div>\n                                                <div class=\"column small-12 medium-6 large-4 wp-block-cross-content-col\">\n                        <a class=\"wp-block-cross-content-top\" href=\"https:\/\/www.ilcf.net\/ja\/%e5%a4%96%e5%9b%bd%e8%aa%9e%e3%81%a8%e3%81%97%e3%81%a6%e3%81%ae%e3%83%95%e3%83%a9%e3%83%b3%e3%82%b9%e8%aa%9e%e3%82%b3%e3%83%bc%e3%82%b9%e3%81%ae%e5%8f%97%e8%ac%9b%e6%89%8b%e7%b6%9a%e3%81%8d\/\" title=\"\u5916\u56fd\u8a9e\u3068\u3057\u3066\u306e\u30d5\u30e9\u30f3\u30b9\u8a9e\u30b3\u30fc\u30b9\u306e\u53d7\u8b1b\u624b\u7d9a\u304d Inscription\">\n                            <span class=\"wp-block-cross-content-name\">\u5916\u56fd\u8a9e\u3068\u3057\u3066\u306e\u30d5\u30e9\u30f3\u30b9\u8a9e\u30b3\u30fc\u30b9\u306e\u53d7\u8b1b\u624b\u7d9a\u304d Inscription<\/span>\n                            <span class=\"wp-block-cross-content-image\"><img loading=\"lazy\" decoding=\"async\" width=\"630\" height=\"570\" src=\"https:\/\/www.ilcf.net\/wp-content\/uploads\/sites\/20\/2019\/12\/header-inscription-cours-ilcf-630x570.jpg\" class=\" wp-post-image\" alt=\"\" \/><\/span>\n                            <span class=\"wp-block-cross-content-more\">\n                                <span class=\"icon-more\"><\/span>\n                            <\/span>\n                        <\/a>\n                        <div class=\"wp-block-cross-content-excerpt\"><p>ILCF\u30ea\u30e8\u30f3\u6821\u306e\u5916\u56fd\u8a9e\u3068\u3057\u3066\u306e\u30d5\u30e9\u30f3\u30b9\u8a9e\u30b3\u30fc\u30b9\u306e\u53d7\u8b1b\u624b\u7d9a\u304d\u3092\u3054\u6848\u5185\u3044\u305f\u3057\u307e\u3059\u3002<\/p>\n<\/div>\n                    <\/div>\n                                                <div class=\"column small-12 medium-6 large-4 wp-block-cross-content-col\">\n                        <a class=\"wp-block-cross-content-top\" href=\"https:\/\/www.ilcf.net\/ja\/ilcf%e3%81%ab%e3%81%a4%e3%81%84%e3%81%a6\/%e5%bd%93%e6%a0%a1%e3%81%ae%e6%ad%b4%e5%8f%b2\/\" title=\"\u5f53\u6821\u306e\u6b74\u53f2 Notre histoire\">\n                            <span class=\"wp-block-cross-content-name\">\u5f53\u6821\u306e\u6b74\u53f2 Notre histoire<\/span>\n                            <span class=\"wp-block-cross-content-image\"><img loading=\"lazy\" decoding=\"async\" width=\"630\" height=\"570\" src=\"https:\/\/www.ilcf.net\/wp-content\/uploads\/sites\/20\/2020\/02\/header-notre-histoire-630x570.jpg\" class=\" wp-post-image\" alt=\"\" \/><\/span>\n                            <span class=\"wp-block-cross-content-more\">\n                                <span class=\"icon-more\"><\/span>\n                            <\/span>\n                        <\/a>\n                        <div class=\"wp-block-cross-content-excerpt\"><\/div>\n                    <\/div>\n                                    <\/div>\n    <\/div>","protected":false},"excerpt":{"rendered":"<p>ILCF\u30ea\u30e8\u30f3\u6821\u306e\u30a2\u30af\u30c6\u30a3\u30d3\u30c6\u30a3\u30a2\u30af\u30c6\u30a3\u30d3\u30c6\u30a3\u306f\u6559\u80b2\u30ab\u30ea\u30ad\u30e5\u30e9\u30e0\u306b\u542b\u307e\u308c\u3066\u3044\u307e\u3059\u3002\u6559\u80b2\u3084\u6587\u5316\u3001\u7570\u6587\u5316\u9593\u306e\u4ea4\u6d41\u3092\u4fc3\u3057\u3001\u76f8\u4e92\u7406\u89e3\u3092\u6df1\u3081\u308b\u3053\u3068\u304c\u3067\u304d\u307e\u3059\u3002\u81ea\u7531\u306b\u9078\u3079\u308b\u30d7\u30ed\u30b0\u30e9\u30e0\u7d4c\u9a13\u8c4a\u5bcc\u306a\u5c02\u9580\u306e\u5f15\u7387\u8005\u304c\u540c\u884c\u3057\u3001\u5b89\u5fc3\u306e\u74b0\u5883\u3068\u9b45\u529b\u7684\u306a\u6599\u91d1\u3067\u30d5\u30e9\u30f3\u30b9\u3084\u30d5\u30e9\u30f3\u30b9\u8a9e\u570f\u306e\u56fd\u3005\u306e\u6587\u5316\u306b\u89aa\u3057\u3080\u3053\u3068\u304c\u3067\u304d\u307e\u3059\u3002\u30ea\u30e8\u30f3\u304a\u3088\u3073\u8fd1\u90ca\u306e\u30a8\u30af\u30b9\u30ab\u30fc\u30b7\u30e7\u30f3\u3068\u30a2\u30af\u30c6\u30a3\u30d3\u30c6\u30a3\u6587\u5316\u30fb\u82b8\u8853\u65bd\u8a2d\u306e\u5354\u529b\u3092\u5f97\u3066\u3001\u4f8b\u3048\u3070\u3001\u30e6\u30cd\u30b9\u30b3\u4e16\u754c\u907a\u7523\u767b\u9332\u306e\u8857\u300c\u30ea\u30e8\u30f3\u300d\u89b3\u5149\u3001\u30dc\u30b8\u30e7\u30ec\u30fc\u6563\u7b56\u3001\u30bd\u30fc\u30cc\u5ddd\u3068\u30ed\u30fc\u30cc\u5ddd\u306e\u30af\u30eb\u30fc\u30ba\u3001\u30e1\u30be\u30f3\u30fb\u30c9\u30fb\u30e9\u30fb\u30c0\u30f3\u30b9 (Maison de la danse)\u3001\u30bb\u30ec\u30b9\u30bf\u30f3\u5287\u5834\u3001\u30ea\u30e5\u30df\u30a8\u30fc\u30eb\u6620\u753b\u796d\u300112\u67088\u65e5\u5149\u306e\u796d\u5178\u3001\u30c0\u30f3\u30b9\u30fb\u30d3\u30a8\u30f3\u30ca\u30fc\u30ec\u3001\u73fe\u4ee3\u7f8e\u8853\u30d3\u30a8\u30f3\u30ca\u30fc\u30ec\u3001\u5373\u8208\u5287\u30ea\u30fc\u30b0\u6226\uff08Ligue d\u2019improvisation\uff09\u3001\u63a8\u7406\u5c0f\u8aac\u30a4\u30d9\u30f3\u30c8\u300c\u30b1\u30fb\u30c7\u30e5\u30fb\u30dd\u30e9\u30fc\u30eb (Quai du Polar)\u300d\u3001\u30dd\u30fc\u30eb\u30fb\u30dc\u30ad\u30e5\u30fc\u30ba\u5e02\u5834 (les Halles)\u3001\u30b0\u30e9\u30f3\u30fb\u30aa\u30c6\u30eb\u30fb\u30c7\u30e5\u30fc (Grand H\u00f4tel-Dieu) \u306a\u3069\u3001\u30ea\u30e8\u30f3\u3067\u958b\u50ac\u3055\u308c\u308b\u30d3\u30c3\u30b0\u30a4\u30d9\u30f3\u30c8\u3084\u898b\u5b66\u30c4\u30a2\u30fc\u306a\u3069\u306e\u30a2\u30af\u30c6\u30a3\u30d3\u30c6\u30a3\u306b\u53c2\u52a0\u3057\u307e\u3059\u3002\u53d7\u8b1b\u8005\u306f\u3001\u30ea\u30e8\u30f3\u3084\u30ed\u30fc\u30cc\u30fb\u30a2\u30eb\u30d7\u5730\u65b9\u3001\u3055\u3089\u306b\u306f\u30d5\u30e9\u30f3\u30b9\u793e\u4f1a\u3092\u767a\u898b\u3057\u3001\u793e\u4f1a\u306b\u89aa\u3057\u307f\u3001\u30d5\u30e9\u30f3\u30b9\u8a9e\u306e\u7fd2\u5f97\u3068\u4e0a\u9054\u306b\u5411\u3051\u3066\u306e\u5b66\u7fd2\u610f\u6b32\u3092\u9ad8\u3081\u308b\u3053\u3068\u304c\u3067\u304d\u307e\u3059\u3002ILCF\u30ea\u30e8\u30f3\u6821\u4e3b\u50ac\u306e\u30a2\u30af\u30c6\u30a3\u30d3\u30c6\u30a3\u306e\u307b\u304b\u306b\u3001ILCF\u30ea\u30e8\u30f3\u6821\u306e\u5b66\u751f\u4f1a\u3084UCLy\u306e\u5b66\u751f\u4f1a\u306e\u96c6\u307e\u308a\u3067\u3042\u308bF\u00e9d\u00e9 KTO\u3001\u56fd\u969b\u4ea4\u6d41\u6a5f\u95a2\u3001\u5f53\u6821\u304c\u63d0\u643a\u3057\u3066\u3044\u308b\u30a2\u30bd\u30b7\u30a8\u30fc\u30b7\u30e7\u30f3\u300c\u30ea\u30e8\u30f3\u30fb\u30a4\u30f3\u30bf\u30fc\u30ca\u30b7\u30e7\u30ca\u30eb\u300d\u304c\u4e3b\u50ac\u3059\u308b\u30a2\u30af\u30c6\u30a3\u30d3\u30c6\u30a3\u306b\u3082\u3054\u53c2\u52a0\u3067\u304d\u307e\u3059\u3002\u30ea\u30e8\u30f3\u306f\u7d4c\u6e08\u3001\u6587\u5316\u3001\u7f8e\u98df\u306e\u4e3b\u8981\u90fd\u5e02\u3067\u3059\u3002\u30d1\u30ea\u304b\u3089TGV\uff08\u9ad8\u901f\u5217\u8eca\uff09\u30672\u6642\u9593\u3001\u98db\u884c\u6a5f\u30671\u6642\u9593\u3001\u30a2\u30eb\u30d7\u30b9\u5c71\u8108\u304b\u30891\u6642\u9593\u3001\u30b9\u30a4\u30b9\u304b\u30891\u6642\u9593\u3001\u6d77\u307e\u30672\u6642\u9593\u3001\u30a4\u30bf\u30ea\u30a2\u304b\u30892\u6642\u9593\u3001\u30ed\u30f3\u30c9\u30f3\u3001\u30d6\u30ea\u30e5\u30c3\u30bb\u30eb\u3001\u30d0\u30eb\u30bb\u30ed\u30ca\u304b\u3089TGV\u30674\u6642\u9593\u3001\u98db\u884c\u6a5f\u30671\u6642\u959330\u5206\u3068\u3044\u3046\u7acb\u5730\u6761\u4ef6\u306b\u6075\u307e\u308c\u3066\u3044\u307e\u3059\u3002<\/p>\n","protected":false},"author":33,"featured_media":17436,"parent":20015,"menu_order":4,"comment_status":"closed","ping_status":"closed","template":"","meta":{"_acf_changed":false,"footnotes":""},"class_list":["post-20249","page","type-page","status-publish","has-post-thumbnail","hentry"],"acf":[],"yoast_head":"<!-- This site is optimized with the Yoast SEO plugin v24.1 - https:\/\/yoast.com\/wordpress\/plugins\/seo\/ -->\n<title>ILCF\u30ea\u30e8\u30f3\u6821\u306e\u30a2\u30af\u30c6\u30a3\u30d3\u30c6\u30a3 Activit\u00e9s culturelles de l&#039;ILCF - ILCF - Institut de Langue et de Culture Fran\u00e7aises<\/title>\n<meta name=\"description\" content=\"Tous les \u00e9tudiants peuvent avoir acc\u00e8s \u00e0 de nombreuses activit\u00e9s propos\u00e9es par l&#039;ILCF ou par l&#039;UCLy pour d\u00e9couvrir Lyon, la r\u00e9gion et la culture fran\u00e7aise.\" \/>\n<meta name=\"robots\" content=\"index, follow, max-snippet:-1, max-image-preview:large, max-video-preview:-1\" \/>\n<link rel=\"canonical\" href=\"https:\/\/www.ilcf.net\/ja\/ilcf%e3%83%aa%e3%83%a8%e3%83%b3%e6%a0%a1%e3%83%95%e3%83%a9%e3%83%b3%e3%82%b9%e8%aa%9e%e3%82%b3%e3%83%bc%e3%82%b9\/ilcf%e3%83%aa%e3%83%a8%e3%83%b3%e6%a0%a1%e3%81%ae%e6%96%87%e5%8c%96%e3%82%a2%e3%82%af%e3%83%86%e3%82%a3%e3%83%93%e3%83%86%e3%82%a3\/\" \/>\n<meta property=\"og:locale\" content=\"ja_JP\" \/>\n<meta property=\"og:type\" content=\"article\" \/>\n<meta property=\"og:title\" content=\"ILCF\u30ea\u30e8\u30f3\u6821\u306e\u30a2\u30af\u30c6\u30a3\u30d3\u30c6\u30a3 Activit\u00e9s culturelles de l&#039;ILCF - ILCF - Institut de Langue et de Culture Fran\u00e7aises\" \/>\n<meta property=\"og:description\" content=\"Tous les \u00e9tudiants peuvent avoir acc\u00e8s \u00e0 de nombreuses activit\u00e9s propos\u00e9es par l&#039;ILCF ou par l&#039;UCLy pour d\u00e9couvrir Lyon, la r\u00e9gion et la culture fran\u00e7aise.\" \/>\n<meta property=\"og:url\" content=\"https:\/\/www.ilcf.net\/ja\/ilcf%e3%83%aa%e3%83%a8%e3%83%b3%e6%a0%a1%e3%83%95%e3%83%a9%e3%83%b3%e3%82%b9%e8%aa%9e%e3%82%b3%e3%83%bc%e3%82%b9\/ilcf%e3%83%aa%e3%83%a8%e3%83%b3%e6%a0%a1%e3%81%ae%e6%96%87%e5%8c%96%e3%82%a2%e3%82%af%e3%83%86%e3%82%a3%e3%83%93%e3%83%86%e3%82%a3\/\" \/>\n<meta property=\"og:site_name\" content=\"ILCF - Institut de Langue et de Culture Fran\u00e7aises\" \/>\n<meta property=\"article:modified_time\" content=\"2025-08-04T15:00:21+00:00\" \/>\n<meta property=\"og:image\" content=\"https:\/\/www.ilcf.net\/wp-content\/uploads\/sites\/20\/2019\/12\/beaujolais-activites-ilcf.jpg\" \/>\n\t<meta property=\"og:image:width\" content=\"1920\" \/>\n\t<meta property=\"og:image:height\" content=\"575\" \/>\n\t<meta property=\"og:image:type\" content=\"image\/jpeg\" \/>\n<meta name=\"twitter:card\" content=\"summary_large_image\" \/>\n<meta name=\"twitter:label1\" content=\"\u63a8\u5b9a\u8aad\u307f\u53d6\u308a\u6642\u9593\" \/>\n\t<meta name=\"twitter:data1\" content=\"4\u5206\" \/>\n<script type=\"application\/ld+json\" class=\"yoast-schema-graph\">{\"@context\":\"https:\/\/schema.org\",\"@graph\":[{\"@type\":\"WebPage\",\"@id\":\"https:\/\/www.ilcf.net\/ja\/ilcf%e3%83%aa%e3%83%a8%e3%83%b3%e6%a0%a1%e3%83%95%e3%83%a9%e3%83%b3%e3%82%b9%e8%aa%9e%e3%82%b3%e3%83%bc%e3%82%b9\/ilcf%e3%83%aa%e3%83%a8%e3%83%b3%e6%a0%a1%e3%81%ae%e6%96%87%e5%8c%96%e3%82%a2%e3%82%af%e3%83%86%e3%82%a3%e3%83%93%e3%83%86%e3%82%a3\/\",\"url\":\"https:\/\/www.ilcf.net\/ja\/ilcf%e3%83%aa%e3%83%a8%e3%83%b3%e6%a0%a1%e3%83%95%e3%83%a9%e3%83%b3%e3%82%b9%e8%aa%9e%e3%82%b3%e3%83%bc%e3%82%b9\/ilcf%e3%83%aa%e3%83%a8%e3%83%b3%e6%a0%a1%e3%81%ae%e6%96%87%e5%8c%96%e3%82%a2%e3%82%af%e3%83%86%e3%82%a3%e3%83%93%e3%83%86%e3%82%a3\/\",\"name\":\"ILCF\u30ea\u30e8\u30f3\u6821\u306e\u30a2\u30af\u30c6\u30a3\u30d3\u30c6\u30a3 Activit\u00e9s culturelles de l'ILCF - ILCF - Institut de Langue et de Culture Fran\u00e7aises\",\"isPartOf\":{\"@id\":\"https:\/\/www.ilcf.net\/ja\/#website\"},\"primaryImageOfPage\":{\"@id\":\"https:\/\/www.ilcf.net\/ja\/ilcf%e3%83%aa%e3%83%a8%e3%83%b3%e6%a0%a1%e3%83%95%e3%83%a9%e3%83%b3%e3%82%b9%e8%aa%9e%e3%82%b3%e3%83%bc%e3%82%b9\/ilcf%e3%83%aa%e3%83%a8%e3%83%b3%e6%a0%a1%e3%81%ae%e6%96%87%e5%8c%96%e3%82%a2%e3%82%af%e3%83%86%e3%82%a3%e3%83%93%e3%83%86%e3%82%a3\/#primaryimage\"},\"image\":{\"@id\":\"https:\/\/www.ilcf.net\/ja\/ilcf%e3%83%aa%e3%83%a8%e3%83%b3%e6%a0%a1%e3%83%95%e3%83%a9%e3%83%b3%e3%82%b9%e8%aa%9e%e3%82%b3%e3%83%bc%e3%82%b9\/ilcf%e3%83%aa%e3%83%a8%e3%83%b3%e6%a0%a1%e3%81%ae%e6%96%87%e5%8c%96%e3%82%a2%e3%82%af%e3%83%86%e3%82%a3%e3%83%93%e3%83%86%e3%82%a3\/#primaryimage\"},\"thumbnailUrl\":\"https:\/\/www.ilcf.net\/wp-content\/uploads\/sites\/20\/2019\/12\/beaujolais-activites-ilcf.jpg\",\"datePublished\":\"2019-11-27T10:41:47+00:00\",\"dateModified\":\"2025-08-04T15:00:21+00:00\",\"description\":\"Tous les \u00e9tudiants peuvent avoir acc\u00e8s \u00e0 de nombreuses activit\u00e9s propos\u00e9es par l'ILCF ou par l'UCLy pour d\u00e9couvrir Lyon, la r\u00e9gion et la culture fran\u00e7aise.\",\"breadcrumb\":{\"@id\":\"https:\/\/www.ilcf.net\/ja\/ilcf%e3%83%aa%e3%83%a8%e3%83%b3%e6%a0%a1%e3%83%95%e3%83%a9%e3%83%b3%e3%82%b9%e8%aa%9e%e3%82%b3%e3%83%bc%e3%82%b9\/ilcf%e3%83%aa%e3%83%a8%e3%83%b3%e6%a0%a1%e3%81%ae%e6%96%87%e5%8c%96%e3%82%a2%e3%82%af%e3%83%86%e3%82%a3%e3%83%93%e3%83%86%e3%82%a3\/#breadcrumb\"},\"inLanguage\":\"ja\",\"potentialAction\":[{\"@type\":\"ReadAction\",\"target\":[\"https:\/\/www.ilcf.net\/ja\/ilcf%e3%83%aa%e3%83%a8%e3%83%b3%e6%a0%a1%e3%83%95%e3%83%a9%e3%83%b3%e3%82%b9%e8%aa%9e%e3%82%b3%e3%83%bc%e3%82%b9\/ilcf%e3%83%aa%e3%83%a8%e3%83%b3%e6%a0%a1%e3%81%ae%e6%96%87%e5%8c%96%e3%82%a2%e3%82%af%e3%83%86%e3%82%a3%e3%83%93%e3%83%86%e3%82%a3\/\"]}]},{\"@type\":\"ImageObject\",\"inLanguage\":\"ja\",\"@id\":\"https:\/\/www.ilcf.net\/ja\/ilcf%e3%83%aa%e3%83%a8%e3%83%b3%e6%a0%a1%e3%83%95%e3%83%a9%e3%83%b3%e3%82%b9%e8%aa%9e%e3%82%b3%e3%83%bc%e3%82%b9\/ilcf%e3%83%aa%e3%83%a8%e3%83%b3%e6%a0%a1%e3%81%ae%e6%96%87%e5%8c%96%e3%82%a2%e3%82%af%e3%83%86%e3%82%a3%e3%83%93%e3%83%86%e3%82%a3\/#primaryimage\",\"url\":\"https:\/\/www.ilcf.net\/wp-content\/uploads\/sites\/20\/2019\/12\/beaujolais-activites-ilcf.jpg\",\"contentUrl\":\"https:\/\/www.ilcf.net\/wp-content\/uploads\/sites\/20\/2019\/12\/beaujolais-activites-ilcf.jpg\",\"width\":1920,\"height\":575,\"caption\":\"Beaujolais\"},{\"@type\":\"BreadcrumbList\",\"@id\":\"https:\/\/www.ilcf.net\/ja\/ilcf%e3%83%aa%e3%83%a8%e3%83%b3%e6%a0%a1%e3%83%95%e3%83%a9%e3%83%b3%e3%82%b9%e8%aa%9e%e3%82%b3%e3%83%bc%e3%82%b9\/ilcf%e3%83%aa%e3%83%a8%e3%83%b3%e6%a0%a1%e3%81%ae%e6%96%87%e5%8c%96%e3%82%a2%e3%82%af%e3%83%86%e3%82%a3%e3%83%93%e3%83%86%e3%82%a3\/#breadcrumb\",\"itemListElement\":[{\"@type\":\"ListItem\",\"position\":1,\"name\":\"Accueil\",\"item\":\"https:\/\/www.ilcf.net\/ja\/\"},{\"@type\":\"ListItem\",\"position\":2,\"name\":\"ILCF\u30ea\u30e8\u30f3\u6821\u30d5\u30e9\u30f3\u30b9\u8a9e\u30b3\u30fc\u30b9 NOS PROGRAMMES\",\"item\":\"https:\/\/www.ilcf.net\/ja\/ilcf%e3%83%aa%e3%83%a8%e3%83%b3%e6%a0%a1%e3%83%95%e3%83%a9%e3%83%b3%e3%82%b9%e8%aa%9e%e3%82%b3%e3%83%bc%e3%82%b9\/\"},{\"@type\":\"ListItem\",\"position\":3,\"name\":\"ILCF\u30ea\u30e8\u30f3\u6821\u306e\u30a2\u30af\u30c6\u30a3\u30d3\u30c6\u30a3 Activit\u00e9s culturelles de l'ILCF\"}]},{\"@type\":\"WebSite\",\"@id\":\"https:\/\/www.ilcf.net\/ja\/#website\",\"url\":\"https:\/\/www.ilcf.net\/ja\/\",\"name\":\"ILCF - Institut de Langue et de Culture Fran\u00e7aises\",\"description\":\"ILCF - Institut de Langue et de Culture Fran\u00e7aises\",\"publisher\":{\"@id\":\"https:\/\/www.ilcf.net\/ja\/#organization\"},\"potentialAction\":[{\"@type\":\"SearchAction\",\"target\":{\"@type\":\"EntryPoint\",\"urlTemplate\":\"https:\/\/www.ilcf.net\/ja\/?s={search_term_string}\"},\"query-input\":{\"@type\":\"PropertyValueSpecification\",\"valueRequired\":true,\"valueName\":\"search_term_string\"}}],\"inLanguage\":\"ja\"},{\"@type\":\"Organization\",\"@id\":\"https:\/\/www.ilcf.net\/ja\/#organization\",\"name\":\"ILCF - Institut de Langue et de Culture Fran\u00e7aises\",\"url\":\"https:\/\/www.ilcf.net\/ja\/\",\"logo\":{\"@type\":\"ImageObject\",\"inLanguage\":\"ja\",\"@id\":\"https:\/\/www.ilcf.net\/ja\/#\/schema\/logo\/image\/\",\"url\":\"https:\/\/www.ilcf.net\/wp-content\/uploads\/sites\/20\/2019\/11\/ilcf_logo.svg\",\"contentUrl\":\"https:\/\/www.ilcf.net\/wp-content\/uploads\/sites\/20\/2019\/11\/ilcf_logo.svg\",\"caption\":\"ILCF - Institut de Langue et de Culture Fran\u00e7aises\"},\"image\":{\"@id\":\"https:\/\/www.ilcf.net\/ja\/#\/schema\/logo\/image\/\"}}]}<\/script>\n<!-- \/ Yoast SEO plugin. -->","yoast_head_json":{"title":"ILCF\u30ea\u30e8\u30f3\u6821\u306e\u30a2\u30af\u30c6\u30a3\u30d3\u30c6\u30a3 Activit\u00e9s culturelles de l'ILCF - ILCF - Institut de Langue et de Culture Fran\u00e7aises","description":"Tous les \u00e9tudiants peuvent avoir acc\u00e8s \u00e0 de nombreuses activit\u00e9s propos\u00e9es par l'ILCF ou par l'UCLy pour d\u00e9couvrir Lyon, la r\u00e9gion et la culture fran\u00e7aise.","robots":{"index":"index","follow":"follow","max-snippet":"max-snippet:-1","max-image-preview":"max-image-preview:large","max-video-preview":"max-video-preview:-1"},"canonical":"https:\/\/www.ilcf.net\/ja\/ilcf%e3%83%aa%e3%83%a8%e3%83%b3%e6%a0%a1%e3%83%95%e3%83%a9%e3%83%b3%e3%82%b9%e8%aa%9e%e3%82%b3%e3%83%bc%e3%82%b9\/ilcf%e3%83%aa%e3%83%a8%e3%83%b3%e6%a0%a1%e3%81%ae%e6%96%87%e5%8c%96%e3%82%a2%e3%82%af%e3%83%86%e3%82%a3%e3%83%93%e3%83%86%e3%82%a3\/","og_locale":"ja_JP","og_type":"article","og_title":"ILCF\u30ea\u30e8\u30f3\u6821\u306e\u30a2\u30af\u30c6\u30a3\u30d3\u30c6\u30a3 Activit\u00e9s culturelles de l'ILCF - ILCF - Institut de Langue et de Culture Fran\u00e7aises","og_description":"Tous les \u00e9tudiants peuvent avoir acc\u00e8s \u00e0 de nombreuses activit\u00e9s propos\u00e9es par l'ILCF ou par l'UCLy pour d\u00e9couvrir Lyon, la r\u00e9gion et la culture fran\u00e7aise.","og_url":"https:\/\/www.ilcf.net\/ja\/ilcf%e3%83%aa%e3%83%a8%e3%83%b3%e6%a0%a1%e3%83%95%e3%83%a9%e3%83%b3%e3%82%b9%e8%aa%9e%e3%82%b3%e3%83%bc%e3%82%b9\/ilcf%e3%83%aa%e3%83%a8%e3%83%b3%e6%a0%a1%e3%81%ae%e6%96%87%e5%8c%96%e3%82%a2%e3%82%af%e3%83%86%e3%82%a3%e3%83%93%e3%83%86%e3%82%a3\/","og_site_name":"ILCF - Institut de Langue et de Culture Fran\u00e7aises","article_modified_time":"2025-08-04T15:00:21+00:00","og_image":[{"width":1920,"height":575,"url":"https:\/\/www.ilcf.net\/wp-content\/uploads\/sites\/20\/2019\/12\/beaujolais-activites-ilcf.jpg","type":"image\/jpeg"}],"twitter_card":"summary_large_image","twitter_misc":{"\u63a8\u5b9a\u8aad\u307f\u53d6\u308a\u6642\u9593":"4\u5206"},"schema":{"@context":"https:\/\/schema.org","@graph":[{"@type":"WebPage","@id":"https:\/\/www.ilcf.net\/ja\/ilcf%e3%83%aa%e3%83%a8%e3%83%b3%e6%a0%a1%e3%83%95%e3%83%a9%e3%83%b3%e3%82%b9%e8%aa%9e%e3%82%b3%e3%83%bc%e3%82%b9\/ilcf%e3%83%aa%e3%83%a8%e3%83%b3%e6%a0%a1%e3%81%ae%e6%96%87%e5%8c%96%e3%82%a2%e3%82%af%e3%83%86%e3%82%a3%e3%83%93%e3%83%86%e3%82%a3\/","url":"https:\/\/www.ilcf.net\/ja\/ilcf%e3%83%aa%e3%83%a8%e3%83%b3%e6%a0%a1%e3%83%95%e3%83%a9%e3%83%b3%e3%82%b9%e8%aa%9e%e3%82%b3%e3%83%bc%e3%82%b9\/ilcf%e3%83%aa%e3%83%a8%e3%83%b3%e6%a0%a1%e3%81%ae%e6%96%87%e5%8c%96%e3%82%a2%e3%82%af%e3%83%86%e3%82%a3%e3%83%93%e3%83%86%e3%82%a3\/","name":"ILCF\u30ea\u30e8\u30f3\u6821\u306e\u30a2\u30af\u30c6\u30a3\u30d3\u30c6\u30a3 Activit\u00e9s culturelles de l'ILCF - ILCF - Institut de Langue et de Culture Fran\u00e7aises","isPartOf":{"@id":"https:\/\/www.ilcf.net\/ja\/#website"},"primaryImageOfPage":{"@id":"https:\/\/www.ilcf.net\/ja\/ilcf%e3%83%aa%e3%83%a8%e3%83%b3%e6%a0%a1%e3%83%95%e3%83%a9%e3%83%b3%e3%82%b9%e8%aa%9e%e3%82%b3%e3%83%bc%e3%82%b9\/ilcf%e3%83%aa%e3%83%a8%e3%83%b3%e6%a0%a1%e3%81%ae%e6%96%87%e5%8c%96%e3%82%a2%e3%82%af%e3%83%86%e3%82%a3%e3%83%93%e3%83%86%e3%82%a3\/#primaryimage"},"image":{"@id":"https:\/\/www.ilcf.net\/ja\/ilcf%e3%83%aa%e3%83%a8%e3%83%b3%e6%a0%a1%e3%83%95%e3%83%a9%e3%83%b3%e3%82%b9%e8%aa%9e%e3%82%b3%e3%83%bc%e3%82%b9\/ilcf%e3%83%aa%e3%83%a8%e3%83%b3%e6%a0%a1%e3%81%ae%e6%96%87%e5%8c%96%e3%82%a2%e3%82%af%e3%83%86%e3%82%a3%e3%83%93%e3%83%86%e3%82%a3\/#primaryimage"},"thumbnailUrl":"https:\/\/www.ilcf.net\/wp-content\/uploads\/sites\/20\/2019\/12\/beaujolais-activites-ilcf.jpg","datePublished":"2019-11-27T10:41:47+00:00","dateModified":"2025-08-04T15:00:21+00:00","description":"Tous les \u00e9tudiants peuvent avoir acc\u00e8s \u00e0 de nombreuses activit\u00e9s propos\u00e9es par l'ILCF ou par l'UCLy pour d\u00e9couvrir Lyon, la r\u00e9gion et la culture fran\u00e7aise.","breadcrumb":{"@id":"https:\/\/www.ilcf.net\/ja\/ilcf%e3%83%aa%e3%83%a8%e3%83%b3%e6%a0%a1%e3%83%95%e3%83%a9%e3%83%b3%e3%82%b9%e8%aa%9e%e3%82%b3%e3%83%bc%e3%82%b9\/ilcf%e3%83%aa%e3%83%a8%e3%83%b3%e6%a0%a1%e3%81%ae%e6%96%87%e5%8c%96%e3%82%a2%e3%82%af%e3%83%86%e3%82%a3%e3%83%93%e3%83%86%e3%82%a3\/#breadcrumb"},"inLanguage":"ja","potentialAction":[{"@type":"ReadAction","target":["https:\/\/www.ilcf.net\/ja\/ilcf%e3%83%aa%e3%83%a8%e3%83%b3%e6%a0%a1%e3%83%95%e3%83%a9%e3%83%b3%e3%82%b9%e8%aa%9e%e3%82%b3%e3%83%bc%e3%82%b9\/ilcf%e3%83%aa%e3%83%a8%e3%83%b3%e6%a0%a1%e3%81%ae%e6%96%87%e5%8c%96%e3%82%a2%e3%82%af%e3%83%86%e3%82%a3%e3%83%93%e3%83%86%e3%82%a3\/"]}]},{"@type":"ImageObject","inLanguage":"ja","@id":"https:\/\/www.ilcf.net\/ja\/ilcf%e3%83%aa%e3%83%a8%e3%83%b3%e6%a0%a1%e3%83%95%e3%83%a9%e3%83%b3%e3%82%b9%e8%aa%9e%e3%82%b3%e3%83%bc%e3%82%b9\/ilcf%e3%83%aa%e3%83%a8%e3%83%b3%e6%a0%a1%e3%81%ae%e6%96%87%e5%8c%96%e3%82%a2%e3%82%af%e3%83%86%e3%82%a3%e3%83%93%e3%83%86%e3%82%a3\/#primaryimage","url":"https:\/\/www.ilcf.net\/wp-content\/uploads\/sites\/20\/2019\/12\/beaujolais-activites-ilcf.jpg","contentUrl":"https:\/\/www.ilcf.net\/wp-content\/uploads\/sites\/20\/2019\/12\/beaujolais-activites-ilcf.jpg","width":1920,"height":575,"caption":"Beaujolais"},{"@type":"BreadcrumbList","@id":"https:\/\/www.ilcf.net\/ja\/ilcf%e3%83%aa%e3%83%a8%e3%83%b3%e6%a0%a1%e3%83%95%e3%83%a9%e3%83%b3%e3%82%b9%e8%aa%9e%e3%82%b3%e3%83%bc%e3%82%b9\/ilcf%e3%83%aa%e3%83%a8%e3%83%b3%e6%a0%a1%e3%81%ae%e6%96%87%e5%8c%96%e3%82%a2%e3%82%af%e3%83%86%e3%82%a3%e3%83%93%e3%83%86%e3%82%a3\/#breadcrumb","itemListElement":[{"@type":"ListItem","position":1,"name":"Accueil","item":"https:\/\/www.ilcf.net\/ja\/"},{"@type":"ListItem","position":2,"name":"ILCF\u30ea\u30e8\u30f3\u6821\u30d5\u30e9\u30f3\u30b9\u8a9e\u30b3\u30fc\u30b9 NOS PROGRAMMES","item":"https:\/\/www.ilcf.net\/ja\/ilcf%e3%83%aa%e3%83%a8%e3%83%b3%e6%a0%a1%e3%83%95%e3%83%a9%e3%83%b3%e3%82%b9%e8%aa%9e%e3%82%b3%e3%83%bc%e3%82%b9\/"},{"@type":"ListItem","position":3,"name":"ILCF\u30ea\u30e8\u30f3\u6821\u306e\u30a2\u30af\u30c6\u30a3\u30d3\u30c6\u30a3 Activit\u00e9s culturelles de l'ILCF"}]},{"@type":"WebSite","@id":"https:\/\/www.ilcf.net\/ja\/#website","url":"https:\/\/www.ilcf.net\/ja\/","name":"ILCF - Institut de Langue et de Culture Fran\u00e7aises","description":"ILCF - Institut de Langue et de Culture Fran\u00e7aises","publisher":{"@id":"https:\/\/www.ilcf.net\/ja\/#organization"},"potentialAction":[{"@type":"SearchAction","target":{"@type":"EntryPoint","urlTemplate":"https:\/\/www.ilcf.net\/ja\/?s={search_term_string}"},"query-input":{"@type":"PropertyValueSpecification","valueRequired":true,"valueName":"search_term_string"}}],"inLanguage":"ja"},{"@type":"Organization","@id":"https:\/\/www.ilcf.net\/ja\/#organization","name":"ILCF - Institut de Langue et de Culture Fran\u00e7aises","url":"https:\/\/www.ilcf.net\/ja\/","logo":{"@type":"ImageObject","inLanguage":"ja","@id":"https:\/\/www.ilcf.net\/ja\/#\/schema\/logo\/image\/","url":"https:\/\/www.ilcf.net\/wp-content\/uploads\/sites\/20\/2019\/11\/ilcf_logo.svg","contentUrl":"https:\/\/www.ilcf.net\/wp-content\/uploads\/sites\/20\/2019\/11\/ilcf_logo.svg","caption":"ILCF - Institut de Langue et de Culture Fran\u00e7aises"},"image":{"@id":"https:\/\/www.ilcf.net\/ja\/#\/schema\/logo\/image\/"}}]}},"_links":{"self":[{"href":"https:\/\/www.ilcf.net\/ja\/wp-json\/wp\/v2\/pages\/20249","targetHints":{"allow":["GET"]}}],"collection":[{"href":"https:\/\/www.ilcf.net\/ja\/wp-json\/wp\/v2\/pages"}],"about":[{"href":"https:\/\/www.ilcf.net\/ja\/wp-json\/wp\/v2\/types\/page"}],"author":[{"embeddable":true,"href":"https:\/\/www.ilcf.net\/ja\/wp-json\/wp\/v2\/users\/33"}],"replies":[{"embeddable":true,"href":"https:\/\/www.ilcf.net\/ja\/wp-json\/wp\/v2\/comments?post=20249"}],"version-history":[{"count":3,"href":"https:\/\/www.ilcf.net\/ja\/wp-json\/wp\/v2\/pages\/20249\/revisions"}],"predecessor-version":[{"id":26012,"href":"https:\/\/www.ilcf.net\/ja\/wp-json\/wp\/v2\/pages\/20249\/revisions\/26012"}],"up":[{"embeddable":true,"href":"https:\/\/www.ilcf.net\/ja\/wp-json\/wp\/v2\/pages\/20015"}],"wp:featuredmedia":[{"embeddable":true,"href":"https:\/\/www.ilcf.net\/ja\/wp-json\/wp\/v2\/media\/17436"}],"wp:attachment":[{"href":"https:\/\/www.ilcf.net\/ja\/wp-json\/wp\/v2\/media?parent=20249"}],"curies":[{"name":"wp","href":"https:\/\/api.w.org\/{rel}","templated":true}]}}