{"id":20237,"date":"2019-11-18T15:10:29","date_gmt":"2019-11-18T14:10:29","guid":{"rendered":""},"modified":"2022-12-22T13:10:26","modified_gmt":"2022-12-22T12:10:26","slug":"clcf%e3%83%95%e3%83%a9%e3%83%b3%e3%82%b9%e8%a8%80%e8%aa%9e%e6%96%87%e5%8c%96%e8%b3%87%e6%a0%bc%e8%a8%bc%e6%9b%b8","status":"publish","type":"page","link":"https:\/\/www.ilcf.net\/ja\/ilcf%e3%83%aa%e3%83%a8%e3%83%b3%e6%a0%a1%e3%83%95%e3%83%a9%e3%83%b3%e3%82%b9%e8%aa%9e%e3%82%b3%e3%83%bc%e3%82%b9\/%e3%83%87%e3%82%a3%e3%83%97%e3%83%ad%e3%83%a0%e3%81%a8%e8%b3%87%e6%a0%bc%e8%a8%bc%e6%9b%b8-diplomes-et-certificats\/clcf%e3%83%95%e3%83%a9%e3%83%b3%e3%82%b9%e8%a8%80%e8%aa%9e%e6%96%87%e5%8c%96%e8%b3%87%e6%a0%bc%e8%a8%bc%e6%9b%b8\/","title":{"rendered":"CLCF\uff08\u30d5\u30e9\u30f3\u30b9\u8a00\u8a9e\u6587\u5316\u8cc7\u683c\u8a3c\u66f8)"},"content":{"rendered":"<h2 class=\"wp-block-heading\">\u53d6\u5f97\u6761\u4ef6<\/h2><ul class=\"wp-block-list\"><li>ILCF\u30ea\u30e8\u30f3\u6821\u306e\u30a4\u30f3\u30c6\u30f3\u30b7\u30d61\u304b\u6708\u30b3\u30fc\u30b9\u3042\u308b\u3044\u306f\u30b5\u30de\u30fc\u30a4\u30f3\u30c6\u30f3\u30b7\u30d6\u30b3\u30fc\u30b9\u3092\u53d7\u8b1b\u3057\u3066\u3044\u308b\u3053\u3068<\/li>\n\n<li>\u5b9a\u671f\u30c6\u30b9\u30c8\u3092\u53d7\u3051\u3001\u6388\u696d\u306b\u53c2\u52a0\u3057\u3066\u3044\u308b\u3053\u3068<\/li>\n\n<li>\u5b9a\u671f\u30c6\u30b9\u30c8\u3067\u5408\u683c\u70b9\u3092\u53d6\u5f97\u3057\u3066\u3044\u308b\u3053\u3068<\/li>\n\n<li>\u6388\u696d\u306b\u51fa\u5e2d\u3057\u3066\u3044\u308b\u3053\u3068<br>\u6761\u4ef6\u3092\u6e80\u305f\u3055\u306a\u3044\u5834\u5408\u3001\u53d7\u8b1b\u8a3c\u660e\u66f8\u306e\u307f\u304c\u767a\u884c\u3055\u308c\u307e\u3059<\/li><\/ul><h2 class=\"wp-block-heading\">\u30ec\u30d9\u30eb<\/h2><p>\u8cc7\u683c\u8a3c\u66f8\u306f76\u6642\u9593\u307e\u305f\u306f80\u6642\u9593\u306e\u8b1b\u5ea7\u3092\u53d7\u8b1b\u3059\u308b\u3053\u3068\u3067\u53d6\u5f97\u3067\u304d\u307e\u3059\u3002<\/p><p>\u8cc7\u683c\u8a3c\u66f8\u306b\u306f\u5230\u9054\u30ec\u30d9\u30eb\u304c\u8a18\u8f09\u3055\u308c\u307e\u3059\u3002\u5230\u9054\u30ec\u30d9\u30eb\u306f\u6b21\u306e\u30e8\u30fc\u30ed\u30c3\u30d1\u8a00\u8a9e\u5171\u901a\u53c2\u7167\u67a0\u306b\u57fa\u3065\u3044\u3066\u3044\u307e\u3059\u3002<\/p><ul class=\"wp-block-list\"><li>\u5165\u9580\uff1a\u521d\u5b66\u8005<\/li>\n\n<li>A1\uff1a\u521d\u7d1a1<\/li>\n\n<li>A2\uff1a\u521d\u7d1a2<\/li>\n\n<li>B1\uff1a\u4e2d\u7d1a1<\/li>\n\n<li>B2\uff1a\u4e2d\u7d1a2<\/li>\n\n<li>C1\uff1a\u4e0a\u7d1a1<\/li>\n\n<li>C2 : \u4e0a\u7d1a2<\/li><\/ul><div class=\"wp-block-contact js-fade-scroll\">\n  <p class=\"wp-block-contact-title\">\u304a\u554f\u3044\u5408\u308f\u305b<\/p>\n\n        <div class=\"contact-info\">\n        <p class=\"contact-item\">\n          <span class=\"contact-strong\">ILCF\u30ea\u30e8\u30f3\u6821\u4e8b\u52d9\u5c40<\/span><br>\n          <span class=\"contact-light\"><\/span>\n        <\/p>\n        <span class=\"contact-separate\"><\/span>\n        <p class=\"contact-item\">\n          <a class=\"icon-phone contact-button show-for-small-only\" href=\"tel:+ 33 (0)4 72 32 50 53\"><\/a>\n          <span class=\"contact-strong hide-for-small-only\">+ 33 (0)4 72 32 50 53<\/span><br>\n          <a class=\"icon-mail contact-button show-for-small-only\" href=\"mailto:ilcf@univ-catholyon.fr\"><\/a>\n          <span class=\"contact-light hide-for-small-only\">ilcf@univ-catholyon.fr<\/span>\n        <\/p>\n      <\/div>\n    <\/div><div class=\"wp-block-cross-content js-fade-scroll\">\n    <p class=\"wp-block-cross-content-title\">\u3053\u3061\u3089\u3082\u3054\u89a7\u304f\u3060\u3055\u3044<\/p>\n            <div class=\"row wp-block-cross-content-row\">\n                                <div class=\"column small-12 medium-6 large-4 wp-block-cross-content-col\">\n                        <a class=\"wp-block-cross-content-top\" href=\"https:\/\/www.ilcf.net\/ja\/ilcf%e3%83%aa%e3%83%a8%e3%83%b3%e6%a0%a1%e3%83%95%e3%83%a9%e3%83%b3%e3%82%b9%e8%aa%9e%e3%82%b3%e3%83%bc%e3%82%b9\/%e5%a4%96%e5%9b%bd%e8%aa%9e%e3%81%a8%e3%81%97%e3%81%a6%e3%81%ae%e3%83%95%e3%83%a9%e3%83%b3%e3%82%b9%e8%aa%9e%e3%82%b3%e3%83%bc%e3%82%b9-programmes-francais-langue-etrangere\/\" title=\"\u5916\u56fd\u8a9e\u3068\u3057\u3066\u306e\u30d5\u30e9\u30f3\u30b9\u8a9e\u30b3\u30fc\u30b9 Tous nos cours\">\n                            <span class=\"wp-block-cross-content-name\">\u5916\u56fd\u8a9e\u3068\u3057\u3066\u306e\u30d5\u30e9\u30f3\u30b9\u8a9e\u30b3\u30fc\u30b9 Tous nos cours<\/span>\n                            <span class=\"wp-block-cross-content-image\"><img loading=\"lazy\" decoding=\"async\" width=\"630\" height=\"570\" src=\"https:\/\/www.ilcf.net\/wp-content\/uploads\/sites\/20\/2019\/12\/header-ilcf-630x570.jpg\" class=\" wp-post-image\" alt=\"\" \/><\/span>\n                            <span class=\"wp-block-cross-content-more\">\n                                <span class=\"icon-more\"><\/span>\n                            <\/span>\n                        <\/a>\n                        <div class=\"wp-block-cross-content-excerpt\"><p>\u591a\u5f69\u306a\u30ab\u30ea\u30ad\u30e5\u30e9\u30e0\u306b\u3088\u308b\u30b3\u30fc\u30b9\u8a2d\u5b9a\u3067\u3001\u53d7\u8b1b\u751f\u306e\u7fd2\u5f97\u76ee\u6a19\u3084\u8981\u671b\u306b\u6700\u5927\u9650\u306b\u5bfe\u5fdc\u3057\u307e\u3059\u3002<\/p>\n<\/div>\n                    <\/div>\n                                                <div class=\"column small-12 medium-6 large-4 wp-block-cross-content-col\">\n                        <a class=\"wp-block-cross-content-top\" href=\"https:\/\/www.ilcf.net\/ja\/ilcf%e3%83%aa%e3%83%a8%e3%83%b3%e6%a0%a1%e3%83%95%e3%83%a9%e3%83%b3%e3%82%b9%e8%aa%9e%e3%82%b3%e3%83%bc%e3%82%b9\/%e3%83%87%e3%82%a3%e3%83%97%e3%83%ad%e3%83%a0%e3%81%a8%e8%b3%87%e6%a0%bc%e8%a8%bc%e6%9b%b8-diplomes-et-certificats\/duef%e3%83%95%e3%83%a9%e3%83%b3%e3%82%b9%e8%aa%9e%e5%a4%a7%e5%ad%a6%e4%bf%ae%e4%ba%86%e8%a8%bc%e6%9b%b8\/\" title=\"DUEF\uff08\u30d5\u30e9\u30f3\u30b9\u8a9e\u5927\u5b66\u4fee\u4e86\u8a3c\u66f8\uff09\">\n                            <span class=\"wp-block-cross-content-name\">DUEF\uff08\u30d5\u30e9\u30f3\u30b9\u8a9e\u5927\u5b66\u4fee\u4e86\u8a3c\u66f8\uff09<\/span>\n                            <span class=\"wp-block-cross-content-image\"><img loading=\"lazy\" decoding=\"async\" width=\"630\" height=\"570\" src=\"https:\/\/www.ilcf.net\/wp-content\/uploads\/sites\/20\/2020\/02\/header-faculte-lettres-630x570.jpg\" class=\" wp-post-image\" alt=\"\" \/><\/span>\n                            <span class=\"wp-block-cross-content-more\">\n                                <span class=\"icon-more\"><\/span>\n                            <\/span>\n                        <\/a>\n                        <div class=\"wp-block-cross-content-excerpt\"><\/div>\n                    <\/div>\n                                                <div class=\"column small-12 medium-6 large-4 wp-block-cross-content-col\">\n                        <a class=\"wp-block-cross-content-top\" href=\"https:\/\/www.ilcf.net\/ja\/%e5%a4%96%e5%9b%bd%e8%aa%9e%e3%81%a8%e3%81%97%e3%81%a6%e3%81%ae%e3%83%95%e3%83%a9%e3%83%b3%e3%82%b9%e8%aa%9e%e3%82%b3%e3%83%bc%e3%82%b9%e3%81%ae%e5%8f%97%e8%ac%9b%e6%89%8b%e7%b6%9a%e3%81%8d\/\" title=\"\u5916\u56fd\u8a9e\u3068\u3057\u3066\u306e\u30d5\u30e9\u30f3\u30b9\u8a9e\u30b3\u30fc\u30b9\u306e\u53d7\u8b1b\u624b\u7d9a\u304d Inscription\">\n                            <span class=\"wp-block-cross-content-name\">\u5916\u56fd\u8a9e\u3068\u3057\u3066\u306e\u30d5\u30e9\u30f3\u30b9\u8a9e\u30b3\u30fc\u30b9\u306e\u53d7\u8b1b\u624b\u7d9a\u304d Inscription<\/span>\n                            <span class=\"wp-block-cross-content-image\"><img loading=\"lazy\" decoding=\"async\" width=\"630\" height=\"570\" src=\"https:\/\/www.ilcf.net\/wp-content\/uploads\/sites\/20\/2019\/12\/header-inscription-cours-ilcf-630x570.jpg\" class=\" wp-post-image\" alt=\"\" \/><\/span>\n                            <span class=\"wp-block-cross-content-more\">\n                                <span class=\"icon-more\"><\/span>\n                            <\/span>\n                        <\/a>\n                        <div class=\"wp-block-cross-content-excerpt\"><p>ILCF\u30ea\u30e8\u30f3\u6821\u306e\u5916\u56fd\u8a9e\u3068\u3057\u3066\u306e\u30d5\u30e9\u30f3\u30b9\u8a9e\u30b3\u30fc\u30b9\u306e\u53d7\u8b1b\u624b\u7d9a\u304d\u3092\u3054\u6848\u5185\u3044\u305f\u3057\u307e\u3059\u3002<\/p>\n<\/div>\n                    <\/div>\n                                    <\/div>\n    <\/div>","protected":false},"excerpt":{"rendered":"<p>\u53d6\u5f97\u6761\u4ef6\u30ec\u30d9\u30eb\u8cc7\u683c\u8a3c\u66f8\u306f76\u6642\u9593\u307e\u305f\u306f80\u6642\u9593\u306e\u8b1b\u5ea7\u3092\u53d7\u8b1b\u3059\u308b\u3053\u3068\u3067\u53d6\u5f97\u3067\u304d\u307e\u3059\u3002\u8cc7\u683c\u8a3c\u66f8\u306b\u306f\u5230\u9054\u30ec\u30d9\u30eb\u304c\u8a18\u8f09\u3055\u308c\u307e\u3059\u3002\u5230\u9054\u30ec\u30d9\u30eb\u306f\u6b21\u306e\u30e8\u30fc\u30ed\u30c3\u30d1\u8a00\u8a9e\u5171\u901a\u53c2\u7167\u67a0\u306b\u57fa\u3065\u3044\u3066\u3044\u307e\u3059\u3002<\/p>\n","protected":false},"author":32,"featured_media":17513,"parent":20225,"menu_order":2,"comment_status":"closed","ping_status":"closed","template":"","meta":{"_acf_changed":false,"footnotes":""},"class_list":["post-20237","page","type-page","status-publish","has-post-thumbnail","hentry"],"acf":[],"yoast_head":"<!-- This site is optimized with the Yoast SEO plugin v24.1 - https:\/\/yoast.com\/wordpress\/plugins\/seo\/ -->\n<title>CLCF\uff08\u30d5\u30e9\u30f3\u30b9\u8a00\u8a9e\u6587\u5316\u8cc7\u683c\u8a3c\u66f8) - ILCF - Institut de Langue et de Culture Fran\u00e7aises<\/title>\n<meta name=\"description\" content=\"Le Certificat de Langue et de Culture Fran\u00e7aises : faites reconnaitre votre niveau en langue fran\u00e7aise apr\u00e8s un mois de formation\" \/>\n<meta name=\"robots\" content=\"index, follow, max-snippet:-1, max-image-preview:large, max-video-preview:-1\" \/>\n<link rel=\"canonical\" href=\"https:\/\/www.ilcf.net\/ja\/ilcf%e3%83%aa%e3%83%a8%e3%83%b3%e6%a0%a1%e3%83%95%e3%83%a9%e3%83%b3%e3%82%b9%e8%aa%9e%e3%82%b3%e3%83%bc%e3%82%b9\/%e3%83%87%e3%82%a3%e3%83%97%e3%83%ad%e3%83%a0%e3%81%a8%e8%b3%87%e6%a0%bc%e8%a8%bc%e6%9b%b8-diplomes-et-certificats\/clcf%e3%83%95%e3%83%a9%e3%83%b3%e3%82%b9%e8%a8%80%e8%aa%9e%e6%96%87%e5%8c%96%e8%b3%87%e6%a0%bc%e8%a8%bc%e6%9b%b8\/\" \/>\n<meta property=\"og:locale\" content=\"ja_JP\" \/>\n<meta property=\"og:type\" content=\"article\" \/>\n<meta property=\"og:title\" content=\"CLCF\uff08\u30d5\u30e9\u30f3\u30b9\u8a00\u8a9e\u6587\u5316\u8cc7\u683c\u8a3c\u66f8) - ILCF - Institut de Langue et de Culture Fran\u00e7aises\" \/>\n<meta property=\"og:description\" content=\"Le Certificat de Langue et de Culture Fran\u00e7aises : faites reconnaitre votre niveau en langue fran\u00e7aise apr\u00e8s un mois de formation\" \/>\n<meta property=\"og:url\" content=\"https:\/\/www.ilcf.net\/ja\/ilcf%e3%83%aa%e3%83%a8%e3%83%b3%e6%a0%a1%e3%83%95%e3%83%a9%e3%83%b3%e3%82%b9%e8%aa%9e%e3%82%b3%e3%83%bc%e3%82%b9\/%e3%83%87%e3%82%a3%e3%83%97%e3%83%ad%e3%83%a0%e3%81%a8%e8%b3%87%e6%a0%bc%e8%a8%bc%e6%9b%b8-diplomes-et-certificats\/clcf%e3%83%95%e3%83%a9%e3%83%b3%e3%82%b9%e8%a8%80%e8%aa%9e%e6%96%87%e5%8c%96%e8%b3%87%e6%a0%bc%e8%a8%bc%e6%9b%b8\/\" \/>\n<meta property=\"og:site_name\" content=\"ILCF - Institut de Langue et de Culture Fran\u00e7aises\" \/>\n<meta property=\"article:modified_time\" content=\"2022-12-22T12:10:26+00:00\" \/>\n<meta property=\"og:image\" content=\"https:\/\/www.ilcf.net\/wp-content\/uploads\/sites\/20\/2020\/02\/header-lettres-renforcees.jpg\" \/>\n\t<meta property=\"og:image:width\" content=\"1920\" \/>\n\t<meta property=\"og:image:height\" content=\"575\" \/>\n\t<meta property=\"og:image:type\" content=\"image\/jpeg\" \/>\n<meta name=\"twitter:card\" content=\"summary_large_image\" \/>\n<meta name=\"twitter:label1\" content=\"\u63a8\u5b9a\u8aad\u307f\u53d6\u308a\u6642\u9593\" \/>\n\t<meta name=\"twitter:data1\" content=\"1\u5206\" \/>\n<script type=\"application\/ld+json\" class=\"yoast-schema-graph\">{\"@context\":\"https:\/\/schema.org\",\"@graph\":[{\"@type\":\"WebPage\",\"@id\":\"https:\/\/www.ilcf.net\/ja\/ilcf%e3%83%aa%e3%83%a8%e3%83%b3%e6%a0%a1%e3%83%95%e3%83%a9%e3%83%b3%e3%82%b9%e8%aa%9e%e3%82%b3%e3%83%bc%e3%82%b9\/%e3%83%87%e3%82%a3%e3%83%97%e3%83%ad%e3%83%a0%e3%81%a8%e8%b3%87%e6%a0%bc%e8%a8%bc%e6%9b%b8-diplomes-et-certificats\/clcf%e3%83%95%e3%83%a9%e3%83%b3%e3%82%b9%e8%a8%80%e8%aa%9e%e6%96%87%e5%8c%96%e8%b3%87%e6%a0%bc%e8%a8%bc%e6%9b%b8\/\",\"url\":\"https:\/\/www.ilcf.net\/ja\/ilcf%e3%83%aa%e3%83%a8%e3%83%b3%e6%a0%a1%e3%83%95%e3%83%a9%e3%83%b3%e3%82%b9%e8%aa%9e%e3%82%b3%e3%83%bc%e3%82%b9\/%e3%83%87%e3%82%a3%e3%83%97%e3%83%ad%e3%83%a0%e3%81%a8%e8%b3%87%e6%a0%bc%e8%a8%bc%e6%9b%b8-diplomes-et-certificats\/clcf%e3%83%95%e3%83%a9%e3%83%b3%e3%82%b9%e8%a8%80%e8%aa%9e%e6%96%87%e5%8c%96%e8%b3%87%e6%a0%bc%e8%a8%bc%e6%9b%b8\/\",\"name\":\"CLCF\uff08\u30d5\u30e9\u30f3\u30b9\u8a00\u8a9e\u6587\u5316\u8cc7\u683c\u8a3c\u66f8) - ILCF - Institut de Langue et de Culture Fran\u00e7aises\",\"isPartOf\":{\"@id\":\"https:\/\/www.ilcf.net\/ja\/#website\"},\"primaryImageOfPage\":{\"@id\":\"https:\/\/www.ilcf.net\/ja\/ilcf%e3%83%aa%e3%83%a8%e3%83%b3%e6%a0%a1%e3%83%95%e3%83%a9%e3%83%b3%e3%82%b9%e8%aa%9e%e3%82%b3%e3%83%bc%e3%82%b9\/%e3%83%87%e3%82%a3%e3%83%97%e3%83%ad%e3%83%a0%e3%81%a8%e8%b3%87%e6%a0%bc%e8%a8%bc%e6%9b%b8-diplomes-et-certificats\/clcf%e3%83%95%e3%83%a9%e3%83%b3%e3%82%b9%e8%a8%80%e8%aa%9e%e6%96%87%e5%8c%96%e8%b3%87%e6%a0%bc%e8%a8%bc%e6%9b%b8\/#primaryimage\"},\"image\":{\"@id\":\"https:\/\/www.ilcf.net\/ja\/ilcf%e3%83%aa%e3%83%a8%e3%83%b3%e6%a0%a1%e3%83%95%e3%83%a9%e3%83%b3%e3%82%b9%e8%aa%9e%e3%82%b3%e3%83%bc%e3%82%b9\/%e3%83%87%e3%82%a3%e3%83%97%e3%83%ad%e3%83%a0%e3%81%a8%e8%b3%87%e6%a0%bc%e8%a8%bc%e6%9b%b8-diplomes-et-certificats\/clcf%e3%83%95%e3%83%a9%e3%83%b3%e3%82%b9%e8%a8%80%e8%aa%9e%e6%96%87%e5%8c%96%e8%b3%87%e6%a0%bc%e8%a8%bc%e6%9b%b8\/#primaryimage\"},\"thumbnailUrl\":\"https:\/\/www.ilcf.net\/wp-content\/uploads\/sites\/20\/2020\/02\/header-lettres-renforcees.jpg\",\"datePublished\":\"2019-11-18T14:10:29+00:00\",\"dateModified\":\"2022-12-22T12:10:26+00:00\",\"description\":\"Le Certificat de Langue et de Culture Fran\u00e7aises : faites reconnaitre votre niveau en langue fran\u00e7aise apr\u00e8s un mois de formation\",\"breadcrumb\":{\"@id\":\"https:\/\/www.ilcf.net\/ja\/ilcf%e3%83%aa%e3%83%a8%e3%83%b3%e6%a0%a1%e3%83%95%e3%83%a9%e3%83%b3%e3%82%b9%e8%aa%9e%e3%82%b3%e3%83%bc%e3%82%b9\/%e3%83%87%e3%82%a3%e3%83%97%e3%83%ad%e3%83%a0%e3%81%a8%e8%b3%87%e6%a0%bc%e8%a8%bc%e6%9b%b8-diplomes-et-certificats\/clcf%e3%83%95%e3%83%a9%e3%83%b3%e3%82%b9%e8%a8%80%e8%aa%9e%e6%96%87%e5%8c%96%e8%b3%87%e6%a0%bc%e8%a8%bc%e6%9b%b8\/#breadcrumb\"},\"inLanguage\":\"ja\",\"potentialAction\":[{\"@type\":\"ReadAction\",\"target\":[\"https:\/\/www.ilcf.net\/ja\/ilcf%e3%83%aa%e3%83%a8%e3%83%b3%e6%a0%a1%e3%83%95%e3%83%a9%e3%83%b3%e3%82%b9%e8%aa%9e%e3%82%b3%e3%83%bc%e3%82%b9\/%e3%83%87%e3%82%a3%e3%83%97%e3%83%ad%e3%83%a0%e3%81%a8%e8%b3%87%e6%a0%bc%e8%a8%bc%e6%9b%b8-diplomes-et-certificats\/clcf%e3%83%95%e3%83%a9%e3%83%b3%e3%82%b9%e8%a8%80%e8%aa%9e%e6%96%87%e5%8c%96%e8%b3%87%e6%a0%bc%e8%a8%bc%e6%9b%b8\/\"]}]},{\"@type\":\"ImageObject\",\"inLanguage\":\"ja\",\"@id\":\"https:\/\/www.ilcf.net\/ja\/ilcf%e3%83%aa%e3%83%a8%e3%83%b3%e6%a0%a1%e3%83%95%e3%83%a9%e3%83%b3%e3%82%b9%e8%aa%9e%e3%82%b3%e3%83%bc%e3%82%b9\/%e3%83%87%e3%82%a3%e3%83%97%e3%83%ad%e3%83%a0%e3%81%a8%e8%b3%87%e6%a0%bc%e8%a8%bc%e6%9b%b8-diplomes-et-certificats\/clcf%e3%83%95%e3%83%a9%e3%83%b3%e3%82%b9%e8%a8%80%e8%aa%9e%e6%96%87%e5%8c%96%e8%b3%87%e6%a0%bc%e8%a8%bc%e6%9b%b8\/#primaryimage\",\"url\":\"https:\/\/www.ilcf.net\/wp-content\/uploads\/sites\/20\/2020\/02\/header-lettres-renforcees.jpg\",\"contentUrl\":\"https:\/\/www.ilcf.net\/wp-content\/uploads\/sites\/20\/2020\/02\/header-lettres-renforcees.jpg\",\"width\":1920,\"height\":575},{\"@type\":\"BreadcrumbList\",\"@id\":\"https:\/\/www.ilcf.net\/ja\/ilcf%e3%83%aa%e3%83%a8%e3%83%b3%e6%a0%a1%e3%83%95%e3%83%a9%e3%83%b3%e3%82%b9%e8%aa%9e%e3%82%b3%e3%83%bc%e3%82%b9\/%e3%83%87%e3%82%a3%e3%83%97%e3%83%ad%e3%83%a0%e3%81%a8%e8%b3%87%e6%a0%bc%e8%a8%bc%e6%9b%b8-diplomes-et-certificats\/clcf%e3%83%95%e3%83%a9%e3%83%b3%e3%82%b9%e8%a8%80%e8%aa%9e%e6%96%87%e5%8c%96%e8%b3%87%e6%a0%bc%e8%a8%bc%e6%9b%b8\/#breadcrumb\",\"itemListElement\":[{\"@type\":\"ListItem\",\"position\":1,\"name\":\"Accueil\",\"item\":\"https:\/\/www.ilcf.net\/ja\/\"},{\"@type\":\"ListItem\",\"position\":2,\"name\":\"ILCF\u30ea\u30e8\u30f3\u6821\u30d5\u30e9\u30f3\u30b9\u8a9e\u30b3\u30fc\u30b9 NOS PROGRAMMES\",\"item\":\"https:\/\/www.ilcf.net\/ja\/ilcf%e3%83%aa%e3%83%a8%e3%83%b3%e6%a0%a1%e3%83%95%e3%83%a9%e3%83%b3%e3%82%b9%e8%aa%9e%e3%82%b3%e3%83%bc%e3%82%b9\/\"},{\"@type\":\"ListItem\",\"position\":3,\"name\":\"\u30c7\u30a3\u30d7\u30ed\u30e0\u3068\u8cc7\u683c\u8a3c\u66f8 Dipl\u00f4mes et certificats\",\"item\":\"https:\/\/www.ilcf.net\/ja\/ilcf%e3%83%aa%e3%83%a8%e3%83%b3%e6%a0%a1%e3%83%95%e3%83%a9%e3%83%b3%e3%82%b9%e8%aa%9e%e3%82%b3%e3%83%bc%e3%82%b9\/%e3%83%87%e3%82%a3%e3%83%97%e3%83%ad%e3%83%a0%e3%81%a8%e8%b3%87%e6%a0%bc%e8%a8%bc%e6%9b%b8-diplomes-et-certificats\/\"},{\"@type\":\"ListItem\",\"position\":4,\"name\":\"CLCF\uff08\u30d5\u30e9\u30f3\u30b9\u8a00\u8a9e\u6587\u5316\u8cc7\u683c\u8a3c\u66f8)\"}]},{\"@type\":\"WebSite\",\"@id\":\"https:\/\/www.ilcf.net\/ja\/#website\",\"url\":\"https:\/\/www.ilcf.net\/ja\/\",\"name\":\"ILCF - Institut de Langue et de Culture Fran\u00e7aises\",\"description\":\"ILCF - Institut de Langue et de Culture Fran\u00e7aises\",\"publisher\":{\"@id\":\"https:\/\/www.ilcf.net\/ja\/#organization\"},\"potentialAction\":[{\"@type\":\"SearchAction\",\"target\":{\"@type\":\"EntryPoint\",\"urlTemplate\":\"https:\/\/www.ilcf.net\/ja\/?s={search_term_string}\"},\"query-input\":{\"@type\":\"PropertyValueSpecification\",\"valueRequired\":true,\"valueName\":\"search_term_string\"}}],\"inLanguage\":\"ja\"},{\"@type\":\"Organization\",\"@id\":\"https:\/\/www.ilcf.net\/ja\/#organization\",\"name\":\"ILCF - Institut de Langue et de Culture Fran\u00e7aises\",\"url\":\"https:\/\/www.ilcf.net\/ja\/\",\"logo\":{\"@type\":\"ImageObject\",\"inLanguage\":\"ja\",\"@id\":\"https:\/\/www.ilcf.net\/ja\/#\/schema\/logo\/image\/\",\"url\":\"https:\/\/www.ilcf.net\/wp-content\/uploads\/sites\/20\/2019\/11\/ilcf_logo.svg\",\"contentUrl\":\"https:\/\/www.ilcf.net\/wp-content\/uploads\/sites\/20\/2019\/11\/ilcf_logo.svg\",\"caption\":\"ILCF - Institut de Langue et de Culture Fran\u00e7aises\"},\"image\":{\"@id\":\"https:\/\/www.ilcf.net\/ja\/#\/schema\/logo\/image\/\"}}]}<\/script>\n<!-- \/ Yoast SEO plugin. -->","yoast_head_json":{"title":"CLCF\uff08\u30d5\u30e9\u30f3\u30b9\u8a00\u8a9e\u6587\u5316\u8cc7\u683c\u8a3c\u66f8) - ILCF - Institut de Langue et de Culture Fran\u00e7aises","description":"Le Certificat de Langue et de Culture Fran\u00e7aises : faites reconnaitre votre niveau en langue fran\u00e7aise apr\u00e8s un mois de formation","robots":{"index":"index","follow":"follow","max-snippet":"max-snippet:-1","max-image-preview":"max-image-preview:large","max-video-preview":"max-video-preview:-1"},"canonical":"https:\/\/www.ilcf.net\/ja\/ilcf%e3%83%aa%e3%83%a8%e3%83%b3%e6%a0%a1%e3%83%95%e3%83%a9%e3%83%b3%e3%82%b9%e8%aa%9e%e3%82%b3%e3%83%bc%e3%82%b9\/%e3%83%87%e3%82%a3%e3%83%97%e3%83%ad%e3%83%a0%e3%81%a8%e8%b3%87%e6%a0%bc%e8%a8%bc%e6%9b%b8-diplomes-et-certificats\/clcf%e3%83%95%e3%83%a9%e3%83%b3%e3%82%b9%e8%a8%80%e8%aa%9e%e6%96%87%e5%8c%96%e8%b3%87%e6%a0%bc%e8%a8%bc%e6%9b%b8\/","og_locale":"ja_JP","og_type":"article","og_title":"CLCF\uff08\u30d5\u30e9\u30f3\u30b9\u8a00\u8a9e\u6587\u5316\u8cc7\u683c\u8a3c\u66f8) - ILCF - Institut de Langue et de Culture Fran\u00e7aises","og_description":"Le Certificat de Langue et de Culture Fran\u00e7aises : faites reconnaitre votre niveau en langue fran\u00e7aise apr\u00e8s un mois de formation","og_url":"https:\/\/www.ilcf.net\/ja\/ilcf%e3%83%aa%e3%83%a8%e3%83%b3%e6%a0%a1%e3%83%95%e3%83%a9%e3%83%b3%e3%82%b9%e8%aa%9e%e3%82%b3%e3%83%bc%e3%82%b9\/%e3%83%87%e3%82%a3%e3%83%97%e3%83%ad%e3%83%a0%e3%81%a8%e8%b3%87%e6%a0%bc%e8%a8%bc%e6%9b%b8-diplomes-et-certificats\/clcf%e3%83%95%e3%83%a9%e3%83%b3%e3%82%b9%e8%a8%80%e8%aa%9e%e6%96%87%e5%8c%96%e8%b3%87%e6%a0%bc%e8%a8%bc%e6%9b%b8\/","og_site_name":"ILCF - Institut de Langue et de Culture Fran\u00e7aises","article_modified_time":"2022-12-22T12:10:26+00:00","og_image":[{"width":1920,"height":575,"url":"https:\/\/www.ilcf.net\/wp-content\/uploads\/sites\/20\/2020\/02\/header-lettres-renforcees.jpg","type":"image\/jpeg"}],"twitter_card":"summary_large_image","twitter_misc":{"\u63a8\u5b9a\u8aad\u307f\u53d6\u308a\u6642\u9593":"1\u5206"},"schema":{"@context":"https:\/\/schema.org","@graph":[{"@type":"WebPage","@id":"https:\/\/www.ilcf.net\/ja\/ilcf%e3%83%aa%e3%83%a8%e3%83%b3%e6%a0%a1%e3%83%95%e3%83%a9%e3%83%b3%e3%82%b9%e8%aa%9e%e3%82%b3%e3%83%bc%e3%82%b9\/%e3%83%87%e3%82%a3%e3%83%97%e3%83%ad%e3%83%a0%e3%81%a8%e8%b3%87%e6%a0%bc%e8%a8%bc%e6%9b%b8-diplomes-et-certificats\/clcf%e3%83%95%e3%83%a9%e3%83%b3%e3%82%b9%e8%a8%80%e8%aa%9e%e6%96%87%e5%8c%96%e8%b3%87%e6%a0%bc%e8%a8%bc%e6%9b%b8\/","url":"https:\/\/www.ilcf.net\/ja\/ilcf%e3%83%aa%e3%83%a8%e3%83%b3%e6%a0%a1%e3%83%95%e3%83%a9%e3%83%b3%e3%82%b9%e8%aa%9e%e3%82%b3%e3%83%bc%e3%82%b9\/%e3%83%87%e3%82%a3%e3%83%97%e3%83%ad%e3%83%a0%e3%81%a8%e8%b3%87%e6%a0%bc%e8%a8%bc%e6%9b%b8-diplomes-et-certificats\/clcf%e3%83%95%e3%83%a9%e3%83%b3%e3%82%b9%e8%a8%80%e8%aa%9e%e6%96%87%e5%8c%96%e8%b3%87%e6%a0%bc%e8%a8%bc%e6%9b%b8\/","name":"CLCF\uff08\u30d5\u30e9\u30f3\u30b9\u8a00\u8a9e\u6587\u5316\u8cc7\u683c\u8a3c\u66f8) - ILCF - Institut de Langue et de Culture Fran\u00e7aises","isPartOf":{"@id":"https:\/\/www.ilcf.net\/ja\/#website"},"primaryImageOfPage":{"@id":"https:\/\/www.ilcf.net\/ja\/ilcf%e3%83%aa%e3%83%a8%e3%83%b3%e6%a0%a1%e3%83%95%e3%83%a9%e3%83%b3%e3%82%b9%e8%aa%9e%e3%82%b3%e3%83%bc%e3%82%b9\/%e3%83%87%e3%82%a3%e3%83%97%e3%83%ad%e3%83%a0%e3%81%a8%e8%b3%87%e6%a0%bc%e8%a8%bc%e6%9b%b8-diplomes-et-certificats\/clcf%e3%83%95%e3%83%a9%e3%83%b3%e3%82%b9%e8%a8%80%e8%aa%9e%e6%96%87%e5%8c%96%e8%b3%87%e6%a0%bc%e8%a8%bc%e6%9b%b8\/#primaryimage"},"image":{"@id":"https:\/\/www.ilcf.net\/ja\/ilcf%e3%83%aa%e3%83%a8%e3%83%b3%e6%a0%a1%e3%83%95%e3%83%a9%e3%83%b3%e3%82%b9%e8%aa%9e%e3%82%b3%e3%83%bc%e3%82%b9\/%e3%83%87%e3%82%a3%e3%83%97%e3%83%ad%e3%83%a0%e3%81%a8%e8%b3%87%e6%a0%bc%e8%a8%bc%e6%9b%b8-diplomes-et-certificats\/clcf%e3%83%95%e3%83%a9%e3%83%b3%e3%82%b9%e8%a8%80%e8%aa%9e%e6%96%87%e5%8c%96%e8%b3%87%e6%a0%bc%e8%a8%bc%e6%9b%b8\/#primaryimage"},"thumbnailUrl":"https:\/\/www.ilcf.net\/wp-content\/uploads\/sites\/20\/2020\/02\/header-lettres-renforcees.jpg","datePublished":"2019-11-18T14:10:29+00:00","dateModified":"2022-12-22T12:10:26+00:00","description":"Le Certificat de Langue et de Culture Fran\u00e7aises : faites reconnaitre votre niveau en langue fran\u00e7aise apr\u00e8s un mois de formation","breadcrumb":{"@id":"https:\/\/www.ilcf.net\/ja\/ilcf%e3%83%aa%e3%83%a8%e3%83%b3%e6%a0%a1%e3%83%95%e3%83%a9%e3%83%b3%e3%82%b9%e8%aa%9e%e3%82%b3%e3%83%bc%e3%82%b9\/%e3%83%87%e3%82%a3%e3%83%97%e3%83%ad%e3%83%a0%e3%81%a8%e8%b3%87%e6%a0%bc%e8%a8%bc%e6%9b%b8-diplomes-et-certificats\/clcf%e3%83%95%e3%83%a9%e3%83%b3%e3%82%b9%e8%a8%80%e8%aa%9e%e6%96%87%e5%8c%96%e8%b3%87%e6%a0%bc%e8%a8%bc%e6%9b%b8\/#breadcrumb"},"inLanguage":"ja","potentialAction":[{"@type":"ReadAction","target":["https:\/\/www.ilcf.net\/ja\/ilcf%e3%83%aa%e3%83%a8%e3%83%b3%e6%a0%a1%e3%83%95%e3%83%a9%e3%83%b3%e3%82%b9%e8%aa%9e%e3%82%b3%e3%83%bc%e3%82%b9\/%e3%83%87%e3%82%a3%e3%83%97%e3%83%ad%e3%83%a0%e3%81%a8%e8%b3%87%e6%a0%bc%e8%a8%bc%e6%9b%b8-diplomes-et-certificats\/clcf%e3%83%95%e3%83%a9%e3%83%b3%e3%82%b9%e8%a8%80%e8%aa%9e%e6%96%87%e5%8c%96%e8%b3%87%e6%a0%bc%e8%a8%bc%e6%9b%b8\/"]}]},{"@type":"ImageObject","inLanguage":"ja","@id":"https:\/\/www.ilcf.net\/ja\/ilcf%e3%83%aa%e3%83%a8%e3%83%b3%e6%a0%a1%e3%83%95%e3%83%a9%e3%83%b3%e3%82%b9%e8%aa%9e%e3%82%b3%e3%83%bc%e3%82%b9\/%e3%83%87%e3%82%a3%e3%83%97%e3%83%ad%e3%83%a0%e3%81%a8%e8%b3%87%e6%a0%bc%e8%a8%bc%e6%9b%b8-diplomes-et-certificats\/clcf%e3%83%95%e3%83%a9%e3%83%b3%e3%82%b9%e8%a8%80%e8%aa%9e%e6%96%87%e5%8c%96%e8%b3%87%e6%a0%bc%e8%a8%bc%e6%9b%b8\/#primaryimage","url":"https:\/\/www.ilcf.net\/wp-content\/uploads\/sites\/20\/2020\/02\/header-lettres-renforcees.jpg","contentUrl":"https:\/\/www.ilcf.net\/wp-content\/uploads\/sites\/20\/2020\/02\/header-lettres-renforcees.jpg","width":1920,"height":575},{"@type":"BreadcrumbList","@id":"https:\/\/www.ilcf.net\/ja\/ilcf%e3%83%aa%e3%83%a8%e3%83%b3%e6%a0%a1%e3%83%95%e3%83%a9%e3%83%b3%e3%82%b9%e8%aa%9e%e3%82%b3%e3%83%bc%e3%82%b9\/%e3%83%87%e3%82%a3%e3%83%97%e3%83%ad%e3%83%a0%e3%81%a8%e8%b3%87%e6%a0%bc%e8%a8%bc%e6%9b%b8-diplomes-et-certificats\/clcf%e3%83%95%e3%83%a9%e3%83%b3%e3%82%b9%e8%a8%80%e8%aa%9e%e6%96%87%e5%8c%96%e8%b3%87%e6%a0%bc%e8%a8%bc%e6%9b%b8\/#breadcrumb","itemListElement":[{"@type":"ListItem","position":1,"name":"Accueil","item":"https:\/\/www.ilcf.net\/ja\/"},{"@type":"ListItem","position":2,"name":"ILCF\u30ea\u30e8\u30f3\u6821\u30d5\u30e9\u30f3\u30b9\u8a9e\u30b3\u30fc\u30b9 NOS PROGRAMMES","item":"https:\/\/www.ilcf.net\/ja\/ilcf%e3%83%aa%e3%83%a8%e3%83%b3%e6%a0%a1%e3%83%95%e3%83%a9%e3%83%b3%e3%82%b9%e8%aa%9e%e3%82%b3%e3%83%bc%e3%82%b9\/"},{"@type":"ListItem","position":3,"name":"\u30c7\u30a3\u30d7\u30ed\u30e0\u3068\u8cc7\u683c\u8a3c\u66f8 Dipl\u00f4mes et certificats","item":"https:\/\/www.ilcf.net\/ja\/ilcf%e3%83%aa%e3%83%a8%e3%83%b3%e6%a0%a1%e3%83%95%e3%83%a9%e3%83%b3%e3%82%b9%e8%aa%9e%e3%82%b3%e3%83%bc%e3%82%b9\/%e3%83%87%e3%82%a3%e3%83%97%e3%83%ad%e3%83%a0%e3%81%a8%e8%b3%87%e6%a0%bc%e8%a8%bc%e6%9b%b8-diplomes-et-certificats\/"},{"@type":"ListItem","position":4,"name":"CLCF\uff08\u30d5\u30e9\u30f3\u30b9\u8a00\u8a9e\u6587\u5316\u8cc7\u683c\u8a3c\u66f8)"}]},{"@type":"WebSite","@id":"https:\/\/www.ilcf.net\/ja\/#website","url":"https:\/\/www.ilcf.net\/ja\/","name":"ILCF - Institut de Langue et de Culture Fran\u00e7aises","description":"ILCF - Institut de Langue et de Culture Fran\u00e7aises","publisher":{"@id":"https:\/\/www.ilcf.net\/ja\/#organization"},"potentialAction":[{"@type":"SearchAction","target":{"@type":"EntryPoint","urlTemplate":"https:\/\/www.ilcf.net\/ja\/?s={search_term_string}"},"query-input":{"@type":"PropertyValueSpecification","valueRequired":true,"valueName":"search_term_string"}}],"inLanguage":"ja"},{"@type":"Organization","@id":"https:\/\/www.ilcf.net\/ja\/#organization","name":"ILCF - Institut de Langue et de Culture Fran\u00e7aises","url":"https:\/\/www.ilcf.net\/ja\/","logo":{"@type":"ImageObject","inLanguage":"ja","@id":"https:\/\/www.ilcf.net\/ja\/#\/schema\/logo\/image\/","url":"https:\/\/www.ilcf.net\/wp-content\/uploads\/sites\/20\/2019\/11\/ilcf_logo.svg","contentUrl":"https:\/\/www.ilcf.net\/wp-content\/uploads\/sites\/20\/2019\/11\/ilcf_logo.svg","caption":"ILCF - Institut de Langue et de Culture Fran\u00e7aises"},"image":{"@id":"https:\/\/www.ilcf.net\/ja\/#\/schema\/logo\/image\/"}}]}},"_links":{"self":[{"href":"https:\/\/www.ilcf.net\/ja\/wp-json\/wp\/v2\/pages\/20237","targetHints":{"allow":["GET"]}}],"collection":[{"href":"https:\/\/www.ilcf.net\/ja\/wp-json\/wp\/v2\/pages"}],"about":[{"href":"https:\/\/www.ilcf.net\/ja\/wp-json\/wp\/v2\/types\/page"}],"author":[{"embeddable":true,"href":"https:\/\/www.ilcf.net\/ja\/wp-json\/wp\/v2\/users\/32"}],"replies":[{"embeddable":true,"href":"https:\/\/www.ilcf.net\/ja\/wp-json\/wp\/v2\/comments?post=20237"}],"version-history":[{"count":9,"href":"https:\/\/www.ilcf.net\/ja\/wp-json\/wp\/v2\/pages\/20237\/revisions"}],"predecessor-version":[{"id":20673,"href":"https:\/\/www.ilcf.net\/ja\/wp-json\/wp\/v2\/pages\/20237\/revisions\/20673"}],"up":[{"embeddable":true,"href":"https:\/\/www.ilcf.net\/ja\/wp-json\/wp\/v2\/pages\/20225"}],"wp:featuredmedia":[{"embeddable":true,"href":"https:\/\/www.ilcf.net\/ja\/wp-json\/wp\/v2\/media\/17513"}],"wp:attachment":[{"href":"https:\/\/www.ilcf.net\/ja\/wp-json\/wp\/v2\/media?parent=20237"}],"curies":[{"name":"wp","href":"https:\/\/api.w.org\/{rel}","templated":true}]}}