{"id":20191,"date":"2019-11-14T14:02:12","date_gmt":"2019-11-14T13:02:12","guid":{"rendered":"https:\/\/www.ilcf.net\/%e3%83%95%e3%83%a9%e3%83%b3%e3%82%b9%e8%aa%9e%e3%82%b3%e3%83%bc%e3%82%b9\/%e5%b0%82%e9%96%80%e5%88%86%e9%87%8e%e3%81%ae%e3%83%95%e3%83%a9%e3%83%b3%e3%82%b9%e8%aa%9e\/entreprise-et-monde-du-travail\/"},"modified":"2024-11-24T00:57:45","modified_gmt":"2024-11-23T23:57:45","slug":"entreprise-et-monde-du-travail","status":"publish","type":"page","link":"https:\/\/www.ilcf.net\/ja\/ilcf%e3%83%aa%e3%83%a8%e3%83%b3%e6%a0%a1%e3%83%95%e3%83%a9%e3%83%b3%e3%82%b9%e8%aa%9e%e3%82%b3%e3%83%bc%e3%82%b9\/%e5%b0%82%e9%96%80%e5%88%86%e9%87%8e%e3%81%ae%e3%83%95%e3%83%a9%e3%83%b3%e3%82%b9%e8%aa%9e\/entreprise-et-monde-du-travail\/","title":{"rendered":"\u4f01\u696d\u3068\u30d3\u30b8\u30cd\u30b9\u306e\u4e16\u754c Entreprise et monde du travail"},"content":{"rendered":"<p>\u30d5\u30e9\u30f3\u30b9\u8a9e\u3092\u8a71\u3059\u4f1a\u793e\u3068\u53d6\u5f15\u306e\u3042\u308b\u4f01\u696d\u3067\u50cd\u3044\u3066\u3044\u307e\u3059\u304b\uff1f\u5c06\u6765\u306e\u30ad\u30e3\u30ea\u30a2\u30d7\u30e9\u30f3\u3067\u30d5\u30e9\u30f3\u30b9\u8a9e\u306f\u91cd\u8981\u3067\u3059\u304b\uff1f\u30ad\u30e3\u30ea\u30a2\u306e\u5c55\u671b\u3092\u958b\u304f\u30ab\u30ae\u306b\u306a\u308a\u307e\u3059\u304b\uff1f\u7d4c\u55b6\u3084\u56fd\u969b\u30d3\u30b8\u30cd\u30b9\u3092\u5b66\u3073\u3001\u30d5\u30e9\u30f3\u30b9\u8a9e\u3092\u8a71\u3059\u56fd\u3067\u30a4\u30f3\u30bf\u30fc\u30f3\u30b7\u30c3\u30d7\u3092\u691c\u8a0e\u3055\u308c\u3066\u3044\u307e\u3059\u304b\uff1f\u8077\u5834\u3067\u30d5\u30e9\u30f3\u30b9\u8a9e\u304c\u4f7f\u3044\u3053\u306a\u305b\u308b\u3088\u3046\u306b\u306a\u308a\u305f\u3044\u3067\u3059\u304b\uff1f\u5c65\u6b74\u66f8\u3084\u5fd7\u671b\u52d5\u6a5f\u66f8\u306e\u66f8\u304d\u65b9\u306a\u3069\u3001\u5c31\u8077\u6d3b\u52d5\u3067\u5f79\u7acb\u3064\u30d5\u30e9\u30f3\u30b9\u8a9e\u306e\u30ce\u30a6\u30cf\u30a6\u3092\u8eab\u306b\u4ed8\u3051\u305f\u3044\u3067\u3059\u304b\uff1f<\/p><p>\u30d3\u30b8\u30cd\u30b9\u30d5\u30e9\u30f3\u30b9\u8a9e\u30b3\u30fc\u30b9\u3067\u306f\u3001\u30d7\u30ed\u30d5\u30a7\u30c3\u30b7\u30e7\u30ca\u30eb\u306a\u4e16\u754c\u3067\u8d77\u3053\u308a\u3046\u308b\u3001\u5177\u4f53\u7684\u306a\u30b7\u30c1\u30e5\u30a8\u30fc\u30b7\u30e7\u30f3\u306b\u5bfe\u5fdc\u3067\u304d\u308b\u3088\u3046\u306b\u3001\u73fe\u5b9f\u7684\u306a\u30c6\u30fc\u30de\u3092\u53d6\u308a\u4e0a\u3052\u3066\u3001\u52d5\u6a5f\u4ed8\u3051\u3092\u9ad8\u3081\u306a\u304c\u3089\u3001\u5b9f\u8df5\u7684\u3067\u3001\u30d0\u30ea\u30a8\u30fc\u30b7\u30e7\u30f3\u306b\u5bcc\u3093\u3060\u3001\u30c0\u30a4\u30ca\u30df\u30c3\u30af\u306a\u30a2\u30af\u30c6\u30a3\u30d3\u30c6\u30a3\u306b\u53d6\u308a\u7d44\u3093\u3067\u3044\u307e\u3059\u3002\u305d\u308c\u306b\u3088\u308a\u3001\u30d5\u30e9\u30f3\u30b9\u8a9e\u3092\u8a71\u3059\u8077\u5834\u74b0\u5883\u306b\u8eab\u3092\u6295\u3058\u308b\u3053\u3068\u304c\u3067\u304d\u307e\u3059\u3002<\/p><p>\u30d3\u30b8\u30cd\u30b9\u306e\u4e16\u754c\u3067\u3088\u304f\u307f\u3089\u308c\u308b\u30b7\u30c1\u30e5\u30a8\u30fc\u30b7\u30e7\u30f3\u3092\u60f3\u5b9a\u3057\u3001\u305d\u308c\u306b\u5bfe\u5fdc\u3059\u308b\u30ce\u30a6\u30cf\u30a6\u3092\u8eab\u306b\u3064\u3051\u308b\u3053\u3068\u3067\u3001\u30d3\u30b8\u30cd\u30b9\u30d5\u30e9\u30f3\u30b9\u8a9e\u3092\u3001\u76ee\u6a19\u306b\u63b2\u3052\u305f\u30ec\u30d9\u30eb\u307e\u3067\u6bb5\u968e\u7684\u306b\u7fd2\u5f97\u3057\u3066\u3044\u304d\u307e\u3059\u3002\u53d7\u8b1b\u751f\u304c\u305d\u308c\u305e\u308c\u306e\u5c02\u9580\u5206\u91ce\u3067\u30d5\u30e9\u30f3\u30b9\u8a9e\u3092\u6d3b\u7528\u3067\u304d\u308b\u3053\u3068\u3092\u76ee\u6307\u3057\u307e\u3059\u3002<\/p><p>\u5c02\u9580\u30b3\u30fc\u30b9\u306f\u3001\u53d7\u8b1b\u8005\u306e\u3054\u8981\u671b\u3068\u53d7\u8b1b\u4eba\u6570\u306b\u5fdc\u3058\u3066\u958b\u8b1b\u3057\u3066\u3044\u307e\u3059\u3002<\/p><ul class=\"wp-block-list\"><li>\u533b\u5b66\u30d5\u30e9\u30f3\u30b9\u8a9e<\/li>\n\n<li>\u79d1\u5b66\u6280\u8853\u30d5\u30e9\u30f3\u30b9\u8a9e<\/li>\n\n<li>\u6cd5\u5b66\u30d5\u30e9\u30f3\u30b9\u8a9e<\/li>\n\n<li>\u30ec\u30b9\u30c8\u30e9\u30f3\u696d\u754c\u30d5\u30e9\u30f3\u30b9\u8a9e<\/li>\n\n<li>\u30d5\u30a1\u30c3\u30b7\u30e7\u30f3\u696d\u754c\u30d5\u30e9\u30f3\u30b9\u8a9e<\/li>\n\n<li>\u5916\u4ea4\u30fb\u56fd\u969b\u95a2\u4fc2\u30d5\u30e9\u30f3\u30b9\u8a9e<\/li><\/ul><div class=\"wp-block-contact js-fade-scroll\">\n  <p class=\"wp-block-contact-title\">\u304a\u554f\u3044\u5408\u308f\u305b<\/p>\n\n        <div class=\"contact-info\">\n        <p class=\"contact-item\">\n          <span class=\"contact-strong\">ILCF\u30ea\u30e8\u30f3\u6821\u4e8b\u52d9\u5c40<\/span><br>\n          <span class=\"contact-light\"><\/span>\n        <\/p>\n        <span class=\"contact-separate\"><\/span>\n        <p class=\"contact-item\">\n          <a class=\"icon-phone contact-button show-for-small-only\" href=\"tel:+ 33 (0)4 72 32 50 53\"><\/a>\n          <span class=\"contact-strong hide-for-small-only\">+ 33 (0)4 72 32 50 53<\/span><br>\n          <a class=\"icon-mail contact-button show-for-small-only\" href=\"mailto:ilcf@univ-catholyon.fr\"><\/a>\n          <span class=\"contact-light hide-for-small-only\">ilcf@univ-catholyon.fr<\/span>\n        <\/p>\n      <\/div>\n    <\/div><div class=\"wp-block-cross-content js-fade-scroll\">\n    <p class=\"wp-block-cross-content-title\">\u30d5\u30e9\u30f3\u30b9\u8a9e\u30b3\u30fc\u30b9<\/p>\n            <div class=\"row wp-block-cross-content-row\">\n                                <div class=\"column small-12 medium-6 large-4 wp-block-cross-content-col\">\n                        <a class=\"wp-block-cross-content-top\" href=\"https:\/\/www.ilcf.net\/ja\/ilcf%e3%83%aa%e3%83%a8%e3%83%b3%e6%a0%a1%e3%83%95%e3%83%a9%e3%83%b3%e3%82%b9%e8%aa%9e%e3%82%b3%e3%83%bc%e3%82%b9-2\/programme-duef\/\" title=\"Programme DUEF\">\n                            <span class=\"wp-block-cross-content-name\">Programme DUEF<\/span>\n                            <span class=\"wp-block-cross-content-image\"><img loading=\"lazy\" decoding=\"async\" width=\"630\" height=\"570\" src=\"https:\/\/www.ilcf.net\/wp-content\/uploads\/sites\/20\/2019\/11\/programme-cours-ilcf-630x570.jpg\" class=\" wp-post-image\" alt=\"\" \/><\/span>\n                            <span class=\"wp-block-cross-content-more\">\n                                <span class=\"icon-more\"><\/span>\n                            <\/span>\n                        <\/a>\n                        <div class=\"wp-block-cross-content-excerpt\"><\/div>\n                    <\/div>\n                                                <div class=\"column small-12 medium-6 large-4 wp-block-cross-content-col\">\n                        <a class=\"wp-block-cross-content-top\" href=\"https:\/\/www.ilcf.net\/ja\/ilcf%e3%83%aa%e3%83%a8%e3%83%b3%e6%a0%a1%e3%83%95%e3%83%a9%e3%83%b3%e3%82%b9%e8%aa%9e%e3%82%b3%e3%83%bc%e3%82%b9-2\/%e3%82%bb%e3%83%9f%e3%82%a4%e3%83%b3%e3%83%86%e3%83%b3%e3%82%b7%e3%83%96%e3%82%b3%e3%83%bc%e3%82%b9%ef%bc%9a%e5%ad%a6%e6%9c%9f%e3%83%bb%e9%80%9a%e5%b9%b4%e9%96%8b%e8%ac%9b\/\" title=\"\u30bb\u30df\u30a4\u30f3\u30c6\u30f3\u30b7\u30d6\u30b3\u30fc\u30b9\uff1a\u5b66\u671f\u30fb\u901a\u5e74\u958b\u8b1b Semi-intensif\">\n                            <span class=\"wp-block-cross-content-name\">\u30bb\u30df\u30a4\u30f3\u30c6\u30f3\u30b7\u30d6\u30b3\u30fc\u30b9\uff1a\u5b66\u671f\u30fb\u901a\u5e74\u958b\u8b1b Semi-intensif<\/span>\n                            <span class=\"wp-block-cross-content-image\"><img loading=\"lazy\" decoding=\"async\" width=\"630\" height=\"570\" src=\"https:\/\/www.ilcf.net\/wp-content\/uploads\/sites\/20\/2019\/11\/header-cours-semi-intensif-630x570.jpg\" class=\" wp-post-image\" alt=\"\" \/><\/span>\n                            <span class=\"wp-block-cross-content-more\">\n                                <span class=\"icon-more\"><\/span>\n                            <\/span>\n                        <\/a>\n                        <div class=\"wp-block-cross-content-excerpt\"><\/div>\n                    <\/div>\n                                                <div class=\"column small-12 medium-6 large-4 wp-block-cross-content-col\">\n                        <a class=\"wp-block-cross-content-top\" href=\"https:\/\/www.ilcf.net\/ja\/%e5%a4%96%e5%9b%bd%e8%aa%9e%e3%81%a8%e3%81%97%e3%81%a6%e3%81%ae%e3%83%95%e3%83%a9%e3%83%b3%e3%82%b9%e8%aa%9e%e3%82%b3%e3%83%bc%e3%82%b9%e3%81%ae%e5%8f%97%e8%ac%9b%e6%89%8b%e7%b6%9a%e3%81%8d\/\" title=\"\u5916\u56fd\u8a9e\u3068\u3057\u3066\u306e\u30d5\u30e9\u30f3\u30b9\u8a9e\u30b3\u30fc\u30b9\u306e\u53d7\u8b1b\u624b\u7d9a\u304d Inscription\">\n                            <span class=\"wp-block-cross-content-name\">\u5916\u56fd\u8a9e\u3068\u3057\u3066\u306e\u30d5\u30e9\u30f3\u30b9\u8a9e\u30b3\u30fc\u30b9\u306e\u53d7\u8b1b\u624b\u7d9a\u304d Inscription<\/span>\n                            <span class=\"wp-block-cross-content-image\"><img loading=\"lazy\" decoding=\"async\" width=\"630\" height=\"570\" src=\"https:\/\/www.ilcf.net\/wp-content\/uploads\/sites\/20\/2019\/12\/header-inscription-cours-ilcf-630x570.jpg\" class=\" wp-post-image\" alt=\"\" \/><\/span>\n                            <span class=\"wp-block-cross-content-more\">\n                                <span class=\"icon-more\"><\/span>\n                            <\/span>\n                        <\/a>\n                        <div class=\"wp-block-cross-content-excerpt\"><p>ILCF\u30ea\u30e8\u30f3\u6821\u306e\u5916\u56fd\u8a9e\u3068\u3057\u3066\u306e\u30d5\u30e9\u30f3\u30b9\u8a9e\u30b3\u30fc\u30b9\u306e\u53d7\u8b1b\u624b\u7d9a\u304d\u3092\u3054\u6848\u5185\u3044\u305f\u3057\u307e\u3059\u3002<\/p>\n<\/div>\n                    <\/div>\n                                    <\/div>\n    <\/div>","protected":false},"excerpt":{"rendered":"<p>\u30d5\u30e9\u30f3\u30b9\u8a9e\u3092\u8a71\u3059\u4f1a\u793e\u3068\u53d6\u5f15\u306e\u3042\u308b\u4f01\u696d\u3067\u50cd\u3044\u3066\u3044\u307e\u3059\u304b\uff1f\u5c06\u6765\u306e\u30ad\u30e3\u30ea\u30a2\u30d7\u30e9\u30f3\u3067\u30d5\u30e9\u30f3\u30b9\u8a9e\u306f\u91cd\u8981\u3067\u3059\u304b\uff1f\u30ad\u30e3\u30ea\u30a2\u306e\u5c55\u671b\u3092\u958b\u304f\u30ab\u30ae\u306b\u306a\u308a\u307e\u3059\u304b\uff1f\u7d4c\u55b6\u3084\u56fd\u969b\u30d3\u30b8\u30cd\u30b9\u3092\u5b66\u3073\u3001\u30d5\u30e9\u30f3\u30b9\u8a9e\u3092\u8a71\u3059\u56fd\u3067\u30a4\u30f3\u30bf\u30fc\u30f3\u30b7\u30c3\u30d7\u3092\u691c\u8a0e\u3055\u308c\u3066\u3044\u307e\u3059\u304b\uff1f\u8077\u5834\u3067\u30d5\u30e9\u30f3\u30b9\u8a9e\u304c\u4f7f\u3044\u3053\u306a\u305b\u308b\u3088\u3046\u306b\u306a\u308a\u305f\u3044\u3067\u3059\u304b\uff1f\u5c65\u6b74\u66f8\u3084\u5fd7\u671b\u52d5\u6a5f\u66f8\u306e\u66f8\u304d\u65b9\u306a\u3069\u3001\u5c31\u8077\u6d3b\u52d5\u3067\u5f79\u7acb\u3064\u30d5\u30e9\u30f3\u30b9\u8a9e\u306e\u30ce\u30a6\u30cf\u30a6\u3092\u8eab\u306b\u4ed8\u3051\u305f\u3044\u3067\u3059\u304b\uff1f\u30d3\u30b8\u30cd\u30b9\u30d5\u30e9\u30f3\u30b9\u8a9e\u30b3\u30fc\u30b9\u3067\u306f\u3001\u30d7\u30ed\u30d5\u30a7\u30c3\u30b7\u30e7\u30ca\u30eb\u306a\u4e16\u754c\u3067\u8d77\u3053\u308a\u3046\u308b\u3001\u5177\u4f53\u7684\u306a\u30b7\u30c1\u30e5\u30a8\u30fc\u30b7\u30e7\u30f3\u306b\u5bfe\u5fdc\u3067\u304d\u308b\u3088\u3046\u306b\u3001\u73fe\u5b9f\u7684\u306a\u30c6\u30fc\u30de\u3092\u53d6\u308a\u4e0a\u3052\u3066\u3001\u52d5\u6a5f\u4ed8\u3051\u3092\u9ad8\u3081\u306a\u304c\u3089\u3001\u5b9f\u8df5\u7684\u3067\u3001\u30d0\u30ea\u30a8\u30fc\u30b7\u30e7\u30f3\u306b\u5bcc\u3093\u3060\u3001\u30c0\u30a4\u30ca\u30df\u30c3\u30af\u306a\u30a2\u30af\u30c6\u30a3\u30d3\u30c6\u30a3\u306b\u53d6\u308a\u7d44\u3093\u3067\u3044\u307e\u3059\u3002\u305d\u308c\u306b\u3088\u308a\u3001\u30d5\u30e9\u30f3\u30b9\u8a9e\u3092\u8a71\u3059\u8077\u5834\u74b0\u5883\u306b\u8eab\u3092\u6295\u3058\u308b\u3053\u3068\u304c\u3067\u304d\u307e\u3059\u3002\u30d3\u30b8\u30cd\u30b9\u306e\u4e16\u754c\u3067\u3088\u304f\u307f\u3089\u308c\u308b\u30b7\u30c1\u30e5\u30a8\u30fc\u30b7\u30e7\u30f3\u3092\u60f3\u5b9a\u3057\u3001\u305d\u308c\u306b\u5bfe\u5fdc\u3059\u308b\u30ce\u30a6\u30cf\u30a6\u3092\u8eab\u306b\u3064\u3051\u308b\u3053\u3068\u3067\u3001\u30d3\u30b8\u30cd\u30b9\u30d5\u30e9\u30f3\u30b9\u8a9e\u3092\u3001\u76ee\u6a19\u306b\u63b2\u3052\u305f\u30ec\u30d9\u30eb\u307e\u3067\u6bb5\u968e\u7684\u306b\u7fd2\u5f97\u3057\u3066\u3044\u304d\u307e\u3059\u3002\u53d7\u8b1b\u751f\u304c\u305d\u308c\u305e\u308c\u306e\u5c02\u9580\u5206\u91ce\u3067\u30d5\u30e9\u30f3\u30b9\u8a9e\u3092\u6d3b\u7528\u3067\u304d\u308b\u3053\u3068\u3092\u76ee\u6307\u3057\u307e\u3059\u3002\u5c02\u9580\u30b3\u30fc\u30b9\u306f\u3001\u53d7\u8b1b\u8005\u306e\u3054\u8981\u671b\u3068\u53d7\u8b1b\u4eba\u6570\u306b\u5fdc\u3058\u3066\u958b\u8b1b\u3057\u3066\u3044\u307e\u3059\u3002<\/p>\n","protected":false},"author":32,"featured_media":17445,"parent":20189,"menu_order":0,"comment_status":"closed","ping_status":"closed","template":"","meta":{"_acf_changed":false,"footnotes":""},"class_list":["post-20191","page","type-page","status-publish","has-post-thumbnail","hentry"],"acf":[],"yoast_head":"<!-- This site is optimized with the Yoast SEO plugin v24.1 - https:\/\/yoast.com\/wordpress\/plugins\/seo\/ -->\n<title>\u4f01\u696d\u3068\u30d3\u30b8\u30cd\u30b9\u306e\u4e16\u754c Entreprise et monde du travail - ILCF - Institut de Langue et de Culture Fran\u00e7aises<\/title>\n<meta name=\"description\" content=\"Vous \u00eates en contact avec des entreprises francophones ? Ce cours de fran\u00e7ais professionnel vous permettra de vous immerger dans la vie professionnelle\" \/>\n<meta name=\"robots\" content=\"index, follow, max-snippet:-1, max-image-preview:large, max-video-preview:-1\" \/>\n<link rel=\"canonical\" href=\"https:\/\/www.ilcf.net\/ja\/ilcf%e3%83%aa%e3%83%a8%e3%83%b3%e6%a0%a1%e3%83%95%e3%83%a9%e3%83%b3%e3%82%b9%e8%aa%9e%e3%82%b3%e3%83%bc%e3%82%b9\/%e5%b0%82%e9%96%80%e5%88%86%e9%87%8e%e3%81%ae%e3%83%95%e3%83%a9%e3%83%b3%e3%82%b9%e8%aa%9e\/entreprise-et-monde-du-travail\/\" \/>\n<meta property=\"og:locale\" content=\"ja_JP\" \/>\n<meta property=\"og:type\" content=\"article\" \/>\n<meta property=\"og:title\" content=\"\u4f01\u696d\u3068\u30d3\u30b8\u30cd\u30b9\u306e\u4e16\u754c Entreprise et monde du travail - ILCF - Institut de Langue et de Culture Fran\u00e7aises\" \/>\n<meta property=\"og:description\" content=\"Vous \u00eates en contact avec des entreprises francophones ? Ce cours de fran\u00e7ais professionnel vous permettra de vous immerger dans la vie professionnelle\" \/>\n<meta property=\"og:url\" content=\"https:\/\/www.ilcf.net\/ja\/ilcf%e3%83%aa%e3%83%a8%e3%83%b3%e6%a0%a1%e3%83%95%e3%83%a9%e3%83%b3%e3%82%b9%e8%aa%9e%e3%82%b3%e3%83%bc%e3%82%b9\/%e5%b0%82%e9%96%80%e5%88%86%e9%87%8e%e3%81%ae%e3%83%95%e3%83%a9%e3%83%b3%e3%82%b9%e8%aa%9e\/entreprise-et-monde-du-travail\/\" \/>\n<meta property=\"og:site_name\" content=\"ILCF - Institut de Langue et de Culture Fran\u00e7aises\" \/>\n<meta property=\"article:modified_time\" content=\"2024-11-23T23:57:45+00:00\" \/>\n<meta property=\"og:image\" content=\"https:\/\/www.ilcf.net\/wp-content\/uploads\/sites\/20\/2019\/12\/header-francais-entreprise2.jpg\" \/>\n\t<meta property=\"og:image:width\" content=\"1920\" \/>\n\t<meta property=\"og:image:height\" content=\"575\" \/>\n\t<meta property=\"og:image:type\" content=\"image\/jpeg\" \/>\n<meta name=\"twitter:card\" content=\"summary_large_image\" \/>\n<meta name=\"twitter:label1\" content=\"\u63a8\u5b9a\u8aad\u307f\u53d6\u308a\u6642\u9593\" \/>\n\t<meta name=\"twitter:data1\" content=\"1\u5206\" \/>\n<script type=\"application\/ld+json\" class=\"yoast-schema-graph\">{\"@context\":\"https:\/\/schema.org\",\"@graph\":[{\"@type\":\"WebPage\",\"@id\":\"https:\/\/www.ilcf.net\/ja\/ilcf%e3%83%aa%e3%83%a8%e3%83%b3%e6%a0%a1%e3%83%95%e3%83%a9%e3%83%b3%e3%82%b9%e8%aa%9e%e3%82%b3%e3%83%bc%e3%82%b9\/%e5%b0%82%e9%96%80%e5%88%86%e9%87%8e%e3%81%ae%e3%83%95%e3%83%a9%e3%83%b3%e3%82%b9%e8%aa%9e\/entreprise-et-monde-du-travail\/\",\"url\":\"https:\/\/www.ilcf.net\/ja\/ilcf%e3%83%aa%e3%83%a8%e3%83%b3%e6%a0%a1%e3%83%95%e3%83%a9%e3%83%b3%e3%82%b9%e8%aa%9e%e3%82%b3%e3%83%bc%e3%82%b9\/%e5%b0%82%e9%96%80%e5%88%86%e9%87%8e%e3%81%ae%e3%83%95%e3%83%a9%e3%83%b3%e3%82%b9%e8%aa%9e\/entreprise-et-monde-du-travail\/\",\"name\":\"\u4f01\u696d\u3068\u30d3\u30b8\u30cd\u30b9\u306e\u4e16\u754c Entreprise et monde du travail - ILCF - Institut de Langue et de Culture Fran\u00e7aises\",\"isPartOf\":{\"@id\":\"https:\/\/www.ilcf.net\/ja\/#website\"},\"primaryImageOfPage\":{\"@id\":\"https:\/\/www.ilcf.net\/ja\/ilcf%e3%83%aa%e3%83%a8%e3%83%b3%e6%a0%a1%e3%83%95%e3%83%a9%e3%83%b3%e3%82%b9%e8%aa%9e%e3%82%b3%e3%83%bc%e3%82%b9\/%e5%b0%82%e9%96%80%e5%88%86%e9%87%8e%e3%81%ae%e3%83%95%e3%83%a9%e3%83%b3%e3%82%b9%e8%aa%9e\/entreprise-et-monde-du-travail\/#primaryimage\"},\"image\":{\"@id\":\"https:\/\/www.ilcf.net\/ja\/ilcf%e3%83%aa%e3%83%a8%e3%83%b3%e6%a0%a1%e3%83%95%e3%83%a9%e3%83%b3%e3%82%b9%e8%aa%9e%e3%82%b3%e3%83%bc%e3%82%b9\/%e5%b0%82%e9%96%80%e5%88%86%e9%87%8e%e3%81%ae%e3%83%95%e3%83%a9%e3%83%b3%e3%82%b9%e8%aa%9e\/entreprise-et-monde-du-travail\/#primaryimage\"},\"thumbnailUrl\":\"https:\/\/www.ilcf.net\/wp-content\/uploads\/sites\/20\/2019\/12\/header-francais-entreprise2.jpg\",\"datePublished\":\"2019-11-14T13:02:12+00:00\",\"dateModified\":\"2024-11-23T23:57:45+00:00\",\"description\":\"Vous \u00eates en contact avec des entreprises francophones ? Ce cours de fran\u00e7ais professionnel vous permettra de vous immerger dans la vie professionnelle\",\"breadcrumb\":{\"@id\":\"https:\/\/www.ilcf.net\/ja\/ilcf%e3%83%aa%e3%83%a8%e3%83%b3%e6%a0%a1%e3%83%95%e3%83%a9%e3%83%b3%e3%82%b9%e8%aa%9e%e3%82%b3%e3%83%bc%e3%82%b9\/%e5%b0%82%e9%96%80%e5%88%86%e9%87%8e%e3%81%ae%e3%83%95%e3%83%a9%e3%83%b3%e3%82%b9%e8%aa%9e\/entreprise-et-monde-du-travail\/#breadcrumb\"},\"inLanguage\":\"ja\",\"potentialAction\":[{\"@type\":\"ReadAction\",\"target\":[\"https:\/\/www.ilcf.net\/ja\/ilcf%e3%83%aa%e3%83%a8%e3%83%b3%e6%a0%a1%e3%83%95%e3%83%a9%e3%83%b3%e3%82%b9%e8%aa%9e%e3%82%b3%e3%83%bc%e3%82%b9\/%e5%b0%82%e9%96%80%e5%88%86%e9%87%8e%e3%81%ae%e3%83%95%e3%83%a9%e3%83%b3%e3%82%b9%e8%aa%9e\/entreprise-et-monde-du-travail\/\"]}]},{\"@type\":\"ImageObject\",\"inLanguage\":\"ja\",\"@id\":\"https:\/\/www.ilcf.net\/ja\/ilcf%e3%83%aa%e3%83%a8%e3%83%b3%e6%a0%a1%e3%83%95%e3%83%a9%e3%83%b3%e3%82%b9%e8%aa%9e%e3%82%b3%e3%83%bc%e3%82%b9\/%e5%b0%82%e9%96%80%e5%88%86%e9%87%8e%e3%81%ae%e3%83%95%e3%83%a9%e3%83%b3%e3%82%b9%e8%aa%9e\/entreprise-et-monde-du-travail\/#primaryimage\",\"url\":\"https:\/\/www.ilcf.net\/wp-content\/uploads\/sites\/20\/2019\/12\/header-francais-entreprise2.jpg\",\"contentUrl\":\"https:\/\/www.ilcf.net\/wp-content\/uploads\/sites\/20\/2019\/12\/header-francais-entreprise2.jpg\",\"width\":1920,\"height\":575},{\"@type\":\"BreadcrumbList\",\"@id\":\"https:\/\/www.ilcf.net\/ja\/ilcf%e3%83%aa%e3%83%a8%e3%83%b3%e6%a0%a1%e3%83%95%e3%83%a9%e3%83%b3%e3%82%b9%e8%aa%9e%e3%82%b3%e3%83%bc%e3%82%b9\/%e5%b0%82%e9%96%80%e5%88%86%e9%87%8e%e3%81%ae%e3%83%95%e3%83%a9%e3%83%b3%e3%82%b9%e8%aa%9e\/entreprise-et-monde-du-travail\/#breadcrumb\",\"itemListElement\":[{\"@type\":\"ListItem\",\"position\":1,\"name\":\"Accueil\",\"item\":\"https:\/\/www.ilcf.net\/ja\/\"},{\"@type\":\"ListItem\",\"position\":2,\"name\":\"ILCF\u30ea\u30e8\u30f3\u6821\u30d5\u30e9\u30f3\u30b9\u8a9e\u30b3\u30fc\u30b9 NOS PROGRAMMES\",\"item\":\"https:\/\/www.ilcf.net\/ja\/ilcf%e3%83%aa%e3%83%a8%e3%83%b3%e6%a0%a1%e3%83%95%e3%83%a9%e3%83%b3%e3%82%b9%e8%aa%9e%e3%82%b3%e3%83%bc%e3%82%b9\/\"},{\"@type\":\"ListItem\",\"position\":3,\"name\":\"\u5c02\u9580\u5206\u91ce\u306e\u30d5\u30e9\u30f3\u30b9\u8a9e Fran\u00e7ais de sp\u00e9cialit\u00e9\",\"item\":\"https:\/\/www.ilcf.net\/ja\/ilcf%e3%83%aa%e3%83%a8%e3%83%b3%e6%a0%a1%e3%83%95%e3%83%a9%e3%83%b3%e3%82%b9%e8%aa%9e%e3%82%b3%e3%83%bc%e3%82%b9\/%e5%b0%82%e9%96%80%e5%88%86%e9%87%8e%e3%81%ae%e3%83%95%e3%83%a9%e3%83%b3%e3%82%b9%e8%aa%9e\/\"},{\"@type\":\"ListItem\",\"position\":4,\"name\":\"\u4f01\u696d\u3068\u30d3\u30b8\u30cd\u30b9\u306e\u4e16\u754c Entreprise et monde du travail\"}]},{\"@type\":\"WebSite\",\"@id\":\"https:\/\/www.ilcf.net\/ja\/#website\",\"url\":\"https:\/\/www.ilcf.net\/ja\/\",\"name\":\"ILCF - Institut de Langue et de Culture Fran\u00e7aises\",\"description\":\"ILCF - Institut de Langue et de Culture Fran\u00e7aises\",\"publisher\":{\"@id\":\"https:\/\/www.ilcf.net\/ja\/#organization\"},\"potentialAction\":[{\"@type\":\"SearchAction\",\"target\":{\"@type\":\"EntryPoint\",\"urlTemplate\":\"https:\/\/www.ilcf.net\/ja\/?s={search_term_string}\"},\"query-input\":{\"@type\":\"PropertyValueSpecification\",\"valueRequired\":true,\"valueName\":\"search_term_string\"}}],\"inLanguage\":\"ja\"},{\"@type\":\"Organization\",\"@id\":\"https:\/\/www.ilcf.net\/ja\/#organization\",\"name\":\"ILCF - Institut de Langue et de Culture Fran\u00e7aises\",\"url\":\"https:\/\/www.ilcf.net\/ja\/\",\"logo\":{\"@type\":\"ImageObject\",\"inLanguage\":\"ja\",\"@id\":\"https:\/\/www.ilcf.net\/ja\/#\/schema\/logo\/image\/\",\"url\":\"https:\/\/www.ilcf.net\/wp-content\/uploads\/sites\/20\/2019\/11\/ilcf_logo.svg\",\"contentUrl\":\"https:\/\/www.ilcf.net\/wp-content\/uploads\/sites\/20\/2019\/11\/ilcf_logo.svg\",\"caption\":\"ILCF - Institut de Langue et de Culture Fran\u00e7aises\"},\"image\":{\"@id\":\"https:\/\/www.ilcf.net\/ja\/#\/schema\/logo\/image\/\"}}]}<\/script>\n<!-- \/ Yoast SEO plugin. -->","yoast_head_json":{"title":"\u4f01\u696d\u3068\u30d3\u30b8\u30cd\u30b9\u306e\u4e16\u754c Entreprise et monde du travail - ILCF - Institut de Langue et de Culture Fran\u00e7aises","description":"Vous \u00eates en contact avec des entreprises francophones ? Ce cours de fran\u00e7ais professionnel vous permettra de vous immerger dans la vie professionnelle","robots":{"index":"index","follow":"follow","max-snippet":"max-snippet:-1","max-image-preview":"max-image-preview:large","max-video-preview":"max-video-preview:-1"},"canonical":"https:\/\/www.ilcf.net\/ja\/ilcf%e3%83%aa%e3%83%a8%e3%83%b3%e6%a0%a1%e3%83%95%e3%83%a9%e3%83%b3%e3%82%b9%e8%aa%9e%e3%82%b3%e3%83%bc%e3%82%b9\/%e5%b0%82%e9%96%80%e5%88%86%e9%87%8e%e3%81%ae%e3%83%95%e3%83%a9%e3%83%b3%e3%82%b9%e8%aa%9e\/entreprise-et-monde-du-travail\/","og_locale":"ja_JP","og_type":"article","og_title":"\u4f01\u696d\u3068\u30d3\u30b8\u30cd\u30b9\u306e\u4e16\u754c Entreprise et monde du travail - ILCF - Institut de Langue et de Culture Fran\u00e7aises","og_description":"Vous \u00eates en contact avec des entreprises francophones ? Ce cours de fran\u00e7ais professionnel vous permettra de vous immerger dans la vie professionnelle","og_url":"https:\/\/www.ilcf.net\/ja\/ilcf%e3%83%aa%e3%83%a8%e3%83%b3%e6%a0%a1%e3%83%95%e3%83%a9%e3%83%b3%e3%82%b9%e8%aa%9e%e3%82%b3%e3%83%bc%e3%82%b9\/%e5%b0%82%e9%96%80%e5%88%86%e9%87%8e%e3%81%ae%e3%83%95%e3%83%a9%e3%83%b3%e3%82%b9%e8%aa%9e\/entreprise-et-monde-du-travail\/","og_site_name":"ILCF - Institut de Langue et de Culture Fran\u00e7aises","article_modified_time":"2024-11-23T23:57:45+00:00","og_image":[{"width":1920,"height":575,"url":"https:\/\/www.ilcf.net\/wp-content\/uploads\/sites\/20\/2019\/12\/header-francais-entreprise2.jpg","type":"image\/jpeg"}],"twitter_card":"summary_large_image","twitter_misc":{"\u63a8\u5b9a\u8aad\u307f\u53d6\u308a\u6642\u9593":"1\u5206"},"schema":{"@context":"https:\/\/schema.org","@graph":[{"@type":"WebPage","@id":"https:\/\/www.ilcf.net\/ja\/ilcf%e3%83%aa%e3%83%a8%e3%83%b3%e6%a0%a1%e3%83%95%e3%83%a9%e3%83%b3%e3%82%b9%e8%aa%9e%e3%82%b3%e3%83%bc%e3%82%b9\/%e5%b0%82%e9%96%80%e5%88%86%e9%87%8e%e3%81%ae%e3%83%95%e3%83%a9%e3%83%b3%e3%82%b9%e8%aa%9e\/entreprise-et-monde-du-travail\/","url":"https:\/\/www.ilcf.net\/ja\/ilcf%e3%83%aa%e3%83%a8%e3%83%b3%e6%a0%a1%e3%83%95%e3%83%a9%e3%83%b3%e3%82%b9%e8%aa%9e%e3%82%b3%e3%83%bc%e3%82%b9\/%e5%b0%82%e9%96%80%e5%88%86%e9%87%8e%e3%81%ae%e3%83%95%e3%83%a9%e3%83%b3%e3%82%b9%e8%aa%9e\/entreprise-et-monde-du-travail\/","name":"\u4f01\u696d\u3068\u30d3\u30b8\u30cd\u30b9\u306e\u4e16\u754c Entreprise et monde du travail - ILCF - Institut de Langue et de Culture Fran\u00e7aises","isPartOf":{"@id":"https:\/\/www.ilcf.net\/ja\/#website"},"primaryImageOfPage":{"@id":"https:\/\/www.ilcf.net\/ja\/ilcf%e3%83%aa%e3%83%a8%e3%83%b3%e6%a0%a1%e3%83%95%e3%83%a9%e3%83%b3%e3%82%b9%e8%aa%9e%e3%82%b3%e3%83%bc%e3%82%b9\/%e5%b0%82%e9%96%80%e5%88%86%e9%87%8e%e3%81%ae%e3%83%95%e3%83%a9%e3%83%b3%e3%82%b9%e8%aa%9e\/entreprise-et-monde-du-travail\/#primaryimage"},"image":{"@id":"https:\/\/www.ilcf.net\/ja\/ilcf%e3%83%aa%e3%83%a8%e3%83%b3%e6%a0%a1%e3%83%95%e3%83%a9%e3%83%b3%e3%82%b9%e8%aa%9e%e3%82%b3%e3%83%bc%e3%82%b9\/%e5%b0%82%e9%96%80%e5%88%86%e9%87%8e%e3%81%ae%e3%83%95%e3%83%a9%e3%83%b3%e3%82%b9%e8%aa%9e\/entreprise-et-monde-du-travail\/#primaryimage"},"thumbnailUrl":"https:\/\/www.ilcf.net\/wp-content\/uploads\/sites\/20\/2019\/12\/header-francais-entreprise2.jpg","datePublished":"2019-11-14T13:02:12+00:00","dateModified":"2024-11-23T23:57:45+00:00","description":"Vous \u00eates en contact avec des entreprises francophones ? Ce cours de fran\u00e7ais professionnel vous permettra de vous immerger dans la vie professionnelle","breadcrumb":{"@id":"https:\/\/www.ilcf.net\/ja\/ilcf%e3%83%aa%e3%83%a8%e3%83%b3%e6%a0%a1%e3%83%95%e3%83%a9%e3%83%b3%e3%82%b9%e8%aa%9e%e3%82%b3%e3%83%bc%e3%82%b9\/%e5%b0%82%e9%96%80%e5%88%86%e9%87%8e%e3%81%ae%e3%83%95%e3%83%a9%e3%83%b3%e3%82%b9%e8%aa%9e\/entreprise-et-monde-du-travail\/#breadcrumb"},"inLanguage":"ja","potentialAction":[{"@type":"ReadAction","target":["https:\/\/www.ilcf.net\/ja\/ilcf%e3%83%aa%e3%83%a8%e3%83%b3%e6%a0%a1%e3%83%95%e3%83%a9%e3%83%b3%e3%82%b9%e8%aa%9e%e3%82%b3%e3%83%bc%e3%82%b9\/%e5%b0%82%e9%96%80%e5%88%86%e9%87%8e%e3%81%ae%e3%83%95%e3%83%a9%e3%83%b3%e3%82%b9%e8%aa%9e\/entreprise-et-monde-du-travail\/"]}]},{"@type":"ImageObject","inLanguage":"ja","@id":"https:\/\/www.ilcf.net\/ja\/ilcf%e3%83%aa%e3%83%a8%e3%83%b3%e6%a0%a1%e3%83%95%e3%83%a9%e3%83%b3%e3%82%b9%e8%aa%9e%e3%82%b3%e3%83%bc%e3%82%b9\/%e5%b0%82%e9%96%80%e5%88%86%e9%87%8e%e3%81%ae%e3%83%95%e3%83%a9%e3%83%b3%e3%82%b9%e8%aa%9e\/entreprise-et-monde-du-travail\/#primaryimage","url":"https:\/\/www.ilcf.net\/wp-content\/uploads\/sites\/20\/2019\/12\/header-francais-entreprise2.jpg","contentUrl":"https:\/\/www.ilcf.net\/wp-content\/uploads\/sites\/20\/2019\/12\/header-francais-entreprise2.jpg","width":1920,"height":575},{"@type":"BreadcrumbList","@id":"https:\/\/www.ilcf.net\/ja\/ilcf%e3%83%aa%e3%83%a8%e3%83%b3%e6%a0%a1%e3%83%95%e3%83%a9%e3%83%b3%e3%82%b9%e8%aa%9e%e3%82%b3%e3%83%bc%e3%82%b9\/%e5%b0%82%e9%96%80%e5%88%86%e9%87%8e%e3%81%ae%e3%83%95%e3%83%a9%e3%83%b3%e3%82%b9%e8%aa%9e\/entreprise-et-monde-du-travail\/#breadcrumb","itemListElement":[{"@type":"ListItem","position":1,"name":"Accueil","item":"https:\/\/www.ilcf.net\/ja\/"},{"@type":"ListItem","position":2,"name":"ILCF\u30ea\u30e8\u30f3\u6821\u30d5\u30e9\u30f3\u30b9\u8a9e\u30b3\u30fc\u30b9 NOS PROGRAMMES","item":"https:\/\/www.ilcf.net\/ja\/ilcf%e3%83%aa%e3%83%a8%e3%83%b3%e6%a0%a1%e3%83%95%e3%83%a9%e3%83%b3%e3%82%b9%e8%aa%9e%e3%82%b3%e3%83%bc%e3%82%b9\/"},{"@type":"ListItem","position":3,"name":"\u5c02\u9580\u5206\u91ce\u306e\u30d5\u30e9\u30f3\u30b9\u8a9e Fran\u00e7ais de sp\u00e9cialit\u00e9","item":"https:\/\/www.ilcf.net\/ja\/ilcf%e3%83%aa%e3%83%a8%e3%83%b3%e6%a0%a1%e3%83%95%e3%83%a9%e3%83%b3%e3%82%b9%e8%aa%9e%e3%82%b3%e3%83%bc%e3%82%b9\/%e5%b0%82%e9%96%80%e5%88%86%e9%87%8e%e3%81%ae%e3%83%95%e3%83%a9%e3%83%b3%e3%82%b9%e8%aa%9e\/"},{"@type":"ListItem","position":4,"name":"\u4f01\u696d\u3068\u30d3\u30b8\u30cd\u30b9\u306e\u4e16\u754c Entreprise et monde du travail"}]},{"@type":"WebSite","@id":"https:\/\/www.ilcf.net\/ja\/#website","url":"https:\/\/www.ilcf.net\/ja\/","name":"ILCF - Institut de Langue et de Culture Fran\u00e7aises","description":"ILCF - Institut de Langue et de Culture Fran\u00e7aises","publisher":{"@id":"https:\/\/www.ilcf.net\/ja\/#organization"},"potentialAction":[{"@type":"SearchAction","target":{"@type":"EntryPoint","urlTemplate":"https:\/\/www.ilcf.net\/ja\/?s={search_term_string}"},"query-input":{"@type":"PropertyValueSpecification","valueRequired":true,"valueName":"search_term_string"}}],"inLanguage":"ja"},{"@type":"Organization","@id":"https:\/\/www.ilcf.net\/ja\/#organization","name":"ILCF - Institut de Langue et de Culture Fran\u00e7aises","url":"https:\/\/www.ilcf.net\/ja\/","logo":{"@type":"ImageObject","inLanguage":"ja","@id":"https:\/\/www.ilcf.net\/ja\/#\/schema\/logo\/image\/","url":"https:\/\/www.ilcf.net\/wp-content\/uploads\/sites\/20\/2019\/11\/ilcf_logo.svg","contentUrl":"https:\/\/www.ilcf.net\/wp-content\/uploads\/sites\/20\/2019\/11\/ilcf_logo.svg","caption":"ILCF - Institut de Langue et de Culture Fran\u00e7aises"},"image":{"@id":"https:\/\/www.ilcf.net\/ja\/#\/schema\/logo\/image\/"}}]}},"_links":{"self":[{"href":"https:\/\/www.ilcf.net\/ja\/wp-json\/wp\/v2\/pages\/20191","targetHints":{"allow":["GET"]}}],"collection":[{"href":"https:\/\/www.ilcf.net\/ja\/wp-json\/wp\/v2\/pages"}],"about":[{"href":"https:\/\/www.ilcf.net\/ja\/wp-json\/wp\/v2\/types\/page"}],"author":[{"embeddable":true,"href":"https:\/\/www.ilcf.net\/ja\/wp-json\/wp\/v2\/users\/32"}],"replies":[{"embeddable":true,"href":"https:\/\/www.ilcf.net\/ja\/wp-json\/wp\/v2\/comments?post=20191"}],"version-history":[{"count":11,"href":"https:\/\/www.ilcf.net\/ja\/wp-json\/wp\/v2\/pages\/20191\/revisions"}],"predecessor-version":[{"id":24666,"href":"https:\/\/www.ilcf.net\/ja\/wp-json\/wp\/v2\/pages\/20191\/revisions\/24666"}],"up":[{"embeddable":true,"href":"https:\/\/www.ilcf.net\/ja\/wp-json\/wp\/v2\/pages\/20189"}],"wp:featuredmedia":[{"embeddable":true,"href":"https:\/\/www.ilcf.net\/ja\/wp-json\/wp\/v2\/media\/17445"}],"wp:attachment":[{"href":"https:\/\/www.ilcf.net\/ja\/wp-json\/wp\/v2\/media?parent=20191"}],"curies":[{"name":"wp","href":"https:\/\/api.w.org\/{rel}","templated":true}]}}