{"id":20050,"date":"2019-11-13T13:44:33","date_gmt":"2019-11-13T12:44:33","guid":{"rendered":"https:\/\/www.ilcf.net\/ilcf%e3%81%ab%e3%81%a4%e3%81%84%e3%81%a6\/%e5%bd%93%e6%a0%a1%e3%81%ae%e5%bc%b7%e3%81%bf\/un-institut-labellise\/"},"modified":"2024-11-20T23:28:47","modified_gmt":"2024-11-20T22:28:47","slug":"%e8%a9%b3%e3%81%97%e3%81%8f%e3%81%af%e3%81%93%e3%81%a1%e3%82%89","status":"publish","type":"page","link":"https:\/\/www.ilcf.net\/ja\/ilcf%e3%81%ab%e3%81%a4%e3%81%84%e3%81%a6\/%e5%bd%93%e6%a0%a1%e3%81%ae%e5%bc%b7%e3%81%bf\/%e8%a9%b3%e3%81%97%e3%81%8f%e3%81%af%e3%81%93%e3%81%a1%e3%82%89\/","title":{"rendered":"\u30e9\u30d9\u30eb\u53d6\u5f97\u6821 Institut labellis\u00e9"},"content":{"rendered":"<div class=\"wp-block-text-image\">\n  <div class=\"row align-bottom collapse\">\n    <div class=\"column small-12 medium-6 xlarge-5 xxlarge-expand wp-block-text-image-info js-fade-scroll\">\n      <p class=\"wp-block-text-image-title\">\u300cQualit\u00e9 FLE\u300d\u30e9\u30d9\u30eb\u53d6\u5f97\u306e\u8a9e\u5b66\u5b66\u6821<\/p>\n      <div class=\"wp-block-text-image-intro\"><p>ILCF\u30ea\u30e8\u30f3\u6821\u306f\u3001\u30d5\u30e9\u30f3\u30b9\u653f\u5e9c\u304c\u8a8d\u5b9a\u3059\u308b\u5916\u56fd\u8a9e\u3068\u3057\u3066\u306e\u30d5\u30e9\u30f3\u30b9\u8a9e\u6559\u80b2\u3092\u62c5\u3046\u6559\u80b2\u6a5f\u95a2\u306e\u54c1\u8cea\u898f\u683c\u3067\u3042\u308b\u300cQualit\u00e9 FLE\u300d\u30e9\u30d9\u30eb\u3092\u53d6\u5f97\u3057\u3066\u3044\u307e\u3059\u3002\u3053\u306e\u30e9\u30d9\u30eb\u306f\u5f53\u6821\u306e\u6559\u80b2\u5185\u5bb9\u3068\u5b66\u751f\u652f\u63f4\u4f53\u5236\u306e\u8cea\u3092\u4fdd\u8a3c\u3059\u308b\u3082\u306e\u3067\u3059\u3002<\/p>\n<p><a href=\"https:\/\/www.ilcf.net\/lilcf\/nos-atouts\/un-institut-labellise\/centre-labellise-qualite-fle\/\" target=\"_blank\" rel=\"noopener\"><span class=\"button\">\u8a73\u3057\u304f\u306f\u3053\u3061\u3089<\/span><\/a><\/p>\n<\/div>\n    <\/div>\n\n    <div class=\"column small-12 medium-6 xlarge-7 xxlarge-shrink wp-block-text-image-picture js-fade-scroll\">\n      <img loading=\"lazy\" decoding=\"async\" width=\"577\" height=\"385\" src=\"https:\/\/www.ilcf.net\/wp-content\/uploads\/sites\/20\/2020\/02\/qualite-fle-visuel.jpg\" class=\"attachment-text_image size-text_image\" alt=\"\" srcset=\"https:\/\/www.ilcf.net\/wp-content\/uploads\/sites\/20\/2020\/02\/qualite-fle-visuel.jpg 577w, https:\/\/www.ilcf.net\/wp-content\/uploads\/sites\/20\/2020\/02\/qualite-fle-visuel-210x140.jpg 210w, https:\/\/www.ilcf.net\/wp-content\/uploads\/sites\/20\/2020\/02\/qualite-fle-visuel-550x366.jpg 550w\" sizes=\"auto, (max-width: 577px) 100vw, 577px\" \/>    <\/div>\n  <\/div>\n<\/div><div class=\"wp-block-text-image\">\n  <div class=\"row align-bottom collapse\">\n    <div class=\"column small-12 medium-6 xlarge-5 xxlarge-expand wp-block-text-image-info js-fade-scroll\">\n      <p class=\"wp-block-text-image-title\">ADCUEFE-Campus-FLE\u306e\u30cd\u30c3\u30c8\u30ef\u30fc\u30af<\/p>\n      <div class=\"wp-block-text-image-intro\"><p>ADCUEFE-Campus-FLE\u306f\u3001\u5916\u56fd\u4eba\u5b66\u751f\u3084\u5916\u56fd\u4eba\u6559\u5e2b\u3092\u5bfe\u8c61\u306b\u5916\u56fd\u8a9e\u3068\u3057\u3066\u306e\u30d5\u30e9\u30f3\u30b9\u8a9e\uff08FLE\uff09\u8b1b\u5ea7\u3092\u63d0\u4f9b\u3059\u308b\u30d5\u30e9\u30f3\u30b9\u306e\u7d0440\u5927\u5b66\u3000\u304b\u3089\u306a\u308b\u30cd\u30c3\u30c8\u30ef\u30fc\u30af\u3067\u3059\u3002<\/p>\n<p><a href=\"https:\/\/www.ilcf.net\/lilcf\/nos-atouts\/un-institut-labellise\/le-reseau-campus-fle\/\" target=\"_blank\" rel=\"noopener\"><span class=\"button\">\u8a73\u3057\u304f\u306f\u3053\u3061\u3089<\/span><\/a><\/p>\n<\/div>\n    <\/div>\n\n    <div class=\"column small-12 medium-6 xlarge-7 xxlarge-shrink wp-block-text-image-picture js-fade-scroll\">\n      <img loading=\"lazy\" decoding=\"async\" width=\"577\" height=\"385\" src=\"https:\/\/www.ilcf.net\/wp-content\/uploads\/sites\/20\/2020\/02\/adcuefe-visuel.jpg\" class=\"attachment-text_image size-text_image\" alt=\"\" srcset=\"https:\/\/www.ilcf.net\/wp-content\/uploads\/sites\/20\/2020\/02\/adcuefe-visuel.jpg 577w, https:\/\/www.ilcf.net\/wp-content\/uploads\/sites\/20\/2020\/02\/adcuefe-visuel-210x140.jpg 210w, https:\/\/www.ilcf.net\/wp-content\/uploads\/sites\/20\/2020\/02\/adcuefe-visuel-550x366.jpg 550w\" sizes=\"auto, (max-width: 577px) 100vw, 577px\" \/>    <\/div>\n  <\/div>\n<\/div><div class=\"wp-block-text-image\">\n  <div class=\"row align-bottom collapse\">\n    <div class=\"column small-12 medium-6 xlarge-5 xxlarge-expand wp-block-text-image-info js-fade-scroll\">\n      <p class=\"wp-block-text-image-title\">\u300c\u30e6\u30cd\u30b9\u30b3\u300d\u30af\u30e9\u30d6<\/p>\n      <div class=\"wp-block-text-image-intro\"><p>ILCF\u30ea\u30e8\u30f3\u6821\u306f\u3001\u30e6\u30cd\u30b9\u30b3\u4e16\u754c\u907a\u7523\u306b\u767b\u9332\u3055\u308c\u3066\u3044\u308b\u30ea\u30e8\u30f3\u306b\u4f4d\u7f6e\u3057\u3001\u9577\u5e74\u306b\u308f\u305f\u308a\u7570\u6587\u5316\u9593\u306e\u5e73\u7b49\u3001\u5c0a\u91cd\u3001\u5bdb\u5bb9\u3001\u7406\u89e3\u3068\u3044\u3046\u3001\u30e6\u30cd\u30b9\u30b3\u304c\u63a8\u9032\u3059\u308b\u7406\u5ff5\u306b\u6cbf\u3063\u305f\u5b66\u6821\u904b\u55b6\u3092\u884c\u3063\u3066\u3044\u307e\u3059\u3002<\/p>\n<p><a href=\"https:\/\/www.ilcf.net\/lilcf\/nos-atouts\/un-institut-labellise\/club-unesco\/\" target=\"_blank\" rel=\"noopener\"><span class=\"button\">\u8a73\u3057\u304f\u306f\u3053\u3061\u3089<\/span><\/a><\/p>\n<\/div>\n    <\/div>\n\n    <div class=\"column small-12 medium-6 xlarge-7 xxlarge-shrink wp-block-text-image-picture js-fade-scroll\">\n      <img loading=\"lazy\" decoding=\"async\" width=\"577\" height=\"385\" src=\"https:\/\/www.ilcf.net\/wp-content\/uploads\/sites\/20\/2020\/02\/unesco-visuel.jpg\" class=\"attachment-text_image size-text_image\" alt=\"\" srcset=\"https:\/\/www.ilcf.net\/wp-content\/uploads\/sites\/20\/2020\/02\/unesco-visuel.jpg 577w, https:\/\/www.ilcf.net\/wp-content\/uploads\/sites\/20\/2020\/02\/unesco-visuel-210x140.jpg 210w, https:\/\/www.ilcf.net\/wp-content\/uploads\/sites\/20\/2020\/02\/unesco-visuel-550x366.jpg 550w\" sizes=\"auto, (max-width: 577px) 100vw, 577px\" \/>    <\/div>\n  <\/div>\n<\/div><div class=\"wp-block-text-image\">\n  <div class=\"row align-bottom collapse\">\n    <div class=\"column small-12 medium-6 xlarge-5 xxlarge-expand wp-block-text-image-info js-fade-scroll\">\n      <p class=\"wp-block-text-image-title\">\u30d5\u30e9\u30f3\u30b9\u653f\u5e9c\u7559\u5b66\u5c40\uff08Campus France\uff09<\/p>\n      <div class=\"wp-block-text-image-intro\"><p>ILCF\u30ea\u30e8\u30f3\u6821\u306f\u3001\u4e16\u754c\u306e200\u4ee5\u4e0a\u306e\u652f\u5c40\u304b\u3089\u3000\u306a\u308b\u5927\u5b66\u30cd\u30c3\u30c8\u30ef\u30fc\u30af\u300c\u30d5\u30e9\u30f3\u30b9\u653f\u5e9c\u7559\u5b66\u5c40\uff08Campus France\uff09\u300d\u306e\u52a0\u76df\u6821\u3067\u3059\u3002<\/p>\n<p><a href=\"https:\/\/www.ilcf.net\/lilcf\/nos-atouts\/un-institut-labellise\/campus-france\/\" target=\"_blank\" rel=\"noopener\"><span class=\"button\">\u8a73\u3057\u304f\u306f\u3053\u3061\u3089<\/span><\/a><\/p>\n<\/div>\n    <\/div>\n\n    <div class=\"column small-12 medium-6 xlarge-7 xxlarge-shrink wp-block-text-image-picture js-fade-scroll\">\n      <img loading=\"lazy\" decoding=\"async\" width=\"577\" height=\"385\" src=\"https:\/\/www.ilcf.net\/wp-content\/uploads\/sites\/20\/2020\/02\/campus-france-visuel.jpg\" class=\"attachment-text_image size-text_image\" alt=\"\" srcset=\"https:\/\/www.ilcf.net\/wp-content\/uploads\/sites\/20\/2020\/02\/campus-france-visuel.jpg 577w, https:\/\/www.ilcf.net\/wp-content\/uploads\/sites\/20\/2020\/02\/campus-france-visuel-210x140.jpg 210w, https:\/\/www.ilcf.net\/wp-content\/uploads\/sites\/20\/2020\/02\/campus-france-visuel-550x366.jpg 550w\" sizes=\"auto, (max-width: 577px) 100vw, 577px\" \/>    <\/div>\n  <\/div>\n<\/div>","protected":false},"excerpt":{"rendered":"","protected":false},"author":33,"featured_media":17526,"parent":20043,"menu_order":2,"comment_status":"closed","ping_status":"closed","template":"","meta":{"_acf_changed":false,"footnotes":""},"class_list":["post-20050","page","type-page","status-publish","has-post-thumbnail","hentry"],"acf":[],"yoast_head":"<!-- This site is optimized with the Yoast SEO plugin v24.1 - https:\/\/yoast.com\/wordpress\/plugins\/seo\/ -->\n<title>\u30e9\u30d9\u30eb\u53d6\u5f97\u6821 Institut labellis\u00e9 - ILCF - Institut de Langue et de Culture Fran\u00e7aises<\/title>\n<meta name=\"description\" content=\"L\u2019ILCF vous garantit la qualit\u00e9 de sa prestation, reconnues par la Commission Interminist\u00e9rielle de Labellisation des Centres de Fran\u00e7ais Langue Etrang\u00e8re\" \/>\n<meta name=\"robots\" content=\"index, follow, max-snippet:-1, max-image-preview:large, max-video-preview:-1\" \/>\n<link rel=\"canonical\" href=\"https:\/\/www.ilcf.net\/ja\/ilcf%e3%81%ab%e3%81%a4%e3%81%84%e3%81%a6\/%e5%bd%93%e6%a0%a1%e3%81%ae%e5%bc%b7%e3%81%bf\/%e8%a9%b3%e3%81%97%e3%81%8f%e3%81%af%e3%81%93%e3%81%a1%e3%82%89\/\" \/>\n<meta property=\"og:locale\" content=\"ja_JP\" \/>\n<meta property=\"og:type\" content=\"article\" \/>\n<meta property=\"og:title\" content=\"\u30e9\u30d9\u30eb\u53d6\u5f97\u6821 Institut labellis\u00e9 - ILCF - Institut de Langue et de Culture Fran\u00e7aises\" \/>\n<meta property=\"og:description\" content=\"L\u2019ILCF vous garantit la qualit\u00e9 de sa prestation, reconnues par la Commission Interminist\u00e9rielle de Labellisation des Centres de Fran\u00e7ais Langue Etrang\u00e8re\" \/>\n<meta property=\"og:url\" content=\"https:\/\/www.ilcf.net\/ja\/ilcf%e3%81%ab%e3%81%a4%e3%81%84%e3%81%a6\/%e5%bd%93%e6%a0%a1%e3%81%ae%e5%bc%b7%e3%81%bf\/%e8%a9%b3%e3%81%97%e3%81%8f%e3%81%af%e3%81%93%e3%81%a1%e3%82%89\/\" \/>\n<meta property=\"og:site_name\" content=\"ILCF - Institut de Langue et de Culture Fran\u00e7aises\" \/>\n<meta property=\"article:modified_time\" content=\"2024-11-20T22:28:47+00:00\" \/>\n<meta property=\"og:image\" content=\"https:\/\/www.ilcf.net\/wp-content\/uploads\/sites\/20\/2020\/02\/header-institut-labellise.jpg\" \/>\n\t<meta property=\"og:image:width\" content=\"1920\" \/>\n\t<meta property=\"og:image:height\" content=\"575\" \/>\n\t<meta property=\"og:image:type\" content=\"image\/jpeg\" \/>\n<meta name=\"twitter:card\" content=\"summary_large_image\" \/>\n<meta name=\"twitter:label1\" content=\"\u63a8\u5b9a\u8aad\u307f\u53d6\u308a\u6642\u9593\" \/>\n\t<meta name=\"twitter:data1\" content=\"1\u5206\" \/>\n<script type=\"application\/ld+json\" class=\"yoast-schema-graph\">{\"@context\":\"https:\/\/schema.org\",\"@graph\":[{\"@type\":\"WebPage\",\"@id\":\"https:\/\/www.ilcf.net\/ja\/ilcf%e3%81%ab%e3%81%a4%e3%81%84%e3%81%a6\/%e5%bd%93%e6%a0%a1%e3%81%ae%e5%bc%b7%e3%81%bf\/%e8%a9%b3%e3%81%97%e3%81%8f%e3%81%af%e3%81%93%e3%81%a1%e3%82%89\/\",\"url\":\"https:\/\/www.ilcf.net\/ja\/ilcf%e3%81%ab%e3%81%a4%e3%81%84%e3%81%a6\/%e5%bd%93%e6%a0%a1%e3%81%ae%e5%bc%b7%e3%81%bf\/%e8%a9%b3%e3%81%97%e3%81%8f%e3%81%af%e3%81%93%e3%81%a1%e3%82%89\/\",\"name\":\"\u30e9\u30d9\u30eb\u53d6\u5f97\u6821 Institut labellis\u00e9 - ILCF - Institut de Langue et de Culture Fran\u00e7aises\",\"isPartOf\":{\"@id\":\"https:\/\/www.ilcf.net\/ja\/#website\"},\"primaryImageOfPage\":{\"@id\":\"https:\/\/www.ilcf.net\/ja\/ilcf%e3%81%ab%e3%81%a4%e3%81%84%e3%81%a6\/%e5%bd%93%e6%a0%a1%e3%81%ae%e5%bc%b7%e3%81%bf\/%e8%a9%b3%e3%81%97%e3%81%8f%e3%81%af%e3%81%93%e3%81%a1%e3%82%89\/#primaryimage\"},\"image\":{\"@id\":\"https:\/\/www.ilcf.net\/ja\/ilcf%e3%81%ab%e3%81%a4%e3%81%84%e3%81%a6\/%e5%bd%93%e6%a0%a1%e3%81%ae%e5%bc%b7%e3%81%bf\/%e8%a9%b3%e3%81%97%e3%81%8f%e3%81%af%e3%81%93%e3%81%a1%e3%82%89\/#primaryimage\"},\"thumbnailUrl\":\"https:\/\/www.ilcf.net\/wp-content\/uploads\/sites\/20\/2020\/02\/header-institut-labellise.jpg\",\"datePublished\":\"2019-11-13T12:44:33+00:00\",\"dateModified\":\"2024-11-20T22:28:47+00:00\",\"description\":\"L\u2019ILCF vous garantit la qualit\u00e9 de sa prestation, reconnues par la Commission Interminist\u00e9rielle de Labellisation des Centres de Fran\u00e7ais Langue Etrang\u00e8re\",\"breadcrumb\":{\"@id\":\"https:\/\/www.ilcf.net\/ja\/ilcf%e3%81%ab%e3%81%a4%e3%81%84%e3%81%a6\/%e5%bd%93%e6%a0%a1%e3%81%ae%e5%bc%b7%e3%81%bf\/%e8%a9%b3%e3%81%97%e3%81%8f%e3%81%af%e3%81%93%e3%81%a1%e3%82%89\/#breadcrumb\"},\"inLanguage\":\"ja\",\"potentialAction\":[{\"@type\":\"ReadAction\",\"target\":[\"https:\/\/www.ilcf.net\/ja\/ilcf%e3%81%ab%e3%81%a4%e3%81%84%e3%81%a6\/%e5%bd%93%e6%a0%a1%e3%81%ae%e5%bc%b7%e3%81%bf\/%e8%a9%b3%e3%81%97%e3%81%8f%e3%81%af%e3%81%93%e3%81%a1%e3%82%89\/\"]}]},{\"@type\":\"ImageObject\",\"inLanguage\":\"ja\",\"@id\":\"https:\/\/www.ilcf.net\/ja\/ilcf%e3%81%ab%e3%81%a4%e3%81%84%e3%81%a6\/%e5%bd%93%e6%a0%a1%e3%81%ae%e5%bc%b7%e3%81%bf\/%e8%a9%b3%e3%81%97%e3%81%8f%e3%81%af%e3%81%93%e3%81%a1%e3%82%89\/#primaryimage\",\"url\":\"https:\/\/www.ilcf.net\/wp-content\/uploads\/sites\/20\/2020\/02\/header-institut-labellise.jpg\",\"contentUrl\":\"https:\/\/www.ilcf.net\/wp-content\/uploads\/sites\/20\/2020\/02\/header-institut-labellise.jpg\",\"width\":1920,\"height\":575},{\"@type\":\"BreadcrumbList\",\"@id\":\"https:\/\/www.ilcf.net\/ja\/ilcf%e3%81%ab%e3%81%a4%e3%81%84%e3%81%a6\/%e5%bd%93%e6%a0%a1%e3%81%ae%e5%bc%b7%e3%81%bf\/%e8%a9%b3%e3%81%97%e3%81%8f%e3%81%af%e3%81%93%e3%81%a1%e3%82%89\/#breadcrumb\",\"itemListElement\":[{\"@type\":\"ListItem\",\"position\":1,\"name\":\"Accueil\",\"item\":\"https:\/\/www.ilcf.net\/ja\/\"},{\"@type\":\"ListItem\",\"position\":2,\"name\":\"ILCF\u306b\u3064\u3044\u3066\",\"item\":\"https:\/\/www.ilcf.net\/ja\/ilcf%e3%81%ab%e3%81%a4%e3%81%84%e3%81%a6\/\"},{\"@type\":\"ListItem\",\"position\":3,\"name\":\"\u5f53\u6821\u306e\u5f37\u307f Nos atouts\",\"item\":\"https:\/\/www.ilcf.net\/ja\/ilcf%e3%81%ab%e3%81%a4%e3%81%84%e3%81%a6\/%e5%bd%93%e6%a0%a1%e3%81%ae%e5%bc%b7%e3%81%bf\/\"},{\"@type\":\"ListItem\",\"position\":4,\"name\":\"\u30e9\u30d9\u30eb\u53d6\u5f97\u6821 Institut labellis\u00e9\"}]},{\"@type\":\"WebSite\",\"@id\":\"https:\/\/www.ilcf.net\/ja\/#website\",\"url\":\"https:\/\/www.ilcf.net\/ja\/\",\"name\":\"ILCF - Institut de Langue et de Culture Fran\u00e7aises\",\"description\":\"ILCF - Institut de Langue et de Culture Fran\u00e7aises\",\"publisher\":{\"@id\":\"https:\/\/www.ilcf.net\/ja\/#organization\"},\"potentialAction\":[{\"@type\":\"SearchAction\",\"target\":{\"@type\":\"EntryPoint\",\"urlTemplate\":\"https:\/\/www.ilcf.net\/ja\/?s={search_term_string}\"},\"query-input\":{\"@type\":\"PropertyValueSpecification\",\"valueRequired\":true,\"valueName\":\"search_term_string\"}}],\"inLanguage\":\"ja\"},{\"@type\":\"Organization\",\"@id\":\"https:\/\/www.ilcf.net\/ja\/#organization\",\"name\":\"ILCF - Institut de Langue et de Culture Fran\u00e7aises\",\"url\":\"https:\/\/www.ilcf.net\/ja\/\",\"logo\":{\"@type\":\"ImageObject\",\"inLanguage\":\"ja\",\"@id\":\"https:\/\/www.ilcf.net\/ja\/#\/schema\/logo\/image\/\",\"url\":\"https:\/\/www.ilcf.net\/wp-content\/uploads\/sites\/20\/2019\/11\/ilcf_logo.svg\",\"contentUrl\":\"https:\/\/www.ilcf.net\/wp-content\/uploads\/sites\/20\/2019\/11\/ilcf_logo.svg\",\"caption\":\"ILCF - Institut de Langue et de Culture Fran\u00e7aises\"},\"image\":{\"@id\":\"https:\/\/www.ilcf.net\/ja\/#\/schema\/logo\/image\/\"}}]}<\/script>\n<!-- \/ Yoast SEO plugin. -->","yoast_head_json":{"title":"\u30e9\u30d9\u30eb\u53d6\u5f97\u6821 Institut labellis\u00e9 - ILCF - Institut de Langue et de Culture Fran\u00e7aises","description":"L\u2019ILCF vous garantit la qualit\u00e9 de sa prestation, reconnues par la Commission Interminist\u00e9rielle de Labellisation des Centres de Fran\u00e7ais Langue Etrang\u00e8re","robots":{"index":"index","follow":"follow","max-snippet":"max-snippet:-1","max-image-preview":"max-image-preview:large","max-video-preview":"max-video-preview:-1"},"canonical":"https:\/\/www.ilcf.net\/ja\/ilcf%e3%81%ab%e3%81%a4%e3%81%84%e3%81%a6\/%e5%bd%93%e6%a0%a1%e3%81%ae%e5%bc%b7%e3%81%bf\/%e8%a9%b3%e3%81%97%e3%81%8f%e3%81%af%e3%81%93%e3%81%a1%e3%82%89\/","og_locale":"ja_JP","og_type":"article","og_title":"\u30e9\u30d9\u30eb\u53d6\u5f97\u6821 Institut labellis\u00e9 - ILCF - Institut de Langue et de Culture Fran\u00e7aises","og_description":"L\u2019ILCF vous garantit la qualit\u00e9 de sa prestation, reconnues par la Commission Interminist\u00e9rielle de Labellisation des Centres de Fran\u00e7ais Langue Etrang\u00e8re","og_url":"https:\/\/www.ilcf.net\/ja\/ilcf%e3%81%ab%e3%81%a4%e3%81%84%e3%81%a6\/%e5%bd%93%e6%a0%a1%e3%81%ae%e5%bc%b7%e3%81%bf\/%e8%a9%b3%e3%81%97%e3%81%8f%e3%81%af%e3%81%93%e3%81%a1%e3%82%89\/","og_site_name":"ILCF - Institut de Langue et de Culture Fran\u00e7aises","article_modified_time":"2024-11-20T22:28:47+00:00","og_image":[{"width":1920,"height":575,"url":"https:\/\/www.ilcf.net\/wp-content\/uploads\/sites\/20\/2020\/02\/header-institut-labellise.jpg","type":"image\/jpeg"}],"twitter_card":"summary_large_image","twitter_misc":{"\u63a8\u5b9a\u8aad\u307f\u53d6\u308a\u6642\u9593":"1\u5206"},"schema":{"@context":"https:\/\/schema.org","@graph":[{"@type":"WebPage","@id":"https:\/\/www.ilcf.net\/ja\/ilcf%e3%81%ab%e3%81%a4%e3%81%84%e3%81%a6\/%e5%bd%93%e6%a0%a1%e3%81%ae%e5%bc%b7%e3%81%bf\/%e8%a9%b3%e3%81%97%e3%81%8f%e3%81%af%e3%81%93%e3%81%a1%e3%82%89\/","url":"https:\/\/www.ilcf.net\/ja\/ilcf%e3%81%ab%e3%81%a4%e3%81%84%e3%81%a6\/%e5%bd%93%e6%a0%a1%e3%81%ae%e5%bc%b7%e3%81%bf\/%e8%a9%b3%e3%81%97%e3%81%8f%e3%81%af%e3%81%93%e3%81%a1%e3%82%89\/","name":"\u30e9\u30d9\u30eb\u53d6\u5f97\u6821 Institut labellis\u00e9 - ILCF - Institut de Langue et de Culture Fran\u00e7aises","isPartOf":{"@id":"https:\/\/www.ilcf.net\/ja\/#website"},"primaryImageOfPage":{"@id":"https:\/\/www.ilcf.net\/ja\/ilcf%e3%81%ab%e3%81%a4%e3%81%84%e3%81%a6\/%e5%bd%93%e6%a0%a1%e3%81%ae%e5%bc%b7%e3%81%bf\/%e8%a9%b3%e3%81%97%e3%81%8f%e3%81%af%e3%81%93%e3%81%a1%e3%82%89\/#primaryimage"},"image":{"@id":"https:\/\/www.ilcf.net\/ja\/ilcf%e3%81%ab%e3%81%a4%e3%81%84%e3%81%a6\/%e5%bd%93%e6%a0%a1%e3%81%ae%e5%bc%b7%e3%81%bf\/%e8%a9%b3%e3%81%97%e3%81%8f%e3%81%af%e3%81%93%e3%81%a1%e3%82%89\/#primaryimage"},"thumbnailUrl":"https:\/\/www.ilcf.net\/wp-content\/uploads\/sites\/20\/2020\/02\/header-institut-labellise.jpg","datePublished":"2019-11-13T12:44:33+00:00","dateModified":"2024-11-20T22:28:47+00:00","description":"L\u2019ILCF vous garantit la qualit\u00e9 de sa prestation, reconnues par la Commission Interminist\u00e9rielle de Labellisation des Centres de Fran\u00e7ais Langue Etrang\u00e8re","breadcrumb":{"@id":"https:\/\/www.ilcf.net\/ja\/ilcf%e3%81%ab%e3%81%a4%e3%81%84%e3%81%a6\/%e5%bd%93%e6%a0%a1%e3%81%ae%e5%bc%b7%e3%81%bf\/%e8%a9%b3%e3%81%97%e3%81%8f%e3%81%af%e3%81%93%e3%81%a1%e3%82%89\/#breadcrumb"},"inLanguage":"ja","potentialAction":[{"@type":"ReadAction","target":["https:\/\/www.ilcf.net\/ja\/ilcf%e3%81%ab%e3%81%a4%e3%81%84%e3%81%a6\/%e5%bd%93%e6%a0%a1%e3%81%ae%e5%bc%b7%e3%81%bf\/%e8%a9%b3%e3%81%97%e3%81%8f%e3%81%af%e3%81%93%e3%81%a1%e3%82%89\/"]}]},{"@type":"ImageObject","inLanguage":"ja","@id":"https:\/\/www.ilcf.net\/ja\/ilcf%e3%81%ab%e3%81%a4%e3%81%84%e3%81%a6\/%e5%bd%93%e6%a0%a1%e3%81%ae%e5%bc%b7%e3%81%bf\/%e8%a9%b3%e3%81%97%e3%81%8f%e3%81%af%e3%81%93%e3%81%a1%e3%82%89\/#primaryimage","url":"https:\/\/www.ilcf.net\/wp-content\/uploads\/sites\/20\/2020\/02\/header-institut-labellise.jpg","contentUrl":"https:\/\/www.ilcf.net\/wp-content\/uploads\/sites\/20\/2020\/02\/header-institut-labellise.jpg","width":1920,"height":575},{"@type":"BreadcrumbList","@id":"https:\/\/www.ilcf.net\/ja\/ilcf%e3%81%ab%e3%81%a4%e3%81%84%e3%81%a6\/%e5%bd%93%e6%a0%a1%e3%81%ae%e5%bc%b7%e3%81%bf\/%e8%a9%b3%e3%81%97%e3%81%8f%e3%81%af%e3%81%93%e3%81%a1%e3%82%89\/#breadcrumb","itemListElement":[{"@type":"ListItem","position":1,"name":"Accueil","item":"https:\/\/www.ilcf.net\/ja\/"},{"@type":"ListItem","position":2,"name":"ILCF\u306b\u3064\u3044\u3066","item":"https:\/\/www.ilcf.net\/ja\/ilcf%e3%81%ab%e3%81%a4%e3%81%84%e3%81%a6\/"},{"@type":"ListItem","position":3,"name":"\u5f53\u6821\u306e\u5f37\u307f Nos atouts","item":"https:\/\/www.ilcf.net\/ja\/ilcf%e3%81%ab%e3%81%a4%e3%81%84%e3%81%a6\/%e5%bd%93%e6%a0%a1%e3%81%ae%e5%bc%b7%e3%81%bf\/"},{"@type":"ListItem","position":4,"name":"\u30e9\u30d9\u30eb\u53d6\u5f97\u6821 Institut labellis\u00e9"}]},{"@type":"WebSite","@id":"https:\/\/www.ilcf.net\/ja\/#website","url":"https:\/\/www.ilcf.net\/ja\/","name":"ILCF - Institut de Langue et de Culture Fran\u00e7aises","description":"ILCF - Institut de Langue et de Culture Fran\u00e7aises","publisher":{"@id":"https:\/\/www.ilcf.net\/ja\/#organization"},"potentialAction":[{"@type":"SearchAction","target":{"@type":"EntryPoint","urlTemplate":"https:\/\/www.ilcf.net\/ja\/?s={search_term_string}"},"query-input":{"@type":"PropertyValueSpecification","valueRequired":true,"valueName":"search_term_string"}}],"inLanguage":"ja"},{"@type":"Organization","@id":"https:\/\/www.ilcf.net\/ja\/#organization","name":"ILCF - Institut de Langue et de Culture Fran\u00e7aises","url":"https:\/\/www.ilcf.net\/ja\/","logo":{"@type":"ImageObject","inLanguage":"ja","@id":"https:\/\/www.ilcf.net\/ja\/#\/schema\/logo\/image\/","url":"https:\/\/www.ilcf.net\/wp-content\/uploads\/sites\/20\/2019\/11\/ilcf_logo.svg","contentUrl":"https:\/\/www.ilcf.net\/wp-content\/uploads\/sites\/20\/2019\/11\/ilcf_logo.svg","caption":"ILCF - Institut de Langue et de Culture Fran\u00e7aises"},"image":{"@id":"https:\/\/www.ilcf.net\/ja\/#\/schema\/logo\/image\/"}}]}},"_links":{"self":[{"href":"https:\/\/www.ilcf.net\/ja\/wp-json\/wp\/v2\/pages\/20050","targetHints":{"allow":["GET"]}}],"collection":[{"href":"https:\/\/www.ilcf.net\/ja\/wp-json\/wp\/v2\/pages"}],"about":[{"href":"https:\/\/www.ilcf.net\/ja\/wp-json\/wp\/v2\/types\/page"}],"author":[{"embeddable":true,"href":"https:\/\/www.ilcf.net\/ja\/wp-json\/wp\/v2\/users\/33"}],"replies":[{"embeddable":true,"href":"https:\/\/www.ilcf.net\/ja\/wp-json\/wp\/v2\/comments?post=20050"}],"version-history":[{"count":14,"href":"https:\/\/www.ilcf.net\/ja\/wp-json\/wp\/v2\/pages\/20050\/revisions"}],"predecessor-version":[{"id":24662,"href":"https:\/\/www.ilcf.net\/ja\/wp-json\/wp\/v2\/pages\/20050\/revisions\/24662"}],"up":[{"embeddable":true,"href":"https:\/\/www.ilcf.net\/ja\/wp-json\/wp\/v2\/pages\/20043"}],"wp:featuredmedia":[{"embeddable":true,"href":"https:\/\/www.ilcf.net\/ja\/wp-json\/wp\/v2\/media\/17526"}],"wp:attachment":[{"href":"https:\/\/www.ilcf.net\/ja\/wp-json\/wp\/v2\/media?parent=20050"}],"curies":[{"name":"wp","href":"https:\/\/api.w.org\/{rel}","templated":true}]}}