{"id":20046,"date":"2019-11-18T16:23:50","date_gmt":"2019-11-18T15:23:50","guid":{"rendered":"https:\/\/www.ilcf.net\/ilcf%e3%81%ab%e3%81%a4%e3%81%84%e3%81%a6\/%e5%bd%93%e6%a0%a1%e3%81%ae%e5%bc%b7%e3%81%bf\/une-pedagogie-innovante-pour-preparer-vos-diplomes\/"},"modified":"2024-11-24T15:03:22","modified_gmt":"2024-11-24T14:03:22","slug":"%e3%83%87%e3%82%a3%e3%83%97%e3%83%ad%e3%83%a0%e5%8f%96%e5%be%97%e3%81%ae%e3%81%9f%e3%82%81%e3%81%ae%e9%9d%a9%e6%96%b0%e7%9a%84%e3%81%aa%e6%95%99%e8%82%b2%e6%b3%95","status":"publish","type":"page","link":"https:\/\/www.ilcf.net\/ja\/ilcf%e3%81%ab%e3%81%a4%e3%81%84%e3%81%a6\/%e5%bd%93%e6%a0%a1%e3%81%ae%e5%bc%b7%e3%81%bf\/%e3%83%87%e3%82%a3%e3%83%97%e3%83%ad%e3%83%a0%e5%8f%96%e5%be%97%e3%81%ae%e3%81%9f%e3%82%81%e3%81%ae%e9%9d%a9%e6%96%b0%e7%9a%84%e3%81%aa%e6%95%99%e8%82%b2%e6%b3%95\/","title":{"rendered":"\u30c7\u30a3\u30d7\u30ed\u30e0\u53d6\u5f97\u306e\u305f\u3081\u306e\u9769\u65b0\u7684\u306a\u6559\u80b2\u6cd5 P\u00e9dagogie"},"content":{"rendered":"<h2 class=\"wp-block-heading\">\u5b66\u751f\u3068\u8b1b\u5e2b\u304c\u8eab\u8fd1\u306b\u63a5\u3057\u3001\u884c\u52d5\u4e2d\u5fc3\u306e\u9769\u65b0\u7684\u306a\u6559\u80b2\u6cd5<\/h2><h3 class=\"wp-block-heading\">\u884c\u52d5\u4e2d\u5fc3\u306e\u8003\u3048\u65b9<\/h3><p>\u30e8\u30fc\u30ed\u30c3\u30d1\u8a00\u8a9e\u5171\u901a\u53c2\u7167\u67a0\uff08CEFR\uff09\u306b\u6e96\u62e0\u3057\u305f\u30d7\u30ed\u30b8\u30a7\u30af\u30c8\u30d9\u30fc\u30b9\u306e\u6559\u80b2\u6cd5\u3092\u63a1\u7528\u3057\u3001\u3088\u308a\u8907\u96d1\u306a\u30d7\u30ed\u30b8\u30a7\u30af\u30c8\u3092\u30b0\u30eb\u30fc\u30d7\u3067\u5b9f\u884c\u3067\u304d\u308b\u3088\u3046\u306b\u306a\u308b\u307e\u3067\u3001\u8a00\u8a9e\u306b\u3088\u308b\u30b3\u30df\u30e5\u30cb\u30b1\u30fc\u30b7\u30e7\u30f3\u6d3b\u52d5\u3092\u884c\u3044\u306a\u304c\u3089\u3001\u8ab2\u984c\u3092\u9042\u884c\u3057\u3066\u3044\u304f\u3053\u3068\u306b\u3088\u308a\u8a00\u8a9e\u3092\u7fd2\u5f97\u3057\u3066\u3044\u304d\u307e\u3059\u3002\u30b3\u30df\u30e5\u30cb\u30b1\u30fc\u30b7\u30e7\u30f3\u306f\u300c\u884c\u52d5\u3059\u308b\u305f\u3081\u306b\u5b66\u3073\u3001\u5b66\u3076\u305f\u3081\u306b\u884c\u52d5\u3059\u308b\u300d\u305f\u3081\u306e\u624b\u6bb5\u3067\u3059\u3002<\/p><div class=\"wp-block-text-image\">\n  <div class=\"row align-bottom collapse\">\n    <div class=\"column small-12 medium-6 xlarge-5 xxlarge-expand wp-block-text-image-info js-fade-scroll\">\n      <p class=\"wp-block-text-image-title\">\u5b66\u751f\u3068\u8b1b\u5e2b\u306e\u8fd1\u63a5\u3057\u305f\u6559\u80b2<\/p>\n      <div class=\"wp-block-text-image-intro\"><p>\u5b66\u751f\u3068\u8b1b\u5e2b\u306e\u8ddd\u96e2\u306e\u8fd1\u3055\u3068\u3001\u5f62\u6210\u7684\u3001\u500b\u4eba\u7684\u3001\u5c02\u9580\u7684\u3068\u3044\u30463\u3064\u306e\u5074\u9762\u3067\u751f\u5f92\u3078\u306e\u30b0\u30ed\u30fc\u30d0\u30eb\u304b\u3064\u3001\u305d\u308c\u305e\u308c\u306e\u30cb\u30fc\u30ba\u306b\u5408\u308f\u305b\u305f\u30a2\u30d7\u30ed\u30fc\u30c1\u3092\u4e2d\u5fc3\u3068\u3057\u3066\u3044\u307e\u3059\u3002<\/p>\n<\/div>\n    <\/div>\n\n    <div class=\"column small-12 medium-6 xlarge-7 xxlarge-shrink wp-block-text-image-picture js-fade-scroll\">\n          <\/div>\n  <\/div>\n<\/div><h3 class=\"wp-block-heading\">\u9769\u65b0\u7684\u306a\u6559\u80b2\u6cd5<\/h3><p>\u8a00\u8a9e\u7fd2\u5f97\u306b\u5fc5\u8981\u306a\u30de\u30eb\u30c1\u30e1\u30c7\u30a3\u30a2\u30eb\u30fc\u30e0\u3084\u3001\u30c7\u30b8\u30bf\u30eb\u30ef\u30fc\u30af\u30b9\u30da\u30fc\u30b9\u306a\u3069\u3001\u65b0\u3057\u3044\u30c6\u30af\u30ce\u30ed\u30b8\u30fc\u3092\u6d3b\u7528\u3057\u3001\u8457\u540d\u306a\u6587\u5316\u6a5f\u95a2\u3068\u9023\u643a\u3057\u3066\u7f8e\u8853\u3084\u821e\u53f0\u82b8\u8853\u306a\u3069\u306b\u89aa\u3057\u307f\u306a\u304c\u3089\u3001\u6301\u7d9a\u7684\u306a\u6559\u80b2\u3092\u63a8\u9032\u3057\u3066\u3044\u307e\u3059\u3002<\/p><h2 class=\"wp-block-heading\">\u8a8d\u5b9a\u30c7\u30a3\u30d7\u30ed\u30e0<\/h2><p>ILCF\u30ea\u30e8\u30f3\u6821\u306f\u300130\u5e74\u6765\u3001\u30d5\u30e9\u30f3\u30b9\u8a9e\u8cc7\u683c\u8a66\u9a13\u306e\u516c\u5f0f\u8a66\u9a13\u4f1a\u5834\u306b\u306a\u3063\u3066\u3044\u307e\u3059\u3002\u305d\u308c\u306f\u5f53\u6821\u306b\u3068\u3063\u3066\u307e\u304e\u308c\u3082\u306a\u3044\u5927\u304d\u306a\u4ed8\u52a0\u4fa1\u5024\u3068\u3044\u3048\u307e\u3059\u3002\u516c\u5f0f\u8cc7\u683c\u8a66\u9a13\u306e\u8a66\u9a13\u5b98\u3067\u3082\u3042\u308b\u8b1b\u5e2b\u9663\u304c\u3001\u5b66\u751f\u305f\u3061\u306e\u8a66\u9a13\u5408\u683c\u306b\u5411\u3051\u3066\u3001\u6700\u9ad8\u306e\u6559\u80b2\u74b0\u5883\u3092\u63d0\u4f9b\u3057\u3001\u5168\u529b\u3067\u6307\u5c0e\u306b\u3042\u305f\u3063\u3066\u3044\u307e\u3059\u3002<\/p><p>ILCF\u30ea\u30e8\u30f3\u6821\u3067\u306f\u3001\u516c\u5f0f\u8cc7\u683c\u8a66\u9a13\u306e\u6e96\u5099\u30b3\u30fc\u30b9\u3092\u958b\u8b1b\u3057\u3066\u3044\u307e\u3059\u3002\u8a66\u9a13\u5408\u683c\u306e\u305f\u3081\u306e\u5177\u4f53\u7684\u306a\u6e96\u5099\u3092\u6307\u5c0e\u3057\u3001\u7b46\u8a18\u3084\u53e3\u982d\u8868\u73fe\u306e\u6a21\u64ec\u8a66\u9a13\u3092\u5b9f\u65bd\u3057\u3066\u3044\u307e\u3059\u306e\u3067\u3001\u52b9\u679c\u7684\u306a\u5b66\u7fd2\u6cd5\u3067\u8a66\u9a13\u306b\u81e8\u3080\u3053\u3068\u304c\u3067\u304d\u307e\u3059\u3002<\/p><p>\u30d5\u30e9\u30f3\u30b9\u56fd\u5185\u5916\u3067\u901a\u7528\u3059\u308b\u30c7\u30a3\u30d7\u30ed\u30e0\u3092\u53d6\u5f97\u3059\u308b\u3053\u3068\u3067\u3001\u30d5\u30e9\u30f3\u30b9\u8a9e\u80fd\u529b\u3068\u30d5\u30e9\u30f3\u30b9\u6587\u5316\u306b\u95a2\u3059\u308b\u77e5\u8b58\u30ec\u30d9\u30eb\u3092\u8a3c\u660e\u3059\u308b\u3053\u3068\u304c\u3067\u304d\u307e\u3059\u3002<\/p><h3 class=\"wp-block-heading\">\u5927\u5b66\u30c7\u30a3\u30d7\u30ed\u30e0<\/h3><p><strong>DUEF\uff1aDipl\u00f4mes Universitaires d'Etudes Fran\u00e7aises\uff08\u30d5\u30e9\u30f3\u30b9\u8a9e\u5927\u5b66\u4fee\u4e86\u8a3c\uff09<\/strong>\u3001<strong>CLCF\uff1aCertificats de Langue et de Culture Fran\u00e7aises\uff08\u30d5\u30e9\u30f3\u30b9\u8a00\u8a9e\u6587\u5316\u8cc7\u683c\u8a3c\u66f8\uff09\u3001CEFR\uff1aCadre Europ\u00e9en Commun de R\u00e9f\u00e9rence pour les Langues\uff08\u30e8\u30fc\u30ed\u30c3\u30d1\u8a00\u8a9e\u5171\u901a\u53c2\u7167\u67a0\uff09\u306e\u30ec\u30d9\u30ebA1\u301cC1<\/strong><\/p><p>DUEF\u306f\u3001ILCF\u30ea\u30e8\u30f3\u6821\u304c\u52a0\u76df\u3057\u3066\u3044\u308bADCUEFE\uff08\u5916\u56fd\u4eba\u306e\u305f\u3081\u306e\u30d5\u30e9\u30f3\u30b9\u8a9e\u6559\u80b2\u5927\u5b66\u30bb\u30f3\u30bf\u30fc\u7d4c\u55b6\u8005\u5354\u4f1a\uff09\u306b\u3088\u3063\u3066\u8a8d\u5b9a\u3055\u308c\u3066\u3044\u307e\u3059\u3002\u3053\u306e\u5354\u4f1a\u306b\u52a0\u76df\u3059\u308b\u30d5\u30e9\u30f3\u30b9\u306e35\u5927\u5b66\u3067DUEF\u306e\u6709\u52b9\u6027\u3092\u76f8\u4e92\u306b\u8a8d\u3081\u3066\u3044\u307e\u3059\u306e\u3067\u3001DUEF B2\u30ec\u30d9\u30eb\u4ee5\u4e0a\u3092\u53d6\u5f97\u3059\u308b\u3068\u3001\u4e00\u5b9a\u306e\u6761\u4ef6\u306e\u3082\u3068\u3067\u30d5\u30e9\u30f3\u30b9\u306e\u5927\u5b66\u3078\u306e\u5165\u5b66\u8cc7\u683c\u3092\u5f97\u308b\u3053\u3068\u304c\u3067\u304d\u307e\u3059\u3002<\/p><h3 class=\"wp-block-heading\">\u30d5\u30e9\u30f3\u30b9\u56fd\u6c11\u6559\u80b2\u7701\u8a8d\u5b9a\u30c7\u30a3\u30d7\u30ed\u30e0<\/h3><p><strong>DELF\u3001DALF<\/strong><\/p><p style=\"text-align: center\"><a rel=\"noreferrer noopener\" aria-label=\"\ufffc (s\u2019ouvre dans un nouvel onglet)\" href=\"https:\/\/www.ilcf.net\/centre-officiel-dexamens\/delf-diplome-detudes-en-langue-francaise\/\" target=\"_blank\"><img decoding=\"async\" class=\"wp-image-1208\" style=\"width: 170px;\" src=\"https:\/\/www.ilcf.net\/wp-content\/uploads\/sites\/20\/2019\/11\/delf-cmjn.png\" alt=\"logo delf\"><\/a><a rel=\"noreferrer noopener\" aria-label=\"\ufffc (s\u2019ouvre dans un nouvel onglet)\" href=\"https:\/\/www.ilcf.net\/centre-officiel-dexamens\/dalf-diplome-approfondi-de-langue-francaise\/\" target=\"_blank\"><img decoding=\"async\" class=\"wp-image-1442\" style=\"width: 170px;\" src=\"https:\/\/www.ilcf.net\/wp-content\/uploads\/sites\/20\/2019\/11\/dalf-cmjn-3.png\"><\/a><\/p><p>\u4e00\u822c\u30d5\u30e9\u30f3\u30b9\u8a9e\u3042\u308b\u3044\u306f\u8077\u696d\u30d5\u30e9\u30f3\u30b9\u8a9e\u306e\u80fd\u529b\u3092\u8a3c\u660e\u3059\u308b\u516c\u5f0f\u30d5\u30e9\u30f3\u30b9\u8a9e\u30c7\u30a3\u30d7\u30ed\u30e0<\/p><h3 class=\"wp-block-heading\">\u30d1\u30ea\u5546\u5de5\u4f1a\u8b70\u6240\u8a8d\u5b9a\u30c7\u30a3\u30d7\u30ed\u30e0<\/h3><p><strong>DFP Affaires B2\uff08\u8077\u696d\u30d5\u30e9\u30f3\u30b9\u8a9e\u8cc7\u683c \u30d3\u30b8\u30cd\u30b9\u30d5\u30e9\u30f3\u30b9\u8a9eB2\uff09\u3001DFP Affaires C1\uff08\u8077\u696d\u30d5\u30e9\u30f3\u30b9\u8a9e\u8cc7\u683c \u30d3\u30b8\u30cd\u30b9\u30d5\u30e9\u30f3\u30b9\u8a9eC1\uff09\u3001DFP Tourisme\u30fbH\u00f4tellerie B1\uff08\u8077\u696d\u30d5\u30e9\u30f3\u30b9\u8a9e\u8cc7\u683c \u30db\u30c6\u30eb\u30fb\u89b3\u5149\u696d\u30d5\u30e9\u30f3\u30b9\u8a9eB1\uff09<\/strong><br>\u516c\u5f0f\u5c02\u9580\u30d5\u30e9\u30f3\u30b9\u8a9e\u30c7\u30a3\u30d7\u30ed\u30e0\uff1a\u30d3\u30b8\u30cd\u30b9\u30d5\u30e9\u30f3\u30b9\u8a9e\u3001\u30db\u30c6\u30eb\u30fb\u89b3\u5149\u696d\u30d5\u30e9\u30f3\u30b9\u8a9e<\/p><h3 class=\"wp-block-heading\">\u5927\u5b66\u306e\u5358\u4f4d<\/h3><p>ILCF\u30ea\u30e8\u30f3\u6821\u3067\u306f\u3001\u30d5\u30e9\u30f3\u30b9\u56fd\u5916\u306e\u5927\u5b66\u306b\u5728\u7c4d\u3057\u3066\u3044\u308b\u5b66\u751f\u306b\u5bfe\u3057\u3066\u3001ILCF\u30ea\u30e8\u30f3\u6821\u307e\u305f\u306f\u30ea\u30e8\u30f3 \u30ab\u30c8\u30ea\u30c3\u30af\u5927\u5b66\u306e\u3044\u305a\u308c\u304b\u306e\u5b66\u90e8\u3067\u5c65\u4fee\u3057\u305f\u5358\u4f4d\u3092\u6210\u7e3e\u901a\u77e5\u66f8\u306b\u660e\u8a18\u3057\u3066\u3044\u307e\u3059\u3002\u5c65\u4fee\u5358\u4f4d\u306fECTS\uff08\u6b27\u5dde\u5358\u4f4d\u4e92\u63db\u5236\u5ea6\uff09\u3067\u5358\u4f4d\u4e92\u63db\u3067\u304d\u307e\u3059\u306e\u3067\u3001\u30d5\u30e9\u30f3\u30b9\u306e\u5927\u5b66\u3067\u52c9\u5b66\u3092\u7d9a\u3051\u308b\u3053\u3068\u304c\u53ef\u80fd\u306b\u306a\u308a\u307e\u3059\u3002<\/p><div class=\"wp-block-cross-content js-fade-scroll\">\n    <p class=\"wp-block-cross-content-title\">\u3053\u3061\u3089\u3082\u3054\u89a7\u304f\u3060\u3055\u3044<\/p>\n            <div class=\"row wp-block-cross-content-row\">\n                                <div class=\"column small-12 medium-6 large-4 wp-block-cross-content-col\">\n                        <a class=\"wp-block-cross-content-top\" href=\"https:\/\/www.ilcf.net\/ja\/ilcf%e3%81%ab%e3%81%a4%e3%81%84%e3%81%a6\/%e5%bd%93%e6%a0%a1%e3%81%ae%e5%bc%b7%e3%81%bf\/%e3%83%a8%e3%83%bc%e3%83%ad%e3%83%83%e3%83%91%e3%81%ae%e4%b8%bb%e8%a6%81%e9%83%bd%e5%b8%82%e3%83%aa%e3%83%a8%e3%83%b3\/\" title=\"\u30e8\u30fc\u30ed\u30c3\u30d1\u306e\u4e3b\u8981\u90fd\u5e02\u3001\u30ea\u30e8\u30f3 Lyon, capitale europ\u00e9enne\">\n                            <span class=\"wp-block-cross-content-name\">\u30e8\u30fc\u30ed\u30c3\u30d1\u306e\u4e3b\u8981\u90fd\u5e02\u3001\u30ea\u30e8\u30f3 Lyon, capitale europ\u00e9enne<\/span>\n                            <span class=\"wp-block-cross-content-image\"><img loading=\"lazy\" decoding=\"async\" width=\"630\" height=\"570\" src=\"https:\/\/www.ilcf.net\/wp-content\/uploads\/sites\/20\/2020\/02\/header-lyon-630x570.jpg\" class=\" wp-post-image\" alt=\"\" \/><\/span>\n                            <span class=\"wp-block-cross-content-more\">\n                                <span class=\"icon-more\"><\/span>\n                            <\/span>\n                        <\/a>\n                        <div class=\"wp-block-cross-content-excerpt\"><\/div>\n                    <\/div>\n                                                <div class=\"column small-12 medium-6 large-4 wp-block-cross-content-col\">\n                        <a class=\"wp-block-cross-content-top\" href=\"https:\/\/www.ilcf.net\/lilcf\/nos-atouts\/un-institut-labellise\/\" title=\"Un institut labellis\u00e9\">\n                            <span class=\"wp-block-cross-content-name\">Un institut labellis\u00e9<\/span>\n                            <span class=\"wp-block-cross-content-image\"><img loading=\"lazy\" decoding=\"async\" width=\"630\" height=\"570\" src=\"https:\/\/www.ilcf.net\/wp-content\/uploads\/sites\/20\/2020\/02\/header-institut-labellise-630x570.jpg\" class=\" wp-post-image\" alt=\"Institut labell\u00e9lis\u00e9\" \/><\/span>\n                            <span class=\"wp-block-cross-content-more\">\n                                <span class=\"icon-more\"><\/span>\n                            <\/span>\n                        <\/a>\n                        <div class=\"wp-block-cross-content-excerpt\"><\/div>\n                    <\/div>\n                                    <\/div>\n    <\/div>","protected":false},"excerpt":{"rendered":"<p>\u5b66\u751f\u3068\u8b1b\u5e2b\u304c\u8eab\u8fd1\u306b\u63a5\u3057\u3001\u884c\u52d5\u4e2d\u5fc3\u306e\u9769\u65b0\u7684\u306a\u6559\u80b2\u6cd5\u884c\u52d5\u4e2d\u5fc3\u306e\u8003\u3048\u65b9\u30e8\u30fc\u30ed\u30c3\u30d1\u8a00\u8a9e\u5171\u901a\u53c2\u7167\u67a0\uff08CEFR\uff09\u306b\u6e96\u62e0\u3057\u305f\u30d7\u30ed\u30b8\u30a7\u30af\u30c8\u30d9\u30fc\u30b9\u306e\u6559\u80b2\u6cd5\u3092\u63a1\u7528\u3057\u3001\u3088\u308a\u8907\u96d1\u306a\u30d7\u30ed\u30b8\u30a7\u30af\u30c8\u3092\u30b0\u30eb\u30fc\u30d7\u3067\u5b9f\u884c\u3067\u304d\u308b\u3088\u3046\u306b\u306a\u308b\u307e\u3067\u3001\u8a00\u8a9e\u306b\u3088\u308b\u30b3\u30df\u30e5\u30cb\u30b1\u30fc\u30b7\u30e7\u30f3\u6d3b\u52d5\u3092\u884c\u3044\u306a\u304c\u3089\u3001\u8ab2\u984c\u3092\u9042\u884c\u3057\u3066\u3044\u304f\u3053\u3068\u306b\u3088\u308a\u8a00\u8a9e\u3092\u7fd2\u5f97\u3057\u3066\u3044\u304d\u307e\u3059\u3002\u30b3\u30df\u30e5\u30cb\u30b1\u30fc\u30b7\u30e7\u30f3\u306f\u300c\u884c\u52d5\u3059\u308b\u305f\u3081\u306b\u5b66\u3073\u3001\u5b66\u3076\u305f\u3081\u306b\u884c\u52d5\u3059\u308b\u300d\u305f\u3081\u306e\u624b\u6bb5\u3067\u3059\u3002\u9769\u65b0\u7684\u306a\u6559\u80b2\u6cd5\u8a00\u8a9e\u7fd2\u5f97\u306b\u5fc5\u8981\u306a\u30de\u30eb\u30c1\u30e1\u30c7\u30a3\u30a2\u30eb\u30fc\u30e0\u3084\u3001\u30c7\u30b8\u30bf\u30eb\u30ef\u30fc\u30af\u30b9\u30da\u30fc\u30b9\u306a\u3069\u3001\u65b0\u3057\u3044\u30c6\u30af\u30ce\u30ed\u30b8\u30fc\u3092\u6d3b\u7528\u3057\u3001\u8457\u540d\u306a\u6587\u5316\u6a5f\u95a2\u3068\u9023\u643a\u3057\u3066\u7f8e\u8853\u3084\u821e\u53f0\u82b8\u8853\u306a\u3069\u306b\u89aa\u3057\u307f\u306a\u304c\u3089\u3001\u6301\u7d9a\u7684\u306a\u6559\u80b2\u3092\u63a8\u9032\u3057\u3066\u3044\u307e\u3059\u3002\u8a8d\u5b9a\u30c7\u30a3\u30d7\u30ed\u30e0ILCF\u30ea\u30e8\u30f3\u6821\u306f\u300130\u5e74\u6765\u3001\u30d5\u30e9\u30f3\u30b9\u8a9e\u8cc7\u683c\u8a66\u9a13\u306e\u516c\u5f0f\u8a66\u9a13\u4f1a\u5834\u306b\u306a\u3063\u3066\u3044\u307e\u3059\u3002\u305d\u308c\u306f\u5f53\u6821\u306b\u3068\u3063\u3066\u307e\u304e\u308c\u3082\u306a\u3044\u5927\u304d\u306a\u4ed8\u52a0\u4fa1\u5024\u3068\u3044\u3048\u307e\u3059\u3002\u516c\u5f0f\u8cc7\u683c\u8a66\u9a13\u306e\u8a66\u9a13\u5b98\u3067\u3082\u3042\u308b\u8b1b\u5e2b\u9663\u304c\u3001\u5b66\u751f\u305f\u3061\u306e\u8a66\u9a13\u5408\u683c\u306b\u5411\u3051\u3066\u3001\u6700\u9ad8\u306e\u6559\u80b2\u74b0\u5883\u3092\u63d0\u4f9b\u3057\u3001\u5168\u529b\u3067\u6307\u5c0e\u306b\u3042\u305f\u3063\u3066\u3044\u307e\u3059\u3002ILCF\u30ea\u30e8\u30f3\u6821\u3067\u306f\u3001\u516c\u5f0f\u8cc7\u683c\u8a66\u9a13\u306e\u6e96\u5099\u30b3\u30fc\u30b9\u3092\u958b\u8b1b\u3057\u3066\u3044\u307e\u3059\u3002\u8a66\u9a13\u5408\u683c\u306e\u305f\u3081\u306e\u5177\u4f53\u7684\u306a\u6e96\u5099\u3092\u6307\u5c0e\u3057\u3001\u7b46\u8a18\u3084\u53e3\u982d\u8868\u73fe\u306e\u6a21\u64ec\u8a66\u9a13\u3092\u5b9f\u65bd\u3057\u3066\u3044\u307e\u3059\u306e\u3067\u3001\u52b9\u679c\u7684\u306a\u5b66\u7fd2\u6cd5\u3067\u8a66\u9a13\u306b\u81e8\u3080\u3053\u3068\u304c\u3067\u304d\u307e\u3059\u3002\u30d5\u30e9\u30f3\u30b9\u56fd\u5185\u5916\u3067\u901a\u7528\u3059\u308b\u30c7\u30a3\u30d7\u30ed\u30e0\u3092\u53d6\u5f97\u3059\u308b\u3053\u3068\u3067\u3001\u30d5\u30e9\u30f3\u30b9\u8a9e\u80fd\u529b\u3068\u30d5\u30e9\u30f3\u30b9\u6587\u5316\u306b\u95a2\u3059\u308b\u77e5\u8b58\u30ec\u30d9\u30eb\u3092\u8a3c\u660e\u3059\u308b\u3053\u3068\u304c\u3067\u304d\u307e\u3059\u3002\u5927\u5b66\u30c7\u30a3\u30d7\u30ed\u30e0DUEF\uff1aDipl\u00f4mes Universitaires d&#8217;Etudes Fran\u00e7aises\uff08\u30d5\u30e9\u30f3\u30b9\u8a9e\u5927\u5b66\u4fee\u4e86\u8a3c\uff09\u3001CLCF\uff1aCertificats de Langue et de Culture Fran\u00e7aises\uff08\u30d5\u30e9\u30f3\u30b9\u8a00\u8a9e\u6587\u5316\u8cc7\u683c\u8a3c\u66f8\uff09\u3001CEFR\uff1aCadre Europ\u00e9en Commun de R\u00e9f\u00e9rence pour les Langues\uff08\u30e8\u30fc\u30ed\u30c3\u30d1\u8a00\u8a9e\u5171\u901a\u53c2\u7167\u67a0\uff09\u306e\u30ec\u30d9\u30ebA1\u301cC1DUEF\u306f\u3001ILCF\u30ea\u30e8\u30f3\u6821\u304c\u52a0\u76df\u3057\u3066\u3044\u308bADCUEFE\uff08\u5916\u56fd\u4eba\u306e\u305f\u3081\u306e\u30d5\u30e9\u30f3\u30b9\u8a9e\u6559\u80b2\u5927\u5b66\u30bb\u30f3\u30bf\u30fc\u7d4c\u55b6\u8005\u5354\u4f1a\uff09\u306b\u3088\u3063\u3066\u8a8d\u5b9a\u3055\u308c\u3066\u3044\u307e\u3059\u3002\u3053\u306e\u5354\u4f1a\u306b\u52a0\u76df\u3059\u308b\u30d5\u30e9\u30f3\u30b9\u306e35\u5927\u5b66\u3067DUEF\u306e\u6709\u52b9\u6027\u3092\u76f8\u4e92\u306b\u8a8d\u3081\u3066\u3044\u307e\u3059\u306e\u3067\u3001DUEF B2\u30ec\u30d9\u30eb\u4ee5\u4e0a\u3092\u53d6\u5f97\u3059\u308b\u3068\u3001\u4e00\u5b9a\u306e\u6761\u4ef6\u306e\u3082\u3068\u3067\u30d5\u30e9\u30f3\u30b9\u306e\u5927\u5b66\u3078\u306e\u5165\u5b66\u8cc7\u683c\u3092\u5f97\u308b\u3053\u3068\u304c\u3067\u304d\u307e\u3059\u3002\u30d5\u30e9\u30f3\u30b9\u56fd\u6c11\u6559\u80b2\u7701\u8a8d\u5b9a\u30c7\u30a3\u30d7\u30ed\u30e0DELF\u3001DALF\u4e00\u822c\u30d5\u30e9\u30f3\u30b9\u8a9e\u3042\u308b\u3044\u306f\u8077\u696d\u30d5\u30e9\u30f3\u30b9\u8a9e\u306e\u80fd\u529b\u3092\u8a3c\u660e\u3059\u308b\u516c\u5f0f\u30d5\u30e9\u30f3\u30b9\u8a9e\u30c7\u30a3\u30d7\u30ed\u30e0\u30d1\u30ea\u5546\u5de5\u4f1a\u8b70\u6240\u8a8d\u5b9a\u30c7\u30a3\u30d7\u30ed\u30e0DFP Affaires B2\uff08\u8077\u696d\u30d5\u30e9\u30f3\u30b9\u8a9e\u8cc7\u683c \u30d3\u30b8\u30cd\u30b9\u30d5\u30e9\u30f3\u30b9\u8a9eB2\uff09\u3001DFP Affaires C1\uff08\u8077\u696d\u30d5\u30e9\u30f3\u30b9\u8a9e\u8cc7\u683c \u30d3\u30b8\u30cd\u30b9\u30d5\u30e9\u30f3\u30b9\u8a9eC1\uff09\u3001DFP [&hellip;]<\/p>\n","protected":false},"author":32,"featured_media":17520,"parent":20043,"menu_order":1,"comment_status":"closed","ping_status":"closed","template":"","meta":{"_acf_changed":false,"footnotes":""},"class_list":["post-20046","page","type-page","status-publish","has-post-thumbnail","hentry"],"acf":[],"yoast_head":"<!-- This site is optimized with the Yoast SEO plugin v24.1 - https:\/\/yoast.com\/wordpress\/plugins\/seo\/ -->\n<title>\u30c7\u30a3\u30d7\u30ed\u30e0\u53d6\u5f97\u306e\u305f\u3081\u306e\u9769\u65b0\u7684\u306a\u6559\u80b2\u6cd5 P\u00e9dagogie - ILCF - Institut de Langue et de Culture Fran\u00e7aises<\/title>\n<meta name=\"description\" content=\"Une p\u00e9dagogie innovante au service du Centre Officiel d\u2019Examens : L\u2019ILCF Lyon vous pr\u00e9pare aux dipl\u00f4mes du minist\u00e8re de l&#039;Education Nationale et de la CCIP\" \/>\n<meta name=\"robots\" content=\"index, follow, max-snippet:-1, max-image-preview:large, max-video-preview:-1\" \/>\n<link rel=\"canonical\" href=\"https:\/\/www.ilcf.net\/ja\/ilcf%e3%81%ab%e3%81%a4%e3%81%84%e3%81%a6\/%e5%bd%93%e6%a0%a1%e3%81%ae%e5%bc%b7%e3%81%bf\/%e3%83%87%e3%82%a3%e3%83%97%e3%83%ad%e3%83%a0%e5%8f%96%e5%be%97%e3%81%ae%e3%81%9f%e3%82%81%e3%81%ae%e9%9d%a9%e6%96%b0%e7%9a%84%e3%81%aa%e6%95%99%e8%82%b2%e6%b3%95\/\" \/>\n<meta property=\"og:locale\" content=\"ja_JP\" \/>\n<meta property=\"og:type\" content=\"article\" \/>\n<meta property=\"og:title\" content=\"\u30c7\u30a3\u30d7\u30ed\u30e0\u53d6\u5f97\u306e\u305f\u3081\u306e\u9769\u65b0\u7684\u306a\u6559\u80b2\u6cd5 P\u00e9dagogie - ILCF - Institut de Langue et de Culture Fran\u00e7aises\" \/>\n<meta property=\"og:description\" content=\"Une p\u00e9dagogie innovante au service du Centre Officiel d\u2019Examens : L\u2019ILCF Lyon vous pr\u00e9pare aux dipl\u00f4mes du minist\u00e8re de l&#039;Education Nationale et de la CCIP\" \/>\n<meta property=\"og:url\" content=\"https:\/\/www.ilcf.net\/ja\/ilcf%e3%81%ab%e3%81%a4%e3%81%84%e3%81%a6\/%e5%bd%93%e6%a0%a1%e3%81%ae%e5%bc%b7%e3%81%bf\/%e3%83%87%e3%82%a3%e3%83%97%e3%83%ad%e3%83%a0%e5%8f%96%e5%be%97%e3%81%ae%e3%81%9f%e3%82%81%e3%81%ae%e9%9d%a9%e6%96%b0%e7%9a%84%e3%81%aa%e6%95%99%e8%82%b2%e6%b3%95\/\" \/>\n<meta property=\"og:site_name\" content=\"ILCF - Institut de Langue et de Culture Fran\u00e7aises\" \/>\n<meta property=\"article:modified_time\" content=\"2024-11-24T14:03:22+00:00\" \/>\n<meta property=\"og:image\" content=\"https:\/\/www.ilcf.net\/wp-content\/uploads\/sites\/20\/2020\/02\/header-pedagogie.jpg\" \/>\n\t<meta property=\"og:image:width\" content=\"1920\" \/>\n\t<meta property=\"og:image:height\" content=\"575\" \/>\n\t<meta property=\"og:image:type\" content=\"image\/jpeg\" \/>\n<meta name=\"twitter:card\" content=\"summary_large_image\" \/>\n<meta name=\"twitter:label1\" content=\"\u63a8\u5b9a\u8aad\u307f\u53d6\u308a\u6642\u9593\" \/>\n\t<meta name=\"twitter:data1\" content=\"1\u5206\" \/>\n<script type=\"application\/ld+json\" class=\"yoast-schema-graph\">{\"@context\":\"https:\/\/schema.org\",\"@graph\":[{\"@type\":\"WebPage\",\"@id\":\"https:\/\/www.ilcf.net\/ja\/ilcf%e3%81%ab%e3%81%a4%e3%81%84%e3%81%a6\/%e5%bd%93%e6%a0%a1%e3%81%ae%e5%bc%b7%e3%81%bf\/%e3%83%87%e3%82%a3%e3%83%97%e3%83%ad%e3%83%a0%e5%8f%96%e5%be%97%e3%81%ae%e3%81%9f%e3%82%81%e3%81%ae%e9%9d%a9%e6%96%b0%e7%9a%84%e3%81%aa%e6%95%99%e8%82%b2%e6%b3%95\/\",\"url\":\"https:\/\/www.ilcf.net\/ja\/ilcf%e3%81%ab%e3%81%a4%e3%81%84%e3%81%a6\/%e5%bd%93%e6%a0%a1%e3%81%ae%e5%bc%b7%e3%81%bf\/%e3%83%87%e3%82%a3%e3%83%97%e3%83%ad%e3%83%a0%e5%8f%96%e5%be%97%e3%81%ae%e3%81%9f%e3%82%81%e3%81%ae%e9%9d%a9%e6%96%b0%e7%9a%84%e3%81%aa%e6%95%99%e8%82%b2%e6%b3%95\/\",\"name\":\"\u30c7\u30a3\u30d7\u30ed\u30e0\u53d6\u5f97\u306e\u305f\u3081\u306e\u9769\u65b0\u7684\u306a\u6559\u80b2\u6cd5 P\u00e9dagogie - ILCF - Institut de Langue et de Culture Fran\u00e7aises\",\"isPartOf\":{\"@id\":\"https:\/\/www.ilcf.net\/ja\/#website\"},\"primaryImageOfPage\":{\"@id\":\"https:\/\/www.ilcf.net\/ja\/ilcf%e3%81%ab%e3%81%a4%e3%81%84%e3%81%a6\/%e5%bd%93%e6%a0%a1%e3%81%ae%e5%bc%b7%e3%81%bf\/%e3%83%87%e3%82%a3%e3%83%97%e3%83%ad%e3%83%a0%e5%8f%96%e5%be%97%e3%81%ae%e3%81%9f%e3%82%81%e3%81%ae%e9%9d%a9%e6%96%b0%e7%9a%84%e3%81%aa%e6%95%99%e8%82%b2%e6%b3%95\/#primaryimage\"},\"image\":{\"@id\":\"https:\/\/www.ilcf.net\/ja\/ilcf%e3%81%ab%e3%81%a4%e3%81%84%e3%81%a6\/%e5%bd%93%e6%a0%a1%e3%81%ae%e5%bc%b7%e3%81%bf\/%e3%83%87%e3%82%a3%e3%83%97%e3%83%ad%e3%83%a0%e5%8f%96%e5%be%97%e3%81%ae%e3%81%9f%e3%82%81%e3%81%ae%e9%9d%a9%e6%96%b0%e7%9a%84%e3%81%aa%e6%95%99%e8%82%b2%e6%b3%95\/#primaryimage\"},\"thumbnailUrl\":\"https:\/\/www.ilcf.net\/wp-content\/uploads\/sites\/20\/2020\/02\/header-pedagogie.jpg\",\"datePublished\":\"2019-11-18T15:23:50+00:00\",\"dateModified\":\"2024-11-24T14:03:22+00:00\",\"description\":\"Une p\u00e9dagogie innovante au service du Centre Officiel d\u2019Examens : L\u2019ILCF Lyon vous pr\u00e9pare aux dipl\u00f4mes du minist\u00e8re de l'Education Nationale et de la CCIP\",\"breadcrumb\":{\"@id\":\"https:\/\/www.ilcf.net\/ja\/ilcf%e3%81%ab%e3%81%a4%e3%81%84%e3%81%a6\/%e5%bd%93%e6%a0%a1%e3%81%ae%e5%bc%b7%e3%81%bf\/%e3%83%87%e3%82%a3%e3%83%97%e3%83%ad%e3%83%a0%e5%8f%96%e5%be%97%e3%81%ae%e3%81%9f%e3%82%81%e3%81%ae%e9%9d%a9%e6%96%b0%e7%9a%84%e3%81%aa%e6%95%99%e8%82%b2%e6%b3%95\/#breadcrumb\"},\"inLanguage\":\"ja\",\"potentialAction\":[{\"@type\":\"ReadAction\",\"target\":[\"https:\/\/www.ilcf.net\/ja\/ilcf%e3%81%ab%e3%81%a4%e3%81%84%e3%81%a6\/%e5%bd%93%e6%a0%a1%e3%81%ae%e5%bc%b7%e3%81%bf\/%e3%83%87%e3%82%a3%e3%83%97%e3%83%ad%e3%83%a0%e5%8f%96%e5%be%97%e3%81%ae%e3%81%9f%e3%82%81%e3%81%ae%e9%9d%a9%e6%96%b0%e7%9a%84%e3%81%aa%e6%95%99%e8%82%b2%e6%b3%95\/\"]}]},{\"@type\":\"ImageObject\",\"inLanguage\":\"ja\",\"@id\":\"https:\/\/www.ilcf.net\/ja\/ilcf%e3%81%ab%e3%81%a4%e3%81%84%e3%81%a6\/%e5%bd%93%e6%a0%a1%e3%81%ae%e5%bc%b7%e3%81%bf\/%e3%83%87%e3%82%a3%e3%83%97%e3%83%ad%e3%83%a0%e5%8f%96%e5%be%97%e3%81%ae%e3%81%9f%e3%82%81%e3%81%ae%e9%9d%a9%e6%96%b0%e7%9a%84%e3%81%aa%e6%95%99%e8%82%b2%e6%b3%95\/#primaryimage\",\"url\":\"https:\/\/www.ilcf.net\/wp-content\/uploads\/sites\/20\/2020\/02\/header-pedagogie.jpg\",\"contentUrl\":\"https:\/\/www.ilcf.net\/wp-content\/uploads\/sites\/20\/2020\/02\/header-pedagogie.jpg\",\"width\":1920,\"height\":575},{\"@type\":\"BreadcrumbList\",\"@id\":\"https:\/\/www.ilcf.net\/ja\/ilcf%e3%81%ab%e3%81%a4%e3%81%84%e3%81%a6\/%e5%bd%93%e6%a0%a1%e3%81%ae%e5%bc%b7%e3%81%bf\/%e3%83%87%e3%82%a3%e3%83%97%e3%83%ad%e3%83%a0%e5%8f%96%e5%be%97%e3%81%ae%e3%81%9f%e3%82%81%e3%81%ae%e9%9d%a9%e6%96%b0%e7%9a%84%e3%81%aa%e6%95%99%e8%82%b2%e6%b3%95\/#breadcrumb\",\"itemListElement\":[{\"@type\":\"ListItem\",\"position\":1,\"name\":\"Accueil\",\"item\":\"https:\/\/www.ilcf.net\/ja\/\"},{\"@type\":\"ListItem\",\"position\":2,\"name\":\"ILCF\u306b\u3064\u3044\u3066\",\"item\":\"https:\/\/www.ilcf.net\/ja\/ilcf%e3%81%ab%e3%81%a4%e3%81%84%e3%81%a6\/\"},{\"@type\":\"ListItem\",\"position\":3,\"name\":\"\u5f53\u6821\u306e\u5f37\u307f Nos atouts\",\"item\":\"https:\/\/www.ilcf.net\/ja\/ilcf%e3%81%ab%e3%81%a4%e3%81%84%e3%81%a6\/%e5%bd%93%e6%a0%a1%e3%81%ae%e5%bc%b7%e3%81%bf\/\"},{\"@type\":\"ListItem\",\"position\":4,\"name\":\"\u30c7\u30a3\u30d7\u30ed\u30e0\u53d6\u5f97\u306e\u305f\u3081\u306e\u9769\u65b0\u7684\u306a\u6559\u80b2\u6cd5 P\u00e9dagogie\"}]},{\"@type\":\"WebSite\",\"@id\":\"https:\/\/www.ilcf.net\/ja\/#website\",\"url\":\"https:\/\/www.ilcf.net\/ja\/\",\"name\":\"ILCF - Institut de Langue et de Culture Fran\u00e7aises\",\"description\":\"ILCF - Institut de Langue et de Culture Fran\u00e7aises\",\"publisher\":{\"@id\":\"https:\/\/www.ilcf.net\/ja\/#organization\"},\"potentialAction\":[{\"@type\":\"SearchAction\",\"target\":{\"@type\":\"EntryPoint\",\"urlTemplate\":\"https:\/\/www.ilcf.net\/ja\/?s={search_term_string}\"},\"query-input\":{\"@type\":\"PropertyValueSpecification\",\"valueRequired\":true,\"valueName\":\"search_term_string\"}}],\"inLanguage\":\"ja\"},{\"@type\":\"Organization\",\"@id\":\"https:\/\/www.ilcf.net\/ja\/#organization\",\"name\":\"ILCF - Institut de Langue et de Culture Fran\u00e7aises\",\"url\":\"https:\/\/www.ilcf.net\/ja\/\",\"logo\":{\"@type\":\"ImageObject\",\"inLanguage\":\"ja\",\"@id\":\"https:\/\/www.ilcf.net\/ja\/#\/schema\/logo\/image\/\",\"url\":\"https:\/\/www.ilcf.net\/wp-content\/uploads\/sites\/20\/2019\/11\/ilcf_logo.svg\",\"contentUrl\":\"https:\/\/www.ilcf.net\/wp-content\/uploads\/sites\/20\/2019\/11\/ilcf_logo.svg\",\"caption\":\"ILCF - Institut de Langue et de Culture Fran\u00e7aises\"},\"image\":{\"@id\":\"https:\/\/www.ilcf.net\/ja\/#\/schema\/logo\/image\/\"}}]}<\/script>\n<!-- \/ Yoast SEO plugin. -->","yoast_head_json":{"title":"\u30c7\u30a3\u30d7\u30ed\u30e0\u53d6\u5f97\u306e\u305f\u3081\u306e\u9769\u65b0\u7684\u306a\u6559\u80b2\u6cd5 P\u00e9dagogie - ILCF - Institut de Langue et de Culture Fran\u00e7aises","description":"Une p\u00e9dagogie innovante au service du Centre Officiel d\u2019Examens : L\u2019ILCF Lyon vous pr\u00e9pare aux dipl\u00f4mes du minist\u00e8re de l'Education Nationale et de la CCIP","robots":{"index":"index","follow":"follow","max-snippet":"max-snippet:-1","max-image-preview":"max-image-preview:large","max-video-preview":"max-video-preview:-1"},"canonical":"https:\/\/www.ilcf.net\/ja\/ilcf%e3%81%ab%e3%81%a4%e3%81%84%e3%81%a6\/%e5%bd%93%e6%a0%a1%e3%81%ae%e5%bc%b7%e3%81%bf\/%e3%83%87%e3%82%a3%e3%83%97%e3%83%ad%e3%83%a0%e5%8f%96%e5%be%97%e3%81%ae%e3%81%9f%e3%82%81%e3%81%ae%e9%9d%a9%e6%96%b0%e7%9a%84%e3%81%aa%e6%95%99%e8%82%b2%e6%b3%95\/","og_locale":"ja_JP","og_type":"article","og_title":"\u30c7\u30a3\u30d7\u30ed\u30e0\u53d6\u5f97\u306e\u305f\u3081\u306e\u9769\u65b0\u7684\u306a\u6559\u80b2\u6cd5 P\u00e9dagogie - ILCF - Institut de Langue et de Culture Fran\u00e7aises","og_description":"Une p\u00e9dagogie innovante au service du Centre Officiel d\u2019Examens : L\u2019ILCF Lyon vous pr\u00e9pare aux dipl\u00f4mes du minist\u00e8re de l'Education Nationale et de la CCIP","og_url":"https:\/\/www.ilcf.net\/ja\/ilcf%e3%81%ab%e3%81%a4%e3%81%84%e3%81%a6\/%e5%bd%93%e6%a0%a1%e3%81%ae%e5%bc%b7%e3%81%bf\/%e3%83%87%e3%82%a3%e3%83%97%e3%83%ad%e3%83%a0%e5%8f%96%e5%be%97%e3%81%ae%e3%81%9f%e3%82%81%e3%81%ae%e9%9d%a9%e6%96%b0%e7%9a%84%e3%81%aa%e6%95%99%e8%82%b2%e6%b3%95\/","og_site_name":"ILCF - Institut de Langue et de Culture Fran\u00e7aises","article_modified_time":"2024-11-24T14:03:22+00:00","og_image":[{"width":1920,"height":575,"url":"https:\/\/www.ilcf.net\/wp-content\/uploads\/sites\/20\/2020\/02\/header-pedagogie.jpg","type":"image\/jpeg"}],"twitter_card":"summary_large_image","twitter_misc":{"\u63a8\u5b9a\u8aad\u307f\u53d6\u308a\u6642\u9593":"1\u5206"},"schema":{"@context":"https:\/\/schema.org","@graph":[{"@type":"WebPage","@id":"https:\/\/www.ilcf.net\/ja\/ilcf%e3%81%ab%e3%81%a4%e3%81%84%e3%81%a6\/%e5%bd%93%e6%a0%a1%e3%81%ae%e5%bc%b7%e3%81%bf\/%e3%83%87%e3%82%a3%e3%83%97%e3%83%ad%e3%83%a0%e5%8f%96%e5%be%97%e3%81%ae%e3%81%9f%e3%82%81%e3%81%ae%e9%9d%a9%e6%96%b0%e7%9a%84%e3%81%aa%e6%95%99%e8%82%b2%e6%b3%95\/","url":"https:\/\/www.ilcf.net\/ja\/ilcf%e3%81%ab%e3%81%a4%e3%81%84%e3%81%a6\/%e5%bd%93%e6%a0%a1%e3%81%ae%e5%bc%b7%e3%81%bf\/%e3%83%87%e3%82%a3%e3%83%97%e3%83%ad%e3%83%a0%e5%8f%96%e5%be%97%e3%81%ae%e3%81%9f%e3%82%81%e3%81%ae%e9%9d%a9%e6%96%b0%e7%9a%84%e3%81%aa%e6%95%99%e8%82%b2%e6%b3%95\/","name":"\u30c7\u30a3\u30d7\u30ed\u30e0\u53d6\u5f97\u306e\u305f\u3081\u306e\u9769\u65b0\u7684\u306a\u6559\u80b2\u6cd5 P\u00e9dagogie - ILCF - Institut de Langue et de Culture Fran\u00e7aises","isPartOf":{"@id":"https:\/\/www.ilcf.net\/ja\/#website"},"primaryImageOfPage":{"@id":"https:\/\/www.ilcf.net\/ja\/ilcf%e3%81%ab%e3%81%a4%e3%81%84%e3%81%a6\/%e5%bd%93%e6%a0%a1%e3%81%ae%e5%bc%b7%e3%81%bf\/%e3%83%87%e3%82%a3%e3%83%97%e3%83%ad%e3%83%a0%e5%8f%96%e5%be%97%e3%81%ae%e3%81%9f%e3%82%81%e3%81%ae%e9%9d%a9%e6%96%b0%e7%9a%84%e3%81%aa%e6%95%99%e8%82%b2%e6%b3%95\/#primaryimage"},"image":{"@id":"https:\/\/www.ilcf.net\/ja\/ilcf%e3%81%ab%e3%81%a4%e3%81%84%e3%81%a6\/%e5%bd%93%e6%a0%a1%e3%81%ae%e5%bc%b7%e3%81%bf\/%e3%83%87%e3%82%a3%e3%83%97%e3%83%ad%e3%83%a0%e5%8f%96%e5%be%97%e3%81%ae%e3%81%9f%e3%82%81%e3%81%ae%e9%9d%a9%e6%96%b0%e7%9a%84%e3%81%aa%e6%95%99%e8%82%b2%e6%b3%95\/#primaryimage"},"thumbnailUrl":"https:\/\/www.ilcf.net\/wp-content\/uploads\/sites\/20\/2020\/02\/header-pedagogie.jpg","datePublished":"2019-11-18T15:23:50+00:00","dateModified":"2024-11-24T14:03:22+00:00","description":"Une p\u00e9dagogie innovante au service du Centre Officiel d\u2019Examens : L\u2019ILCF Lyon vous pr\u00e9pare aux dipl\u00f4mes du minist\u00e8re de l'Education Nationale et de la CCIP","breadcrumb":{"@id":"https:\/\/www.ilcf.net\/ja\/ilcf%e3%81%ab%e3%81%a4%e3%81%84%e3%81%a6\/%e5%bd%93%e6%a0%a1%e3%81%ae%e5%bc%b7%e3%81%bf\/%e3%83%87%e3%82%a3%e3%83%97%e3%83%ad%e3%83%a0%e5%8f%96%e5%be%97%e3%81%ae%e3%81%9f%e3%82%81%e3%81%ae%e9%9d%a9%e6%96%b0%e7%9a%84%e3%81%aa%e6%95%99%e8%82%b2%e6%b3%95\/#breadcrumb"},"inLanguage":"ja","potentialAction":[{"@type":"ReadAction","target":["https:\/\/www.ilcf.net\/ja\/ilcf%e3%81%ab%e3%81%a4%e3%81%84%e3%81%a6\/%e5%bd%93%e6%a0%a1%e3%81%ae%e5%bc%b7%e3%81%bf\/%e3%83%87%e3%82%a3%e3%83%97%e3%83%ad%e3%83%a0%e5%8f%96%e5%be%97%e3%81%ae%e3%81%9f%e3%82%81%e3%81%ae%e9%9d%a9%e6%96%b0%e7%9a%84%e3%81%aa%e6%95%99%e8%82%b2%e6%b3%95\/"]}]},{"@type":"ImageObject","inLanguage":"ja","@id":"https:\/\/www.ilcf.net\/ja\/ilcf%e3%81%ab%e3%81%a4%e3%81%84%e3%81%a6\/%e5%bd%93%e6%a0%a1%e3%81%ae%e5%bc%b7%e3%81%bf\/%e3%83%87%e3%82%a3%e3%83%97%e3%83%ad%e3%83%a0%e5%8f%96%e5%be%97%e3%81%ae%e3%81%9f%e3%82%81%e3%81%ae%e9%9d%a9%e6%96%b0%e7%9a%84%e3%81%aa%e6%95%99%e8%82%b2%e6%b3%95\/#primaryimage","url":"https:\/\/www.ilcf.net\/wp-content\/uploads\/sites\/20\/2020\/02\/header-pedagogie.jpg","contentUrl":"https:\/\/www.ilcf.net\/wp-content\/uploads\/sites\/20\/2020\/02\/header-pedagogie.jpg","width":1920,"height":575},{"@type":"BreadcrumbList","@id":"https:\/\/www.ilcf.net\/ja\/ilcf%e3%81%ab%e3%81%a4%e3%81%84%e3%81%a6\/%e5%bd%93%e6%a0%a1%e3%81%ae%e5%bc%b7%e3%81%bf\/%e3%83%87%e3%82%a3%e3%83%97%e3%83%ad%e3%83%a0%e5%8f%96%e5%be%97%e3%81%ae%e3%81%9f%e3%82%81%e3%81%ae%e9%9d%a9%e6%96%b0%e7%9a%84%e3%81%aa%e6%95%99%e8%82%b2%e6%b3%95\/#breadcrumb","itemListElement":[{"@type":"ListItem","position":1,"name":"Accueil","item":"https:\/\/www.ilcf.net\/ja\/"},{"@type":"ListItem","position":2,"name":"ILCF\u306b\u3064\u3044\u3066","item":"https:\/\/www.ilcf.net\/ja\/ilcf%e3%81%ab%e3%81%a4%e3%81%84%e3%81%a6\/"},{"@type":"ListItem","position":3,"name":"\u5f53\u6821\u306e\u5f37\u307f Nos atouts","item":"https:\/\/www.ilcf.net\/ja\/ilcf%e3%81%ab%e3%81%a4%e3%81%84%e3%81%a6\/%e5%bd%93%e6%a0%a1%e3%81%ae%e5%bc%b7%e3%81%bf\/"},{"@type":"ListItem","position":4,"name":"\u30c7\u30a3\u30d7\u30ed\u30e0\u53d6\u5f97\u306e\u305f\u3081\u306e\u9769\u65b0\u7684\u306a\u6559\u80b2\u6cd5 P\u00e9dagogie"}]},{"@type":"WebSite","@id":"https:\/\/www.ilcf.net\/ja\/#website","url":"https:\/\/www.ilcf.net\/ja\/","name":"ILCF - Institut de Langue et de Culture Fran\u00e7aises","description":"ILCF - Institut de Langue et de Culture Fran\u00e7aises","publisher":{"@id":"https:\/\/www.ilcf.net\/ja\/#organization"},"potentialAction":[{"@type":"SearchAction","target":{"@type":"EntryPoint","urlTemplate":"https:\/\/www.ilcf.net\/ja\/?s={search_term_string}"},"query-input":{"@type":"PropertyValueSpecification","valueRequired":true,"valueName":"search_term_string"}}],"inLanguage":"ja"},{"@type":"Organization","@id":"https:\/\/www.ilcf.net\/ja\/#organization","name":"ILCF - Institut de Langue et de Culture Fran\u00e7aises","url":"https:\/\/www.ilcf.net\/ja\/","logo":{"@type":"ImageObject","inLanguage":"ja","@id":"https:\/\/www.ilcf.net\/ja\/#\/schema\/logo\/image\/","url":"https:\/\/www.ilcf.net\/wp-content\/uploads\/sites\/20\/2019\/11\/ilcf_logo.svg","contentUrl":"https:\/\/www.ilcf.net\/wp-content\/uploads\/sites\/20\/2019\/11\/ilcf_logo.svg","caption":"ILCF - Institut de Langue et de Culture Fran\u00e7aises"},"image":{"@id":"https:\/\/www.ilcf.net\/ja\/#\/schema\/logo\/image\/"}}]}},"_links":{"self":[{"href":"https:\/\/www.ilcf.net\/ja\/wp-json\/wp\/v2\/pages\/20046","targetHints":{"allow":["GET"]}}],"collection":[{"href":"https:\/\/www.ilcf.net\/ja\/wp-json\/wp\/v2\/pages"}],"about":[{"href":"https:\/\/www.ilcf.net\/ja\/wp-json\/wp\/v2\/types\/page"}],"author":[{"embeddable":true,"href":"https:\/\/www.ilcf.net\/ja\/wp-json\/wp\/v2\/users\/32"}],"replies":[{"embeddable":true,"href":"https:\/\/www.ilcf.net\/ja\/wp-json\/wp\/v2\/comments?post=20046"}],"version-history":[{"count":16,"href":"https:\/\/www.ilcf.net\/ja\/wp-json\/wp\/v2\/pages\/20046\/revisions"}],"predecessor-version":[{"id":24684,"href":"https:\/\/www.ilcf.net\/ja\/wp-json\/wp\/v2\/pages\/20046\/revisions\/24684"}],"up":[{"embeddable":true,"href":"https:\/\/www.ilcf.net\/ja\/wp-json\/wp\/v2\/pages\/20043"}],"wp:featuredmedia":[{"embeddable":true,"href":"https:\/\/www.ilcf.net\/ja\/wp-json\/wp\/v2\/media\/17520"}],"wp:attachment":[{"href":"https:\/\/www.ilcf.net\/ja\/wp-json\/wp\/v2\/media?parent=20046"}],"curies":[{"name":"wp","href":"https:\/\/api.w.org\/{rel}","templated":true}]}}