{"id":5893,"date":"2019-11-07T14:00:13","date_gmt":"2019-11-07T13:00:13","guid":{"rendered":"https:\/\/www.ilcf.net\/?page_id=5893"},"modified":"2026-03-16T16:57:52","modified_gmt":"2026-03-16T15:57:52","slug":"pagina-de-inicio","status":"publish","type":"page","link":"https:\/\/www.ilcf.net\/es\/","title":{"rendered":"P\u00e1gina de inicio"},"content":{"rendered":"<div class=\"wp-block-promote\">\n\n  <div class=\"row medium-collapse wp-block-promote-row js-fade-scroll\">\n\n    <div class=\"column small-12 large-6\">\n      <p class=\"wp-block-promote-title\">\n\n\n\nAprender franc\u00e9s durante el verano\n\n\n\n\n<\/p>\n      <div class=\"wp-block-promote-image\">\n        <img loading=\"lazy\" decoding=\"async\" width=\"605\" height=\"435\" src=\"https:\/\/www.ilcf.net\/wp-content\/uploads\/sites\/20\/2019\/11\/header-cours-mensuel-ete-ilcf-605x435.jpg\" class=\"attachment-promote size-promote\" alt=\"\" \/>      <\/div>\n    <\/div>\n\n    <div class=\"column small-12 large-6 wp-block-promote-text\">\n      <div class=\"wp-block-promote-intro\"><div class=\"text-base my-auto mx-auto [--thread-content-margin:var(--thread-content-margin-xs,calc(var(--spacing)*4))] @w-sm\/main:[--thread-content-margin:var(--thread-content-margin-sm,calc(var(--spacing)*6))] @w-lg\/main:[--thread-content-margin:var(--thread-content-margin-lg,calc(var(--spacing)*16))] px-(--thread-content-margin)\">\n<div class=\"[--thread-content-max-width:40rem] @w-lg\/main:[--thread-content-max-width:48rem] mx-auto max-w-(--thread-content-max-width) flex-1 group\/turn-messages focus-visible:outline-hidden relative flex w-full min-w-0 flex-col agent-turn\" tabindex=\"-1\">\n<div class=\"flex max-w-full flex-col gap-4 grow\">\n<div class=\"min-h-8 text-message relative flex w-full flex-col items-end gap-2 text-start break-words whitespace-normal [.text-message+&amp;]:mt-1\" dir=\"auto\" data-message-author-role=\"assistant\" data-message-id=\"3c475126-a6d4-4d3e-a08e-e085299ad2ae\" data-message-model-slug=\"gpt-5-3-instant\">\n<div class=\"flex w-full flex-col gap-1 empty:hidden\">\n<div class=\"markdown prose dark:prose-invert w-full wrap-break-word dark markdown-new-styling\">\n<p data-start=\"144\" data-end=\"257\" data-is-last-node=\"\" data-is-only-node=\"\">Las inscripciones para la Summer School 2026 del ILCF ya est\u00e1n abiertas.<\/p>\n<\/div>\n<\/div>\n<\/div>\n<\/div>\n<\/div>\n<\/div>\n<\/div>\n\n      <a href=\"https:\/\/www.ilcf.net\/es\/programas\/programa-clcf-de-verano-intensivo-junio-julio-y-agosto\/\" title=\"M\u00e1s informaci\u00f3n\" class=\"button light wp-block-promote-link\">M\u00e1s informaci\u00f3n<\/a>\n    <\/div>\n\n  <\/div>\n\n<\/div><div class=\"wp-block-training\">\n\n    <div class=\"row align-right wp-block-training-row\">\n\n      <div class=\"column small-12 medium-8\">\n        <h2 class=\"wp-block-training-title\">\n          <span class=\"block-suptitle\">Los programas del ILCF-Lyon<\/span><br>\n          <span class=\"block-title\">Descubre todos nuestros <span class=\"text-color-primary\">cursos de franc\u00e9s<\/span>\n<\/span>\n        <\/h2>\n      <\/div>\n\n      <div class=\"column small-12\">\n\n        <div class=\"owl-carousel owl-theme owl-block-training\">\n\n          \n            <div class=\"wp-block-training-col\">\n\n              <a class=\"training-top\" href=\"https:\/\/www.ilcf.net\/es\/programas\/programa-complementario-lengua-cultura-y-civilizacion\/\" title=\"Programa complementario Lengua, cultura y civilizaci\u00f3n\">\n\n                <span class=\"training-name\">Programa complementario Lengua, cultura y civilizaci\u00f3n<\/span>\n\n                <span class=\"training-image\"><img loading=\"lazy\" decoding=\"async\" width=\"630\" height=\"570\" src=\"https:\/\/www.ilcf.net\/wp-content\/uploads\/sites\/20\/2019\/11\/header-cours-semi-intensif-630x570.jpg\" class=\"attachment-cross size-cross wp-post-image\" alt=\"\" \/><\/span>\n\n                <span class=\"training-more\">\n                  <span class=\"icon-more\"><\/span>\n                <\/span>\n\n              <\/a>\n\n            <\/div>\n\n          \n            <div class=\"wp-block-training-col\">\n\n              <a class=\"training-top\" href=\"https:\/\/www.ilcf.net\/es\/programas\/programa-duef\/\" title=\"Programa DUEF\">\n\n                <span class=\"training-name\">Programa DUEF<\/span>\n\n                <span class=\"training-image\"><img loading=\"lazy\" decoding=\"async\" width=\"630\" height=\"570\" src=\"https:\/\/www.ilcf.net\/wp-content\/uploads\/sites\/20\/2019\/11\/programme-cours-ilcf-630x570.jpg\" class=\"attachment-cross size-cross wp-post-image\" alt=\"\" \/><\/span>\n\n                <span class=\"training-more\">\n                  <span class=\"icon-more\"><\/span>\n                <\/span>\n\n              <\/a>\n\n            <\/div>\n\n          \n            <div class=\"wp-block-training-col\">\n\n              <a class=\"training-top\" href=\"https:\/\/www.ilcf.net\/es\/programas\/programa-clcf-de-verano-intensivo-junio-julio-y-agosto\/\" title=\"Programa CLCF de verano intensivo: junio, julio y agosto\">\n\n                <span class=\"training-name\">Programa CLCF de verano intensivo: junio, julio y agosto<\/span>\n\n                <span class=\"training-image\"><img loading=\"lazy\" decoding=\"async\" width=\"630\" height=\"570\" src=\"https:\/\/www.ilcf.net\/wp-content\/uploads\/sites\/20\/2019\/11\/header-programme-ete-ilcf-2023-630x570.jpg\" class=\"attachment-cross size-cross wp-post-image\" alt=\"Programme \u00e9t\u00e9 ILCF\" \/><\/span>\n\n                <span class=\"training-more\">\n                  <span class=\"icon-more\"><\/span>\n                <\/span>\n\n              <\/a>\n\n            <\/div>\n\n          \n            <div class=\"wp-block-training-col\">\n\n              <a class=\"training-top\" href=\"https:\/\/www.ilcf.net\/es\/programas\/curso-de-frances-para-principiantes-febrero\/\" title=\"Curso de franc\u00e9s para principiantes : Febrero\">\n\n                <span class=\"training-name\">Curso de franc\u00e9s para principiantes : Febrero<\/span>\n\n                <span class=\"training-image\"><img loading=\"lazy\" decoding=\"async\" width=\"550\" height=\"500\" src=\"https:\/\/www.ilcf.net\/wp-content\/uploads\/sites\/20\/2019\/11\/header-coursmensuel-ilcf-tousesmomentsla-550x500.jpg\" class=\"attachment-cross size-cross wp-post-image\" alt=\"\" \/><\/span>\n\n                <span class=\"training-more\">\n                  <span class=\"icon-more\"><\/span>\n                <\/span>\n\n              <\/a>\n\n            <\/div>\n\n          \n        <\/div>\n      <\/div>\n\n      <div class=\"column small-12 text-right\">\n        <a href=\"https:\/\/www.ilcf.net\/es\/nuestros-programas\/\" title=\"Todos los programas del ILCF\" class=\"button primary wp-block-training-link\">Todos los programas del ILCF<\/a>\n      <\/div>\n\n    <\/div>\n\n  <\/div><div class=\"wp-block-promote\">\n\n  <div class=\"row medium-collapse wp-block-promote-row js-fade-scroll\">\n\n    <div class=\"column small-12 large-6\">\n      <p class=\"wp-block-promote-title\"><\/p>\n      <div class=\"wp-block-promote-image\">\n              <\/div>\n    <\/div>\n\n    <div class=\"column small-12 large-6 wp-block-promote-text\">\n      <div class=\"wp-block-promote-intro\"><\/div>\n\n      <a href=\"\" title=\"\" class=\"button light wp-block-promote-link\"><\/a>\n    <\/div>\n\n  <\/div>\n\n<\/div><div class=\"wp-block-key-figures\">\n  <div class=\"row medium-collapse wp-block-key-figures-row\">\n    <h2 class=\"column small-12 wp-block-key-figures-title js-fade-scroll\">\n      <span class=\"block-suptitle\">ILCF<\/span><br>\n      <span class=\"block-title\">M\u00e1s de 77 a\u00f1os<br \/>\nde <span class=\"text-color-primary\">ense\u00f1anza del franc\u00e9s<\/span>\n<\/span>\n    <\/h2>\n\n    <div class=\"column small-12 large-5 wp-block-key-figures-col-left\">\n\n      <div class=\"key-figures js-fade-scroll\">\n                <p class=\"key-figures-number\">77<\/p>\n        <p class=\"key-figures-caption\">a\u00f1os de innovaci\u00f3n<\/p>\n      <\/div>\n\n      <div class=\"key-figures js-fade-scroll\">\n                <p class=\"key-figures-number\">5<\/p>\n        <p class=\"key-figures-caption\">etiquetas de calidad reconocidas<\/p>\n      <\/div>\n\n      <div class=\"wp-block-key-figures-infos js-fade-scroll\">\n\n        <div class=\"wp-block-key-figures-intro\"><div id=\"trpar\"><span id=\"s2_1\">Desde <strong>1948<\/strong>, el ILCF ense\u00f1a franc\u00e9s a un p\u00fablico internacional.<\/span> <span id=\"s2_2\">Hoy en d\u00eda, m\u00e1s de <strong>70 nacionalidades<\/strong> est\u00e1n representadas por nuestros <strong>2 000 estudiantes<\/strong>.<\/span><\/div>\n<p>&nbsp;<\/p>\n<\/div>\n        <a href=\"https:\/\/www.ilcf.net\/es\/ilcf\/presentacion\/nuestra-historia\/\" title=\"M\u00e1s informaci\u00f3n\" class=\"button dark\">M\u00e1s informaci\u00f3n<\/a>\n\n      <\/div>\n\n    <\/div>\n\n    <div class=\"column small-12 large-7 wp-block-key-figures-col-right js-fade-scroll\">\n      <div class=\"row\">\n        <div class=\"small-12 wp-block-key-figures-media video\">\n\n          <a class=\"wp-block-key-figures-media-link\" data-open=\"keyfigures-video\">\n            <img loading=\"lazy\" decoding=\"async\" width=\"810\" height=\"560\" src=\"https:\/\/www.ilcf.net\/wp-content\/uploads\/sites\/20\/2024\/10\/motion-design-ilcf-810x560.jpg\" class=\"attachment-text_image size-text_image\" alt=\"Motion Design ILCF\" \/>            <span class=\"wp-block-key-figures-media-title\">ILCF, una cultura de la bienvenida<\/span>\n          <\/a>\n\n          \n            \n            <div class=\"reveal reveal-video no-padding large\" id=\"keyfigures-video\" data-reveal data-animation-in=\"fade-in\" data-animation-out=\"fade-out\">\n              <div class=\"reveal-video-content\">\n                <button class=\"reveal-video-close\" data-close aria-label=\"Close modal\" type=\"button\">\n                  <span class=\"icon-remove reveal-video-close-icon\"><\/span>\n                  <span class=\"reveal-video-close-text\">Fermer<\/span>\n                <\/button>\n\n                <div class=\"plyr__video-embed js-player\" id=\"player\">\n                  <iframe src=\"https:\/\/www.youtube.com\/embed\/gfkTx1Ozh0s?origin=https:\/\/plyr.io&amp;iv_load_policy=3&amp;modestbranding=1&amp;playsinline=1&amp;showinfo=0&amp;rel=0&amp;enablejsapi=1\" allowfullscreen allowtransparency allow=\"autoplay\" ratio=\"4:3\"><\/iframe>\n                <\/div>\n              <\/div>\n            <\/div>\n\n          \n        <\/div>\n\n        <div class=\"small-12 wp-block-key-figures-col-right-number\">\n\n          <div class=\"key-figures js-fade-scroll\">\n                        <p class=\"key-figures-number\">70<\/p>\n            <p class=\"key-figures-caption\">nacionalidades<\/p>\n          <\/div>\n\n          <div class=\"key-figures js-fade-scroll\">\n                        <p class=\"key-figures-number\">1 universidad <\/p>\n            <p class=\"key-figures-caption\">de tama\u00f1o humano<\/p>\n          <\/div>\n\n        <\/div>\n      <\/div>\n    <\/div>\n  <\/div>\n<\/div><div class=\"wp-block-last-post\">\n    \n  <div class=\"cross-content-post\">\n\n    <div class=\"row align-middle cross-content-post-row\">\n\n      <div class=\"column small-12 xlarge-6 xlarge-offset-6\">\n        <h2 class=\"js-fade-scroll\">\n          <span class=\"block-suptitle\"><\/span><br>\n          <span class=\"block-title\"><\/span>\n        <\/h2>\n      <\/div>\n\n      <div class=\"column small-12 xlarge-9\">\n\n                    <div class=\"owl-carousel owl-theme owl-cross-content-post\">\n          \n          \n            \n\n    <div class=\"js-fade-scroll\">\n  \n  <div class=\"post-content\">\n    <a class=\"post-content-link\" href=\"https:\/\/www.ilcf.net\/es\/se-ha-renovado-la-marca-de-calidad-fle-para-el-ilcf\/\" title=\"Se ha renovado la marca de calidad FLE para el ILCF!\">\n      \n      <span class=\"post-title\">Se ha renovado la marca de calidad FLE para el ILCF!<\/span><br>\n\n      <span class=\"post-subtitle\"><\/span><br>\n\n      \n      <span class=\"icon-more post-more\"><\/span>\n    <\/a>\n  <\/div>\n<\/div>\n\n          \n            \n\n    <div class=\"js-fade-scroll\">\n  \n  <div class=\"post-content\">\n    <a class=\"post-content-link\" href=\"https:\/\/www.ilcf.net\/es\/primavera-2026-un-nuevo-semestre-comienza-en-el-ilcf\/\" title=\"Primavera 2026: Un nuevo semestre comienza en el ILCF\">\n      \n      <span class=\"post-title\">Primavera 2026: Un nuevo semestre comienza en el ILCF<\/span><br>\n\n      <span class=\"post-subtitle\"><\/span><br>\n\n      \n      <span class=\"icon-more post-more\"><\/span>\n    <\/a>\n  <\/div>\n<\/div>\n\n          \n            \n\n    <div class=\"js-fade-scroll\">\n  \n  <div class=\"post-content\">\n    <a class=\"post-content-link\" href=\"https:\/\/www.ilcf.net\/es\/una-muestra-de-la-cultura-mexicana-una-colaboracion-entre-dos-institutos-de-la-ucly\/\" title=\"Una muestra de la cultura mexicana: una colaboraci\u00f3n entre dos institutos de la UCLy\">\n      \n      <span class=\"post-title\">Una muestra de la cultura mexicana: una colaboraci\u00f3n entre dos institutos de la UCLy<\/span><br>\n\n      <span class=\"post-subtitle\"><\/span><br>\n\n      \n      <span class=\"icon-more post-more\"><\/span>\n    <\/a>\n  <\/div>\n<\/div>\n\n          \n            \n\n    <div class=\"js-fade-scroll\">\n  \n  <div class=\"post-content\">\n    <a class=\"post-content-link\" href=\"https:\/\/www.ilcf.net\/es\/una-victoria-en-el-festival-u-art-2025\/\" title=\"\u00a1Una victoria en el festival U-Art 2025!\">\n      \n      <span class=\"post-title\">\u00a1Una victoria en el festival U-Art 2025!<\/span><br>\n\n      <span class=\"post-subtitle\"><\/span><br>\n\n      \n      <span class=\"icon-more post-more\"><\/span>\n    <\/a>\n  <\/div>\n<\/div>\n\n          \n            \n\n    <div class=\"js-fade-scroll\">\n  \n  <div class=\"post-content\">\n    <a class=\"post-content-link\" href=\"https:\/\/www.ilcf.net\/es\/el-ilcf-lyon-acaba-de-crear-su-summer-school-en-annecy\/\" title=\"El ILCF-Lyon acaba de crear su Summer School en Annecy\">\n      \n      <span class=\"post-title\">El ILCF-Lyon acaba de crear su Summer School en Annecy<\/span><br>\n\n      <span class=\"post-subtitle\"><\/span><br>\n\n      \n      <span class=\"icon-more post-more\"><\/span>\n    <\/a>\n  <\/div>\n<\/div>\n\n          \n            \n\n    <div class=\"js-fade-scroll\">\n  \n  <div class=\"post-content\">\n    <a class=\"post-content-link\" href=\"https:\/\/www.ilcf.net\/es\/ilcf-renueva-su-marca-de-calidad-fle\/\" title=\"ILCF renueva su Marca de Calidad FLE\">\n      \n      <span class=\"post-title\">ILCF renueva su Marca de Calidad FLE<\/span><br>\n\n      <span class=\"post-subtitle\"><\/span><br>\n\n      \n      <span class=\"icon-more post-more\"><\/span>\n    <\/a>\n  <\/div>\n<\/div>\n\n          \n            \n\n    <div class=\"js-fade-scroll\">\n  \n  <div class=\"post-content\">\n    <a class=\"post-content-link\" href=\"https:\/\/www.ilcf.net\/es\/nuevos-horarios-ilcf-lyon\/\" title=\"Nuevos horarios en ILCF Lyon\">\n      \n      <span class=\"post-title\">Nuevos horarios en ILCF Lyon<\/span><br>\n\n      <span class=\"post-subtitle\"><\/span><br>\n\n      \n      <span class=\"icon-more post-more\"><\/span>\n    <\/a>\n  <\/div>\n<\/div>\n\n          \n            \n\n    <div class=\"js-fade-scroll\">\n  \n  <div class=\"post-content\">\n    <a class=\"post-content-link\" href=\"https:\/\/www.ilcf.net\/es\/ilcf-propone-a-sus-estudiantes-un-aprendizaje-del-idioma-frances-a-traves-del-street-art-festival-peinture-fraiche\/\" title=\"ILCF propone a sus estudiantes un aprendizaje del idioma franc\u00e8s a traves del Street-Art  (Festival Peinture Fra\u00eeche) !\">\n      \n      <span class=\"post-title\">ILCF propone a sus estudiantes un aprendizaje del idioma franc\u00e8s a traves del Street-Art  (Festival Peinture Fra\u00eeche) !<\/span><br>\n\n      <span class=\"post-subtitle\"><\/span><br>\n\n      \n      <span class=\"icon-more post-more\"><\/span>\n    <\/a>\n  <\/div>\n<\/div>\n\n          \n        <\/div>\n\n      <\/div>\n\n      <div class=\"column small-12 xlarge-3 text-center xlarge-text-right js-fade-scroll\">\n                  <a class=\"button primary cross-content-post-link\" href=\"https:\/\/www.ilcf.net\/es\/ilcf\/nuestras-noticias\/\" title=\"Todas las noticias\">Todas las noticias<\/a>\n              <\/div>\n\n    <\/div>\n\n  <\/div>\n\n\n\n<\/div>","protected":false},"excerpt":{"rendered":"","protected":false},"author":33,"featured_media":5368,"parent":0,"menu_order":0,"comment_status":"closed","ping_status":"closed","template":"tpl-model\/model-mosaic.php","meta":{"_acf_changed":false,"footnotes":""},"class_list":["post-5893","page","type-page","status-publish","has-post-thumbnail","hentry"],"acf":[],"yoast_head":"<!-- This site is optimized with the Yoast SEO plugin v24.1 - https:\/\/yoast.com\/wordpress\/plugins\/seo\/ -->\n<title>P\u00e1gina de inicio - ILCF - Institut de Langue et de Culture Fran\u00e7aises<\/title>\n<meta name=\"description\" content=\"Desde 1948, el ILCF ense\u00f1a franc\u00e9s a un p\u00fablico internacional. Hoy en d\u00eda, m\u00e1s de 70 nacionalidades est\u00e1n representadas por nuestros 2 000 estudiantes.\" \/>\n<meta name=\"robots\" content=\"index, follow, max-snippet:-1, max-image-preview:large, max-video-preview:-1\" \/>\n<link rel=\"canonical\" href=\"https:\/\/www.ilcf.net\/es\/\" \/>\n<meta property=\"og:locale\" content=\"es_ES\" \/>\n<meta property=\"og:type\" content=\"article\" \/>\n<meta property=\"og:title\" content=\"P\u00e1gina de inicio - ILCF - Institut de Langue et de Culture Fran\u00e7aises\" \/>\n<meta property=\"og:description\" content=\"Desde 1948, el ILCF ense\u00f1a franc\u00e9s a un p\u00fablico internacional. Hoy en d\u00eda, m\u00e1s de 70 nacionalidades est\u00e1n representadas por nuestros 2 000 estudiantes.\" \/>\n<meta property=\"og:url\" content=\"https:\/\/www.ilcf.net\/es\/\" \/>\n<meta property=\"og:site_name\" content=\"ILCF - Institut de Langue et de Culture Fran\u00e7aises\" \/>\n<meta property=\"article:modified_time\" content=\"2026-03-16T15:57:52+00:00\" \/>\n<meta property=\"og:image\" content=\"https:\/\/www.ilcf.net\/wp-content\/uploads\/sites\/20\/2019\/11\/header-ilcf-tousesmomentsla.jpg\" \/>\n\t<meta property=\"og:image:width\" content=\"1920\" \/>\n\t<meta property=\"og:image:height\" content=\"575\" \/>\n\t<meta property=\"og:image:type\" content=\"image\/jpeg\" \/>\n<meta name=\"twitter:card\" content=\"summary_large_image\" \/>\n<meta name=\"twitter:label1\" content=\"Tiempo de lectura\" \/>\n\t<meta name=\"twitter:data1\" content=\"1 minuto\" \/>\n<script type=\"application\/ld+json\" class=\"yoast-schema-graph\">{\"@context\":\"https:\/\/schema.org\",\"@graph\":[{\"@type\":\"WebPage\",\"@id\":\"https:\/\/www.ilcf.net\/es\/\",\"url\":\"https:\/\/www.ilcf.net\/es\/\",\"name\":\"P\u00e1gina de inicio - ILCF - Institut de Langue et de Culture Fran\u00e7aises\",\"isPartOf\":{\"@id\":\"https:\/\/www.ilcf.net\/es\/#website\"},\"primaryImageOfPage\":{\"@id\":\"https:\/\/www.ilcf.net\/es\/#primaryimage\"},\"image\":{\"@id\":\"https:\/\/www.ilcf.net\/es\/#primaryimage\"},\"thumbnailUrl\":\"https:\/\/www.ilcf.net\/wp-content\/uploads\/sites\/20\/2019\/11\/header-ilcf-tousesmomentsla.jpg\",\"datePublished\":\"2019-11-07T13:00:13+00:00\",\"dateModified\":\"2026-03-16T15:57:52+00:00\",\"description\":\"Desde 1948, el ILCF ense\u00f1a franc\u00e9s a un p\u00fablico internacional. Hoy en d\u00eda, m\u00e1s de 70 nacionalidades est\u00e1n representadas por nuestros 2 000 estudiantes.\",\"breadcrumb\":{\"@id\":\"https:\/\/www.ilcf.net\/es\/#breadcrumb\"},\"inLanguage\":\"es\",\"potentialAction\":[{\"@type\":\"ReadAction\",\"target\":[\"https:\/\/www.ilcf.net\/es\/\"]}]},{\"@type\":\"ImageObject\",\"inLanguage\":\"es\",\"@id\":\"https:\/\/www.ilcf.net\/es\/#primaryimage\",\"url\":\"https:\/\/www.ilcf.net\/wp-content\/uploads\/sites\/20\/2019\/11\/header-ilcf-tousesmomentsla.jpg\",\"contentUrl\":\"https:\/\/www.ilcf.net\/wp-content\/uploads\/sites\/20\/2019\/11\/header-ilcf-tousesmomentsla.jpg\",\"width\":1920,\"height\":575},{\"@type\":\"BreadcrumbList\",\"@id\":\"https:\/\/www.ilcf.net\/es\/#breadcrumb\",\"itemListElement\":[{\"@type\":\"ListItem\",\"position\":1,\"name\":\"Accueil\",\"item\":\"https:\/\/www.ilcf.net\/es\/\"},{\"@type\":\"ListItem\",\"position\":2,\"name\":\"P\u00e1gina de inicio\"}]},{\"@type\":\"WebSite\",\"@id\":\"https:\/\/www.ilcf.net\/es\/#website\",\"url\":\"https:\/\/www.ilcf.net\/es\/\",\"name\":\"ILCF - Institut de Langue et de Culture Fran\u00e7aises\",\"description\":\"ILCF - Institut de Langue et de Culture Fran\u00e7aises\",\"publisher\":{\"@id\":\"https:\/\/www.ilcf.net\/es\/#organization\"},\"potentialAction\":[{\"@type\":\"SearchAction\",\"target\":{\"@type\":\"EntryPoint\",\"urlTemplate\":\"https:\/\/www.ilcf.net\/es\/?s={search_term_string}\"},\"query-input\":{\"@type\":\"PropertyValueSpecification\",\"valueRequired\":true,\"valueName\":\"search_term_string\"}}],\"inLanguage\":\"es\"},{\"@type\":\"Organization\",\"@id\":\"https:\/\/www.ilcf.net\/es\/#organization\",\"name\":\"ILCF - Institut de Langue et de Culture Fran\u00e7aises\",\"url\":\"https:\/\/www.ilcf.net\/es\/\",\"logo\":{\"@type\":\"ImageObject\",\"inLanguage\":\"es\",\"@id\":\"https:\/\/www.ilcf.net\/es\/#\/schema\/logo\/image\/\",\"url\":\"https:\/\/www.ilcf.net\/wp-content\/uploads\/sites\/20\/2019\/11\/ilcf_logo.svg\",\"contentUrl\":\"https:\/\/www.ilcf.net\/wp-content\/uploads\/sites\/20\/2019\/11\/ilcf_logo.svg\",\"caption\":\"ILCF - Institut de Langue et de Culture Fran\u00e7aises\"},\"image\":{\"@id\":\"https:\/\/www.ilcf.net\/es\/#\/schema\/logo\/image\/\"}}]}<\/script>\n<!-- \/ Yoast SEO plugin. -->","yoast_head_json":{"title":"P\u00e1gina de inicio - ILCF - Institut de Langue et de Culture Fran\u00e7aises","description":"Desde 1948, el ILCF ense\u00f1a franc\u00e9s a un p\u00fablico internacional. Hoy en d\u00eda, m\u00e1s de 70 nacionalidades est\u00e1n representadas por nuestros 2 000 estudiantes.","robots":{"index":"index","follow":"follow","max-snippet":"max-snippet:-1","max-image-preview":"max-image-preview:large","max-video-preview":"max-video-preview:-1"},"canonical":"https:\/\/www.ilcf.net\/es\/","og_locale":"es_ES","og_type":"article","og_title":"P\u00e1gina de inicio - ILCF - Institut de Langue et de Culture Fran\u00e7aises","og_description":"Desde 1948, el ILCF ense\u00f1a franc\u00e9s a un p\u00fablico internacional. Hoy en d\u00eda, m\u00e1s de 70 nacionalidades est\u00e1n representadas por nuestros 2 000 estudiantes.","og_url":"https:\/\/www.ilcf.net\/es\/","og_site_name":"ILCF - Institut de Langue et de Culture Fran\u00e7aises","article_modified_time":"2026-03-16T15:57:52+00:00","og_image":[{"width":1920,"height":575,"url":"https:\/\/www.ilcf.net\/wp-content\/uploads\/sites\/20\/2019\/11\/header-ilcf-tousesmomentsla.jpg","type":"image\/jpeg"}],"twitter_card":"summary_large_image","twitter_misc":{"Tiempo de lectura":"1 minuto"},"schema":{"@context":"https:\/\/schema.org","@graph":[{"@type":"WebPage","@id":"https:\/\/www.ilcf.net\/es\/","url":"https:\/\/www.ilcf.net\/es\/","name":"P\u00e1gina de inicio - ILCF - Institut de Langue et de Culture Fran\u00e7aises","isPartOf":{"@id":"https:\/\/www.ilcf.net\/es\/#website"},"primaryImageOfPage":{"@id":"https:\/\/www.ilcf.net\/es\/#primaryimage"},"image":{"@id":"https:\/\/www.ilcf.net\/es\/#primaryimage"},"thumbnailUrl":"https:\/\/www.ilcf.net\/wp-content\/uploads\/sites\/20\/2019\/11\/header-ilcf-tousesmomentsla.jpg","datePublished":"2019-11-07T13:00:13+00:00","dateModified":"2026-03-16T15:57:52+00:00","description":"Desde 1948, el ILCF ense\u00f1a franc\u00e9s a un p\u00fablico internacional. Hoy en d\u00eda, m\u00e1s de 70 nacionalidades est\u00e1n representadas por nuestros 2 000 estudiantes.","breadcrumb":{"@id":"https:\/\/www.ilcf.net\/es\/#breadcrumb"},"inLanguage":"es","potentialAction":[{"@type":"ReadAction","target":["https:\/\/www.ilcf.net\/es\/"]}]},{"@type":"ImageObject","inLanguage":"es","@id":"https:\/\/www.ilcf.net\/es\/#primaryimage","url":"https:\/\/www.ilcf.net\/wp-content\/uploads\/sites\/20\/2019\/11\/header-ilcf-tousesmomentsla.jpg","contentUrl":"https:\/\/www.ilcf.net\/wp-content\/uploads\/sites\/20\/2019\/11\/header-ilcf-tousesmomentsla.jpg","width":1920,"height":575},{"@type":"BreadcrumbList","@id":"https:\/\/www.ilcf.net\/es\/#breadcrumb","itemListElement":[{"@type":"ListItem","position":1,"name":"Accueil","item":"https:\/\/www.ilcf.net\/es\/"},{"@type":"ListItem","position":2,"name":"P\u00e1gina de inicio"}]},{"@type":"WebSite","@id":"https:\/\/www.ilcf.net\/es\/#website","url":"https:\/\/www.ilcf.net\/es\/","name":"ILCF - Institut de Langue et de Culture Fran\u00e7aises","description":"ILCF - Institut de Langue et de Culture Fran\u00e7aises","publisher":{"@id":"https:\/\/www.ilcf.net\/es\/#organization"},"potentialAction":[{"@type":"SearchAction","target":{"@type":"EntryPoint","urlTemplate":"https:\/\/www.ilcf.net\/es\/?s={search_term_string}"},"query-input":{"@type":"PropertyValueSpecification","valueRequired":true,"valueName":"search_term_string"}}],"inLanguage":"es"},{"@type":"Organization","@id":"https:\/\/www.ilcf.net\/es\/#organization","name":"ILCF - Institut de Langue et de Culture Fran\u00e7aises","url":"https:\/\/www.ilcf.net\/es\/","logo":{"@type":"ImageObject","inLanguage":"es","@id":"https:\/\/www.ilcf.net\/es\/#\/schema\/logo\/image\/","url":"https:\/\/www.ilcf.net\/wp-content\/uploads\/sites\/20\/2019\/11\/ilcf_logo.svg","contentUrl":"https:\/\/www.ilcf.net\/wp-content\/uploads\/sites\/20\/2019\/11\/ilcf_logo.svg","caption":"ILCF - Institut de Langue et de Culture Fran\u00e7aises"},"image":{"@id":"https:\/\/www.ilcf.net\/es\/#\/schema\/logo\/image\/"}}]}},"_links":{"self":[{"href":"https:\/\/www.ilcf.net\/es\/wp-json\/wp\/v2\/pages\/5893","targetHints":{"allow":["GET"]}}],"collection":[{"href":"https:\/\/www.ilcf.net\/es\/wp-json\/wp\/v2\/pages"}],"about":[{"href":"https:\/\/www.ilcf.net\/es\/wp-json\/wp\/v2\/types\/page"}],"author":[{"embeddable":true,"href":"https:\/\/www.ilcf.net\/es\/wp-json\/wp\/v2\/users\/33"}],"replies":[{"embeddable":true,"href":"https:\/\/www.ilcf.net\/es\/wp-json\/wp\/v2\/comments?post=5893"}],"version-history":[{"count":2,"href":"https:\/\/www.ilcf.net\/es\/wp-json\/wp\/v2\/pages\/5893\/revisions"}],"predecessor-version":[{"id":27027,"href":"https:\/\/www.ilcf.net\/es\/wp-json\/wp\/v2\/pages\/5893\/revisions\/27027"}],"wp:featuredmedia":[{"embeddable":true,"href":"https:\/\/www.ilcf.net\/es\/wp-json\/wp\/v2\/media\/5368"}],"wp:attachment":[{"href":"https:\/\/www.ilcf.net\/es\/wp-json\/wp\/v2\/media?parent=5893"}],"curies":[{"name":"wp","href":"https:\/\/api.w.org\/{rel}","templated":true}]}}