{"id":5701,"date":"2019-11-13T13:42:38","date_gmt":"2019-11-13T12:42:38","guid":{"rendered":"https:\/\/www.ilcf.net\/?page_id=5701"},"modified":"2022-03-10T16:03:47","modified_gmt":"2022-03-10T15:03:47","slug":"resultados-examenes-delf-dalf","status":"publish","type":"page","link":"https:\/\/www.ilcf.net\/es\/quien-es-usted\/candidato-en-un-examen\/resultados-examenes-delf-dalf\/","title":{"rendered":"Resultados de los ex\u00e1menes DELF DALF"},"content":{"rendered":"<h2 class=\"wp-block-heading\">Sesiones de ex\u00e1menes DELF DALF<\/h2><div class=\"wp-block-document js-fade-scroll\">\n  <div class=\"row align-middle collapse\">\n    <div class=\"column small-12 medium-expand\">\n      <p class=\"wp-block-document-title\">Los candidatos admitidos<\/p>\n      <div class=\"wp-block-document-intro\"><p>Encuentre la lista de candidatos admitidos a la sesi\u00f3n.<\/p>\n<\/div>\n      <a href=\"\" target=\"_blank\" class=\"button primary button-icon\" title=\"Descargar Los candidatos admitidos\"><span class=\"icon-download\"><\/span>Descargar<\/a>\n    <\/div>\n\n    <div class=\"column small-12 medium-shrink wp-block-document-right\">\n      <img loading=\"lazy\" decoding=\"async\" width=\"150\" height=\"150\" src=\"https:\/\/www.ilcf.net\/wp-content\/uploads\/sites\/20\/2019\/11\/telecharger-le-pdf-1-150x150-150x150.png\" class=\"attachment-thumbnail size-thumbnail\" alt=\"\" srcset=\"https:\/\/www.ilcf.net\/wp-content\/uploads\/sites\/20\/2019\/11\/telecharger-le-pdf-1-150x150.png 150w, https:\/\/www.ilcf.net\/wp-content\/uploads\/sites\/20\/2019\/11\/telecharger-le-pdf-1-150x150-65x65.png 65w\" sizes=\"auto, (max-width: 150px) 100vw, 150px\" \/>    <\/div>\n  <\/div>\n<\/div><p>Todo candidato, admitido o no admitido, tiene la posibilidad de solicitar la consulta de su copia por un plazo de un a\u00f1o desde la publicaci\u00f3n de los resultados. Para ello, es imprescindible concertar una cita con la secretar\u00eda de ILCF-Lyon.<\/p><div class=\"wp-block-cross-content js-fade-scroll\">\n    <p class=\"wp-block-cross-content-title\">Nuestros ex\u00e1menes<\/p>\n            <div class=\"row wp-block-cross-content-row\">\n                                <div class=\"column small-12 medium-6 large-4 wp-block-cross-content-col\">\n                        <a class=\"wp-block-cross-content-top\" href=\"https:\/\/www.ilcf.net\/es\/quien-es-usted\/candidato-en-un-examen\/delf-diploma-de-estudios-en-lengua-francesa\/\" title=\"DELF - Diploma de Estudios en Lengua Francesa\">\n                            <span class=\"wp-block-cross-content-name\">DELF - Diploma de Estudios en Lengua Francesa<\/span>\n                            <span class=\"wp-block-cross-content-image\"><img loading=\"lazy\" decoding=\"async\" width=\"630\" height=\"570\" src=\"https:\/\/www.ilcf.net\/wp-content\/uploads\/sites\/20\/2019\/12\/header-delf-630x570.jpg\" class=\" wp-post-image\" alt=\"\" \/><\/span>\n                            <span class=\"wp-block-cross-content-more\">\n                                <span class=\"icon-more\"><\/span>\n                            <\/span>\n                        <\/a>\n                        <div class=\"wp-block-cross-content-excerpt\"><\/div>\n                    <\/div>\n                                                <div class=\"column small-12 medium-6 large-4 wp-block-cross-content-col\">\n                        <a class=\"wp-block-cross-content-top\" href=\"https:\/\/www.ilcf.net\/es\/quien-es-usted\/candidato-en-un-examen\/dalf-diploma-avanzado-en-lengua-francesa\/\" title=\"DALF - Diploma Avanzado en Lengua Francesa\">\n                            <span class=\"wp-block-cross-content-name\">DALF - Diploma Avanzado en Lengua Francesa<\/span>\n                            <span class=\"wp-block-cross-content-image\"><img loading=\"lazy\" decoding=\"async\" width=\"630\" height=\"570\" src=\"https:\/\/www.ilcf.net\/wp-content\/uploads\/sites\/20\/2019\/12\/header-dalf-v2-scaled-630x570.jpg\" class=\" wp-post-image\" alt=\"\" \/><\/span>\n                            <span class=\"wp-block-cross-content-more\">\n                                <span class=\"icon-more\"><\/span>\n                            <\/span>\n                        <\/a>\n                        <div class=\"wp-block-cross-content-excerpt\"><\/div>\n                    <\/div>\n                                                <div class=\"column small-12 medium-6 large-4 wp-block-cross-content-col\">\n                        <a class=\"wp-block-cross-content-top\" href=\"https:\/\/www.ilcf.net\/es\/quien-es-usted\/candidato-en-un-examen\/inscripcion-a-una-sesion-de-examenes\/\" title=\"Inscripci\u00f3n a una sesi\u00f3n de examenes DELF DALF\">\n                            <span class=\"wp-block-cross-content-name\">Inscripci\u00f3n a una sesi\u00f3n de examenes DELF DALF<\/span>\n                            <span class=\"wp-block-cross-content-image\"><img loading=\"lazy\" decoding=\"async\" width=\"630\" height=\"570\" src=\"https:\/\/www.ilcf.net\/wp-content\/uploads\/sites\/20\/2019\/11\/centre-des-examens-ilcf-630x570.jpg\" class=\" wp-post-image\" alt=\"\" \/><\/span>\n                            <span class=\"wp-block-cross-content-more\">\n                                <span class=\"icon-more\"><\/span>\n                            <\/span>\n                        <\/a>\n                        <div class=\"wp-block-cross-content-excerpt\"><\/div>\n                    <\/div>\n                                    <\/div>\n    <\/div>","protected":false},"excerpt":{"rendered":"<p>Sesiones de ex\u00e1menes DELF DALFTodo candidato, admitido o no admitido, tiene la posibilidad de solicitar la consulta de su copia por un plazo de [&hellip;]<\/p>\n","protected":false},"author":32,"featured_media":4853,"parent":5629,"menu_order":6,"comment_status":"closed","ping_status":"closed","template":"","meta":{"_acf_changed":false,"footnotes":""},"class_list":["post-5701","page","type-page","status-publish","has-post-thumbnail","hentry"],"acf":[],"yoast_head":"<!-- This site is optimized with the Yoast SEO plugin v24.1 - https:\/\/yoast.com\/wordpress\/plugins\/seo\/ -->\n<title>Resultados de los ex\u00e1menes DELF DALF - ILCF - Institut de Langue et de Culture Fran\u00e7aises<\/title>\n<meta name=\"description\" content=\"Acceda a los resultados de los ex\u00e1menes del Centro oficial de ex\u00e1menes del ILCF : DELF, DALF y TCF\" \/>\n<meta name=\"robots\" content=\"index, follow, max-snippet:-1, max-image-preview:large, max-video-preview:-1\" \/>\n<link rel=\"canonical\" href=\"https:\/\/www.ilcf.net\/es\/quien-es-usted\/candidato-en-un-examen\/resultados-examenes-delf-dalf\/\" \/>\n<meta property=\"og:locale\" content=\"es_ES\" \/>\n<meta property=\"og:type\" content=\"article\" \/>\n<meta property=\"og:title\" content=\"Resultados de los ex\u00e1menes DELF DALF - ILCF - Institut de Langue et de Culture Fran\u00e7aises\" \/>\n<meta property=\"og:description\" content=\"Acceda a los resultados de los ex\u00e1menes del Centro oficial de ex\u00e1menes del ILCF : DELF, DALF y TCF\" \/>\n<meta property=\"og:url\" content=\"https:\/\/www.ilcf.net\/es\/quien-es-usted\/candidato-en-un-examen\/resultados-examenes-delf-dalf\/\" \/>\n<meta property=\"og:site_name\" content=\"ILCF - Institut de Langue et de Culture Fran\u00e7aises\" \/>\n<meta property=\"article:modified_time\" content=\"2022-03-10T15:03:47+00:00\" \/>\n<meta property=\"og:image\" content=\"https:\/\/www.ilcf.net\/wp-content\/uploads\/sites\/20\/2019\/12\/header-candidat-admis.jpg\" \/>\n\t<meta property=\"og:image:width\" content=\"1920\" \/>\n\t<meta property=\"og:image:height\" content=\"575\" \/>\n\t<meta property=\"og:image:type\" content=\"image\/jpeg\" \/>\n<meta name=\"twitter:card\" content=\"summary_large_image\" \/>\n<meta name=\"twitter:label1\" content=\"Tiempo de lectura\" \/>\n\t<meta name=\"twitter:data1\" content=\"1 minuto\" \/>\n<script type=\"application\/ld+json\" class=\"yoast-schema-graph\">{\"@context\":\"https:\/\/schema.org\",\"@graph\":[{\"@type\":\"WebPage\",\"@id\":\"https:\/\/www.ilcf.net\/es\/quien-es-usted\/candidato-en-un-examen\/resultados-examenes-delf-dalf\/\",\"url\":\"https:\/\/www.ilcf.net\/es\/quien-es-usted\/candidato-en-un-examen\/resultados-examenes-delf-dalf\/\",\"name\":\"Resultados de los ex\u00e1menes DELF DALF - ILCF - Institut de Langue et de Culture Fran\u00e7aises\",\"isPartOf\":{\"@id\":\"https:\/\/www.ilcf.net\/es\/#website\"},\"primaryImageOfPage\":{\"@id\":\"https:\/\/www.ilcf.net\/es\/quien-es-usted\/candidato-en-un-examen\/resultados-examenes-delf-dalf\/#primaryimage\"},\"image\":{\"@id\":\"https:\/\/www.ilcf.net\/es\/quien-es-usted\/candidato-en-un-examen\/resultados-examenes-delf-dalf\/#primaryimage\"},\"thumbnailUrl\":\"https:\/\/www.ilcf.net\/wp-content\/uploads\/sites\/20\/2019\/12\/header-candidat-admis.jpg\",\"datePublished\":\"2019-11-13T12:42:38+00:00\",\"dateModified\":\"2022-03-10T15:03:47+00:00\",\"description\":\"Acceda a los resultados de los ex\u00e1menes del Centro oficial de ex\u00e1menes del ILCF : DELF, DALF y TCF\",\"breadcrumb\":{\"@id\":\"https:\/\/www.ilcf.net\/es\/quien-es-usted\/candidato-en-un-examen\/resultados-examenes-delf-dalf\/#breadcrumb\"},\"inLanguage\":\"es\",\"potentialAction\":[{\"@type\":\"ReadAction\",\"target\":[\"https:\/\/www.ilcf.net\/es\/quien-es-usted\/candidato-en-un-examen\/resultados-examenes-delf-dalf\/\"]}]},{\"@type\":\"ImageObject\",\"inLanguage\":\"es\",\"@id\":\"https:\/\/www.ilcf.net\/es\/quien-es-usted\/candidato-en-un-examen\/resultados-examenes-delf-dalf\/#primaryimage\",\"url\":\"https:\/\/www.ilcf.net\/wp-content\/uploads\/sites\/20\/2019\/12\/header-candidat-admis.jpg\",\"contentUrl\":\"https:\/\/www.ilcf.net\/wp-content\/uploads\/sites\/20\/2019\/12\/header-candidat-admis.jpg\",\"width\":1920,\"height\":575,\"caption\":\"R\u00e9sultats examens DELF DALF\"},{\"@type\":\"BreadcrumbList\",\"@id\":\"https:\/\/www.ilcf.net\/es\/quien-es-usted\/candidato-en-un-examen\/resultados-examenes-delf-dalf\/#breadcrumb\",\"itemListElement\":[{\"@type\":\"ListItem\",\"position\":1,\"name\":\"Accueil\",\"item\":\"https:\/\/www.ilcf.net\/es\/\"},{\"@type\":\"ListItem\",\"position\":2,\"name\":\"\u00bfQui\u00e9n es usted?\",\"item\":\"https:\/\/www.ilcf.net\/es\/quien-es-usted\/\"},{\"@type\":\"ListItem\",\"position\":3,\"name\":\"Candidato en un examen\",\"item\":\"https:\/\/www.ilcf.net\/es\/quien-es-usted\/candidato-en-un-examen\/\"},{\"@type\":\"ListItem\",\"position\":4,\"name\":\"Resultados de los ex\u00e1menes DELF DALF\"}]},{\"@type\":\"WebSite\",\"@id\":\"https:\/\/www.ilcf.net\/es\/#website\",\"url\":\"https:\/\/www.ilcf.net\/es\/\",\"name\":\"ILCF - Institut de Langue et de Culture Fran\u00e7aises\",\"description\":\"ILCF - Institut de Langue et de Culture Fran\u00e7aises\",\"publisher\":{\"@id\":\"https:\/\/www.ilcf.net\/es\/#organization\"},\"potentialAction\":[{\"@type\":\"SearchAction\",\"target\":{\"@type\":\"EntryPoint\",\"urlTemplate\":\"https:\/\/www.ilcf.net\/es\/?s={search_term_string}\"},\"query-input\":{\"@type\":\"PropertyValueSpecification\",\"valueRequired\":true,\"valueName\":\"search_term_string\"}}],\"inLanguage\":\"es\"},{\"@type\":\"Organization\",\"@id\":\"https:\/\/www.ilcf.net\/es\/#organization\",\"name\":\"ILCF - Institut de Langue et de Culture Fran\u00e7aises\",\"url\":\"https:\/\/www.ilcf.net\/es\/\",\"logo\":{\"@type\":\"ImageObject\",\"inLanguage\":\"es\",\"@id\":\"https:\/\/www.ilcf.net\/es\/#\/schema\/logo\/image\/\",\"url\":\"https:\/\/www.ilcf.net\/wp-content\/uploads\/sites\/20\/2019\/11\/ilcf_logo.svg\",\"contentUrl\":\"https:\/\/www.ilcf.net\/wp-content\/uploads\/sites\/20\/2019\/11\/ilcf_logo.svg\",\"caption\":\"ILCF - Institut de Langue et de Culture Fran\u00e7aises\"},\"image\":{\"@id\":\"https:\/\/www.ilcf.net\/es\/#\/schema\/logo\/image\/\"}}]}<\/script>\n<!-- \/ Yoast SEO plugin. -->","yoast_head_json":{"title":"Resultados de los ex\u00e1menes DELF DALF - ILCF - Institut de Langue et de Culture Fran\u00e7aises","description":"Acceda a los resultados de los ex\u00e1menes del Centro oficial de ex\u00e1menes del ILCF : DELF, DALF y TCF","robots":{"index":"index","follow":"follow","max-snippet":"max-snippet:-1","max-image-preview":"max-image-preview:large","max-video-preview":"max-video-preview:-1"},"canonical":"https:\/\/www.ilcf.net\/es\/quien-es-usted\/candidato-en-un-examen\/resultados-examenes-delf-dalf\/","og_locale":"es_ES","og_type":"article","og_title":"Resultados de los ex\u00e1menes DELF DALF - ILCF - Institut de Langue et de Culture Fran\u00e7aises","og_description":"Acceda a los resultados de los ex\u00e1menes del Centro oficial de ex\u00e1menes del ILCF : DELF, DALF y TCF","og_url":"https:\/\/www.ilcf.net\/es\/quien-es-usted\/candidato-en-un-examen\/resultados-examenes-delf-dalf\/","og_site_name":"ILCF - Institut de Langue et de Culture Fran\u00e7aises","article_modified_time":"2022-03-10T15:03:47+00:00","og_image":[{"width":1920,"height":575,"url":"https:\/\/www.ilcf.net\/wp-content\/uploads\/sites\/20\/2019\/12\/header-candidat-admis.jpg","type":"image\/jpeg"}],"twitter_card":"summary_large_image","twitter_misc":{"Tiempo de lectura":"1 minuto"},"schema":{"@context":"https:\/\/schema.org","@graph":[{"@type":"WebPage","@id":"https:\/\/www.ilcf.net\/es\/quien-es-usted\/candidato-en-un-examen\/resultados-examenes-delf-dalf\/","url":"https:\/\/www.ilcf.net\/es\/quien-es-usted\/candidato-en-un-examen\/resultados-examenes-delf-dalf\/","name":"Resultados de los ex\u00e1menes DELF DALF - ILCF - Institut de Langue et de Culture Fran\u00e7aises","isPartOf":{"@id":"https:\/\/www.ilcf.net\/es\/#website"},"primaryImageOfPage":{"@id":"https:\/\/www.ilcf.net\/es\/quien-es-usted\/candidato-en-un-examen\/resultados-examenes-delf-dalf\/#primaryimage"},"image":{"@id":"https:\/\/www.ilcf.net\/es\/quien-es-usted\/candidato-en-un-examen\/resultados-examenes-delf-dalf\/#primaryimage"},"thumbnailUrl":"https:\/\/www.ilcf.net\/wp-content\/uploads\/sites\/20\/2019\/12\/header-candidat-admis.jpg","datePublished":"2019-11-13T12:42:38+00:00","dateModified":"2022-03-10T15:03:47+00:00","description":"Acceda a los resultados de los ex\u00e1menes del Centro oficial de ex\u00e1menes del ILCF : DELF, DALF y TCF","breadcrumb":{"@id":"https:\/\/www.ilcf.net\/es\/quien-es-usted\/candidato-en-un-examen\/resultados-examenes-delf-dalf\/#breadcrumb"},"inLanguage":"es","potentialAction":[{"@type":"ReadAction","target":["https:\/\/www.ilcf.net\/es\/quien-es-usted\/candidato-en-un-examen\/resultados-examenes-delf-dalf\/"]}]},{"@type":"ImageObject","inLanguage":"es","@id":"https:\/\/www.ilcf.net\/es\/quien-es-usted\/candidato-en-un-examen\/resultados-examenes-delf-dalf\/#primaryimage","url":"https:\/\/www.ilcf.net\/wp-content\/uploads\/sites\/20\/2019\/12\/header-candidat-admis.jpg","contentUrl":"https:\/\/www.ilcf.net\/wp-content\/uploads\/sites\/20\/2019\/12\/header-candidat-admis.jpg","width":1920,"height":575,"caption":"R\u00e9sultats examens DELF DALF"},{"@type":"BreadcrumbList","@id":"https:\/\/www.ilcf.net\/es\/quien-es-usted\/candidato-en-un-examen\/resultados-examenes-delf-dalf\/#breadcrumb","itemListElement":[{"@type":"ListItem","position":1,"name":"Accueil","item":"https:\/\/www.ilcf.net\/es\/"},{"@type":"ListItem","position":2,"name":"\u00bfQui\u00e9n es usted?","item":"https:\/\/www.ilcf.net\/es\/quien-es-usted\/"},{"@type":"ListItem","position":3,"name":"Candidato en un examen","item":"https:\/\/www.ilcf.net\/es\/quien-es-usted\/candidato-en-un-examen\/"},{"@type":"ListItem","position":4,"name":"Resultados de los ex\u00e1menes DELF DALF"}]},{"@type":"WebSite","@id":"https:\/\/www.ilcf.net\/es\/#website","url":"https:\/\/www.ilcf.net\/es\/","name":"ILCF - Institut de Langue et de Culture Fran\u00e7aises","description":"ILCF - Institut de Langue et de Culture Fran\u00e7aises","publisher":{"@id":"https:\/\/www.ilcf.net\/es\/#organization"},"potentialAction":[{"@type":"SearchAction","target":{"@type":"EntryPoint","urlTemplate":"https:\/\/www.ilcf.net\/es\/?s={search_term_string}"},"query-input":{"@type":"PropertyValueSpecification","valueRequired":true,"valueName":"search_term_string"}}],"inLanguage":"es"},{"@type":"Organization","@id":"https:\/\/www.ilcf.net\/es\/#organization","name":"ILCF - Institut de Langue et de Culture Fran\u00e7aises","url":"https:\/\/www.ilcf.net\/es\/","logo":{"@type":"ImageObject","inLanguage":"es","@id":"https:\/\/www.ilcf.net\/es\/#\/schema\/logo\/image\/","url":"https:\/\/www.ilcf.net\/wp-content\/uploads\/sites\/20\/2019\/11\/ilcf_logo.svg","contentUrl":"https:\/\/www.ilcf.net\/wp-content\/uploads\/sites\/20\/2019\/11\/ilcf_logo.svg","caption":"ILCF - Institut de Langue et de Culture Fran\u00e7aises"},"image":{"@id":"https:\/\/www.ilcf.net\/es\/#\/schema\/logo\/image\/"}}]}},"_links":{"self":[{"href":"https:\/\/www.ilcf.net\/es\/wp-json\/wp\/v2\/pages\/5701","targetHints":{"allow":["GET"]}}],"collection":[{"href":"https:\/\/www.ilcf.net\/es\/wp-json\/wp\/v2\/pages"}],"about":[{"href":"https:\/\/www.ilcf.net\/es\/wp-json\/wp\/v2\/types\/page"}],"author":[{"embeddable":true,"href":"https:\/\/www.ilcf.net\/es\/wp-json\/wp\/v2\/users\/32"}],"replies":[{"embeddable":true,"href":"https:\/\/www.ilcf.net\/es\/wp-json\/wp\/v2\/comments?post=5701"}],"version-history":[{"count":34,"href":"https:\/\/www.ilcf.net\/es\/wp-json\/wp\/v2\/pages\/5701\/revisions"}],"predecessor-version":[{"id":16816,"href":"https:\/\/www.ilcf.net\/es\/wp-json\/wp\/v2\/pages\/5701\/revisions\/16816"}],"up":[{"embeddable":true,"href":"https:\/\/www.ilcf.net\/es\/wp-json\/wp\/v2\/pages\/5629"}],"wp:featuredmedia":[{"embeddable":true,"href":"https:\/\/www.ilcf.net\/es\/wp-json\/wp\/v2\/media\/4853"}],"wp:attachment":[{"href":"https:\/\/www.ilcf.net\/es\/wp-json\/wp\/v2\/media?parent=5701"}],"curies":[{"name":"wp","href":"https:\/\/api.w.org\/{rel}","templated":true}]}}