{"id":5625,"date":"2019-11-19T09:09:49","date_gmt":"2019-11-19T08:09:49","guid":{"rendered":"https:\/\/www.ilcf.net\/?page_id=5625"},"modified":"2025-03-05T14:05:54","modified_gmt":"2025-03-05T13:05:54","slug":"guia-de-acogida-para-estudiantes-internacionales","status":"publish","type":"page","link":"https:\/\/www.ilcf.net\/es\/quien-es-usted\/estudiante\/guia-de-acogida-para-estudiantes-internacionales\/","title":{"rendered":"Gu\u00eda de acogida para estudiantes internacionales"},"content":{"rendered":"<p>La gu\u00eda de acogida de la UCLy para los estudiantes internacionales es un documento esencial para los reci\u00e9n llegados. Contiene toda la informaci\u00f3n necesaria sobre el funcionamiento de la Universidad y numerosos consejos sobre la vida en Lyon.<\/p><p>Si desea m\u00e1s informaci\u00f3n, p\u00f3ngase en contacto con el Servicio de Estudiantes Internacionales.<\/p><div class=\"wp-block-button js-fade-scroll\">\n\n    <a href=\"https:\/\/www.ucly.fr\/international\/international-student-desk\/\" target=\"\" title=\"International Student Desk\" class=\"button primary\">International Student Desk<\/a>\n\n  <\/div><div class=\"wp-block-document js-fade-scroll\">\n  <div class=\"row align-middle collapse\">\n    <div class=\"column small-12 medium-expand\">\n      <p class=\"wp-block-document-title\">Descargar la gu\u00eda de acogida para estudiantes internacionales en franc\u00e9s<\/p>\n      <div class=\"wp-block-document-intro\"><p style=\"text-align: center;\">\u00a1El guide d&#8217;accueil!<\/p>\n<p>&nbsp;<\/p>\n<p style=\"text-align: center;\"><img loading=\"lazy\" decoding=\"async\" class=\"wp-image-24259 size-full alignnone\" style=\"width: 300px;\" src=\"https:\/\/www.ilcf.net\/wp-content\/uploads\/sites\/20\/2024\/10\/capture-1.png\" alt=\"\" width=\"618\" height=\"865\" srcset=\"https:\/\/www.ilcf.net\/wp-content\/uploads\/sites\/20\/2024\/10\/capture-1.png 618w, https:\/\/www.ilcf.net\/wp-content\/uploads\/sites\/20\/2024\/10\/capture-1-100x140.png 100w, https:\/\/www.ilcf.net\/wp-content\/uploads\/sites\/20\/2024\/10\/capture-1-520x728.png 520w, https:\/\/www.ilcf.net\/wp-content\/uploads\/sites\/20\/2024\/10\/capture-1-494x691.png 494w\" sizes=\"auto, (max-width: 618px) 100vw, 618px\" \/><\/p>\n<\/div>\n      <a href=\"https:\/\/www.ilcf.net\/wp-content\/uploads\/sites\/20\/2024\/08\/2023-24_fr_guide-accueil-etudiants-internationaux.pdf\" target=\"_blank\" class=\"button primary button-icon\" title=\"Descargar Descargar la gu\u00eda de acogida para estudiantes internacionales en franc\u00e9s\"><span class=\"icon-download\"><\/span>Descargar<\/a>\n    <\/div>\n\n    <div class=\"column small-12 medium-shrink wp-block-document-right\">\n      <img loading=\"lazy\" decoding=\"async\" width=\"150\" height=\"150\" src=\"https:\/\/www.ilcf.net\/wp-content\/uploads\/sites\/20\/2019\/11\/telecharger-le-pdf-1-150x150-150x150.png\" class=\"attachment-thumbnail size-thumbnail\" alt=\"\" srcset=\"https:\/\/www.ilcf.net\/wp-content\/uploads\/sites\/20\/2019\/11\/telecharger-le-pdf-1-150x150.png 150w, https:\/\/www.ilcf.net\/wp-content\/uploads\/sites\/20\/2019\/11\/telecharger-le-pdf-1-150x150-65x65.png 65w\" sizes=\"auto, (max-width: 150px) 100vw, 150px\" \/>    <\/div>\n  <\/div>\n<\/div><div class=\"wp-block-document js-fade-scroll\">\n  <div class=\"row align-middle collapse\">\n    <div class=\"column small-12 medium-expand\">\n      <p class=\"wp-block-document-title\">Descargar la gu\u00eda de acogida para estudiantes internacionales en ingl\u00e9s<\/p>\n      <div class=\"wp-block-document-intro\"><p style=\"text-align: center;\">\u00a1El welcome guide!<\/p>\n<p>&nbsp;<\/p>\n<p style=\"text-align: center;\"><img loading=\"lazy\" decoding=\"async\" class=\"wp-image-24322 size-full\" style=\"width: 300px;\" src=\"https:\/\/www.ilcf.net\/wp-content\/uploads\/sites\/20\/2024\/10\/ucly-international-student-guide-2425.jpg\" alt=\"UCLy International student guide 2425\" width=\"496\" height=\"697\" srcset=\"https:\/\/www.ilcf.net\/wp-content\/uploads\/sites\/20\/2024\/10\/ucly-international-student-guide-2425.jpg 496w, https:\/\/www.ilcf.net\/wp-content\/uploads\/sites\/20\/2024\/10\/ucly-international-student-guide-2425-100x140.jpg 100w, https:\/\/www.ilcf.net\/wp-content\/uploads\/sites\/20\/2024\/10\/ucly-international-student-guide-2425-494x694.jpg 494w\" sizes=\"auto, (max-width: 496px) 100vw, 496px\" \/><\/p>\n<\/div>\n      <a href=\"https:\/\/www.ilcf.net\/wp-content\/uploads\/sites\/20\/2024\/08\/2023-24_en_international-students-guide.pdf\" target=\"_blank\" class=\"button primary button-icon\" title=\"Descargar Descargar la gu\u00eda de acogida para estudiantes internacionales en ingl\u00e9s\"><span class=\"icon-download\"><\/span>Descargar<\/a>\n    <\/div>\n\n    <div class=\"column small-12 medium-shrink wp-block-document-right\">\n      <img loading=\"lazy\" decoding=\"async\" width=\"150\" height=\"150\" src=\"https:\/\/www.ilcf.net\/wp-content\/uploads\/sites\/20\/2019\/11\/telecharger-le-pdf-1-150x150-150x150.png\" class=\"attachment-thumbnail size-thumbnail\" alt=\"\" srcset=\"https:\/\/www.ilcf.net\/wp-content\/uploads\/sites\/20\/2019\/11\/telecharger-le-pdf-1-150x150.png 150w, https:\/\/www.ilcf.net\/wp-content\/uploads\/sites\/20\/2019\/11\/telecharger-le-pdf-1-150x150-65x65.png 65w\" sizes=\"auto, (max-width: 150px) 100vw, 150px\" \/>    <\/div>\n  <\/div>\n<\/div><div class=\"wp-block-text-image\">\n  <div class=\"row align-bottom collapse\">\n    <div class=\"column small-12 medium-6 xlarge-5 xxlarge-expand wp-block-text-image-info js-fade-scroll\">\n      <p class=\"wp-block-text-image-title\">Descargar la gu\u00eda de Campus France en espa\u00f1ol \u201cElegir Francia\u201d<\/p>\n      <div class=\"wp-block-text-image-intro\"><p>Para descargar el documento, haga <a href=\"https:\/\/www.ilcf.net\/wp-content\/uploads\/sites\/20\/2020\/03\/elegir-francia_es.pdf\" target=\"_blank\" rel=\"noopener\">clic aqu\u00ed<\/a><\/p>\n<\/div>\n    <\/div>\n\n    <div class=\"column small-12 medium-6 xlarge-7 xxlarge-shrink wp-block-text-image-picture js-fade-scroll\">\n      <img loading=\"lazy\" decoding=\"async\" width=\"396\" height=\"560\" src=\"https:\/\/www.ilcf.net\/wp-content\/uploads\/sites\/20\/2020\/03\/elegir-francia_es.jpg\" class=\"attachment-text_image size-text_image\" alt=\"Affiche du document Elegir Francia_es\" srcset=\"https:\/\/www.ilcf.net\/wp-content\/uploads\/sites\/20\/2020\/03\/elegir-francia_es.jpg 396w, https:\/\/www.ilcf.net\/wp-content\/uploads\/sites\/20\/2020\/03\/elegir-francia_es-99x140.jpg 99w\" sizes=\"auto, (max-width: 396px) 100vw, 396px\" \/>    <\/div>\n  <\/div>\n<\/div><div class=\"wp-block-cross-content js-fade-scroll\">\n    <p class=\"wp-block-cross-content-title\"><\/p>\n            <div class=\"row wp-block-cross-content-row\">\n                                <div class=\"column small-12 medium-6 large-4 wp-block-cross-content-col\">\n                        <a class=\"wp-block-cross-content-top\" href=\"https:\/\/www.ilcf.net\/es\/ilcf\/nuestras-ventajas\/lyon-capital-europea\/\" title=\"Lyon, capital europea\">\n                            <span class=\"wp-block-cross-content-name\">Lyon, capital europea<\/span>\n                            <span class=\"wp-block-cross-content-image\"><img loading=\"lazy\" decoding=\"async\" width=\"630\" height=\"570\" src=\"https:\/\/www.ilcf.net\/wp-content\/uploads\/sites\/20\/2020\/02\/header-lyon-630x570.jpg\" class=\" wp-post-image\" alt=\"Lyon capitale europ\u00e9enne\" \/><\/span>\n                            <span class=\"wp-block-cross-content-more\">\n                                <span class=\"icon-more\"><\/span>\n                            <\/span>\n                        <\/a>\n                        <div class=\"wp-block-cross-content-excerpt\"><\/div>\n                    <\/div>\n                                                <div class=\"column small-12 medium-6 large-4 wp-block-cross-content-col\">\n                        <a class=\"wp-block-cross-content-top\" href=\"https:\/\/www.ilcf.net\/es\/ilcf\/presentacion\/cultura-de-bienvenida\/\" title=\"Cultura de bienvenida\">\n                            <span class=\"wp-block-cross-content-name\">Cultura de bienvenida<\/span>\n                            <span class=\"wp-block-cross-content-image\"><img loading=\"lazy\" decoding=\"async\" width=\"630\" height=\"570\" src=\"https:\/\/www.ilcf.net\/wp-content\/uploads\/sites\/20\/2020\/02\/header-bienvenue-630x570.jpg\" class=\" wp-post-image\" alt=\"Culture de la bienvneue\" \/><\/span>\n                            <span class=\"wp-block-cross-content-more\">\n                                <span class=\"icon-more\"><\/span>\n                            <\/span>\n                        <\/a>\n                        <div class=\"wp-block-cross-content-excerpt\"><\/div>\n                    <\/div>\n                                                <div class=\"column small-12 medium-6 large-4 wp-block-cross-content-col\">\n                        <a class=\"wp-block-cross-content-top\" href=\"https:\/\/www.ilcf.net\/es\/nuestros-programas\/actividades-culturales\/\" title=\"Actividades culturales\">\n                            <span class=\"wp-block-cross-content-name\">Actividades culturales<\/span>\n                            <span class=\"wp-block-cross-content-image\"><img loading=\"lazy\" decoding=\"async\" width=\"630\" height=\"570\" src=\"https:\/\/www.ilcf.net\/wp-content\/uploads\/sites\/20\/2019\/12\/beaujolais-activites-ilcf-630x570.jpg\" class=\" wp-post-image\" alt=\"\" \/><\/span>\n                            <span class=\"wp-block-cross-content-more\">\n                                <span class=\"icon-more\"><\/span>\n                            <\/span>\n                        <\/a>\n                        <div class=\"wp-block-cross-content-excerpt\"><\/div>\n                    <\/div>\n                                    <\/div>\n    <\/div>","protected":false},"excerpt":{"rendered":"<p>La gu\u00eda de acogida de la UCLy para los estudiantes internacionales es un documento esencial para los reci\u00e9n llegados. Contiene toda la informaci\u00f3n necesaria [&hellip;]<\/p>\n","protected":false},"author":32,"featured_media":6273,"parent":5580,"menu_order":5,"comment_status":"closed","ping_status":"closed","template":"","meta":{"_acf_changed":false,"footnotes":""},"class_list":["post-5625","page","type-page","status-publish","has-post-thumbnail","hentry"],"acf":[],"yoast_head":"<!-- This site is optimized with the Yoast SEO plugin v24.1 - https:\/\/yoast.com\/wordpress\/plugins\/seo\/ -->\n<title>Gu\u00eda de acogida para estudiantes internacionales - ILCF - Institut de Langue et de Culture Fran\u00e7aises<\/title>\n<meta name=\"robots\" content=\"index, follow, max-snippet:-1, max-image-preview:large, max-video-preview:-1\" \/>\n<link rel=\"canonical\" href=\"https:\/\/www.ilcf.net\/es\/quien-es-usted\/estudiante\/guia-de-acogida-para-estudiantes-internacionales\/\" \/>\n<meta property=\"og:locale\" content=\"es_ES\" \/>\n<meta property=\"og:type\" content=\"article\" \/>\n<meta property=\"og:title\" content=\"Gu\u00eda de acogida para estudiantes internacionales - ILCF - Institut de Langue et de Culture Fran\u00e7aises\" \/>\n<meta property=\"og:description\" content=\"La gu\u00eda de acogida de la UCLy para los estudiantes internacionales es un documento esencial para los reci\u00e9n llegados. Contiene toda la informaci\u00f3n necesaria [&hellip;]\" \/>\n<meta property=\"og:url\" content=\"https:\/\/www.ilcf.net\/es\/quien-es-usted\/estudiante\/guia-de-acogida-para-estudiantes-internacionales\/\" \/>\n<meta property=\"og:site_name\" content=\"ILCF - Institut de Langue et de Culture Fran\u00e7aises\" \/>\n<meta property=\"article:modified_time\" content=\"2025-03-05T13:05:54+00:00\" \/>\n<meta property=\"og:image\" content=\"https:\/\/www.ilcf.net\/wp-content\/uploads\/sites\/20\/2020\/02\/header-metiers-a-linternational-estri.jpg\" \/>\n\t<meta property=\"og:image:width\" content=\"1920\" \/>\n\t<meta property=\"og:image:height\" content=\"575\" \/>\n\t<meta property=\"og:image:type\" content=\"image\/jpeg\" \/>\n<meta name=\"twitter:card\" content=\"summary_large_image\" \/>\n<meta name=\"twitter:label1\" content=\"Tiempo de lectura\" \/>\n\t<meta name=\"twitter:data1\" content=\"1 minuto\" \/>\n<script type=\"application\/ld+json\" class=\"yoast-schema-graph\">{\"@context\":\"https:\/\/schema.org\",\"@graph\":[{\"@type\":\"WebPage\",\"@id\":\"https:\/\/www.ilcf.net\/es\/quien-es-usted\/estudiante\/guia-de-acogida-para-estudiantes-internacionales\/\",\"url\":\"https:\/\/www.ilcf.net\/es\/quien-es-usted\/estudiante\/guia-de-acogida-para-estudiantes-internacionales\/\",\"name\":\"Gu\u00eda de acogida para estudiantes internacionales - ILCF - Institut de Langue et de Culture Fran\u00e7aises\",\"isPartOf\":{\"@id\":\"https:\/\/www.ilcf.net\/es\/#website\"},\"primaryImageOfPage\":{\"@id\":\"https:\/\/www.ilcf.net\/es\/quien-es-usted\/estudiante\/guia-de-acogida-para-estudiantes-internacionales\/#primaryimage\"},\"image\":{\"@id\":\"https:\/\/www.ilcf.net\/es\/quien-es-usted\/estudiante\/guia-de-acogida-para-estudiantes-internacionales\/#primaryimage\"},\"thumbnailUrl\":\"https:\/\/www.ilcf.net\/wp-content\/uploads\/sites\/20\/2020\/02\/header-metiers-a-linternational-estri.jpg\",\"datePublished\":\"2019-11-19T08:09:49+00:00\",\"dateModified\":\"2025-03-05T13:05:54+00:00\",\"breadcrumb\":{\"@id\":\"https:\/\/www.ilcf.net\/es\/quien-es-usted\/estudiante\/guia-de-acogida-para-estudiantes-internacionales\/#breadcrumb\"},\"inLanguage\":\"es\",\"potentialAction\":[{\"@type\":\"ReadAction\",\"target\":[\"https:\/\/www.ilcf.net\/es\/quien-es-usted\/estudiante\/guia-de-acogida-para-estudiantes-internacionales\/\"]}]},{\"@type\":\"ImageObject\",\"inLanguage\":\"es\",\"@id\":\"https:\/\/www.ilcf.net\/es\/quien-es-usted\/estudiante\/guia-de-acogida-para-estudiantes-internacionales\/#primaryimage\",\"url\":\"https:\/\/www.ilcf.net\/wp-content\/uploads\/sites\/20\/2020\/02\/header-metiers-a-linternational-estri.jpg\",\"contentUrl\":\"https:\/\/www.ilcf.net\/wp-content\/uploads\/sites\/20\/2020\/02\/header-metiers-a-linternational-estri.jpg\",\"width\":1920,\"height\":575,\"caption\":\"Guide UCLy des \u00e9tudiants internationaux\"},{\"@type\":\"BreadcrumbList\",\"@id\":\"https:\/\/www.ilcf.net\/es\/quien-es-usted\/estudiante\/guia-de-acogida-para-estudiantes-internacionales\/#breadcrumb\",\"itemListElement\":[{\"@type\":\"ListItem\",\"position\":1,\"name\":\"Accueil\",\"item\":\"https:\/\/www.ilcf.net\/es\/\"},{\"@type\":\"ListItem\",\"position\":2,\"name\":\"\u00bfQui\u00e9n es usted?\",\"item\":\"https:\/\/www.ilcf.net\/es\/quien-es-usted\/\"},{\"@type\":\"ListItem\",\"position\":3,\"name\":\"Estudiante\",\"item\":\"https:\/\/www.ilcf.net\/es\/quien-es-usted\/estudiante\/\"},{\"@type\":\"ListItem\",\"position\":4,\"name\":\"Gu\u00eda de acogida para estudiantes internacionales\"}]},{\"@type\":\"WebSite\",\"@id\":\"https:\/\/www.ilcf.net\/es\/#website\",\"url\":\"https:\/\/www.ilcf.net\/es\/\",\"name\":\"ILCF - Institut de Langue et de Culture Fran\u00e7aises\",\"description\":\"ILCF - Institut de Langue et de Culture Fran\u00e7aises\",\"publisher\":{\"@id\":\"https:\/\/www.ilcf.net\/es\/#organization\"},\"potentialAction\":[{\"@type\":\"SearchAction\",\"target\":{\"@type\":\"EntryPoint\",\"urlTemplate\":\"https:\/\/www.ilcf.net\/es\/?s={search_term_string}\"},\"query-input\":{\"@type\":\"PropertyValueSpecification\",\"valueRequired\":true,\"valueName\":\"search_term_string\"}}],\"inLanguage\":\"es\"},{\"@type\":\"Organization\",\"@id\":\"https:\/\/www.ilcf.net\/es\/#organization\",\"name\":\"ILCF - Institut de Langue et de Culture Fran\u00e7aises\",\"url\":\"https:\/\/www.ilcf.net\/es\/\",\"logo\":{\"@type\":\"ImageObject\",\"inLanguage\":\"es\",\"@id\":\"https:\/\/www.ilcf.net\/es\/#\/schema\/logo\/image\/\",\"url\":\"https:\/\/www.ilcf.net\/wp-content\/uploads\/sites\/20\/2019\/11\/ilcf_logo.svg\",\"contentUrl\":\"https:\/\/www.ilcf.net\/wp-content\/uploads\/sites\/20\/2019\/11\/ilcf_logo.svg\",\"caption\":\"ILCF - Institut de Langue et de Culture Fran\u00e7aises\"},\"image\":{\"@id\":\"https:\/\/www.ilcf.net\/es\/#\/schema\/logo\/image\/\"}}]}<\/script>\n<!-- \/ Yoast SEO plugin. -->","yoast_head_json":{"title":"Gu\u00eda de acogida para estudiantes internacionales - ILCF - Institut de Langue et de Culture Fran\u00e7aises","robots":{"index":"index","follow":"follow","max-snippet":"max-snippet:-1","max-image-preview":"max-image-preview:large","max-video-preview":"max-video-preview:-1"},"canonical":"https:\/\/www.ilcf.net\/es\/quien-es-usted\/estudiante\/guia-de-acogida-para-estudiantes-internacionales\/","og_locale":"es_ES","og_type":"article","og_title":"Gu\u00eda de acogida para estudiantes internacionales - ILCF - Institut de Langue et de Culture Fran\u00e7aises","og_description":"La gu\u00eda de acogida de la UCLy para los estudiantes internacionales es un documento esencial para los reci\u00e9n llegados. Contiene toda la informaci\u00f3n necesaria [&hellip;]","og_url":"https:\/\/www.ilcf.net\/es\/quien-es-usted\/estudiante\/guia-de-acogida-para-estudiantes-internacionales\/","og_site_name":"ILCF - Institut de Langue et de Culture Fran\u00e7aises","article_modified_time":"2025-03-05T13:05:54+00:00","og_image":[{"width":1920,"height":575,"url":"https:\/\/www.ilcf.net\/wp-content\/uploads\/sites\/20\/2020\/02\/header-metiers-a-linternational-estri.jpg","type":"image\/jpeg"}],"twitter_card":"summary_large_image","twitter_misc":{"Tiempo de lectura":"1 minuto"},"schema":{"@context":"https:\/\/schema.org","@graph":[{"@type":"WebPage","@id":"https:\/\/www.ilcf.net\/es\/quien-es-usted\/estudiante\/guia-de-acogida-para-estudiantes-internacionales\/","url":"https:\/\/www.ilcf.net\/es\/quien-es-usted\/estudiante\/guia-de-acogida-para-estudiantes-internacionales\/","name":"Gu\u00eda de acogida para estudiantes internacionales - ILCF - Institut de Langue et de Culture Fran\u00e7aises","isPartOf":{"@id":"https:\/\/www.ilcf.net\/es\/#website"},"primaryImageOfPage":{"@id":"https:\/\/www.ilcf.net\/es\/quien-es-usted\/estudiante\/guia-de-acogida-para-estudiantes-internacionales\/#primaryimage"},"image":{"@id":"https:\/\/www.ilcf.net\/es\/quien-es-usted\/estudiante\/guia-de-acogida-para-estudiantes-internacionales\/#primaryimage"},"thumbnailUrl":"https:\/\/www.ilcf.net\/wp-content\/uploads\/sites\/20\/2020\/02\/header-metiers-a-linternational-estri.jpg","datePublished":"2019-11-19T08:09:49+00:00","dateModified":"2025-03-05T13:05:54+00:00","breadcrumb":{"@id":"https:\/\/www.ilcf.net\/es\/quien-es-usted\/estudiante\/guia-de-acogida-para-estudiantes-internacionales\/#breadcrumb"},"inLanguage":"es","potentialAction":[{"@type":"ReadAction","target":["https:\/\/www.ilcf.net\/es\/quien-es-usted\/estudiante\/guia-de-acogida-para-estudiantes-internacionales\/"]}]},{"@type":"ImageObject","inLanguage":"es","@id":"https:\/\/www.ilcf.net\/es\/quien-es-usted\/estudiante\/guia-de-acogida-para-estudiantes-internacionales\/#primaryimage","url":"https:\/\/www.ilcf.net\/wp-content\/uploads\/sites\/20\/2020\/02\/header-metiers-a-linternational-estri.jpg","contentUrl":"https:\/\/www.ilcf.net\/wp-content\/uploads\/sites\/20\/2020\/02\/header-metiers-a-linternational-estri.jpg","width":1920,"height":575,"caption":"Guide UCLy des \u00e9tudiants internationaux"},{"@type":"BreadcrumbList","@id":"https:\/\/www.ilcf.net\/es\/quien-es-usted\/estudiante\/guia-de-acogida-para-estudiantes-internacionales\/#breadcrumb","itemListElement":[{"@type":"ListItem","position":1,"name":"Accueil","item":"https:\/\/www.ilcf.net\/es\/"},{"@type":"ListItem","position":2,"name":"\u00bfQui\u00e9n es usted?","item":"https:\/\/www.ilcf.net\/es\/quien-es-usted\/"},{"@type":"ListItem","position":3,"name":"Estudiante","item":"https:\/\/www.ilcf.net\/es\/quien-es-usted\/estudiante\/"},{"@type":"ListItem","position":4,"name":"Gu\u00eda de acogida para estudiantes internacionales"}]},{"@type":"WebSite","@id":"https:\/\/www.ilcf.net\/es\/#website","url":"https:\/\/www.ilcf.net\/es\/","name":"ILCF - Institut de Langue et de Culture Fran\u00e7aises","description":"ILCF - Institut de Langue et de Culture Fran\u00e7aises","publisher":{"@id":"https:\/\/www.ilcf.net\/es\/#organization"},"potentialAction":[{"@type":"SearchAction","target":{"@type":"EntryPoint","urlTemplate":"https:\/\/www.ilcf.net\/es\/?s={search_term_string}"},"query-input":{"@type":"PropertyValueSpecification","valueRequired":true,"valueName":"search_term_string"}}],"inLanguage":"es"},{"@type":"Organization","@id":"https:\/\/www.ilcf.net\/es\/#organization","name":"ILCF - Institut de Langue et de Culture Fran\u00e7aises","url":"https:\/\/www.ilcf.net\/es\/","logo":{"@type":"ImageObject","inLanguage":"es","@id":"https:\/\/www.ilcf.net\/es\/#\/schema\/logo\/image\/","url":"https:\/\/www.ilcf.net\/wp-content\/uploads\/sites\/20\/2019\/11\/ilcf_logo.svg","contentUrl":"https:\/\/www.ilcf.net\/wp-content\/uploads\/sites\/20\/2019\/11\/ilcf_logo.svg","caption":"ILCF - Institut de Langue et de Culture Fran\u00e7aises"},"image":{"@id":"https:\/\/www.ilcf.net\/es\/#\/schema\/logo\/image\/"}}]}},"_links":{"self":[{"href":"https:\/\/www.ilcf.net\/es\/wp-json\/wp\/v2\/pages\/5625","targetHints":{"allow":["GET"]}}],"collection":[{"href":"https:\/\/www.ilcf.net\/es\/wp-json\/wp\/v2\/pages"}],"about":[{"href":"https:\/\/www.ilcf.net\/es\/wp-json\/wp\/v2\/types\/page"}],"author":[{"embeddable":true,"href":"https:\/\/www.ilcf.net\/es\/wp-json\/wp\/v2\/users\/32"}],"replies":[{"embeddable":true,"href":"https:\/\/www.ilcf.net\/es\/wp-json\/wp\/v2\/comments?post=5625"}],"version-history":[{"count":37,"href":"https:\/\/www.ilcf.net\/es\/wp-json\/wp\/v2\/pages\/5625\/revisions"}],"predecessor-version":[{"id":25169,"href":"https:\/\/www.ilcf.net\/es\/wp-json\/wp\/v2\/pages\/5625\/revisions\/25169"}],"up":[{"embeddable":true,"href":"https:\/\/www.ilcf.net\/es\/wp-json\/wp\/v2\/pages\/5580"}],"wp:featuredmedia":[{"embeddable":true,"href":"https:\/\/www.ilcf.net\/es\/wp-json\/wp\/v2\/media\/6273"}],"wp:attachment":[{"href":"https:\/\/www.ilcf.net\/es\/wp-json\/wp\/v2\/media?parent=5625"}],"curies":[{"name":"wp","href":"https:\/\/api.w.org\/{rel}","templated":true}]}}