{"id":5518,"date":"2019-11-18T16:29:28","date_gmt":"2019-11-18T15:29:28","guid":{"rendered":"https:\/\/www.ilcf.net\/?page_id=5518"},"modified":"2020-02-07T09:14:17","modified_gmt":"2020-02-07T08:14:17","slug":"otras-posibilidades","status":"publish","type":"page","link":"https:\/\/www.ilcf.net\/es\/nuestros-programas\/frances-especializado\/otras-posibilidades\/","title":{"rendered":"Otras posibilidades"},"content":{"rendered":"<p>Estos programas de franc\u00e9s especializado se impartir\u00e1n en funci\u00f3n de la demanda y el personal disponible:<br><\/p><ul class=\"wp-block-list\"><li>Franc\u00e9s de la medicina<\/li><li>Franc\u00e9s de ciencias y t\u00e9cnicas<\/li><li>Franc\u00e9s jur\u00eddico<\/li><li>Franc\u00e9s de la restauraci\u00f3n<\/li><li>Franc\u00e9s de la moda<\/li><li>Franc\u00e9s de la diplomacia y las relaciones internacionales<\/li><li>Franc\u00e9s militar y de mantenimiento de la paz<\/li><\/ul><div class=\"wp-block-contact js-fade-scroll\">\n  <p class=\"wp-block-contact-title\">Contacta con nosotros<\/p>\n\n        <div class=\"contact-info\">\n        <p class=\"contact-item\">\n          <span class=\"contact-strong\">ILCF<\/span><br>\n          <span class=\"contact-light\"><\/span>\n        <\/p>\n        <span class=\"contact-separate\"><\/span>\n        <p class=\"contact-item\">\n          <a class=\"icon-phone contact-button show-for-small-only\" href=\"tel:  00 33 - (0)4 72 32 50 53\"><\/a>\n          <span class=\"contact-strong hide-for-small-only\">  00 33 - (0)4 72 32 50 53<\/span><br>\n          <a class=\"icon-mail contact-button show-for-small-only\" href=\"mailto:ilcf@univ-catholyon.fr\"><\/a>\n          <span class=\"contact-light hide-for-small-only\">ilcf@univ-catholyon.fr<\/span>\n        <\/p>\n      <\/div>\n    <\/div><div class=\"wp-block-cross-content js-fade-scroll\">\n    <p class=\"wp-block-cross-content-title\"><\/p>\n            <div class=\"row wp-block-cross-content-row\">\n                                <div class=\"column small-12 medium-6 large-4 wp-block-cross-content-col\">\n                        <a class=\"wp-block-cross-content-top\" href=\"https:\/\/www.ilcf.net\/es\/programas\/programa-duef\/\" title=\"Programa DUEF\">\n                            <span class=\"wp-block-cross-content-name\">Programa DUEF<\/span>\n                            <span class=\"wp-block-cross-content-image\"><img loading=\"lazy\" decoding=\"async\" width=\"630\" height=\"570\" src=\"https:\/\/www.ilcf.net\/wp-content\/uploads\/sites\/20\/2019\/11\/programme-cours-ilcf-630x570.jpg\" class=\" wp-post-image\" alt=\"\" \/><\/span>\n                            <span class=\"wp-block-cross-content-more\">\n                                <span class=\"icon-more\"><\/span>\n                            <\/span>\n                        <\/a>\n                        <div class=\"wp-block-cross-content-excerpt\"><\/div>\n                    <\/div>\n                                                <div class=\"column small-12 medium-6 large-4 wp-block-cross-content-col\">\n                        <a class=\"wp-block-cross-content-top\" href=\"https:\/\/www.ilcf.net\/es\/programas\/programa-complementario-lengua-cultura-y-civilizacion\/\" title=\"Programa complementario Lengua, cultura y civilizaci\u00f3n\">\n                            <span class=\"wp-block-cross-content-name\">Programa complementario Lengua, cultura y civilizaci\u00f3n<\/span>\n                            <span class=\"wp-block-cross-content-image\"><img loading=\"lazy\" decoding=\"async\" width=\"630\" height=\"570\" src=\"https:\/\/www.ilcf.net\/wp-content\/uploads\/sites\/20\/2019\/11\/header-cours-semi-intensif-630x570.jpg\" class=\" wp-post-image\" alt=\"\" \/><\/span>\n                            <span class=\"wp-block-cross-content-more\">\n                                <span class=\"icon-more\"><\/span>\n                            <\/span>\n                        <\/a>\n                        <div class=\"wp-block-cross-content-excerpt\"><\/div>\n                    <\/div>\n                                                <div class=\"column small-12 medium-6 large-4 wp-block-cross-content-col\">\n                        <a class=\"wp-block-cross-content-top\" href=\"https:\/\/www.ilcf.net\/es\/programas\/curso-de-frances-para-principiantes-febrero\/\" title=\"Curso de franc\u00e9s para principiantes : Febrero\">\n                            <span class=\"wp-block-cross-content-name\">Curso de franc\u00e9s para principiantes : Febrero<\/span>\n                            <span class=\"wp-block-cross-content-image\"><img loading=\"lazy\" decoding=\"async\" width=\"550\" height=\"500\" src=\"https:\/\/www.ilcf.net\/wp-content\/uploads\/sites\/20\/2019\/11\/header-coursmensuel-ilcf-tousesmomentsla-550x500.jpg\" class=\" wp-post-image\" alt=\"\" \/><\/span>\n                            <span class=\"wp-block-cross-content-more\">\n                                <span class=\"icon-more\"><\/span>\n                            <\/span>\n                        <\/a>\n                        <div class=\"wp-block-cross-content-excerpt\"><\/div>\n                    <\/div>\n                                    <\/div>\n    <\/div>","protected":false},"excerpt":{"rendered":"<p>Estos programas de franc\u00e9s especializado se impartir\u00e1n en funci\u00f3n de la demanda y el personal disponible:Franc\u00e9s de la medicinaFranc\u00e9s de ciencias y t\u00e9cnicasFranc\u00e9s jur\u00eddicoFranc\u00e9s [&hellip;]<\/p>\n","protected":false},"author":32,"featured_media":6321,"parent":5506,"menu_order":0,"comment_status":"closed","ping_status":"closed","template":"","meta":{"_acf_changed":false,"footnotes":""},"class_list":["post-5518","page","type-page","status-publish","has-post-thumbnail","hentry"],"acf":[],"yoast_head":"<!-- This site is optimized with the Yoast SEO plugin v24.1 - https:\/\/yoast.com\/wordpress\/plugins\/seo\/ -->\n<title>Otras posibilidades - ILCF - Institut de Langue et de Culture Fran\u00e7aises<\/title>\n<meta name=\"robots\" content=\"index, follow, max-snippet:-1, max-image-preview:large, max-video-preview:-1\" \/>\n<link rel=\"canonical\" href=\"https:\/\/www.ilcf.net\/es\/nuestros-programas\/frances-especializado\/otras-posibilidades\/\" \/>\n<meta property=\"og:locale\" content=\"es_ES\" \/>\n<meta property=\"og:type\" content=\"article\" \/>\n<meta property=\"og:title\" content=\"Otras posibilidades - ILCF - Institut de Langue et de Culture Fran\u00e7aises\" \/>\n<meta property=\"og:description\" content=\"Estos programas de franc\u00e9s especializado se impartir\u00e1n en funci\u00f3n de la demanda y el personal disponible:Franc\u00e9s de la medicinaFranc\u00e9s de ciencias y t\u00e9cnicasFranc\u00e9s jur\u00eddicoFranc\u00e9s [&hellip;]\" \/>\n<meta property=\"og:url\" content=\"https:\/\/www.ilcf.net\/es\/nuestros-programas\/frances-especializado\/otras-posibilidades\/\" \/>\n<meta property=\"og:site_name\" content=\"ILCF - Institut de Langue et de Culture Fran\u00e7aises\" \/>\n<meta property=\"article:modified_time\" content=\"2020-02-07T08:14:17+00:00\" \/>\n<meta property=\"og:image\" content=\"https:\/\/www.ilcf.net\/wp-content\/uploads\/sites\/20\/2020\/02\/header-francais-specialite-autres.jpg\" \/>\n\t<meta property=\"og:image:width\" content=\"1920\" \/>\n\t<meta property=\"og:image:height\" content=\"575\" \/>\n\t<meta property=\"og:image:type\" content=\"image\/jpeg\" \/>\n<meta name=\"twitter:card\" content=\"summary_large_image\" \/>\n<script type=\"application\/ld+json\" class=\"yoast-schema-graph\">{\"@context\":\"https:\/\/schema.org\",\"@graph\":[{\"@type\":\"WebPage\",\"@id\":\"https:\/\/www.ilcf.net\/es\/nuestros-programas\/frances-especializado\/otras-posibilidades\/\",\"url\":\"https:\/\/www.ilcf.net\/es\/nuestros-programas\/frances-especializado\/otras-posibilidades\/\",\"name\":\"Otras posibilidades - ILCF - Institut de Langue et de Culture Fran\u00e7aises\",\"isPartOf\":{\"@id\":\"https:\/\/www.ilcf.net\/es\/#website\"},\"primaryImageOfPage\":{\"@id\":\"https:\/\/www.ilcf.net\/es\/nuestros-programas\/frances-especializado\/otras-posibilidades\/#primaryimage\"},\"image\":{\"@id\":\"https:\/\/www.ilcf.net\/es\/nuestros-programas\/frances-especializado\/otras-posibilidades\/#primaryimage\"},\"thumbnailUrl\":\"https:\/\/www.ilcf.net\/wp-content\/uploads\/sites\/20\/2020\/02\/header-francais-specialite-autres.jpg\",\"datePublished\":\"2019-11-18T15:29:28+00:00\",\"dateModified\":\"2020-02-07T08:14:17+00:00\",\"breadcrumb\":{\"@id\":\"https:\/\/www.ilcf.net\/es\/nuestros-programas\/frances-especializado\/otras-posibilidades\/#breadcrumb\"},\"inLanguage\":\"es\",\"potentialAction\":[{\"@type\":\"ReadAction\",\"target\":[\"https:\/\/www.ilcf.net\/es\/nuestros-programas\/frances-especializado\/otras-posibilidades\/\"]}]},{\"@type\":\"ImageObject\",\"inLanguage\":\"es\",\"@id\":\"https:\/\/www.ilcf.net\/es\/nuestros-programas\/frances-especializado\/otras-posibilidades\/#primaryimage\",\"url\":\"https:\/\/www.ilcf.net\/wp-content\/uploads\/sites\/20\/2020\/02\/header-francais-specialite-autres.jpg\",\"contentUrl\":\"https:\/\/www.ilcf.net\/wp-content\/uploads\/sites\/20\/2020\/02\/header-francais-specialite-autres.jpg\",\"width\":1920,\"height\":575,\"caption\":\"Header autres possibilit\u00e9s fran\u00e7ais de sp\u00e9cialit\u00e9\"},{\"@type\":\"BreadcrumbList\",\"@id\":\"https:\/\/www.ilcf.net\/es\/nuestros-programas\/frances-especializado\/otras-posibilidades\/#breadcrumb\",\"itemListElement\":[{\"@type\":\"ListItem\",\"position\":1,\"name\":\"Accueil\",\"item\":\"https:\/\/www.ilcf.net\/es\/\"},{\"@type\":\"ListItem\",\"position\":2,\"name\":\"Nuestros programas\",\"item\":\"https:\/\/www.ilcf.net\/es\/nuestros-programas\/\"},{\"@type\":\"ListItem\",\"position\":3,\"name\":\"Franc\u00e9s especializado\",\"item\":\"https:\/\/www.ilcf.net\/es\/nuestros-programas\/frances-especializado\/\"},{\"@type\":\"ListItem\",\"position\":4,\"name\":\"Otras posibilidades\"}]},{\"@type\":\"WebSite\",\"@id\":\"https:\/\/www.ilcf.net\/es\/#website\",\"url\":\"https:\/\/www.ilcf.net\/es\/\",\"name\":\"ILCF - Institut de Langue et de Culture Fran\u00e7aises\",\"description\":\"ILCF - Institut de Langue et de Culture Fran\u00e7aises\",\"publisher\":{\"@id\":\"https:\/\/www.ilcf.net\/es\/#organization\"},\"potentialAction\":[{\"@type\":\"SearchAction\",\"target\":{\"@type\":\"EntryPoint\",\"urlTemplate\":\"https:\/\/www.ilcf.net\/es\/?s={search_term_string}\"},\"query-input\":{\"@type\":\"PropertyValueSpecification\",\"valueRequired\":true,\"valueName\":\"search_term_string\"}}],\"inLanguage\":\"es\"},{\"@type\":\"Organization\",\"@id\":\"https:\/\/www.ilcf.net\/es\/#organization\",\"name\":\"ILCF - Institut de Langue et de Culture Fran\u00e7aises\",\"url\":\"https:\/\/www.ilcf.net\/es\/\",\"logo\":{\"@type\":\"ImageObject\",\"inLanguage\":\"es\",\"@id\":\"https:\/\/www.ilcf.net\/es\/#\/schema\/logo\/image\/\",\"url\":\"https:\/\/www.ilcf.net\/wp-content\/uploads\/sites\/20\/2019\/11\/ilcf_logo.svg\",\"contentUrl\":\"https:\/\/www.ilcf.net\/wp-content\/uploads\/sites\/20\/2019\/11\/ilcf_logo.svg\",\"caption\":\"ILCF - Institut de Langue et de Culture Fran\u00e7aises\"},\"image\":{\"@id\":\"https:\/\/www.ilcf.net\/es\/#\/schema\/logo\/image\/\"}}]}<\/script>\n<!-- \/ Yoast SEO plugin. -->","yoast_head_json":{"title":"Otras posibilidades - ILCF - Institut de Langue et de Culture Fran\u00e7aises","robots":{"index":"index","follow":"follow","max-snippet":"max-snippet:-1","max-image-preview":"max-image-preview:large","max-video-preview":"max-video-preview:-1"},"canonical":"https:\/\/www.ilcf.net\/es\/nuestros-programas\/frances-especializado\/otras-posibilidades\/","og_locale":"es_ES","og_type":"article","og_title":"Otras posibilidades - ILCF - Institut de Langue et de Culture Fran\u00e7aises","og_description":"Estos programas de franc\u00e9s especializado se impartir\u00e1n en funci\u00f3n de la demanda y el personal disponible:Franc\u00e9s de la medicinaFranc\u00e9s de ciencias y t\u00e9cnicasFranc\u00e9s jur\u00eddicoFranc\u00e9s [&hellip;]","og_url":"https:\/\/www.ilcf.net\/es\/nuestros-programas\/frances-especializado\/otras-posibilidades\/","og_site_name":"ILCF - Institut de Langue et de Culture Fran\u00e7aises","article_modified_time":"2020-02-07T08:14:17+00:00","og_image":[{"width":1920,"height":575,"url":"https:\/\/www.ilcf.net\/wp-content\/uploads\/sites\/20\/2020\/02\/header-francais-specialite-autres.jpg","type":"image\/jpeg"}],"twitter_card":"summary_large_image","schema":{"@context":"https:\/\/schema.org","@graph":[{"@type":"WebPage","@id":"https:\/\/www.ilcf.net\/es\/nuestros-programas\/frances-especializado\/otras-posibilidades\/","url":"https:\/\/www.ilcf.net\/es\/nuestros-programas\/frances-especializado\/otras-posibilidades\/","name":"Otras posibilidades - ILCF - Institut de Langue et de Culture Fran\u00e7aises","isPartOf":{"@id":"https:\/\/www.ilcf.net\/es\/#website"},"primaryImageOfPage":{"@id":"https:\/\/www.ilcf.net\/es\/nuestros-programas\/frances-especializado\/otras-posibilidades\/#primaryimage"},"image":{"@id":"https:\/\/www.ilcf.net\/es\/nuestros-programas\/frances-especializado\/otras-posibilidades\/#primaryimage"},"thumbnailUrl":"https:\/\/www.ilcf.net\/wp-content\/uploads\/sites\/20\/2020\/02\/header-francais-specialite-autres.jpg","datePublished":"2019-11-18T15:29:28+00:00","dateModified":"2020-02-07T08:14:17+00:00","breadcrumb":{"@id":"https:\/\/www.ilcf.net\/es\/nuestros-programas\/frances-especializado\/otras-posibilidades\/#breadcrumb"},"inLanguage":"es","potentialAction":[{"@type":"ReadAction","target":["https:\/\/www.ilcf.net\/es\/nuestros-programas\/frances-especializado\/otras-posibilidades\/"]}]},{"@type":"ImageObject","inLanguage":"es","@id":"https:\/\/www.ilcf.net\/es\/nuestros-programas\/frances-especializado\/otras-posibilidades\/#primaryimage","url":"https:\/\/www.ilcf.net\/wp-content\/uploads\/sites\/20\/2020\/02\/header-francais-specialite-autres.jpg","contentUrl":"https:\/\/www.ilcf.net\/wp-content\/uploads\/sites\/20\/2020\/02\/header-francais-specialite-autres.jpg","width":1920,"height":575,"caption":"Header autres possibilit\u00e9s fran\u00e7ais de sp\u00e9cialit\u00e9"},{"@type":"BreadcrumbList","@id":"https:\/\/www.ilcf.net\/es\/nuestros-programas\/frances-especializado\/otras-posibilidades\/#breadcrumb","itemListElement":[{"@type":"ListItem","position":1,"name":"Accueil","item":"https:\/\/www.ilcf.net\/es\/"},{"@type":"ListItem","position":2,"name":"Nuestros programas","item":"https:\/\/www.ilcf.net\/es\/nuestros-programas\/"},{"@type":"ListItem","position":3,"name":"Franc\u00e9s especializado","item":"https:\/\/www.ilcf.net\/es\/nuestros-programas\/frances-especializado\/"},{"@type":"ListItem","position":4,"name":"Otras posibilidades"}]},{"@type":"WebSite","@id":"https:\/\/www.ilcf.net\/es\/#website","url":"https:\/\/www.ilcf.net\/es\/","name":"ILCF - Institut de Langue et de Culture Fran\u00e7aises","description":"ILCF - Institut de Langue et de Culture Fran\u00e7aises","publisher":{"@id":"https:\/\/www.ilcf.net\/es\/#organization"},"potentialAction":[{"@type":"SearchAction","target":{"@type":"EntryPoint","urlTemplate":"https:\/\/www.ilcf.net\/es\/?s={search_term_string}"},"query-input":{"@type":"PropertyValueSpecification","valueRequired":true,"valueName":"search_term_string"}}],"inLanguage":"es"},{"@type":"Organization","@id":"https:\/\/www.ilcf.net\/es\/#organization","name":"ILCF - Institut de Langue et de Culture Fran\u00e7aises","url":"https:\/\/www.ilcf.net\/es\/","logo":{"@type":"ImageObject","inLanguage":"es","@id":"https:\/\/www.ilcf.net\/es\/#\/schema\/logo\/image\/","url":"https:\/\/www.ilcf.net\/wp-content\/uploads\/sites\/20\/2019\/11\/ilcf_logo.svg","contentUrl":"https:\/\/www.ilcf.net\/wp-content\/uploads\/sites\/20\/2019\/11\/ilcf_logo.svg","caption":"ILCF - Institut de Langue et de Culture Fran\u00e7aises"},"image":{"@id":"https:\/\/www.ilcf.net\/es\/#\/schema\/logo\/image\/"}}]}},"_links":{"self":[{"href":"https:\/\/www.ilcf.net\/es\/wp-json\/wp\/v2\/pages\/5518","targetHints":{"allow":["GET"]}}],"collection":[{"href":"https:\/\/www.ilcf.net\/es\/wp-json\/wp\/v2\/pages"}],"about":[{"href":"https:\/\/www.ilcf.net\/es\/wp-json\/wp\/v2\/types\/page"}],"author":[{"embeddable":true,"href":"https:\/\/www.ilcf.net\/es\/wp-json\/wp\/v2\/users\/32"}],"replies":[{"embeddable":true,"href":"https:\/\/www.ilcf.net\/es\/wp-json\/wp\/v2\/comments?post=5518"}],"version-history":[{"count":4,"href":"https:\/\/www.ilcf.net\/es\/wp-json\/wp\/v2\/pages\/5518\/revisions"}],"predecessor-version":[{"id":7029,"href":"https:\/\/www.ilcf.net\/es\/wp-json\/wp\/v2\/pages\/5518\/revisions\/7029"}],"up":[{"embeddable":true,"href":"https:\/\/www.ilcf.net\/es\/wp-json\/wp\/v2\/pages\/5506"}],"wp:featuredmedia":[{"embeddable":true,"href":"https:\/\/www.ilcf.net\/es\/wp-json\/wp\/v2\/media\/6321"}],"wp:attachment":[{"href":"https:\/\/www.ilcf.net\/es\/wp-json\/wp\/v2\/media?parent=5518"}],"curies":[{"name":"wp","href":"https:\/\/api.w.org\/{rel}","templated":true}]}}