{"id":26918,"date":"2026-02-19T18:12:04","date_gmt":"2026-02-19T17:12:04","guid":{"rendered":"https:\/\/www.ilcf.net\/parcours-ilcf-esdes\/"},"modified":"2026-02-26T17:40:12","modified_gmt":"2026-02-26T16:40:12","slug":"itinerario-ilcf-esdes","status":"publish","type":"page","link":"https:\/\/www.ilcf.net\/es\/nuestros-programas\/itinerario-ilcf-esdes\/","title":{"rendered":"Itinerario ILCF \/ ESDES"},"content":{"rendered":"<h2 class=\"wp-block-heading\"><strong>Preparaci\u00f3n para la integraci\u00f3n en la educaci\u00f3n superior en Francia<\/strong><\/h2><p><strong>El ILCF<\/strong> ofrece <strong>programas de lengua francesa<\/strong> dise\u00f1ados para permitir a los estudiantes internacionales <strong>adquirir el nivel de franc\u00e9s requerido para integrarse en un itinerario universitario en Francia<\/strong> y, en particular, <strong>en la ESDES, escuela de gesti\u00f3n de la UCLy<\/strong>, en condiciones acad\u00e9micas adecuadas.<\/p><p>Organizada por niveles (de A0 a C1), la formaci\u00f3n se inscribe en un marco universitario estructurado y conduce a la obtenci\u00f3n del <strong>Diploma Universitario de Estudios Franceses (DUEF)<\/strong>.<\/p><p>M\u00e1s all\u00e1 del aprendizaje ling\u00fc\u00edstico, los programas integran:<\/p><ul class=\"wp-block-list\"><li>el desarrollo de competencias orales y escritas de acuerdo con el CECRL<\/li>\n\n<li>el dominio de los m\u00e9todos de trabajo universitario en Francia<\/li>\n\n<li>un acompa\u00f1amiento pedag\u00f3gico estructurado (organizaci\u00f3n semestral y tutor\u00edas)<\/li>\n\n<li>actividades culturales que favorecen una inmersi\u00f3n progresiva en la lengua y la cultura francesas<\/li>\n\n<li>cursos de inmersi\u00f3n en la ESDES<\/li><\/ul><p>Esta preparaci\u00f3n permite <strong>alcanzar progresivamente el nivel requerido<\/strong>, en particular el <strong>nivel B2<\/strong>, para acceder a numerosas titulaciones universitarias y de escuelas superiores.<\/p><div style=\"margin-top: 20px; padding: 15px; border-left: 4px solid #f0ab00; background-color: #fafafa;\">\n  <p style=\"margin: 0; font-weight: 600; color: #f0ab00;\">Ventaja para los estudiantes del ILCF<\/p>\n  <p style=\"margin: 8px 0 0 0;\">\n    Los estudiantes que hayan cursado un programa en el ILCF se benefician de una <strong>reducci\u00f3n del 10% en las tasas de matr\u00edcula<\/strong> al continuar sus estudios en ESDES.\n  <\/p>\n<\/div><div style=\"height: 40px;\"><\/div><div class=\"wp-block-tabs\">\n  <h2 class=\"js-fade-scroll\">\n    <span class=\"block-suptitle\">Tras una formaci\u00f3n en el ILCF<\/span><br>\n    <span class=\"block-title\">continuar estudios en la <span style=\"color: #00758d;\">ESDES Business School<\/span>\n<\/span>\n  <\/h2>\n\n  <div class=\"js-fade-scroll\">\n          <ul class=\"tabs tabs-training show-for-large\" data-tabs id=\"block_dd790253c1f0632c3bbf63316aa7a90c\">\n                  <li class=\"tabs-title is-active\">\n            <a class=\"tabs-link\" href=\"#block_dd790253c1f0632c3bbf63316aa7a90c-0\" aria-selected=\"true\">Titulaciones ofrecidas<\/a>\n          <\/li>\n                  <li class=\"tabs-title\">\n            <a class=\"tabs-link\" href=\"#block_dd790253c1f0632c3bbf63316aa7a90c-1\" aria-selected=\"true\">Condiciones de admisi\u00f3n<\/a>\n          <\/li>\n                  <li class=\"tabs-title\">\n            <a class=\"tabs-link\" href=\"#block_dd790253c1f0632c3bbf63316aa7a90c-2\" aria-selected=\"true\">Calendario de inicio de programas<\/a>\n          <\/li>\n                  <li class=\"tabs-title\">\n            <a class=\"tabs-link\" href=\"#block_dd790253c1f0632c3bbf63316aa7a90c-3\" aria-selected=\"true\">Para m\u00e1s informaci\u00f3n<\/a>\n          <\/li>\n              <\/ul>\n\n      <div class=\"tabs-training-mobile hide-for-large\">\n        <select class=\"filter-select js-select-filters js-select-tabs-training\" name=\"filter-tabs\" id=\"filter-block_dd790253c1f0632c3bbf63316aa7a90c\">\n                      <option value=\"#block_dd790253c1f0632c3bbf63316aa7a90c-0\">Titulaciones ofrecidas<\/option>\n                      <option value=\"#block_dd790253c1f0632c3bbf63316aa7a90c-1\">Condiciones de admisi\u00f3n<\/option>\n                      <option value=\"#block_dd790253c1f0632c3bbf63316aa7a90c-2\">Calendario de inicio de programas<\/option>\n                      <option value=\"#block_dd790253c1f0632c3bbf63316aa7a90c-3\">Para m\u00e1s informaci\u00f3n<\/option>\n                  <\/select>\n      <\/div>\n\n      <div class=\"tabs-content tabs-training-content\" data-tabs-content=\"block_dd790253c1f0632c3bbf63316aa7a90c\">\n                  <div class=\"tabs-panel is-active\" id=\"block_dd790253c1f0632c3bbf63316aa7a90c-0\">\n            <p>La ESDES Business School ofrece programas de nivel grado (Bac +3) y m\u00e1ster (Bac +5) en el \u00e1mbito de la gesti\u00f3n y el comercio.<\/p>\n<p><a style=\"color: #f0ab00; font-weight: 600; text-decoration: none;\" href=\"https:\/\/www.esdes.fr\/accueil\/programmes\/tous-les-programmes\/bachelor-in-business-bac-3\/\" target=\"_blank\" rel=\"noopener\"> Bachelor in Business (Bac+3) <\/a><\/p>\n<p>Programa de tres a\u00f1os que cubre los fundamentos del management, la gesti\u00f3n y el comercio internacional, con una progresi\u00f3n hacia la especializaci\u00f3n.<\/p>\n<p><a style=\"color: #f0ab00; font-weight: 600; text-decoration: none;\" href=\"https:\/\/www.esdes.fr\/accueil\/programmes\/tous-les-programmes\/master-in-management\/\" target=\"_blank\" rel=\"noopener\"> Master in Management (Bac+5) <\/a><\/p>\n<p>Programa de dos a\u00f1os destinado a profundizar las competencias directivas y estrat\u00e9gicas con vistas al desempe\u00f1o de funciones de responsabilidad.<\/p>\n<p><a style=\"color: #f0ab00; font-weight: 600; text-decoration: none;\" href=\"https:\/\/www.esdes.fr\/accueil\/programmes\/tous-les-programmes-de-lesdes\/tous-nos-programmes-francais-anglais\/\" target=\"_blank\" rel=\"noopener\"> Master of Science (MSc) (Bac+5) <\/a><\/p>\n<p>Programas especializados, impartidos en ingl\u00e9s, orientados a \u00e1mbitos espec\u00edficos del management y las finanzas.<\/p>\n          <\/div>\n                  <div class=\"tabs-panel\" id=\"block_dd790253c1f0632c3bbf63316aa7a90c-1\">\n            <p>La admisi\u00f3n a los programas de ESDES se basa en requisitos acad\u00e9micos y en criterios de nivel ling\u00fc\u00edstico espec\u00edficos para cada programa.<\/p>\n<p style=\"color:#f0ab00; font-weight:600;\">Requisitos acad\u00e9micos<\/p>\n<ul>\n<li>Se requiere el t\u00edtulo de Bachillerato (o equivalente) para el acceso al primer a\u00f1o del Bachelor<\/li>\n<li>El acceso al segundo o tercer a\u00f1o podr\u00e1 valorarse en funci\u00f3n del expediente acad\u00e9mico previo<\/li>\n<\/ul>\n<p style=\"color:#f0ab00; font-weight:600;\">Requisitos ling\u00fc\u00edsticos<\/p>\n<ul>\n<li><strong>No se exige un nivel m\u00ednimo de franc\u00e9s<\/strong> para los programas impartidos en ingl\u00e9s<\/li>\n<li>Se requiere un <strong>nivel m\u00ednimo B2 de franc\u00e9s<\/strong> para los programas impartidos en franc\u00e9s<\/li>\n<li>Se requiere un <strong>nivel m\u00ednimo B2 de ingl\u00e9s<\/strong> para los programas impartidos en ingl\u00e9s<\/li>\n<\/ul>\n<p>La formaci\u00f3n cursada en el ILCF permite preparar y alcanzar progresivamente el nivel ling\u00fc\u00edstico requerido dentro de un entorno acad\u00e9mico estructurado.<\/p>\n<p style=\"color:#f0ab00; font-weight:600;\">Proceso de selecci\u00f3n<\/p>\n<ul>\n<li>Evaluaci\u00f3n del expediente de candidatura<\/li>\n<li>Entrevista de motivaci\u00f3n en franc\u00e9s o en ingl\u00e9s<\/li>\n<li>Procedimiento de admisi\u00f3n completamente en l\u00ednea<\/li>\n<\/ul>\n          <\/div>\n                  <div class=\"tabs-panel\" id=\"block_dd790253c1f0632c3bbf63316aa7a90c-2\">\n            <p>El inicio de los programas en la ESDES Business School se organiza en distintos momentos del a\u00f1o, lo que permite articular la finalizaci\u00f3n de un programa ling\u00fc\u00edstico en el ILCF con la incorporaci\u00f3n al programa acad\u00e9mico correspondiente:<\/p>\n<ul style=\"padding-left: 20px; margin-top: 10px;\">\n<li><span style=\"color: #f0ab00; font-weight: 600;\">Bachelor in Business:<\/span> septiembre y febrero<\/li>\n<li><span style=\"color: #f0ab00; font-weight: 600;\">Master in Management:<\/span> septiembre<\/li>\n<li><span style=\"color: #f0ab00; font-weight: 600;\">Master of Science:<\/span> octubre y diciembre<\/li>\n<\/ul>\n          <\/div>\n                  <div class=\"tabs-panel\" id=\"block_dd790253c1f0632c3bbf63316aa7a90c-3\">\n            <p>Para cualquier consulta relativa a la formaci\u00f3n ling\u00fc\u00edstica o al itinerario ILCF-ESDES:<\/p>\n<p><strong>Institut de Langue et de Culture Fran\u00e7aises (ILCF)<\/strong><br \/>\n+33 4 72 32 50 53<br \/>\n<a class=\"decorated-link cursor-pointer\" href=\"mailto:ilcf@univ-catholyon.fr\" target=\"_blank\" rel=\"noopener\"> ilcf@univ-catholyon.fr <\/a><\/p>\n<p><strong>ESDES Business School<\/strong><br \/>\n<a class=\"lien_externe\" href=\"https:\/\/www.esdes.fr\" target=\"_blank\" rel=\"noopener\"> <span class=\"button\">Consultar el sitio web de ESDES<\/span> <\/a><\/p>\n          <\/div>\n              <\/div>\n\n      <\/div>\n<\/div><div class=\"wp-block-document js-fade-scroll\">\n  <div class=\"row align-middle collapse\">\n    <div class=\"column small-12 medium-expand\">\n      <p class=\"wp-block-document-title\">Descargar el folleto<\/p>\n      <div class=\"wp-block-document-intro\"><p><a href=\"https:\/\/www.ilcf.net\/wp-content\/uploads\/sites\/20\/2026\/02\/esp-plaquette-fle-esdes.pdf\" target=\"_blank\" rel=\"noopener\"><img decoding=\"async\" class=\"aligncenter\" style=\"width: auto; height: auto;\" src=\"https:\/\/www.ilcf.net\/wp-content\/uploads\/sites\/20\/2026\/02\/esp-plaquette-fle-esdes-scaled.jpg\" alt=\"Brochure Parcours ILCF-ESDES\" \/><\/a><\/p>\n<\/div>\n      <a href=\"https:\/\/www.ilcf.net\/wp-content\/uploads\/sites\/20\/2026\/02\/esp-plaquette-fle-esdes.pdf\" target=\"_blank\" class=\"button primary button-icon\" title=\"Descargar Descargar el folleto\"><span class=\"icon-download\"><\/span>Descargar<\/a>\n    <\/div>\n\n    <div class=\"column small-12 medium-shrink wp-block-document-right\">\n      <img loading=\"lazy\" decoding=\"async\" width=\"150\" height=\"150\" src=\"https:\/\/www.ilcf.net\/wp-content\/uploads\/sites\/20\/2019\/11\/telecharger-le-pdf-1-150x150-150x150.png\" class=\"attachment-thumbnail size-thumbnail\" alt=\"\" srcset=\"https:\/\/www.ilcf.net\/wp-content\/uploads\/sites\/20\/2019\/11\/telecharger-le-pdf-1-150x150.png 150w, https:\/\/www.ilcf.net\/wp-content\/uploads\/sites\/20\/2019\/11\/telecharger-le-pdf-1-150x150-65x65.png 65w\" sizes=\"auto, (max-width: 150px) 100vw, 150px\" \/>    <\/div>\n  <\/div>\n<\/div><div class=\"wp-block-cross-content js-fade-scroll\">\n    <p class=\"wp-block-cross-content-title\">Descubra tambi\u00e9n<\/p>\n            <div class=\"row wp-block-cross-content-row\">\n                                <div class=\"column small-12 medium-6 large-4 wp-block-cross-content-col\">\n                        <a class=\"wp-block-cross-content-top\" href=\"https:\/\/www.ilcf.net\/es\/nuestros-programas\/\" title=\"Nuestros programas\">\n                            <span class=\"wp-block-cross-content-name\">Nuestros programas<\/span>\n                            <span class=\"wp-block-cross-content-image\"><img loading=\"lazy\" decoding=\"async\" width=\"630\" height=\"570\" src=\"https:\/\/www.ilcf.net\/wp-content\/uploads\/sites\/20\/2020\/02\/header-recrutement-stagiaire-estri-630x570.jpg\" class=\" wp-post-image\" alt=\"\" \/><\/span>\n                            <span class=\"wp-block-cross-content-more\">\n                                <span class=\"icon-more\"><\/span>\n                            <\/span>\n                        <\/a>\n                        <div class=\"wp-block-cross-content-excerpt\"><\/div>\n                    <\/div>\n                                                <div class=\"column small-12 medium-6 large-4 wp-block-cross-content-col\">\n                        <a class=\"wp-block-cross-content-top\" href=\"https:\/\/www.ilcf.net\/es\/nuestros-programas\/todos-los-cursos-del-ilcf\/\" title=\"Todos los cursos del ILCF\">\n                            <span class=\"wp-block-cross-content-name\">Todos los cursos del ILCF<\/span>\n                            <span class=\"wp-block-cross-content-image\"><img loading=\"lazy\" decoding=\"async\" width=\"630\" height=\"570\" src=\"https:\/\/www.ilcf.net\/wp-content\/uploads\/sites\/20\/2019\/12\/header-ilcf-630x570.jpg\" class=\" wp-post-image\" alt=\"\" \/><\/span>\n                            <span class=\"wp-block-cross-content-more\">\n                                <span class=\"icon-more\"><\/span>\n                            <\/span>\n                        <\/a>\n                        <div class=\"wp-block-cross-content-excerpt\"><p>Descubra nuestros cursos de franc\u00e9s y encuentre el programa que mejor se adapte a sus expectativas y objetivos.<\/p>\n<\/div>\n                    <\/div>\n                                                <div class=\"column small-12 medium-6 large-4 wp-block-cross-content-col\">\n                        <a class=\"wp-block-cross-content-top\" href=\"https:\/\/www.ilcf.net\/es\/nuestros-programas\/frances-especializado\/\" title=\"Franc\u00e9s especializado\">\n                            <span class=\"wp-block-cross-content-name\">Franc\u00e9s especializado<\/span>\n                            <span class=\"wp-block-cross-content-image\"><img loading=\"lazy\" decoding=\"async\" width=\"630\" height=\"570\" src=\"https:\/\/www.ilcf.net\/wp-content\/uploads\/sites\/20\/2020\/02\/header-prepa-iep-630x570.jpg\" class=\" wp-post-image\" alt=\"Header Fran\u00e7ais de sp\u00e9cialit\u00e9 ILCF\" \/><\/span>\n                            <span class=\"wp-block-cross-content-more\">\n                                <span class=\"icon-more\"><\/span>\n                            <\/span>\n                        <\/a>\n                        <div class=\"wp-block-cross-content-excerpt\"><\/div>\n                    <\/div>\n                                    <\/div>\n    <\/div><p><\/p>","protected":false},"excerpt":{"rendered":"<p>Preparaci\u00f3n para la integraci\u00f3n en la educaci\u00f3n superior en FranciaEl ILCF ofrece programas de lengua francesa dise\u00f1ados para permitir a los estudiantes internacionales adquirir [&hellip;]<\/p>\n","protected":false},"author":305,"featured_media":26845,"parent":5502,"menu_order":0,"comment_status":"closed","ping_status":"closed","template":"","meta":{"_acf_changed":false,"footnotes":""},"class_list":["post-26918","page","type-page","status-publish","has-post-thumbnail","hentry"],"acf":[],"yoast_head":"<!-- This site is optimized with the Yoast SEO plugin v24.1 - https:\/\/yoast.com\/wordpress\/plugins\/seo\/ -->\n<title>Itinerario ILCF \/ ESDES - ILCF - Institut de Langue et de Culture Fran\u00e7aises<\/title>\n<meta name=\"description\" content=\"Estudiar franc\u00e9s en el ILCF (Lyon) y continuar estudios en comercio o gesti\u00f3n en Francia en la ESDES Business School (UCLy).\" \/>\n<meta name=\"robots\" content=\"index, follow, max-snippet:-1, max-image-preview:large, max-video-preview:-1\" \/>\n<link rel=\"canonical\" href=\"https:\/\/www.ilcf.net\/es\/nuestros-programas\/itinerario-ilcf-esdes\/\" \/>\n<meta property=\"og:locale\" content=\"es_ES\" \/>\n<meta property=\"og:type\" content=\"article\" \/>\n<meta property=\"og:title\" content=\"Itinerario ILCF \/ ESDES - ILCF - Institut de Langue et de Culture Fran\u00e7aises\" \/>\n<meta property=\"og:description\" content=\"Estudiar franc\u00e9s en el ILCF (Lyon) y continuar estudios en comercio o gesti\u00f3n en Francia en la ESDES Business School (UCLy).\" \/>\n<meta property=\"og:url\" content=\"https:\/\/www.ilcf.net\/es\/nuestros-programas\/itinerario-ilcf-esdes\/\" \/>\n<meta property=\"og:site_name\" content=\"ILCF - Institut de Langue et de Culture Fran\u00e7aises\" \/>\n<meta property=\"article:modified_time\" content=\"2026-02-26T16:40:12+00:00\" \/>\n<meta property=\"og:image\" content=\"https:\/\/www.ilcf.net\/wp-content\/uploads\/sites\/20\/2026\/02\/header-parcours-ilcf-esdes.jpg\" \/>\n\t<meta property=\"og:image:width\" content=\"1920\" \/>\n\t<meta property=\"og:image:height\" content=\"575\" \/>\n\t<meta property=\"og:image:type\" content=\"image\/jpeg\" \/>\n<meta name=\"twitter:card\" content=\"summary_large_image\" \/>\n<meta name=\"twitter:label1\" content=\"Tiempo de lectura\" \/>\n\t<meta name=\"twitter:data1\" content=\"2 minutos\" \/>\n<script type=\"application\/ld+json\" class=\"yoast-schema-graph\">{\"@context\":\"https:\/\/schema.org\",\"@graph\":[{\"@type\":\"WebPage\",\"@id\":\"https:\/\/www.ilcf.net\/es\/nuestros-programas\/itinerario-ilcf-esdes\/\",\"url\":\"https:\/\/www.ilcf.net\/es\/nuestros-programas\/itinerario-ilcf-esdes\/\",\"name\":\"Itinerario ILCF \/ ESDES - ILCF - Institut de Langue et de Culture Fran\u00e7aises\",\"isPartOf\":{\"@id\":\"https:\/\/www.ilcf.net\/es\/#website\"},\"primaryImageOfPage\":{\"@id\":\"https:\/\/www.ilcf.net\/es\/nuestros-programas\/itinerario-ilcf-esdes\/#primaryimage\"},\"image\":{\"@id\":\"https:\/\/www.ilcf.net\/es\/nuestros-programas\/itinerario-ilcf-esdes\/#primaryimage\"},\"thumbnailUrl\":\"https:\/\/www.ilcf.net\/wp-content\/uploads\/sites\/20\/2026\/02\/header-parcours-ilcf-esdes.jpg\",\"datePublished\":\"2026-02-19T17:12:04+00:00\",\"dateModified\":\"2026-02-26T16:40:12+00:00\",\"description\":\"Estudiar franc\u00e9s en el ILCF (Lyon) y continuar estudios en comercio o gesti\u00f3n en Francia en la ESDES Business School (UCLy).\",\"breadcrumb\":{\"@id\":\"https:\/\/www.ilcf.net\/es\/nuestros-programas\/itinerario-ilcf-esdes\/#breadcrumb\"},\"inLanguage\":\"es\",\"potentialAction\":[{\"@type\":\"ReadAction\",\"target\":[\"https:\/\/www.ilcf.net\/es\/nuestros-programas\/itinerario-ilcf-esdes\/\"]}]},{\"@type\":\"ImageObject\",\"inLanguage\":\"es\",\"@id\":\"https:\/\/www.ilcf.net\/es\/nuestros-programas\/itinerario-ilcf-esdes\/#primaryimage\",\"url\":\"https:\/\/www.ilcf.net\/wp-content\/uploads\/sites\/20\/2026\/02\/header-parcours-ilcf-esdes.jpg\",\"contentUrl\":\"https:\/\/www.ilcf.net\/wp-content\/uploads\/sites\/20\/2026\/02\/header-parcours-ilcf-esdes.jpg\",\"width\":1920,\"height\":575},{\"@type\":\"BreadcrumbList\",\"@id\":\"https:\/\/www.ilcf.net\/es\/nuestros-programas\/itinerario-ilcf-esdes\/#breadcrumb\",\"itemListElement\":[{\"@type\":\"ListItem\",\"position\":1,\"name\":\"Accueil\",\"item\":\"https:\/\/www.ilcf.net\/es\/\"},{\"@type\":\"ListItem\",\"position\":2,\"name\":\"Nuestros programas\",\"item\":\"https:\/\/www.ilcf.net\/es\/nuestros-programas\/\"},{\"@type\":\"ListItem\",\"position\":3,\"name\":\"Itinerario ILCF \/ ESDES\"}]},{\"@type\":\"WebSite\",\"@id\":\"https:\/\/www.ilcf.net\/es\/#website\",\"url\":\"https:\/\/www.ilcf.net\/es\/\",\"name\":\"ILCF - Institut de Langue et de Culture Fran\u00e7aises\",\"description\":\"ILCF - Institut de Langue et de Culture Fran\u00e7aises\",\"publisher\":{\"@id\":\"https:\/\/www.ilcf.net\/es\/#organization\"},\"potentialAction\":[{\"@type\":\"SearchAction\",\"target\":{\"@type\":\"EntryPoint\",\"urlTemplate\":\"https:\/\/www.ilcf.net\/es\/?s={search_term_string}\"},\"query-input\":{\"@type\":\"PropertyValueSpecification\",\"valueRequired\":true,\"valueName\":\"search_term_string\"}}],\"inLanguage\":\"es\"},{\"@type\":\"Organization\",\"@id\":\"https:\/\/www.ilcf.net\/es\/#organization\",\"name\":\"ILCF - Institut de Langue et de Culture Fran\u00e7aises\",\"url\":\"https:\/\/www.ilcf.net\/es\/\",\"logo\":{\"@type\":\"ImageObject\",\"inLanguage\":\"es\",\"@id\":\"https:\/\/www.ilcf.net\/es\/#\/schema\/logo\/image\/\",\"url\":\"https:\/\/www.ilcf.net\/wp-content\/uploads\/sites\/20\/2019\/11\/ilcf_logo.svg\",\"contentUrl\":\"https:\/\/www.ilcf.net\/wp-content\/uploads\/sites\/20\/2019\/11\/ilcf_logo.svg\",\"caption\":\"ILCF - Institut de Langue et de Culture Fran\u00e7aises\"},\"image\":{\"@id\":\"https:\/\/www.ilcf.net\/es\/#\/schema\/logo\/image\/\"}}]}<\/script>\n<!-- \/ Yoast SEO plugin. -->","yoast_head_json":{"title":"Itinerario ILCF \/ ESDES - ILCF - Institut de Langue et de Culture Fran\u00e7aises","description":"Estudiar franc\u00e9s en el ILCF (Lyon) y continuar estudios en comercio o gesti\u00f3n en Francia en la ESDES Business School (UCLy).","robots":{"index":"index","follow":"follow","max-snippet":"max-snippet:-1","max-image-preview":"max-image-preview:large","max-video-preview":"max-video-preview:-1"},"canonical":"https:\/\/www.ilcf.net\/es\/nuestros-programas\/itinerario-ilcf-esdes\/","og_locale":"es_ES","og_type":"article","og_title":"Itinerario ILCF \/ ESDES - ILCF - Institut de Langue et de Culture Fran\u00e7aises","og_description":"Estudiar franc\u00e9s en el ILCF (Lyon) y continuar estudios en comercio o gesti\u00f3n en Francia en la ESDES Business School (UCLy).","og_url":"https:\/\/www.ilcf.net\/es\/nuestros-programas\/itinerario-ilcf-esdes\/","og_site_name":"ILCF - Institut de Langue et de Culture Fran\u00e7aises","article_modified_time":"2026-02-26T16:40:12+00:00","og_image":[{"width":1920,"height":575,"url":"https:\/\/www.ilcf.net\/wp-content\/uploads\/sites\/20\/2026\/02\/header-parcours-ilcf-esdes.jpg","type":"image\/jpeg"}],"twitter_card":"summary_large_image","twitter_misc":{"Tiempo de lectura":"2 minutos"},"schema":{"@context":"https:\/\/schema.org","@graph":[{"@type":"WebPage","@id":"https:\/\/www.ilcf.net\/es\/nuestros-programas\/itinerario-ilcf-esdes\/","url":"https:\/\/www.ilcf.net\/es\/nuestros-programas\/itinerario-ilcf-esdes\/","name":"Itinerario ILCF \/ ESDES - ILCF - Institut de Langue et de Culture Fran\u00e7aises","isPartOf":{"@id":"https:\/\/www.ilcf.net\/es\/#website"},"primaryImageOfPage":{"@id":"https:\/\/www.ilcf.net\/es\/nuestros-programas\/itinerario-ilcf-esdes\/#primaryimage"},"image":{"@id":"https:\/\/www.ilcf.net\/es\/nuestros-programas\/itinerario-ilcf-esdes\/#primaryimage"},"thumbnailUrl":"https:\/\/www.ilcf.net\/wp-content\/uploads\/sites\/20\/2026\/02\/header-parcours-ilcf-esdes.jpg","datePublished":"2026-02-19T17:12:04+00:00","dateModified":"2026-02-26T16:40:12+00:00","description":"Estudiar franc\u00e9s en el ILCF (Lyon) y continuar estudios en comercio o gesti\u00f3n en Francia en la ESDES Business School (UCLy).","breadcrumb":{"@id":"https:\/\/www.ilcf.net\/es\/nuestros-programas\/itinerario-ilcf-esdes\/#breadcrumb"},"inLanguage":"es","potentialAction":[{"@type":"ReadAction","target":["https:\/\/www.ilcf.net\/es\/nuestros-programas\/itinerario-ilcf-esdes\/"]}]},{"@type":"ImageObject","inLanguage":"es","@id":"https:\/\/www.ilcf.net\/es\/nuestros-programas\/itinerario-ilcf-esdes\/#primaryimage","url":"https:\/\/www.ilcf.net\/wp-content\/uploads\/sites\/20\/2026\/02\/header-parcours-ilcf-esdes.jpg","contentUrl":"https:\/\/www.ilcf.net\/wp-content\/uploads\/sites\/20\/2026\/02\/header-parcours-ilcf-esdes.jpg","width":1920,"height":575},{"@type":"BreadcrumbList","@id":"https:\/\/www.ilcf.net\/es\/nuestros-programas\/itinerario-ilcf-esdes\/#breadcrumb","itemListElement":[{"@type":"ListItem","position":1,"name":"Accueil","item":"https:\/\/www.ilcf.net\/es\/"},{"@type":"ListItem","position":2,"name":"Nuestros programas","item":"https:\/\/www.ilcf.net\/es\/nuestros-programas\/"},{"@type":"ListItem","position":3,"name":"Itinerario ILCF \/ ESDES"}]},{"@type":"WebSite","@id":"https:\/\/www.ilcf.net\/es\/#website","url":"https:\/\/www.ilcf.net\/es\/","name":"ILCF - Institut de Langue et de Culture Fran\u00e7aises","description":"ILCF - Institut de Langue et de Culture Fran\u00e7aises","publisher":{"@id":"https:\/\/www.ilcf.net\/es\/#organization"},"potentialAction":[{"@type":"SearchAction","target":{"@type":"EntryPoint","urlTemplate":"https:\/\/www.ilcf.net\/es\/?s={search_term_string}"},"query-input":{"@type":"PropertyValueSpecification","valueRequired":true,"valueName":"search_term_string"}}],"inLanguage":"es"},{"@type":"Organization","@id":"https:\/\/www.ilcf.net\/es\/#organization","name":"ILCF - Institut de Langue et de Culture Fran\u00e7aises","url":"https:\/\/www.ilcf.net\/es\/","logo":{"@type":"ImageObject","inLanguage":"es","@id":"https:\/\/www.ilcf.net\/es\/#\/schema\/logo\/image\/","url":"https:\/\/www.ilcf.net\/wp-content\/uploads\/sites\/20\/2019\/11\/ilcf_logo.svg","contentUrl":"https:\/\/www.ilcf.net\/wp-content\/uploads\/sites\/20\/2019\/11\/ilcf_logo.svg","caption":"ILCF - Institut de Langue et de Culture Fran\u00e7aises"},"image":{"@id":"https:\/\/www.ilcf.net\/es\/#\/schema\/logo\/image\/"}}]}},"_links":{"self":[{"href":"https:\/\/www.ilcf.net\/es\/wp-json\/wp\/v2\/pages\/26918","targetHints":{"allow":["GET"]}}],"collection":[{"href":"https:\/\/www.ilcf.net\/es\/wp-json\/wp\/v2\/pages"}],"about":[{"href":"https:\/\/www.ilcf.net\/es\/wp-json\/wp\/v2\/types\/page"}],"author":[{"embeddable":true,"href":"https:\/\/www.ilcf.net\/es\/wp-json\/wp\/v2\/users\/305"}],"replies":[{"embeddable":true,"href":"https:\/\/www.ilcf.net\/es\/wp-json\/wp\/v2\/comments?post=26918"}],"version-history":[{"count":2,"href":"https:\/\/www.ilcf.net\/es\/wp-json\/wp\/v2\/pages\/26918\/revisions"}],"predecessor-version":[{"id":26975,"href":"https:\/\/www.ilcf.net\/es\/wp-json\/wp\/v2\/pages\/26918\/revisions\/26975"}],"up":[{"embeddable":true,"href":"https:\/\/www.ilcf.net\/es\/wp-json\/wp\/v2\/pages\/5502"}],"wp:featuredmedia":[{"embeddable":true,"href":"https:\/\/www.ilcf.net\/es\/wp-json\/wp\/v2\/media\/26845"}],"wp:attachment":[{"href":"https:\/\/www.ilcf.net\/es\/wp-json\/wp\/v2\/media?parent=26918"}],"curies":[{"name":"wp","href":"https:\/\/api.w.org\/{rel}","templated":true}]}}