{"id":11161,"date":"2021-06-30T15:37:47","date_gmt":"2021-06-30T13:37:47","guid":{"rendered":"https:\/\/www.ilcf.net\/?page_id=11161"},"modified":"2025-04-07T12:22:10","modified_gmt":"2025-04-07T10:22:10","slug":"condiciones-generales-venta","status":"publish","type":"page","link":"https:\/\/www.ilcf.net\/es\/condiciones-generales-venta\/","title":{"rendered":"Condiciones generales de venta"},"content":{"rendered":"<div class=\"wp-block-tabs\">\n  <h2 class=\"js-fade-scroll\">\n    <span class=\"block-suptitle\"><\/span><br>\n    <span class=\"block-title\">Condiciones generales de venta\n<\/span>\n  <\/h2>\n\n  <div class=\"js-fade-scroll\">\n          <ul class=\"tabs tabs-training show-for-large\" data-tabs id=\"block_8e2f6fd8593b785ddc43ebb7c2473b77\">\n                  <li class=\"tabs-title is-active\">\n            <a class=\"tabs-link\" href=\"#block_8e2f6fd8593b785ddc43ebb7c2473b77-0\" aria-selected=\"true\">Condiciones generales de venta - en fran\u00e7ais<\/a>\n          <\/li>\n                  <li class=\"tabs-title\">\n            <a class=\"tabs-link\" href=\"#block_8e2f6fd8593b785ddc43ebb7c2473b77-1\" aria-selected=\"true\">Condiciones generales de venta - in english<\/a>\n          <\/li>\n              <\/ul>\n\n      <div class=\"tabs-training-mobile hide-for-large\">\n        <select class=\"filter-select js-select-filters js-select-tabs-training\" name=\"filter-tabs\" id=\"filter-block_8e2f6fd8593b785ddc43ebb7c2473b77\">\n                      <option value=\"#block_8e2f6fd8593b785ddc43ebb7c2473b77-0\">Condiciones generales de venta - en fran\u00e7ais<\/option>\n                      <option value=\"#block_8e2f6fd8593b785ddc43ebb7c2473b77-1\">Condiciones generales de venta - in english<\/option>\n                  <\/select>\n      <\/div>\n\n      <div class=\"tabs-content tabs-training-content\" data-tabs-content=\"block_8e2f6fd8593b785ddc43ebb7c2473b77\">\n                  <div class=\"tabs-panel is-active\" id=\"block_8e2f6fd8593b785ddc43ebb7c2473b77-0\">\n            <h2>1- CONDITIONS D\u2019ADMISSION<\/h2>\n<p>Conform\u00e9ment au r\u00e8glement int\u00e9rieur en vigueur \u00e0 l\u2019ILCF, pour s\u2019inscrire au sein de l\u2019Institut, l\u2019apprenant doit \u00eatre \u00e2g\u00e9 de 18 ans minimum (17 ans avec une autorisation parentale) et doit \u00eatre titulaire du dipl\u00f4me de fin d\u2019\u00e9tudes secondaires, \u00e0 l\u2019exception des cours intensifs mensuels et des cours d\u2019\u00e9t\u00e9.<br \/>\nTout nouvel apprenant passe un test de positionnement \u00e9crit et oral afin d\u2019\u00e9tablir son niveau puis son emploi du temps. Les dipl\u00f4mes DUEF, DELF et DALF \u00e9ventuellement obtenus par l\u2019apprenant sont pris en consid\u00e9ration pour son placement dans un groupe de niveau.<\/p>\n<h2>2- CONDITIONS FINANCI\u00c8RES D\u2019INSCRIPTION<\/h2>\n<p>L\u2019inscription \u00e0 toute formation de l\u2019UCLy (cours \u00e0 la carte, module, session, programme sp\u00e9cifique, semestre, ann\u00e9e ou \u00e9t\u00e9) vaut engagement pour une scolarit\u00e9 pendant la dur\u00e9e de formation choisie. L\u2019\u00e9chelonnement du paiement ne dispense pas de la dette contract\u00e9e vis-\u00e0-vis de l\u2019\u00e9tablissement : cet engagement est une commande qui doit \u00eatre enti\u00e8rement honor\u00e9e. Les apprenants doivent donc \u00eatre \u00e0 jour du paiement de leurs frais de scolarit\u00e9 pour pouvoir participer aux \u00e9valuations, et ce quel qu\u2019en soit le type (oral, \u00e9crit, contr\u00f4le continu, examen\u2026). L\u2019UCLy se r\u00e9serve le droit d\u2019interdire toute \u00e9valuation, et quelles qu\u2019en soient les cons\u00e9quences, \u00e0 un apprenant qui serait en d\u00e9faut de paiement de sa scolarit\u00e9.<\/p>\n<h2>3- TARIFS :<\/h2>\n<p>Tous les tarifs sont indiqu\u00e9s en euros taxes comprises. L\u2019inscription \u00e0 une formation comprend :<\/p>\n<ul>\n<li>des frais administratifs,<\/li>\n<li>des frais d\u2019inscription aux modules de formation (cours, sessions\u2026).<\/li>\n<\/ul>\n<p>Les frais fixes obligatoires, la contribution au fonds de solidarit\u00e9 UCLy et les \u00e9ventuels frais de services optionnels ne sont pas compris.<\/p>\n<p>La Contribution Vie Etudiante et de Campus (CVEC) \u00e0 laquelle les apprenants en formation initiale sont assujettis n\u2019est pas comprise dans le tarif.<\/p>\n<p>Les tarifs sont indiqu\u00e9s sur la brochure de l\u2019ILCF, le site internet des formations concern\u00e9s et les factures.<\/p>\n<p>Les tarifs de scolarit\u00e9 et frais fixes sont red\u00e9finis chaque ann\u00e9e universitaire et sont appliqu\u00e9s automatiquement.<\/p>\n<h2>4- ASSURANCE<\/h2>\n<ul>\n<li><strong>a. Assurance maladie<\/strong><br \/>\nPour tout s\u00e9jour sup\u00e9rieur \u00e0 90 jours, tout personne inscrite devra effectuer une inscription \u00e0 l\u2019assurance maladie en ligne, \u00e0 l\u2019aide du lien suivant www.etudiant-etranger.ameli.fr .Les citoyens d\u2019un pays membre de l\u2019Espace Economique Europ\u00e9en, doivent se munir de la carte europ\u00e9enne d\u2019assurance maladie d\u00e9livr\u00e9e dans leur pays d\u2019origine.<\/p>\n<p>Pour les s\u00e9jours inf\u00e9rieurs \u00e0 90 jours, l\u2019apprenant doit pr\u00e9voir de souscrire \u00e0 une assurance m\u00e9dicale personnelle.<\/li>\n<li><strong>b. Assurance responsabilit\u00e9 civile<\/strong><br \/>\nL\u2019assurance responsabilit\u00e9 civile est obligatoire et \u00e0 la charge de l&#8217;apprenant.<\/li>\n<\/ul>\n<h2>5- MODALIT\u00c9S DE PAIEMENT :<\/h2>\n<ul>\n<li>a. La totalit\u00e9 du montant de la formation, apr\u00e8s versement de l\u2019acompte lors de la pr\u00e9-inscription, doit \u00eatre r\u00e9gl\u00e9e, au plus tard :\n<ul>\n<li>pour les cours semestriels : dans les 15 premiers jours suivant le d\u00e9but de la session;<\/li>\n<li>pour les cours mensuels ou d\u2019\u00e9t\u00e9 : dans la semaine du d\u00e9but de la session.<\/li>\n<\/ul>\n<\/li>\n<li>b. Pour les arriv\u00e9es tardives, la totalit\u00e9 du montant de la formation doit \u00eatre r\u00e9gl\u00e9e, au plus tard, trois (3) jours apr\u00e8s la date d\u2019arriv\u00e9e.<\/li>\n<li>c. Si aucun paiement n\u2019a \u00e9t\u00e9 re\u00e7u \u00e0 la date limite, l\u2019inscription aux cours sera suspendue et l\u2019entr\u00e9e aux cours pourra \u00eatre refus\u00e9e.s. En cas d\u2019impay\u00e9, une relance sera adress\u00e9e.<\/li>\n<\/ul>\n<p>Le r\u00e8glement du montant de la formation peut \u00eatre effectu\u00e9 en une seule fois par carte bancaire aupr\u00e8s du secr\u00e9tariat ou en ligne, par ch\u00e8que en euros ou par virement, \u00e0 l\u2019ordre de \u00ab AFPICL \u00bb. Un \u00e9ch\u00e9ancier peut \u00eatre mis en place pour les paiements en plusieurs fois par ch\u00e8que (limit\u00e9 \u00e0 trois (3) \u00e9ch\u00e9ances mensuelles suivant le d\u00e9but de la formation) en accord avec le secr\u00e9tariat. Toute demande de modification de cet \u00e9ch\u00e9ancier devra \u00eatre adress\u00e9e par mail au secr\u00e9tariat de la formation. Toute acceptation de modification donnera lieu \u00e0 une r\u00e9ponse \u00e9crite.<\/p>\n<h2>6- MODIFICATIONS, REPORT, ANNULATION DE LA PRESTATION DE FORMATION DU FAIT DE L\u2019\u00c9TABLISSEMENT :<\/h2>\n<p>L\u2019\u00e9quipe p\u00e9dagogique se r\u00e9serve le droit :<\/p>\n<ul>\n<li>de modifier le lieu de la formation, son d\u00e9roulement et de fa\u00e7on mineure le contenu de son programme, ou de la reporter si les circonstances l\u2019exigent ;<\/li>\n<li>de proposer en distanciel une formation pr\u00e9vue initialement en pr\u00e9sentiel, si les circonstances l\u2019exigent ;<\/li>\n<li>d\u2019annuler la formation, au plus tard quatorze (14) jours avant le d\u00e9but de la formation, en particulier si le nombre de participants est jug\u00e9 p\u00e9dagogiquement insuffisant. En ce cas, un remboursement int\u00e9gral des frais d\u2019inscription d\u00e9j\u00e0 acquitt\u00e9s est op\u00e9r\u00e9, sans que l\u2019apprenant ne soit en mesure d\u2019exiger le versement d\u2019une quelconque somme suppl\u00e9mentaire \u00e0 quelque titre que ce soit ;<\/li>\n<li>de refuser toute inscription de la part d\u2019un apprenant pour motif l\u00e9gitime et non discriminatoire ;<\/li>\n<li>d\u2019exclure, \u00e0 la suite d\u2019une proc\u00e9dure disciplinaire, un apprenant qui contredit les buts poursuivis par l\u2019\u00e9tablissement; l\u2019exclusion se fait alors sans indemnit\u00e9 ni remboursement, m\u00eame partiel.<\/li>\n<\/ul>\n<h2>7- ANNULATION\u2013ABANDON DU FAIT DE L\u2019APPRENANT<\/h2>\n<p>L\u2019inscription est effective d\u00e8s r\u00e9ception du bulletin de pr\u00e9-inscription. Toute annulation ou abandon par l\u2019apprenant doit \u00eatre confirm\u00e9e par un \u00e9crit (e-mail ou courrier) aupr\u00e8s du secr\u00e9tariat de l\u2019ILCF :<\/p>\n<ul>\n<li>En cas de refus de visa dans le pays d\u2019origine, et sur pr\u00e9sentation du justificatif original, l\u2019acompte sera rembours\u00e9, d\u00e9duction faite des frais de dossier d\u2019un montant de 160 euros sous r\u00e9serve d\u2019en informer le secr\u00e9tariat, par \u00e9crit, dans un d\u00e9lai maximum de 8 jours avant les tests de niveau. Au-del\u00e0 de cette date, la somme correspondant au r\u00e8glement des cours restera la propri\u00e9t\u00e9 int\u00e9grale de l\u2019ILCF.<\/li>\n<li>En cas de d\u00e9sistement avant le d\u00e9but de la formation ou d\u2019abandon apr\u00e8s le d\u00e9but de la formation, aucune somme ne sera rembours\u00e9e \u00e0 l\u2019apprenant.e. L\u2019int\u00e9gralit\u00e9 de la somme vers\u00e9e restera la propri\u00e9t\u00e9 de l\u2019ILCF.<\/li>\n<li>Un apprenant ayant commenc\u00e9 la formation \u00e0 laquelle il est inscrit devra acquitter la totalit\u00e9 du montant factur\u00e9. Toutefois si l\u2019abandon r\u00e9sulte d\u2019un cas de force majeure d\u00fbment reconnu (ch\u00f4mage, d\u00e9m\u00e9nagement, maladie grave) signal\u00e9 par lettre recommand\u00e9e avec accus\u00e9 de r\u00e9ception dans les meilleurs d\u00e9lais avec toutes les pi\u00e8ces justificatives, le paiement des frais de formation ne sera d\u00fb qu\u2019au prorata temporis de la formation effectivement dispens\u00e9e. Dans ce cas l\u2019ILCF se r\u00e9serve le droit de facturer des frais de dossier aff\u00e9rents \u00e0 la formation.<\/li>\n<\/ul>\n<p>Toute demande d\u2019abandon d\u2019\u00e9tudes:<\/p>\n<ul>\n<li>entra\u00eene la perte des droits aff\u00e9rents au statut d\u2019apprenant de l\u2019UCLy (cours, examens, biblioth\u00e8ques, services de l\u2019UCLy et du CROUS , etc\u2026.) ;<\/li>\n<li>ne peut \u00eatre prise en compte qu\u2019apr\u00e8s la date de restitution des originaux de la carte d\u2019\u00e9tudiant, des originaux des certificats de scolarit\u00e9 et du quitus de la biblioth\u00e8que.<\/li>\n<\/ul>\n<h2>8- R\u00c9CLAMATION ET LITIGE<\/h2>\n<p>Les pr\u00e9sentes conditions g\u00e9n\u00e9rales de vente sont soumises au Droit national fran\u00e7ais. Toute r\u00e9clamation li\u00e9e \u00e0 la formation ILCF peut \u00eatre envoy\u00e9e par \u00e9crit \u00e0 l\u2019ILCF\/UCLy \u00e0 l\u2019aide du formulaire de r\u00e9clamation disponible en ligne <a href=\"https:\/\/www.ilcf.net\/es\/informacion-practica\/formulario-de-reclamation\/\">https:\/\/www.ilcf.net\/es\/informacion-practica\/formulario-de-reclamation\/<\/a>, par e-mail \u00e0 ilcf@univ-catholyon.fr ou par courrier \u00e0 AFPICL ILCF 23 Place Carnot 69286 LYON Cedex 02 France. Les parties s\u2019efforceront de r\u00e9soudre tout d\u00e9saccord \u00e0 l\u2019amiable. A d\u00e9faut de r\u00e8glement amiable, tout litige sera port\u00e9 devant le Tribunal Judiciaire de Lyon.<\/p>\n          <\/div>\n                  <div class=\"tabs-panel\" id=\"block_8e2f6fd8593b785ddc43ebb7c2473b77-1\">\n            <h2>1. CONDITIONS FOR ADMISSION<\/h2>\n<p>To enroll at the ILCF, the student must be 18 years old minimum (17 years old with parental permission) and must have at least a secondary degree diploma, except for monthly intensive courses and summer courses.<\/p>\n<p>Every new learner takes a written and oral test in order to establish his\/her level and therefore his\/her timetable. DUEF, DELF and DALF diplomas will be taken into account for the placement in a level group.<\/p>\n<h2>2. FINANCIAL CONDITIONS FOR ENROLMENT<\/h2>\n<p>Any UCLy training enrolment (tailor-made courses, module, session, specific program, semester, year or summer) involves commitment for an education during the duration of the chosen program.<\/p>\n<p>Payments by instalments do not absolve the payer from the debt incurred with the establishment : this commitment is an order and must be fully honored.\u00a0 The learners must must be liable for his\/her debts in order to participate to evaluations, of every kind (oral, written, continuous assessments, exams\u2026). The UCLy reserves the right to forbid any evaluation, with any consequences, to a learner who hasn\u2019t fully paid his\/her scholarship<\/p>\n<h2>3. PRICES<\/h2>\n<p>All prices are indicated in euros tax included. The enrolment to a program includes\u00a0:<\/p>\n<ul>\n<li>Administrative fees<\/li>\n<li>Enrolment fees to training modules (course, session, \u2026).<\/li>\n<\/ul>\n<p>The manadatory fees, the contribution to the UCLy solidarity fund and optional service fees are not included.<\/p>\n<p>The CVEC (Contribution Vie Etudiante et de Campus) is compulsory for all students and is not included in the price.<\/p>\n<p>Prices are indicated on the ILCF brochure, on the website and on the invoices.<\/p>\n<p>Tuition fees and administrative fees are redefined every academic year and are automatically applied.<\/p>\n<h2>4. INSURANCE<\/h2>\n<h3>a. <strong>Medical insurance<\/strong><\/h3>\n<p>For more than 90 days stays, every enrolled person will have to enroll to the medical insurance on line, following this link www.etudiant-etranger.ameli.fr.<\/p>\n<p>Citizens from the European Economic Area must obtain the European medical insurance card from their country of origin.<\/p>\n<p>For less than 90 days stays, the learner must purchase a private medical insurance.<\/p>\n<h3>b. <strong>Liability insurance<\/strong><\/h3>\n<p>Liability insurance is compulsory and its cost is to be borne by the student.<\/p>\n<h2>5. TERMS OF PAYMENT<\/h2>\n<p>a. The totality of the course price, after the pre-enrolment deposit payment, must be settled at the latest :<\/p>\n<ul>\n<li>for semester course : within the first 15 days after class starts\u00a0;<\/li>\n<li>for monthly or summer course\u00a0: within the first week of class.<\/li>\n<\/ul>\n<p>b. For late arrival, the totality of the course must be settled, at the latest three (3) days after arrival.<\/p>\n<p>c. If no payment has been settled on the deadline, the enrolment to the course will be suspended and the access to the class might be denied. In case of absence of unpaid bills, a reminder will be sent.<\/p>\n<p>The course settlement can be made in one time by credit card at the secretary or on line, by euro check or by bank transfer, made payable to the \u201cAFPICL\u201d. It is possible to establish a schedule of payments by instalments by check (within the limit of three (3) monthly payments following the beginning of the class), in agreement with the secretary. Any request of schedule change must be addressed by email to the secretary. Any accepted modification will be communicated by written reply.<\/p>\n<h2>6. MODIFICATIONS, TRANSFER, CANCELLATION BY THE INSTITUTE :<\/h2>\n<p>The pedagogical team reserves the right\u00a0:<\/p>\n<ul>\n<li>To modify the course location, its proceeding and, in a minor way, the program content, or to postpone if circumstances make it necessary\u00a0;<br \/>\nTo propose a distant learning for a training offered on site in the first place, if circumstances make it necessary ;<\/li>\n<li>To cancel the training especially if the number of participants is deemed pedagogically insufficient. In that case, a full refund of the already made deposits will be done, without any complementary compensation ;<\/li>\n<li>To refuse any learner\u2019s enrolment for a legitimate and non discriminatory reason\u00a0;<\/li>\n<li>To expel, according to disciplinary proceeding, a learner who will contradict the goal pursued by the institute\u00a0; exclusion will be done without compensation nor refund, even partial.<\/li>\n<\/ul>\n<h2>7. CANCELLATION\u2013DROP OUT BY THE LEARNER<\/h2>\n<p>The enrolment is effective as soon as the pre-enrolment form has been received. Cancellation or drop out must be confirmed in writing (email or post) the ILCF secretary\u00a0:<\/p>\n<ul>\n<li>In case of visa refusal from the country of origin, and on presentation of original proof, the deposit will be refunded, after deduction of operating fees of 160 euros, if the secretary has been informed, in writing, within a maximum of 8 days before the level tests take place. Beyond this date, the whole payment already settled will remain the property of the ILCF.<\/li>\n<li>In case of withdrawal before training starts or drop out after training started, no amount will be refunded to the learner. The whole payment will remain the property of the ILCF.<\/li>\n<li>A learner starting the training he\/she enrolled to will have to pay the totality of the charged price. Nevertheless, if the drop out is a case of force majeure (job loss, move, serious disease) notified by registered letter with confirmation of receipt without undue delay with all the documentary proof, the fees payment will be adjusted pro rata temporis to the effective received training. \u00a0In such case, the ILCF reserves the right to bill administrative fees related to the training.<\/li>\n<\/ul>\n<p>All drop out requests :<\/p>\n<ul>\n<li>Cause the loss of rights related to the UCLy learner (class, exams, library, UCLy services and CROUS, etc.) ;<\/li>\n<li>Can only be taken into account after the date of restitution of the original student card, the original school certificate and the library fee.<\/li>\n<\/ul>\n<h2>8. COMPLAINT AND LITIGATION<\/h2>\n<p>These terms are subject to French national Law. All claims must be sent in writing to the ILCF\/UCLy, using the on line complaint form available on line <a href=\"https:\/\/www.ilcf.net\/es\/informacion-practica\/formulario-de-reclamation\/\">https:\/\/www.ilcf.net\/es\/informacion-practica\/formulario-de-reclamation\/<\/a>\u00a0, by email to <a href=\"mailto:ilcf@univ-catholyon.fr\">ilcf@univ-catholyon.fr<\/a>\u00a0 or by post to AFPICL ILCF 23 Place Carnot 69286 LYON Cedex 02 France. The parties shall attempt to settle amicably any dispute. Where no amicable solution, any litigation will be submitted to the Judiciary Tribunal of Lyon.<\/p>\n          <\/div>\n              <\/div>\n\n      <\/div>\n<\/div><p><em>Date de la derni\u00e8re mise \u00e0 jour : Juin 2021 \/ \u00ae UCLy ILCF \u2013 Tous droits r\u00e9serv\u00e9s<\/em><\/p>","protected":false},"excerpt":{"rendered":"<p>Date de la derni\u00e8re mise \u00e0 jour : Juin 2021 \/ \u00ae UCLy ILCF \u2013 Tous droits r\u00e9serv\u00e9s<\/p>\n","protected":false},"author":33,"featured_media":5368,"parent":0,"menu_order":0,"comment_status":"closed","ping_status":"closed","template":"","meta":{"_acf_changed":false,"footnotes":""},"class_list":["post-11161","page","type-page","status-publish","has-post-thumbnail","hentry"],"acf":[],"yoast_head":"<!-- This site is optimized with the Yoast SEO plugin v24.1 - https:\/\/yoast.com\/wordpress\/plugins\/seo\/ -->\n<title>Condiciones generales de venta - ILCF - Institut de Langue et de Culture Fran\u00e7aises<\/title>\n<meta name=\"robots\" content=\"index, follow, max-snippet:-1, max-image-preview:large, max-video-preview:-1\" \/>\n<link rel=\"canonical\" href=\"https:\/\/www.ilcf.net\/es\/condiciones-generales-venta\/\" \/>\n<meta property=\"og:locale\" content=\"es_ES\" \/>\n<meta property=\"og:type\" content=\"article\" \/>\n<meta property=\"og:title\" content=\"Condiciones generales de venta - ILCF - Institut de Langue et de Culture Fran\u00e7aises\" \/>\n<meta property=\"og:description\" content=\"Date de la derni\u00e8re mise \u00e0 jour : Juin 2021 \/ \u00ae UCLy ILCF \u2013 Tous droits r\u00e9serv\u00e9s\" \/>\n<meta property=\"og:url\" content=\"https:\/\/www.ilcf.net\/es\/condiciones-generales-venta\/\" \/>\n<meta property=\"og:site_name\" content=\"ILCF - Institut de Langue et de Culture Fran\u00e7aises\" \/>\n<meta property=\"article:modified_time\" content=\"2025-04-07T10:22:10+00:00\" \/>\n<meta property=\"og:image\" content=\"https:\/\/www.ilcf.net\/wp-content\/uploads\/sites\/20\/2019\/11\/header-ilcf-tousesmomentsla.jpg\" \/>\n\t<meta property=\"og:image:width\" content=\"1920\" \/>\n\t<meta property=\"og:image:height\" content=\"575\" \/>\n\t<meta property=\"og:image:type\" content=\"image\/jpeg\" \/>\n<meta name=\"twitter:card\" content=\"summary_large_image\" \/>\n<meta name=\"twitter:label1\" content=\"Tiempo de lectura\" \/>\n\t<meta name=\"twitter:data1\" content=\"1 minuto\" \/>\n<script type=\"application\/ld+json\" class=\"yoast-schema-graph\">{\"@context\":\"https:\/\/schema.org\",\"@graph\":[{\"@type\":\"WebPage\",\"@id\":\"https:\/\/www.ilcf.net\/es\/condiciones-generales-venta\/\",\"url\":\"https:\/\/www.ilcf.net\/es\/condiciones-generales-venta\/\",\"name\":\"Condiciones generales de venta - ILCF - Institut de Langue et de Culture Fran\u00e7aises\",\"isPartOf\":{\"@id\":\"https:\/\/www.ilcf.net\/es\/#website\"},\"primaryImageOfPage\":{\"@id\":\"https:\/\/www.ilcf.net\/es\/condiciones-generales-venta\/#primaryimage\"},\"image\":{\"@id\":\"https:\/\/www.ilcf.net\/es\/condiciones-generales-venta\/#primaryimage\"},\"thumbnailUrl\":\"https:\/\/www.ilcf.net\/wp-content\/uploads\/sites\/20\/2019\/11\/header-ilcf-tousesmomentsla.jpg\",\"datePublished\":\"2021-06-30T13:37:47+00:00\",\"dateModified\":\"2025-04-07T10:22:10+00:00\",\"breadcrumb\":{\"@id\":\"https:\/\/www.ilcf.net\/es\/condiciones-generales-venta\/#breadcrumb\"},\"inLanguage\":\"es\",\"potentialAction\":[{\"@type\":\"ReadAction\",\"target\":[\"https:\/\/www.ilcf.net\/es\/condiciones-generales-venta\/\"]}]},{\"@type\":\"ImageObject\",\"inLanguage\":\"es\",\"@id\":\"https:\/\/www.ilcf.net\/es\/condiciones-generales-venta\/#primaryimage\",\"url\":\"https:\/\/www.ilcf.net\/wp-content\/uploads\/sites\/20\/2019\/11\/header-ilcf-tousesmomentsla.jpg\",\"contentUrl\":\"https:\/\/www.ilcf.net\/wp-content\/uploads\/sites\/20\/2019\/11\/header-ilcf-tousesmomentsla.jpg\",\"width\":1920,\"height\":575},{\"@type\":\"BreadcrumbList\",\"@id\":\"https:\/\/www.ilcf.net\/es\/condiciones-generales-venta\/#breadcrumb\",\"itemListElement\":[{\"@type\":\"ListItem\",\"position\":1,\"name\":\"Accueil\",\"item\":\"https:\/\/www.ilcf.net\/es\/\"},{\"@type\":\"ListItem\",\"position\":2,\"name\":\"Condiciones generales de venta\"}]},{\"@type\":\"WebSite\",\"@id\":\"https:\/\/www.ilcf.net\/es\/#website\",\"url\":\"https:\/\/www.ilcf.net\/es\/\",\"name\":\"ILCF - Institut de Langue et de Culture Fran\u00e7aises\",\"description\":\"ILCF - Institut de Langue et de Culture Fran\u00e7aises\",\"publisher\":{\"@id\":\"https:\/\/www.ilcf.net\/es\/#organization\"},\"potentialAction\":[{\"@type\":\"SearchAction\",\"target\":{\"@type\":\"EntryPoint\",\"urlTemplate\":\"https:\/\/www.ilcf.net\/es\/?s={search_term_string}\"},\"query-input\":{\"@type\":\"PropertyValueSpecification\",\"valueRequired\":true,\"valueName\":\"search_term_string\"}}],\"inLanguage\":\"es\"},{\"@type\":\"Organization\",\"@id\":\"https:\/\/www.ilcf.net\/es\/#organization\",\"name\":\"ILCF - Institut de Langue et de Culture Fran\u00e7aises\",\"url\":\"https:\/\/www.ilcf.net\/es\/\",\"logo\":{\"@type\":\"ImageObject\",\"inLanguage\":\"es\",\"@id\":\"https:\/\/www.ilcf.net\/es\/#\/schema\/logo\/image\/\",\"url\":\"https:\/\/www.ilcf.net\/wp-content\/uploads\/sites\/20\/2019\/11\/ilcf_logo.svg\",\"contentUrl\":\"https:\/\/www.ilcf.net\/wp-content\/uploads\/sites\/20\/2019\/11\/ilcf_logo.svg\",\"caption\":\"ILCF - Institut de Langue et de Culture Fran\u00e7aises\"},\"image\":{\"@id\":\"https:\/\/www.ilcf.net\/es\/#\/schema\/logo\/image\/\"}}]}<\/script>\n<!-- \/ Yoast SEO plugin. -->","yoast_head_json":{"title":"Condiciones generales de venta - ILCF - Institut de Langue et de Culture Fran\u00e7aises","robots":{"index":"index","follow":"follow","max-snippet":"max-snippet:-1","max-image-preview":"max-image-preview:large","max-video-preview":"max-video-preview:-1"},"canonical":"https:\/\/www.ilcf.net\/es\/condiciones-generales-venta\/","og_locale":"es_ES","og_type":"article","og_title":"Condiciones generales de venta - ILCF - Institut de Langue et de Culture Fran\u00e7aises","og_description":"Date de la derni\u00e8re mise \u00e0 jour : Juin 2021 \/ \u00ae UCLy ILCF \u2013 Tous droits r\u00e9serv\u00e9s","og_url":"https:\/\/www.ilcf.net\/es\/condiciones-generales-venta\/","og_site_name":"ILCF - Institut de Langue et de Culture Fran\u00e7aises","article_modified_time":"2025-04-07T10:22:10+00:00","og_image":[{"width":1920,"height":575,"url":"https:\/\/www.ilcf.net\/wp-content\/uploads\/sites\/20\/2019\/11\/header-ilcf-tousesmomentsla.jpg","type":"image\/jpeg"}],"twitter_card":"summary_large_image","twitter_misc":{"Tiempo de lectura":"1 minuto"},"schema":{"@context":"https:\/\/schema.org","@graph":[{"@type":"WebPage","@id":"https:\/\/www.ilcf.net\/es\/condiciones-generales-venta\/","url":"https:\/\/www.ilcf.net\/es\/condiciones-generales-venta\/","name":"Condiciones generales de venta - ILCF - Institut de Langue et de Culture Fran\u00e7aises","isPartOf":{"@id":"https:\/\/www.ilcf.net\/es\/#website"},"primaryImageOfPage":{"@id":"https:\/\/www.ilcf.net\/es\/condiciones-generales-venta\/#primaryimage"},"image":{"@id":"https:\/\/www.ilcf.net\/es\/condiciones-generales-venta\/#primaryimage"},"thumbnailUrl":"https:\/\/www.ilcf.net\/wp-content\/uploads\/sites\/20\/2019\/11\/header-ilcf-tousesmomentsla.jpg","datePublished":"2021-06-30T13:37:47+00:00","dateModified":"2025-04-07T10:22:10+00:00","breadcrumb":{"@id":"https:\/\/www.ilcf.net\/es\/condiciones-generales-venta\/#breadcrumb"},"inLanguage":"es","potentialAction":[{"@type":"ReadAction","target":["https:\/\/www.ilcf.net\/es\/condiciones-generales-venta\/"]}]},{"@type":"ImageObject","inLanguage":"es","@id":"https:\/\/www.ilcf.net\/es\/condiciones-generales-venta\/#primaryimage","url":"https:\/\/www.ilcf.net\/wp-content\/uploads\/sites\/20\/2019\/11\/header-ilcf-tousesmomentsla.jpg","contentUrl":"https:\/\/www.ilcf.net\/wp-content\/uploads\/sites\/20\/2019\/11\/header-ilcf-tousesmomentsla.jpg","width":1920,"height":575},{"@type":"BreadcrumbList","@id":"https:\/\/www.ilcf.net\/es\/condiciones-generales-venta\/#breadcrumb","itemListElement":[{"@type":"ListItem","position":1,"name":"Accueil","item":"https:\/\/www.ilcf.net\/es\/"},{"@type":"ListItem","position":2,"name":"Condiciones generales de venta"}]},{"@type":"WebSite","@id":"https:\/\/www.ilcf.net\/es\/#website","url":"https:\/\/www.ilcf.net\/es\/","name":"ILCF - Institut de Langue et de Culture Fran\u00e7aises","description":"ILCF - Institut de Langue et de Culture Fran\u00e7aises","publisher":{"@id":"https:\/\/www.ilcf.net\/es\/#organization"},"potentialAction":[{"@type":"SearchAction","target":{"@type":"EntryPoint","urlTemplate":"https:\/\/www.ilcf.net\/es\/?s={search_term_string}"},"query-input":{"@type":"PropertyValueSpecification","valueRequired":true,"valueName":"search_term_string"}}],"inLanguage":"es"},{"@type":"Organization","@id":"https:\/\/www.ilcf.net\/es\/#organization","name":"ILCF - Institut de Langue et de Culture Fran\u00e7aises","url":"https:\/\/www.ilcf.net\/es\/","logo":{"@type":"ImageObject","inLanguage":"es","@id":"https:\/\/www.ilcf.net\/es\/#\/schema\/logo\/image\/","url":"https:\/\/www.ilcf.net\/wp-content\/uploads\/sites\/20\/2019\/11\/ilcf_logo.svg","contentUrl":"https:\/\/www.ilcf.net\/wp-content\/uploads\/sites\/20\/2019\/11\/ilcf_logo.svg","caption":"ILCF - Institut de Langue et de Culture Fran\u00e7aises"},"image":{"@id":"https:\/\/www.ilcf.net\/es\/#\/schema\/logo\/image\/"}}]}},"_links":{"self":[{"href":"https:\/\/www.ilcf.net\/es\/wp-json\/wp\/v2\/pages\/11161","targetHints":{"allow":["GET"]}}],"collection":[{"href":"https:\/\/www.ilcf.net\/es\/wp-json\/wp\/v2\/pages"}],"about":[{"href":"https:\/\/www.ilcf.net\/es\/wp-json\/wp\/v2\/types\/page"}],"author":[{"embeddable":true,"href":"https:\/\/www.ilcf.net\/es\/wp-json\/wp\/v2\/users\/33"}],"replies":[{"embeddable":true,"href":"https:\/\/www.ilcf.net\/es\/wp-json\/wp\/v2\/comments?post=11161"}],"version-history":[{"count":3,"href":"https:\/\/www.ilcf.net\/es\/wp-json\/wp\/v2\/pages\/11161\/revisions"}],"predecessor-version":[{"id":25282,"href":"https:\/\/www.ilcf.net\/es\/wp-json\/wp\/v2\/pages\/11161\/revisions\/25282"}],"wp:featuredmedia":[{"embeddable":true,"href":"https:\/\/www.ilcf.net\/es\/wp-json\/wp\/v2\/media\/5368"}],"wp:attachment":[{"href":"https:\/\/www.ilcf.net\/es\/wp-json\/wp\/v2\/media?parent=11161"}],"curies":[{"name":"wp","href":"https:\/\/api.w.org\/{rel}","templated":true}]}}