{"id":26890,"date":"2026-02-19T18:12:04","date_gmt":"2026-02-19T17:12:04","guid":{"rendered":"https:\/\/www.ilcf.net\/?page_id=26890"},"modified":"2026-02-26T17:36:03","modified_gmt":"2026-02-26T16:36:03","slug":"ilcf-esdes-pathway","status":"publish","type":"page","link":"https:\/\/www.ilcf.net\/en\/our-programmes\/ilcf-esdes-pathway\/","title":{"rendered":"ILCF \/ ESDES Pathway"},"content":{"rendered":"<h2 class=\"wp-block-heading\"><strong>Preparing for Higher Education in France<\/strong><\/h2><p><strong>ILCF<\/strong> offers <strong>French language programs<\/strong> designed to enable international students to <strong>acquire the level of French required to enter higher education in France<\/strong>, and more specifically to join <strong>ESDES<\/strong>, the <strong>management school of UCLy<\/strong>, under appropriate academic conditions.<\/p><p><strong>Organised by level<\/strong> (from A0 to C1), the program follows a structured university framework and leads to the award of a <strong>University Diploma in French Studies (DUEF)<\/strong>.<\/p><p>Beyond language acquisition, the programs include:<\/p><ul class=\"wp-block-list\"><li>the development of oral and written skills in accordance with the CECRL<\/li>\n\n<li>training in French academic methods and study skills<\/li>\n\n<li>structured academic support (semester organisation and tutoring)<\/li>\n\n<li>cultural activities fostering progressive immersion in French language and culture<\/li>\n\n<li>immersion courses at ESDES<\/li><\/ul><p>This preparation enables students to <strong>progressively reach the required level<\/strong>, <strong>particularly B2<\/strong>, for admission to a wide range of university and business school programs.<\/p><div style=\"margin-top: 20px; padding: 15px; border-left: 4px solid #f0ab00; background-color: #fafafa;\">\n  <p style=\"margin: 0; font-weight: 600; color: #f0ab00;\">Benefit for ILCF students<\/p>\n  <p style=\"margin: 8px 0 0 0;\">\n    Students who have completed a programme at ILCF benefit from a <strong>10% tuition fee reduction<\/strong> when pursuing their studies at ESDES.\n  <\/p>\n<\/div><div style=\"height: 40px;\"><\/div><div class=\"wp-block-tabs\">\n  <h2 class=\"js-fade-scroll\">\n    <span class=\"block-suptitle\">Following a program at ILCF<\/span><br>\n    <span class=\"block-title\">Further studies at <span style=\"color: #00758d;\">ESDES Business School<\/span>\n<\/span>\n  <\/h2>\n\n  <div class=\"js-fade-scroll\">\n          <ul class=\"tabs tabs-training show-for-large\" data-tabs id=\"block_fdbe84d80c076264465994f4e9a97da2\">\n                  <li class=\"tabs-title is-active\">\n            <a class=\"tabs-link\" href=\"#block_fdbe84d80c076264465994f4e9a97da2-0\" aria-selected=\"true\">Program Offers<\/a>\n          <\/li>\n                  <li class=\"tabs-title\">\n            <a class=\"tabs-link\" href=\"#block_fdbe84d80c076264465994f4e9a97da2-1\" aria-selected=\"true\">Admission Requirements<\/a>\n          <\/li>\n                  <li class=\"tabs-title\">\n            <a class=\"tabs-link\" href=\"#block_fdbe84d80c076264465994f4e9a97da2-2\" aria-selected=\"true\">Intake Periods<\/a>\n          <\/li>\n                  <li class=\"tabs-title\">\n            <a class=\"tabs-link\" href=\"#block_fdbe84d80c076264465994f4e9a97da2-3\" aria-selected=\"true\">Further Information<\/a>\n          <\/li>\n              <\/ul>\n\n      <div class=\"tabs-training-mobile hide-for-large\">\n        <select class=\"filter-select js-select-filters js-select-tabs-training\" name=\"filter-tabs\" id=\"filter-block_fdbe84d80c076264465994f4e9a97da2\">\n                      <option value=\"#block_fdbe84d80c076264465994f4e9a97da2-0\">Program Offers<\/option>\n                      <option value=\"#block_fdbe84d80c076264465994f4e9a97da2-1\">Admission Requirements<\/option>\n                      <option value=\"#block_fdbe84d80c076264465994f4e9a97da2-2\">Intake Periods<\/option>\n                      <option value=\"#block_fdbe84d80c076264465994f4e9a97da2-3\">Further Information<\/option>\n                  <\/select>\n      <\/div>\n\n      <div class=\"tabs-content tabs-training-content\" data-tabs-content=\"block_fdbe84d80c076264465994f4e9a97da2\">\n                  <div class=\"tabs-panel is-active\" id=\"block_fdbe84d80c076264465994f4e9a97da2-0\">\n            <p>ESDES Business School offers undergraduate (Bachelor\u2019s degree, 3 years) and postgraduate (Master\u2019s degree, 5 years) programs in management and business.<\/p>\n<p><a style=\"color: #f0ab00; font-weight: 600; text-decoration: none;\" href=\"https:\/\/www.esdes.fr\/accueil\/programmes\/tous-les-programmes\/bachelor-in-business-bac-3\/\" target=\"_blank\" rel=\"noopener\"> Bachelor in Business (3 year degree) <\/a><\/p>\n<p>A three-year program covering the fundamentals of management, business administration and international trade, with progressive specialisation.<\/p>\n<p><a style=\"color: #f0ab00; font-weight: 600; text-decoration: none;\" href=\"https:\/\/www.esdes.fr\/accueil\/programmes\/tous-les-programmes\/master-in-management\/\" target=\"_blank\" rel=\"noopener\"> Master in Management (5 year degree) <\/a><\/p>\n<p>A two-year program designed to deepen managerial and strategic competencies in preparation for positions of responsibility.<\/p>\n<p><a style=\"color: #f0ab00; font-weight: 600; text-decoration: none;\" href=\"https:\/\/www.esdes.fr\/accueil\/programmes\/tous-les-programmes-de-lesdes\/tous-nos-programmes-francais-anglais\/\" target=\"_blank\" rel=\"noopener\"> Master of Science (MSc) (5 year degree) <\/a><\/p>\n<p>Specialised programs taught in English, focused on specific areas of management and finance.<\/p>\n          <\/div>\n                  <div class=\"tabs-panel\" id=\"block_fdbe84d80c076264465994f4e9a97da2-1\">\n            <p>Admission to ESDES programmes is based on academic requirements and language proficiency criteria specific to each programme.<\/p>\n<p style=\"color:#f0ab00; font-weight:600;\">Academic requirements<\/p>\n<ul>\n<li>A High School Diploma (or equivalent qualification) is required for admission to the first year of the Bachelor programme<\/li>\n<li>Admission to the second or third year may be considered based on previous academic background<\/li>\n<\/ul>\n<p style=\"color:#f0ab00; font-weight:600;\">Language requirements<\/p>\n<ul>\n<li><strong>No minimum level of French<\/strong> is required for programmes taught in English<\/li>\n<li><strong>A minimum B2 level in French<\/strong> is required for programmes taught in French<\/li>\n<li><strong>A minimum B2 level in English<\/strong> is required for programmes taught in English<\/li>\n<\/ul>\n<p>The programme followed at ILCF enables students to prepare and progressively reach the required language level within a structured academic environment.<\/p>\n<p style=\"color:#f0ab00; font-weight:600;\">Selection process<\/p>\n<ul>\n<li>Review of the application file<\/li>\n<li>Motivational interview conducted in French or English<\/li>\n<li>Fully online application procedure<\/li>\n<\/ul>\n          <\/div>\n                  <div class=\"tabs-panel\" id=\"block_fdbe84d80c076264465994f4e9a97da2-2\">\n            <p>ESDES Business School programs begin at different times throughout the academic year, allowing students to coordinate the completion of a language program at ILCF with entry into their chosen degree program:<\/p>\n<ul style=\"padding-left: 20px; margin-top: 10px;\">\n<li><span style=\"color: #f0ab00; font-weight: 600;\">Bachelor in Business:<\/span> September and February<\/li>\n<li><span style=\"color: #f0ab00; font-weight: 600;\">Master in Management:<\/span> September<\/li>\n<li><span style=\"color: #f0ab00; font-weight: 600;\">Master of Science:<\/span> October and December<\/li>\n<\/ul>\n          <\/div>\n                  <div class=\"tabs-panel\" id=\"block_fdbe84d80c076264465994f4e9a97da2-3\">\n            <p>For any questions regarding the language programme or the ILCF-ESDES pathway:<\/p>\n<p><strong><br \/>\nInstitute of French Language and Culture (ILCF)<\/strong><br \/>\n+33 4 72 32 50 53<br \/>\n<a class=\"decorated-link cursor-pointer\" href=\"mailto:ilcf@univ-catholyon.fr\" target=\"_blank\" rel=\"noopener\"> ilcf@univ-catholyon.fr <\/a><\/p>\n<p><strong>ESDES Business School<\/strong><br \/>\n<a class=\"lien_externe\" href=\"https:\/\/www.esdes.fr\" target=\"_blank\" rel=\"noopener\"> <span class=\"button\">Visit the ESDES website<\/span> <\/a><\/p>\n          <\/div>\n              <\/div>\n\n      <\/div>\n<\/div><div class=\"wp-block-document js-fade-scroll\">\n  <div class=\"row align-middle collapse\">\n    <div class=\"column small-12 medium-expand\">\n      <p class=\"wp-block-document-title\">Download the brochure<\/p>\n      <div class=\"wp-block-document-intro\"><p><a href=\"https:\/\/www.ilcf.net\/wp-content\/uploads\/sites\/20\/2026\/02\/en-plaquette-fle-esdes.pdf\" target=\"_blank\" rel=\"noopener\"><img decoding=\"async\" class=\"alignleft\" style=\"width: auto; height: auto;\" src=\"https:\/\/www.ilcf.net\/wp-content\/uploads\/sites\/20\/2026\/02\/en-plaquette-fle-esdes-scaled.jpg\" alt=\"ILCF-ESDES Pathway Brochure\" \/><\/a><\/p>\n<div><\/div>\n<\/div>\n      <a href=\"https:\/\/www.ilcf.net\/wp-content\/uploads\/sites\/20\/2026\/02\/en-plaquette-fle-esdes.pdf\" target=\"_blank\" class=\"button primary button-icon\" title=\"Download Download the brochure\"><span class=\"icon-download\"><\/span>Download<\/a>\n    <\/div>\n\n    <div class=\"column small-12 medium-shrink wp-block-document-right\">\n      <img loading=\"lazy\" decoding=\"async\" width=\"150\" height=\"150\" src=\"https:\/\/www.ilcf.net\/wp-content\/uploads\/sites\/20\/2019\/11\/telecharger-le-pdf-1-150x150-150x150.png\" class=\"attachment-thumbnail size-thumbnail\" alt=\"\" srcset=\"https:\/\/www.ilcf.net\/wp-content\/uploads\/sites\/20\/2019\/11\/telecharger-le-pdf-1-150x150.png 150w, https:\/\/www.ilcf.net\/wp-content\/uploads\/sites\/20\/2019\/11\/telecharger-le-pdf-1-150x150-65x65.png 65w\" sizes=\"auto, (max-width: 150px) 100vw, 150px\" \/>    <\/div>\n  <\/div>\n<\/div><div class=\"wp-block-cross-content js-fade-scroll\">\n    <p class=\"wp-block-cross-content-title\">Discover more<\/p>\n            <div class=\"row wp-block-cross-content-row\">\n                                <div class=\"column small-12 medium-6 large-4 wp-block-cross-content-col\">\n                        <a class=\"wp-block-cross-content-top\" href=\"https:\/\/www.ilcf.net\/en\/our-programmes\/\" title=\"Our programmes\">\n                            <span class=\"wp-block-cross-content-name\">Our programmes<\/span>\n                            <span class=\"wp-block-cross-content-image\"><img loading=\"lazy\" decoding=\"async\" width=\"630\" height=\"525\" src=\"https:\/\/www.ilcf.net\/wp-content\/uploads\/sites\/20\/2021\/02\/header-inscription-ilcf-630x525.jpg\" class=\" wp-post-image\" alt=\"Inscription ILCF\" \/><\/span>\n                            <span class=\"wp-block-cross-content-more\">\n                                <span class=\"icon-more\"><\/span>\n                            <\/span>\n                        <\/a>\n                        <div class=\"wp-block-cross-content-excerpt\"><\/div>\n                    <\/div>\n                                                <div class=\"column small-12 medium-6 large-4 wp-block-cross-content-col\">\n                        <a class=\"wp-block-cross-content-top\" href=\"https:\/\/www.ilcf.net\/en\/our-programmes\/ilcf-french-courses\/\" title=\"All of our french courses\">\n                            <span class=\"wp-block-cross-content-name\">All of our french courses<\/span>\n                            <span class=\"wp-block-cross-content-image\"><img loading=\"lazy\" decoding=\"async\" width=\"630\" height=\"570\" src=\"https:\/\/www.ilcf.net\/wp-content\/uploads\/sites\/20\/2019\/12\/header-ilcf-630x570.jpg\" class=\" wp-post-image\" alt=\"Cours de fran\u00e7ais ILCF\" \/><\/span>\n                            <span class=\"wp-block-cross-content-more\">\n                                <span class=\"icon-more\"><\/span>\n                            <\/span>\n                        <\/a>\n                        <div class=\"wp-block-cross-content-excerpt\"><div class=\"flex flex-col text-sm pb-25\">\n<section class=\"text-token-text-primary w-full focus:outline-none [--shadow-height:45px] has-data-writing-block:pointer-events-none has-data-writing-block:-mt-(--shadow-height) has-data-writing-block:pt-(--shadow-height) [&amp;:has([data-writing-block])&gt;*]:pointer-events-auto scroll-mt-[calc(var(--header-height)+min(200px,max(70px,20svh)))]\" dir=\"auto\" data-turn-id=\"request-WEB:3d6a033f-c0de-4c97-a8a2-e2f6fd175b1b-5\" data-testid=\"conversation-turn-10\" data-scroll-anchor=\"true\" data-turn=\"assistant\">\n<div class=\"text-base my-auto mx-auto pb-10 [--thread-content-margin:var(--thread-content-margin-xs,calc(var(--spacing)*4))] @w-sm\/main:[--thread-content-margin:var(--thread-content-margin-sm,calc(var(--spacing)*6))] @w-lg\/main:[--thread-content-margin:var(--thread-content-margin-lg,calc(var(--spacing)*16))] px-(--thread-content-margin)\">\n<div class=\"[--thread-content-max-width:40rem] @w-lg\/main:[--thread-content-max-width:48rem] mx-auto max-w-(--thread-content-max-width) flex-1 group\/turn-messages focus-visible:outline-hidden relative flex w-full min-w-0 flex-col agent-turn\">\n<div class=\"flex max-w-full flex-col gap-4 grow\">\n<div class=\"min-h-8 text-message relative flex w-full flex-col items-end gap-2 text-start break-words whitespace-normal outline-none keyboard-focused:focus-ring [.text-message+&amp;]:mt-1\" dir=\"auto\" tabindex=\"0\" data-message-author-role=\"assistant\" data-message-id=\"2c23b464-57f6-4eee-a594-58135e4018bb\" data-message-model-slug=\"gpt-5-3-instant\" data-turn-start-message=\"true\">\n<div class=\"flex w-full flex-col gap-1 empty:hidden\">\n<div class=\"markdown prose dark:prose-invert w-full wrap-break-word dark markdown-new-styling\">\n<p data-start=\"0\" data-end=\"88\" data-is-last-node=\"\" data-is-only-node=\"\">Discover our French courses and find the program that best matches your needs and goals.<\/p>\n<\/div>\n<\/div>\n<\/div>\n<\/div>\n<\/div>\n<\/div>\n<\/section>\n<\/div>\n<\/div>\n                    <\/div>\n                                                <div class=\"column small-12 medium-6 large-4 wp-block-cross-content-col\">\n                        <a class=\"wp-block-cross-content-top\" href=\"https:\/\/www.ilcf.net\/en\/our-programmes\/specialised-french\/\" title=\"Specialised French\">\n                            <span class=\"wp-block-cross-content-name\">Specialised French<\/span>\n                            <span class=\"wp-block-cross-content-image\"><img loading=\"lazy\" decoding=\"async\" width=\"630\" height=\"570\" src=\"https:\/\/www.ilcf.net\/wp-content\/uploads\/sites\/20\/2020\/02\/header-prepa-iep-630x570.jpg\" class=\" wp-post-image\" alt=\"Header Fran\u00e7ais de sp\u00e9cialit\u00e9 ILCF\" \/><\/span>\n                            <span class=\"wp-block-cross-content-more\">\n                                <span class=\"icon-more\"><\/span>\n                            <\/span>\n                        <\/a>\n                        <div class=\"wp-block-cross-content-excerpt\"><\/div>\n                    <\/div>\n                                    <\/div>\n    <\/div>","protected":false},"excerpt":{"rendered":"<p>Preparing for Higher Education in FranceILCF offers French language programs designed to enable international students to acquire the level of French required to enter [&hellip;]<\/p>\n","protected":false},"author":305,"featured_media":26843,"parent":1625,"menu_order":0,"comment_status":"closed","ping_status":"closed","template":"","meta":{"_acf_changed":false,"footnotes":""},"class_list":["post-26890","page","type-page","status-publish","has-post-thumbnail","hentry"],"acf":[],"yoast_head":"<!-- This site is optimized with the Yoast SEO plugin v24.1 - https:\/\/yoast.com\/wordpress\/plugins\/seo\/ -->\n<title>ILCF \/ ESDES Pathway - ILCF - Institut de Langue et de Culture Fran\u00e7aises<\/title>\n<meta name=\"description\" content=\"Learning French at ILCF (Lyon) and continuing studies in business or management in France at ESDES Business School (UCLy).\" \/>\n<meta name=\"robots\" content=\"index, follow, max-snippet:-1, max-image-preview:large, max-video-preview:-1\" \/>\n<link rel=\"canonical\" href=\"https:\/\/www.ilcf.net\/en\/our-programmes\/ilcf-esdes-pathway\/\" \/>\n<meta property=\"og:locale\" content=\"en_US\" \/>\n<meta property=\"og:type\" content=\"article\" \/>\n<meta property=\"og:title\" content=\"ILCF \/ ESDES Pathway - ILCF - Institut de Langue et de Culture Fran\u00e7aises\" \/>\n<meta property=\"og:description\" content=\"Learning French at ILCF (Lyon) and continuing studies in business or management in France at ESDES Business School (UCLy).\" \/>\n<meta property=\"og:url\" content=\"https:\/\/www.ilcf.net\/en\/our-programmes\/ilcf-esdes-pathway\/\" \/>\n<meta property=\"og:site_name\" content=\"ILCF - Institut de Langue et de Culture Fran\u00e7aises\" \/>\n<meta property=\"article:modified_time\" content=\"2026-02-26T16:36:03+00:00\" \/>\n<meta property=\"og:image\" content=\"https:\/\/www.ilcf.net\/wp-content\/uploads\/sites\/20\/2026\/02\/header-parcours-ilcf-esdes.jpg\" \/>\n\t<meta property=\"og:image:width\" content=\"1920\" \/>\n\t<meta property=\"og:image:height\" content=\"575\" \/>\n\t<meta property=\"og:image:type\" content=\"image\/jpeg\" \/>\n<meta name=\"twitter:card\" content=\"summary_large_image\" \/>\n<meta name=\"twitter:label1\" content=\"Est. reading time\" \/>\n\t<meta name=\"twitter:data1\" content=\"2 minutes\" \/>\n<script type=\"application\/ld+json\" class=\"yoast-schema-graph\">{\"@context\":\"https:\/\/schema.org\",\"@graph\":[{\"@type\":\"WebPage\",\"@id\":\"https:\/\/www.ilcf.net\/en\/our-programmes\/ilcf-esdes-pathway\/\",\"url\":\"https:\/\/www.ilcf.net\/en\/our-programmes\/ilcf-esdes-pathway\/\",\"name\":\"ILCF \/ ESDES Pathway - ILCF - Institut de Langue et de Culture Fran\u00e7aises\",\"isPartOf\":{\"@id\":\"https:\/\/www.ilcf.net\/en\/#website\"},\"primaryImageOfPage\":{\"@id\":\"https:\/\/www.ilcf.net\/en\/our-programmes\/ilcf-esdes-pathway\/#primaryimage\"},\"image\":{\"@id\":\"https:\/\/www.ilcf.net\/en\/our-programmes\/ilcf-esdes-pathway\/#primaryimage\"},\"thumbnailUrl\":\"https:\/\/www.ilcf.net\/wp-content\/uploads\/sites\/20\/2026\/02\/header-parcours-ilcf-esdes.jpg\",\"datePublished\":\"2026-02-19T17:12:04+00:00\",\"dateModified\":\"2026-02-26T16:36:03+00:00\",\"description\":\"Learning French at ILCF (Lyon) and continuing studies in business or management in France at ESDES Business School (UCLy).\",\"breadcrumb\":{\"@id\":\"https:\/\/www.ilcf.net\/en\/our-programmes\/ilcf-esdes-pathway\/#breadcrumb\"},\"inLanguage\":\"en-US\",\"potentialAction\":[{\"@type\":\"ReadAction\",\"target\":[\"https:\/\/www.ilcf.net\/en\/our-programmes\/ilcf-esdes-pathway\/\"]}]},{\"@type\":\"ImageObject\",\"inLanguage\":\"en-US\",\"@id\":\"https:\/\/www.ilcf.net\/en\/our-programmes\/ilcf-esdes-pathway\/#primaryimage\",\"url\":\"https:\/\/www.ilcf.net\/wp-content\/uploads\/sites\/20\/2026\/02\/header-parcours-ilcf-esdes.jpg\",\"contentUrl\":\"https:\/\/www.ilcf.net\/wp-content\/uploads\/sites\/20\/2026\/02\/header-parcours-ilcf-esdes.jpg\",\"width\":1920,\"height\":575},{\"@type\":\"BreadcrumbList\",\"@id\":\"https:\/\/www.ilcf.net\/en\/our-programmes\/ilcf-esdes-pathway\/#breadcrumb\",\"itemListElement\":[{\"@type\":\"ListItem\",\"position\":1,\"name\":\"Accueil\",\"item\":\"https:\/\/www.ilcf.net\/en\/\"},{\"@type\":\"ListItem\",\"position\":2,\"name\":\"Our programmes\",\"item\":\"https:\/\/www.ilcf.net\/en\/our-programmes\/\"},{\"@type\":\"ListItem\",\"position\":3,\"name\":\"ILCF \/ ESDES Pathway\"}]},{\"@type\":\"WebSite\",\"@id\":\"https:\/\/www.ilcf.net\/en\/#website\",\"url\":\"https:\/\/www.ilcf.net\/en\/\",\"name\":\"ILCF - Institut de Langue et de Culture Fran\u00e7aises\",\"description\":\"ILCF - Institut de Langue et de Culture Fran\u00e7aises\",\"publisher\":{\"@id\":\"https:\/\/www.ilcf.net\/en\/#organization\"},\"potentialAction\":[{\"@type\":\"SearchAction\",\"target\":{\"@type\":\"EntryPoint\",\"urlTemplate\":\"https:\/\/www.ilcf.net\/en\/?s={search_term_string}\"},\"query-input\":{\"@type\":\"PropertyValueSpecification\",\"valueRequired\":true,\"valueName\":\"search_term_string\"}}],\"inLanguage\":\"en-US\"},{\"@type\":\"Organization\",\"@id\":\"https:\/\/www.ilcf.net\/en\/#organization\",\"name\":\"ILCF - Institut de Langue et de Culture Fran\u00e7aises\",\"url\":\"https:\/\/www.ilcf.net\/en\/\",\"logo\":{\"@type\":\"ImageObject\",\"inLanguage\":\"en-US\",\"@id\":\"https:\/\/www.ilcf.net\/en\/#\/schema\/logo\/image\/\",\"url\":\"https:\/\/www.ilcf.net\/wp-content\/uploads\/sites\/20\/2019\/11\/ilcf_logo.svg\",\"contentUrl\":\"https:\/\/www.ilcf.net\/wp-content\/uploads\/sites\/20\/2019\/11\/ilcf_logo.svg\",\"caption\":\"ILCF - Institut de Langue et de Culture Fran\u00e7aises\"},\"image\":{\"@id\":\"https:\/\/www.ilcf.net\/en\/#\/schema\/logo\/image\/\"}}]}<\/script>\n<!-- \/ Yoast SEO plugin. -->","yoast_head_json":{"title":"ILCF \/ ESDES Pathway - ILCF - Institut de Langue et de Culture Fran\u00e7aises","description":"Learning French at ILCF (Lyon) and continuing studies in business or management in France at ESDES Business School (UCLy).","robots":{"index":"index","follow":"follow","max-snippet":"max-snippet:-1","max-image-preview":"max-image-preview:large","max-video-preview":"max-video-preview:-1"},"canonical":"https:\/\/www.ilcf.net\/en\/our-programmes\/ilcf-esdes-pathway\/","og_locale":"en_US","og_type":"article","og_title":"ILCF \/ ESDES Pathway - ILCF - Institut de Langue et de Culture Fran\u00e7aises","og_description":"Learning French at ILCF (Lyon) and continuing studies in business or management in France at ESDES Business School (UCLy).","og_url":"https:\/\/www.ilcf.net\/en\/our-programmes\/ilcf-esdes-pathway\/","og_site_name":"ILCF - Institut de Langue et de Culture Fran\u00e7aises","article_modified_time":"2026-02-26T16:36:03+00:00","og_image":[{"width":1920,"height":575,"url":"https:\/\/www.ilcf.net\/wp-content\/uploads\/sites\/20\/2026\/02\/header-parcours-ilcf-esdes.jpg","type":"image\/jpeg"}],"twitter_card":"summary_large_image","twitter_misc":{"Est. reading time":"2 minutes"},"schema":{"@context":"https:\/\/schema.org","@graph":[{"@type":"WebPage","@id":"https:\/\/www.ilcf.net\/en\/our-programmes\/ilcf-esdes-pathway\/","url":"https:\/\/www.ilcf.net\/en\/our-programmes\/ilcf-esdes-pathway\/","name":"ILCF \/ ESDES Pathway - ILCF - Institut de Langue et de Culture Fran\u00e7aises","isPartOf":{"@id":"https:\/\/www.ilcf.net\/en\/#website"},"primaryImageOfPage":{"@id":"https:\/\/www.ilcf.net\/en\/our-programmes\/ilcf-esdes-pathway\/#primaryimage"},"image":{"@id":"https:\/\/www.ilcf.net\/en\/our-programmes\/ilcf-esdes-pathway\/#primaryimage"},"thumbnailUrl":"https:\/\/www.ilcf.net\/wp-content\/uploads\/sites\/20\/2026\/02\/header-parcours-ilcf-esdes.jpg","datePublished":"2026-02-19T17:12:04+00:00","dateModified":"2026-02-26T16:36:03+00:00","description":"Learning French at ILCF (Lyon) and continuing studies in business or management in France at ESDES Business School (UCLy).","breadcrumb":{"@id":"https:\/\/www.ilcf.net\/en\/our-programmes\/ilcf-esdes-pathway\/#breadcrumb"},"inLanguage":"en-US","potentialAction":[{"@type":"ReadAction","target":["https:\/\/www.ilcf.net\/en\/our-programmes\/ilcf-esdes-pathway\/"]}]},{"@type":"ImageObject","inLanguage":"en-US","@id":"https:\/\/www.ilcf.net\/en\/our-programmes\/ilcf-esdes-pathway\/#primaryimage","url":"https:\/\/www.ilcf.net\/wp-content\/uploads\/sites\/20\/2026\/02\/header-parcours-ilcf-esdes.jpg","contentUrl":"https:\/\/www.ilcf.net\/wp-content\/uploads\/sites\/20\/2026\/02\/header-parcours-ilcf-esdes.jpg","width":1920,"height":575},{"@type":"BreadcrumbList","@id":"https:\/\/www.ilcf.net\/en\/our-programmes\/ilcf-esdes-pathway\/#breadcrumb","itemListElement":[{"@type":"ListItem","position":1,"name":"Accueil","item":"https:\/\/www.ilcf.net\/en\/"},{"@type":"ListItem","position":2,"name":"Our programmes","item":"https:\/\/www.ilcf.net\/en\/our-programmes\/"},{"@type":"ListItem","position":3,"name":"ILCF \/ ESDES Pathway"}]},{"@type":"WebSite","@id":"https:\/\/www.ilcf.net\/en\/#website","url":"https:\/\/www.ilcf.net\/en\/","name":"ILCF - Institut de Langue et de Culture Fran\u00e7aises","description":"ILCF - Institut de Langue et de Culture Fran\u00e7aises","publisher":{"@id":"https:\/\/www.ilcf.net\/en\/#organization"},"potentialAction":[{"@type":"SearchAction","target":{"@type":"EntryPoint","urlTemplate":"https:\/\/www.ilcf.net\/en\/?s={search_term_string}"},"query-input":{"@type":"PropertyValueSpecification","valueRequired":true,"valueName":"search_term_string"}}],"inLanguage":"en-US"},{"@type":"Organization","@id":"https:\/\/www.ilcf.net\/en\/#organization","name":"ILCF - Institut de Langue et de Culture Fran\u00e7aises","url":"https:\/\/www.ilcf.net\/en\/","logo":{"@type":"ImageObject","inLanguage":"en-US","@id":"https:\/\/www.ilcf.net\/en\/#\/schema\/logo\/image\/","url":"https:\/\/www.ilcf.net\/wp-content\/uploads\/sites\/20\/2019\/11\/ilcf_logo.svg","contentUrl":"https:\/\/www.ilcf.net\/wp-content\/uploads\/sites\/20\/2019\/11\/ilcf_logo.svg","caption":"ILCF - Institut de Langue et de Culture Fran\u00e7aises"},"image":{"@id":"https:\/\/www.ilcf.net\/en\/#\/schema\/logo\/image\/"}}]}},"_links":{"self":[{"href":"https:\/\/www.ilcf.net\/en\/wp-json\/wp\/v2\/pages\/26890","targetHints":{"allow":["GET"]}}],"collection":[{"href":"https:\/\/www.ilcf.net\/en\/wp-json\/wp\/v2\/pages"}],"about":[{"href":"https:\/\/www.ilcf.net\/en\/wp-json\/wp\/v2\/types\/page"}],"author":[{"embeddable":true,"href":"https:\/\/www.ilcf.net\/en\/wp-json\/wp\/v2\/users\/305"}],"replies":[{"embeddable":true,"href":"https:\/\/www.ilcf.net\/en\/wp-json\/wp\/v2\/comments?post=26890"}],"version-history":[{"count":2,"href":"https:\/\/www.ilcf.net\/en\/wp-json\/wp\/v2\/pages\/26890\/revisions"}],"predecessor-version":[{"id":26973,"href":"https:\/\/www.ilcf.net\/en\/wp-json\/wp\/v2\/pages\/26890\/revisions\/26973"}],"up":[{"embeddable":true,"href":"https:\/\/www.ilcf.net\/en\/wp-json\/wp\/v2\/pages\/1625"}],"wp:featuredmedia":[{"embeddable":true,"href":"https:\/\/www.ilcf.net\/en\/wp-json\/wp\/v2\/media\/26843"}],"wp:attachment":[{"href":"https:\/\/www.ilcf.net\/en\/wp-json\/wp\/v2\/media?parent=26890"}],"curies":[{"name":"wp","href":"https:\/\/api.w.org\/{rel}","templated":true}]}}