{"id":2220,"date":"2019-11-13T13:39:20","date_gmt":"2019-11-13T12:39:20","guid":{"rendered":"https:\/\/www.ilcf.net\/?page_id=2220"},"modified":"2026-03-30T15:51:06","modified_gmt":"2026-03-30T13:51:06","slug":"ilcf-french-courses","status":"publish","type":"page","link":"https:\/\/www.ilcf.net\/en\/our-programmes\/ilcf-french-courses\/","title":{"rendered":"All of our french courses"},"content":{"rendered":"<p>ILCF-Lyon offers<strong> French as a foreign language course programs<\/strong> to learn the French language according to your level.<\/p><div class=\"wp-block-cross-content js-fade-scroll\">\n    <p class=\"wp-block-cross-content-title\">Our semester, annual or monthly French courses<\/p>\n            <div class=\"row wp-block-cross-content-row\">\n                                <div class=\"column small-12 medium-6 large-4 wp-block-cross-content-col\">\n                        <a class=\"wp-block-cross-content-top\" href=\"https:\/\/www.ilcf.net\/en\/trainings\/duef-program\/\" title=\"DUEF Program\">\n                            <span class=\"wp-block-cross-content-name\">DUEF Program<\/span>\n                            <span class=\"wp-block-cross-content-image\"><img loading=\"lazy\" decoding=\"async\" width=\"630\" height=\"570\" src=\"https:\/\/www.ilcf.net\/wp-content\/uploads\/sites\/20\/2019\/11\/programme-cours-ilcf-630x570.jpg\" class=\" wp-post-image\" alt=\"Cours de fran\u00e7ais - programme mensuel ILCF\" \/><\/span>\n                            <span class=\"wp-block-cross-content-more\">\n                                <span class=\"icon-more\"><\/span>\n                            <\/span>\n                        <\/a>\n                        <div class=\"wp-block-cross-content-excerpt\"><\/div>\n                    <\/div>\n                                                <div class=\"column small-12 medium-6 large-4 wp-block-cross-content-col\">\n                        <a class=\"wp-block-cross-content-top\" href=\"https:\/\/www.ilcf.net\/en\/trainings\/complementary-track-language-culture-and-civilization\/\" title=\"Complementary Track: Language, Culture and Civilization\">\n                            <span class=\"wp-block-cross-content-name\">Complementary Track: Language, Culture and Civilization<\/span>\n                            <span class=\"wp-block-cross-content-image\"><img loading=\"lazy\" decoding=\"async\" width=\"630\" height=\"570\" src=\"https:\/\/www.ilcf.net\/wp-content\/uploads\/sites\/20\/2019\/11\/header-cours-semi-intensif-630x570.jpg\" class=\" wp-post-image\" alt=\"Cours de fran\u00e7ais semi-intensif ILCF\" \/><\/span>\n                            <span class=\"wp-block-cross-content-more\">\n                                <span class=\"icon-more\"><\/span>\n                            <\/span>\n                        <\/a>\n                        <div class=\"wp-block-cross-content-excerpt\"><\/div>\n                    <\/div>\n                                                <div class=\"column small-12 medium-6 large-4 wp-block-cross-content-col\">\n                        <a class=\"wp-block-cross-content-top\" href=\"https:\/\/www.ilcf.net\/en\/trainings\/beginner-french-course-february\/\" title=\"Beginner French course: February\">\n                            <span class=\"wp-block-cross-content-name\">Beginner French course: February<\/span>\n                            <span class=\"wp-block-cross-content-image\"><img loading=\"lazy\" decoding=\"async\" width=\"545\" height=\"570\" src=\"https:\/\/www.ilcf.net\/wp-content\/uploads\/sites\/20\/2019\/11\/header-coursmensuel-ilcf-tousesmomentsla-550x575.jpg\" class=\" wp-post-image\" alt=\"Bandeau cours mensuel ILCF\" \/><\/span>\n                            <span class=\"wp-block-cross-content-more\">\n                                <span class=\"icon-more\"><\/span>\n                            <\/span>\n                        <\/a>\n                        <div class=\"wp-block-cross-content-excerpt\"><\/div>\n                    <\/div>\n                                    <\/div>\n    <\/div><h2 class=\"wp-block-heading\">Our Summer School<\/h2><div class=\"wp-block-text-image\">\n  <div class=\"row align-bottom collapse\">\n    <div class=\"column small-12 medium-6 xlarge-5 xxlarge-expand wp-block-text-image-info js-fade-scroll\">\n      <p class=\"wp-block-text-image-title\">An summer intensive french program : june, july, august<\/p>\n      <div class=\"wp-block-text-image-intro\"><div class=\"flex flex-col text-sm pb-25\">\n<section class=\"text-token-text-primary w-full focus:outline-none [--shadow-height:45px] has-data-writing-block:pointer-events-none has-data-writing-block:-mt-(--shadow-height) has-data-writing-block:pt-(--shadow-height) [&amp;:has([data-writing-block])&gt;*]:pointer-events-auto scroll-mt-[calc(var(--header-height)+min(200px,max(70px,20svh)))]\" dir=\"auto\" data-turn-id=\"request-WEB:3d6a033f-c0de-4c97-a8a2-e2f6fd175b1b-3\" data-testid=\"conversation-turn-6\" data-scroll-anchor=\"true\" data-turn=\"assistant\">\n<div class=\"text-base my-auto mx-auto pb-10 [--thread-content-margin:var(--thread-content-margin-xs,calc(var(--spacing)*4))] @w-sm\/main:[--thread-content-margin:var(--thread-content-margin-sm,calc(var(--spacing)*6))] @w-lg\/main:[--thread-content-margin:var(--thread-content-margin-lg,calc(var(--spacing)*16))] px-(--thread-content-margin)\">\n<div class=\"[--thread-content-max-width:40rem] @w-lg\/main:[--thread-content-max-width:48rem] mx-auto max-w-(--thread-content-max-width) flex-1 group\/turn-messages focus-visible:outline-hidden relative flex w-full min-w-0 flex-col agent-turn\">\n<div class=\"flex max-w-full flex-col gap-4 grow\">\n<div class=\"min-h-8 text-message relative flex w-full flex-col items-end gap-2 text-start break-words whitespace-normal outline-none keyboard-focused:focus-ring [.text-message+&amp;]:mt-1\" dir=\"auto\" tabindex=\"0\" data-message-author-role=\"assistant\" data-message-id=\"9b50dfc7-3ba6-4535-a596-9610f0613444\" data-message-model-slug=\"gpt-5-3-instant\" data-turn-start-message=\"true\">\n<div class=\"flex w-full flex-col gap-1 empty:hidden\">\n<div class=\"markdown prose dark:prose-invert w-full wrap-break-word dark markdown-new-styling\">\n<p data-start=\"0\" data-end=\"113\" data-is-last-node=\"\" data-is-only-node=\"\">The summer program is open to all international students of all French language levels in June, July, and August.<\/p>\n<\/div>\n<\/div>\n<\/div>\n<\/div>\n<\/div>\n<\/div>\n<\/section>\n<\/div>\n<p><a href=\"https:\/\/www.ilcf.net\/en\/trainings\/intensive-summer-courses-july-august-and-september\/\" target=\"_blank\" rel=\"noopener\"><em><span class=\"button\">Discover the programme<\/span><\/em><\/a><\/p>\n<\/div>\n    <\/div>\n\n    <div class=\"column small-12 medium-6 xlarge-7 xxlarge-shrink wp-block-text-image-picture js-fade-scroll\">\n      <img loading=\"lazy\" decoding=\"async\" width=\"577\" height=\"385\" src=\"https:\/\/www.ilcf.net\/wp-content\/uploads\/sites\/20\/2019\/12\/cours-mensuel-ete-ilcf.jpg\" class=\"attachment-text_image size-text_image\" alt=\"Cours de fran\u00e7ais \u00e9t\u00e9\" srcset=\"https:\/\/www.ilcf.net\/wp-content\/uploads\/sites\/20\/2019\/12\/cours-mensuel-ete-ilcf.jpg 577w, https:\/\/www.ilcf.net\/wp-content\/uploads\/sites\/20\/2019\/12\/cours-mensuel-ete-ilcf-210x140.jpg 210w, https:\/\/www.ilcf.net\/wp-content\/uploads\/sites\/20\/2019\/12\/cours-mensuel-ete-ilcf-550x366.jpg 550w\" sizes=\"auto, (max-width: 577px) 100vw, 577px\" \/>    <\/div>\n  <\/div>\n<\/div>","protected":false},"excerpt":{"rendered":"<p>ILCF-Lyon offers French as a foreign language course programs to learn the French language according to your level.Our Summer School<\/p>\n","protected":false},"author":32,"featured_media":4046,"parent":1625,"menu_order":1,"comment_status":"closed","ping_status":"closed","template":"","meta":{"_acf_changed":false,"footnotes":""},"class_list":["post-2220","page","type-page","status-publish","has-post-thumbnail","hentry"],"acf":[],"yoast_head":"<!-- This site is optimized with the Yoast SEO plugin v24.1 - https:\/\/yoast.com\/wordpress\/plugins\/seo\/ -->\n<title>All of our french courses - ILCF - Institut de Langue et de Culture Fran\u00e7aises<\/title>\n<meta name=\"description\" content=\"Discover ILCF\u2019s French as a Foreign Language courses, with semester, annual and monthly programs for all levels!\" \/>\n<meta name=\"robots\" content=\"index, follow, max-snippet:-1, max-image-preview:large, max-video-preview:-1\" \/>\n<link rel=\"canonical\" href=\"https:\/\/www.ilcf.net\/en\/our-programmes\/ilcf-french-courses\/\" \/>\n<meta property=\"og:locale\" content=\"en_US\" \/>\n<meta property=\"og:type\" content=\"article\" \/>\n<meta property=\"og:title\" content=\"All of our french courses - ILCF - Institut de Langue et de Culture Fran\u00e7aises\" \/>\n<meta property=\"og:description\" content=\"Discover ILCF\u2019s French as a Foreign Language courses, with semester, annual and monthly programs for all levels!\" \/>\n<meta property=\"og:url\" content=\"https:\/\/www.ilcf.net\/en\/our-programmes\/ilcf-french-courses\/\" \/>\n<meta property=\"og:site_name\" content=\"ILCF - Institut de Langue et de Culture Fran\u00e7aises\" \/>\n<meta property=\"article:modified_time\" content=\"2026-03-30T13:51:06+00:00\" \/>\n<meta property=\"og:image\" content=\"https:\/\/www.ilcf.net\/wp-content\/uploads\/sites\/20\/2019\/12\/header-ilcf.jpg\" \/>\n\t<meta property=\"og:image:width\" content=\"1920\" \/>\n\t<meta property=\"og:image:height\" content=\"575\" \/>\n\t<meta property=\"og:image:type\" content=\"image\/jpeg\" \/>\n<meta name=\"twitter:card\" content=\"summary_large_image\" \/>\n<meta name=\"twitter:label1\" content=\"Est. reading time\" \/>\n\t<meta name=\"twitter:data1\" content=\"1 minute\" \/>\n<script type=\"application\/ld+json\" class=\"yoast-schema-graph\">{\"@context\":\"https:\/\/schema.org\",\"@graph\":[{\"@type\":\"WebPage\",\"@id\":\"https:\/\/www.ilcf.net\/en\/our-programmes\/ilcf-french-courses\/\",\"url\":\"https:\/\/www.ilcf.net\/en\/our-programmes\/ilcf-french-courses\/\",\"name\":\"All of our french courses - ILCF - Institut de Langue et de Culture Fran\u00e7aises\",\"isPartOf\":{\"@id\":\"https:\/\/www.ilcf.net\/en\/#website\"},\"primaryImageOfPage\":{\"@id\":\"https:\/\/www.ilcf.net\/en\/our-programmes\/ilcf-french-courses\/#primaryimage\"},\"image\":{\"@id\":\"https:\/\/www.ilcf.net\/en\/our-programmes\/ilcf-french-courses\/#primaryimage\"},\"thumbnailUrl\":\"https:\/\/www.ilcf.net\/wp-content\/uploads\/sites\/20\/2019\/12\/header-ilcf.jpg\",\"datePublished\":\"2019-11-13T12:39:20+00:00\",\"dateModified\":\"2026-03-30T13:51:06+00:00\",\"description\":\"Discover ILCF\u2019s French as a Foreign Language courses, with semester, annual and monthly programs for all levels!\",\"breadcrumb\":{\"@id\":\"https:\/\/www.ilcf.net\/en\/our-programmes\/ilcf-french-courses\/#breadcrumb\"},\"inLanguage\":\"en-US\",\"potentialAction\":[{\"@type\":\"ReadAction\",\"target\":[\"https:\/\/www.ilcf.net\/en\/our-programmes\/ilcf-french-courses\/\"]}]},{\"@type\":\"ImageObject\",\"inLanguage\":\"en-US\",\"@id\":\"https:\/\/www.ilcf.net\/en\/our-programmes\/ilcf-french-courses\/#primaryimage\",\"url\":\"https:\/\/www.ilcf.net\/wp-content\/uploads\/sites\/20\/2019\/12\/header-ilcf.jpg\",\"contentUrl\":\"https:\/\/www.ilcf.net\/wp-content\/uploads\/sites\/20\/2019\/12\/header-ilcf.jpg\",\"width\":1920,\"height\":575,\"caption\":\"Cours de fran\u00e7ais ILCF\"},{\"@type\":\"BreadcrumbList\",\"@id\":\"https:\/\/www.ilcf.net\/en\/our-programmes\/ilcf-french-courses\/#breadcrumb\",\"itemListElement\":[{\"@type\":\"ListItem\",\"position\":1,\"name\":\"Accueil\",\"item\":\"https:\/\/www.ilcf.net\/en\/\"},{\"@type\":\"ListItem\",\"position\":2,\"name\":\"Our programmes\",\"item\":\"https:\/\/www.ilcf.net\/en\/our-programmes\/\"},{\"@type\":\"ListItem\",\"position\":3,\"name\":\"All of our french courses\"}]},{\"@type\":\"WebSite\",\"@id\":\"https:\/\/www.ilcf.net\/en\/#website\",\"url\":\"https:\/\/www.ilcf.net\/en\/\",\"name\":\"ILCF - Institut de Langue et de Culture Fran\u00e7aises\",\"description\":\"ILCF - Institut de Langue et de Culture Fran\u00e7aises\",\"publisher\":{\"@id\":\"https:\/\/www.ilcf.net\/en\/#organization\"},\"potentialAction\":[{\"@type\":\"SearchAction\",\"target\":{\"@type\":\"EntryPoint\",\"urlTemplate\":\"https:\/\/www.ilcf.net\/en\/?s={search_term_string}\"},\"query-input\":{\"@type\":\"PropertyValueSpecification\",\"valueRequired\":true,\"valueName\":\"search_term_string\"}}],\"inLanguage\":\"en-US\"},{\"@type\":\"Organization\",\"@id\":\"https:\/\/www.ilcf.net\/en\/#organization\",\"name\":\"ILCF - Institut de Langue et de Culture Fran\u00e7aises\",\"url\":\"https:\/\/www.ilcf.net\/en\/\",\"logo\":{\"@type\":\"ImageObject\",\"inLanguage\":\"en-US\",\"@id\":\"https:\/\/www.ilcf.net\/en\/#\/schema\/logo\/image\/\",\"url\":\"https:\/\/www.ilcf.net\/wp-content\/uploads\/sites\/20\/2019\/11\/ilcf_logo.svg\",\"contentUrl\":\"https:\/\/www.ilcf.net\/wp-content\/uploads\/sites\/20\/2019\/11\/ilcf_logo.svg\",\"caption\":\"ILCF - Institut de Langue et de Culture Fran\u00e7aises\"},\"image\":{\"@id\":\"https:\/\/www.ilcf.net\/en\/#\/schema\/logo\/image\/\"}}]}<\/script>\n<!-- \/ Yoast SEO plugin. -->","yoast_head_json":{"title":"All of our french courses - ILCF - Institut de Langue et de Culture Fran\u00e7aises","description":"Discover ILCF\u2019s French as a Foreign Language courses, with semester, annual and monthly programs for all levels!","robots":{"index":"index","follow":"follow","max-snippet":"max-snippet:-1","max-image-preview":"max-image-preview:large","max-video-preview":"max-video-preview:-1"},"canonical":"https:\/\/www.ilcf.net\/en\/our-programmes\/ilcf-french-courses\/","og_locale":"en_US","og_type":"article","og_title":"All of our french courses - ILCF - Institut de Langue et de Culture Fran\u00e7aises","og_description":"Discover ILCF\u2019s French as a Foreign Language courses, with semester, annual and monthly programs for all levels!","og_url":"https:\/\/www.ilcf.net\/en\/our-programmes\/ilcf-french-courses\/","og_site_name":"ILCF - Institut de Langue et de Culture Fran\u00e7aises","article_modified_time":"2026-03-30T13:51:06+00:00","og_image":[{"width":1920,"height":575,"url":"https:\/\/www.ilcf.net\/wp-content\/uploads\/sites\/20\/2019\/12\/header-ilcf.jpg","type":"image\/jpeg"}],"twitter_card":"summary_large_image","twitter_misc":{"Est. reading time":"1 minute"},"schema":{"@context":"https:\/\/schema.org","@graph":[{"@type":"WebPage","@id":"https:\/\/www.ilcf.net\/en\/our-programmes\/ilcf-french-courses\/","url":"https:\/\/www.ilcf.net\/en\/our-programmes\/ilcf-french-courses\/","name":"All of our french courses - ILCF - Institut de Langue et de Culture Fran\u00e7aises","isPartOf":{"@id":"https:\/\/www.ilcf.net\/en\/#website"},"primaryImageOfPage":{"@id":"https:\/\/www.ilcf.net\/en\/our-programmes\/ilcf-french-courses\/#primaryimage"},"image":{"@id":"https:\/\/www.ilcf.net\/en\/our-programmes\/ilcf-french-courses\/#primaryimage"},"thumbnailUrl":"https:\/\/www.ilcf.net\/wp-content\/uploads\/sites\/20\/2019\/12\/header-ilcf.jpg","datePublished":"2019-11-13T12:39:20+00:00","dateModified":"2026-03-30T13:51:06+00:00","description":"Discover ILCF\u2019s French as a Foreign Language courses, with semester, annual and monthly programs for all levels!","breadcrumb":{"@id":"https:\/\/www.ilcf.net\/en\/our-programmes\/ilcf-french-courses\/#breadcrumb"},"inLanguage":"en-US","potentialAction":[{"@type":"ReadAction","target":["https:\/\/www.ilcf.net\/en\/our-programmes\/ilcf-french-courses\/"]}]},{"@type":"ImageObject","inLanguage":"en-US","@id":"https:\/\/www.ilcf.net\/en\/our-programmes\/ilcf-french-courses\/#primaryimage","url":"https:\/\/www.ilcf.net\/wp-content\/uploads\/sites\/20\/2019\/12\/header-ilcf.jpg","contentUrl":"https:\/\/www.ilcf.net\/wp-content\/uploads\/sites\/20\/2019\/12\/header-ilcf.jpg","width":1920,"height":575,"caption":"Cours de fran\u00e7ais ILCF"},{"@type":"BreadcrumbList","@id":"https:\/\/www.ilcf.net\/en\/our-programmes\/ilcf-french-courses\/#breadcrumb","itemListElement":[{"@type":"ListItem","position":1,"name":"Accueil","item":"https:\/\/www.ilcf.net\/en\/"},{"@type":"ListItem","position":2,"name":"Our programmes","item":"https:\/\/www.ilcf.net\/en\/our-programmes\/"},{"@type":"ListItem","position":3,"name":"All of our french courses"}]},{"@type":"WebSite","@id":"https:\/\/www.ilcf.net\/en\/#website","url":"https:\/\/www.ilcf.net\/en\/","name":"ILCF - Institut de Langue et de Culture Fran\u00e7aises","description":"ILCF - Institut de Langue et de Culture Fran\u00e7aises","publisher":{"@id":"https:\/\/www.ilcf.net\/en\/#organization"},"potentialAction":[{"@type":"SearchAction","target":{"@type":"EntryPoint","urlTemplate":"https:\/\/www.ilcf.net\/en\/?s={search_term_string}"},"query-input":{"@type":"PropertyValueSpecification","valueRequired":true,"valueName":"search_term_string"}}],"inLanguage":"en-US"},{"@type":"Organization","@id":"https:\/\/www.ilcf.net\/en\/#organization","name":"ILCF - Institut de Langue et de Culture Fran\u00e7aises","url":"https:\/\/www.ilcf.net\/en\/","logo":{"@type":"ImageObject","inLanguage":"en-US","@id":"https:\/\/www.ilcf.net\/en\/#\/schema\/logo\/image\/","url":"https:\/\/www.ilcf.net\/wp-content\/uploads\/sites\/20\/2019\/11\/ilcf_logo.svg","contentUrl":"https:\/\/www.ilcf.net\/wp-content\/uploads\/sites\/20\/2019\/11\/ilcf_logo.svg","caption":"ILCF - Institut de Langue et de Culture Fran\u00e7aises"},"image":{"@id":"https:\/\/www.ilcf.net\/en\/#\/schema\/logo\/image\/"}}]}},"_links":{"self":[{"href":"https:\/\/www.ilcf.net\/en\/wp-json\/wp\/v2\/pages\/2220","targetHints":{"allow":["GET"]}}],"collection":[{"href":"https:\/\/www.ilcf.net\/en\/wp-json\/wp\/v2\/pages"}],"about":[{"href":"https:\/\/www.ilcf.net\/en\/wp-json\/wp\/v2\/types\/page"}],"author":[{"embeddable":true,"href":"https:\/\/www.ilcf.net\/en\/wp-json\/wp\/v2\/users\/32"}],"replies":[{"embeddable":true,"href":"https:\/\/www.ilcf.net\/en\/wp-json\/wp\/v2\/comments?post=2220"}],"version-history":[{"count":2,"href":"https:\/\/www.ilcf.net\/en\/wp-json\/wp\/v2\/pages\/2220\/revisions"}],"predecessor-version":[{"id":27127,"href":"https:\/\/www.ilcf.net\/en\/wp-json\/wp\/v2\/pages\/2220\/revisions\/27127"}],"up":[{"embeddable":true,"href":"https:\/\/www.ilcf.net\/en\/wp-json\/wp\/v2\/pages\/1625"}],"wp:featuredmedia":[{"embeddable":true,"href":"https:\/\/www.ilcf.net\/en\/wp-json\/wp\/v2\/media\/4046"}],"wp:attachment":[{"href":"https:\/\/www.ilcf.net\/en\/wp-json\/wp\/v2\/media?parent=2220"}],"curies":[{"name":"wp","href":"https:\/\/api.w.org\/{rel}","templated":true}]}}